{"id":11663,"date":"2026-01-23T12:11:33","date_gmt":"2026-01-23T11:11:33","guid":{"rendered":"https:\/\/prosteit.pl\/?page_id=11663"},"modified":"2026-03-19T12:48:15","modified_gmt":"2026-03-19T11:48:15","slug":"obsluga-informatyczna-prosteit","status":"publish","type":"page","link":"https:\/\/prosteit.pl\/en\/","title":{"rendered":"Home page - current"},"content":{"rendered":"<div data-elementor-type=\"wp-page\" data-elementor-id=\"11663\" class=\"elementor elementor-11663\" data-elementor-post-type=\"page\">\n\t\t\t\t<div data-particle_enable=\"false\" data-particle-mobile-disabled=\"false\" class=\"elementor-element elementor-element-ddf6bcb e-con-full e-flex e-con e-parent\" data-id=\"ddf6bcb\" data-element_type=\"container\" data-e-type=\"container\" data-settings=\"{&quot;ekit_has_onepagescroll_dot&quot;:&quot;yes&quot;}\">\n\t\t\t\t<div class=\"elementor-element elementor-element-70bf9ce elementor-hidden-mobile elementor-pagination-position-inside elementor-pagination-type-bullets elementor-widget elementor-widget-n-carousel\" data-id=\"70bf9ce\" data-element_type=\"widget\" data-e-type=\"widget\" data-settings=\"{&quot;carousel_items&quot;:[{&quot;slide_title&quot;:&quot;Slide #1&quot;,&quot;_id&quot;:&quot;8294f10&quot;},{&quot;slide_title&quot;:&quot;Slide #2&quot;,&quot;_id&quot;:&quot;ccb938d&quot;}],&quot;slides_to_show&quot;:&quot;1&quot;,&quot;slides_to_show_tablet&quot;:&quot;1&quot;,&quot;slides_to_scroll&quot;:&quot;1&quot;,&quot;autoplay_speed&quot;:8000,&quot;slides_to_show_mobile&quot;:&quot;1&quot;,&quot;autoplay&quot;:&quot;yes&quot;,&quot;pause_on_interaction&quot;:&quot;yes&quot;,&quot;infinite&quot;:&quot;yes&quot;,&quot;speed&quot;:500,&quot;offset_sides&quot;:&quot;none&quot;,&quot;pagination&quot;:&quot;bullets&quot;,&quot;image_spacing_custom&quot;:{&quot;unit&quot;:&quot;px&quot;,&quot;size&quot;:10,&quot;sizes&quot;:[]},&quot;image_spacing_custom_tablet&quot;:{&quot;unit&quot;:&quot;px&quot;,&quot;size&quot;:&quot;&quot;,&quot;sizes&quot;:[]},&quot;image_spacing_custom_mobile&quot;:{&quot;unit&quot;:&quot;px&quot;,&quot;size&quot;:&quot;&quot;,&quot;sizes&quot;:[]},&quot;ekit_we_effect_on&quot;:&quot;none&quot;}\" data-widget_type=\"nested-carousel.default\">\n\t\t\t\t<div class=\"elementor-widget-container\">\n\t\t\t\t\t\t\t<div class=\"e-n-carousel swiper\" role=\"region\" aria-roledescription=\"carousel\" aria-label=\"Slider home page\" dir=\"ltr\">\n\t\t\t<div class=\"swiper-wrapper\" aria-live=\"off\">\n\t\t\t\t\t\t\t\t\t\t<div class=\"swiper-slide\" data-slide=\"1\" role=\"group\" aria-roledescription=\"slide\" aria-label=\"1 of 2\">\n\t\t\t\t\t\t\t<div data-particle_enable=\"false\" data-particle-mobile-disabled=\"false\" class=\"elementor-element elementor-element-1bced4e e-flex e-con-boxed e-con e-child\" data-id=\"1bced4e\" data-element_type=\"container\" data-e-type=\"container\" data-settings=\"{&quot;background_background&quot;:&quot;classic&quot;,&quot;ekit_has_onepagescroll_dot&quot;:&quot;yes&quot;}\">\n\t\t\t\t\t<div class=\"e-con-inner\">\n\t\t<div data-particle_enable=\"false\" data-particle-mobile-disabled=\"false\" class=\"elementor-element elementor-element-c44ec53 e-flex e-con-boxed e-con e-child\" data-id=\"c44ec53\" data-element_type=\"container\" data-e-type=\"container\" data-settings=\"{&quot;ekit_has_onepagescroll_dot&quot;:&quot;yes&quot;}\">\n\t\t\t\t\t<div class=\"e-con-inner\">\n\t\t\t\t<div class=\"elementor-element elementor-element-fbc4206 elementor-widget__width-initial premium-title-color elementor-widget elementor-widget-premium-addon-title\" data-id=\"fbc4206\" data-element_type=\"widget\" data-e-type=\"widget\" data-settings=\"{&quot;ekit_we_effect_on&quot;:&quot;none&quot;}\" data-widget_type=\"premium-addon-title.default\">\n\t\t\t\t<div class=\"elementor-widget-container\">\n\t\t\t\t\t\n\t\t<div class=\"premium-title-container style7\">\n\t\t\t<h1 class=\"premium-title-header premium-title-style7\">\n\t\t\t\t\t\t\t\t\t\t\t\t\t\t\t<span class=\"premium-title-style7-stripe-wrap\">\n\t\t\t\t\t\t\t<span class=\"premium-title-style7-stripe\"><\/span>\n\t\t\t\t\t\t<\/span>\n\t\t\t\t\t\t\t\t\t\t<div class=\"premium-title-style7-inner\">\n\t\t\t\t\n\t\t\t\t\n\t\t\t\t\t\t\t\t\t\t\t\t\t\t\t\t\t\t\t\t\t<span class=\"premium-title-text\">\n\t\t\t\t\tThe best IT company doesn&#039;t exist... <span class=\"highlight\">and yet!<\/span>\t\t\t\t<\/span>\n\t\t\t\t\t\n\t\t\t\t\t\t\t\t\t<\/div>\n\t\t\t\t\t\t\t\t\n\t\t\t\t\t\t\t<\/h1>\n\n\t\t<\/div>\n\n\t\t\t\t\t\t<\/div>\n\t\t\t\t<\/div>\n\t\t\t\t<div class=\"elementor-element elementor-element-1ebc505 elementor-widget elementor-widget-text-editor\" data-id=\"1ebc505\" data-element_type=\"widget\" data-e-type=\"widget\" data-settings=\"{&quot;ekit_we_effect_on&quot;:&quot;none&quot;}\" data-widget_type=\"text-editor.default\">\n\t\t\t\t<div class=\"elementor-widget-container\">\n\t\t\t\t\t\t\t\t\t<p>We are a trusted partner to our clients, offering comprehensive IT services tailored to the unique needs and requirements of their business.<\/p>\t\t\t\t\t\t\t\t<\/div>\n\t\t\t\t<\/div>\n\t\t\t\t<div class=\"elementor-element elementor-element-16bc159 elementor-widget elementor-widget-button\" data-id=\"16bc159\" data-element_type=\"widget\" data-e-type=\"widget\" data-settings=\"{&quot;ekit_we_effect_on&quot;:&quot;none&quot;}\" data-widget_type=\"button.default\">\n\t\t\t\t<div class=\"elementor-widget-container\">\n\t\t\t\t\t\t\t\t\t<div class=\"elementor-button-wrapper\">\n\t\t\t\t\t<a class=\"elementor-button elementor-button-link elementor-size-sm\" href=\"https:\/\/prosteit.pl\/en\/contact\/\">\n\t\t\t\t\t\t<span class=\"elementor-button-content-wrapper\">\n\t\t\t\t\t\t\t\t\t<span class=\"elementor-button-text\">Contact us<\/span>\n\t\t\t\t\t<\/span>\n\t\t\t\t\t<\/a>\n\t\t\t\t<\/div>\n\t\t\t\t\t\t\t\t<\/div>\n\t\t\t\t<\/div>\n\t\t\t\t\t<\/div>\n\t\t\t\t<\/div>\n\t\t<div data-particle_enable=\"false\" data-particle-mobile-disabled=\"false\" class=\"elementor-element elementor-element-b0d70c6 e-flex e-con-boxed e-con e-child\" data-id=\"b0d70c6\" data-element_type=\"container\" data-e-type=\"container\" data-settings=\"{&quot;ekit_has_onepagescroll_dot&quot;:&quot;yes&quot;}\">\n\t\t\t\t\t<div class=\"e-con-inner\">\n\t\t\t\t<div class=\"elementor-element elementor-element-dce30a7 elementor-widget elementor-widget-image\" data-id=\"dce30a7\" data-element_type=\"widget\" data-e-type=\"widget\" data-settings=\"{&quot;ekit_we_effect_on&quot;:&quot;none&quot;}\" data-widget_type=\"image.default\">\n\t\t\t\t<div class=\"elementor-widget-container\">\n\t\t\t\t\t\t\t\t\t\t\t\t\t\t\t<img fetchpriority=\"high\" decoding=\"async\" width=\"587\" height=\"754\" src=\"https:\/\/prosteit.pl\/wp-content\/uploads\/2026\/01\/man-proste-it.webp\" class=\"attachment-full size-full wp-image-11738\" alt=\"\" srcset=\"https:\/\/prosteit.pl\/wp-content\/uploads\/2026\/01\/man-proste-it.webp 587w, https:\/\/prosteit.pl\/wp-content\/uploads\/2026\/01\/man-proste-it-234x300.webp 234w, https:\/\/prosteit.pl\/wp-content\/uploads\/2026\/01\/man-proste-it-9x12.webp 9w\" sizes=\"(max-width: 587px) 100vw, 587px\" \/>\t\t\t\t\t\t\t\t\t\t\t\t\t\t\t<\/div>\n\t\t\t\t<\/div>\n\t\t\t\t\t<\/div>\n\t\t\t\t<\/div>\n\t\t\t\t\t<\/div>\n\t\t\t\t<\/div>\n\t\t\t\t\t\t\t\t<\/div>\n\t\t\t\t\t\t\t\t\t\t\t<div class=\"swiper-slide\" data-slide=\"2\" role=\"group\" aria-roledescription=\"slide\" aria-label=\"2 of 2\">\n\t\t\t\t\t\t\t<div data-particle_enable=\"false\" data-particle-mobile-disabled=\"false\" class=\"elementor-element elementor-element-093a225 e-flex e-con-boxed e-con e-child\" data-id=\"093a225\" data-element_type=\"container\" data-e-type=\"container\" data-settings=\"{&quot;background_background&quot;:&quot;classic&quot;,&quot;ekit_has_onepagescroll_dot&quot;:&quot;yes&quot;}\">\n\t\t\t\t\t<div class=\"e-con-inner\">\n\t\t<div data-particle_enable=\"false\" data-particle-mobile-disabled=\"false\" class=\"elementor-element elementor-element-9c65d72 e-con-full e-flex e-con e-child\" data-id=\"9c65d72\" data-element_type=\"container\" data-e-type=\"container\" data-settings=\"{&quot;background_background&quot;:&quot;classic&quot;,&quot;ekit_has_onepagescroll_dot&quot;:&quot;yes&quot;}\">\n\t\t\t\t<div class=\"elementor-element elementor-element-cb633b7 elementor-widget__width-initial premium-title-color elementor-widget elementor-widget-premium-addon-title\" data-id=\"cb633b7\" data-element_type=\"widget\" data-e-type=\"widget\" data-settings=\"{&quot;ekit_we_effect_on&quot;:&quot;none&quot;}\" data-widget_type=\"premium-addon-title.default\">\n\t\t\t\t<div class=\"elementor-widget-container\">\n\t\t\t\t\t\n\t\t<div class=\"premium-title-container style7\">\n\t\t\t<span class=\"premium-title-header premium-title-style7\">\n\t\t\t\t\t\t\t\t\t\t\t\t\t\t\t<span class=\"premium-title-style7-stripe-wrap\">\n\t\t\t\t\t\t\t<span class=\"premium-title-style7-stripe\"><\/span>\n\t\t\t\t\t\t<\/span>\n\t\t\t\t\t\t\t\t\t\t<div class=\"premium-title-style7-inner\">\n\t\t\t\t\n\t\t\t\t\n\t\t\t\t\t\t\t\t\t\t\t\t\t\t\t\t\t\t\t\t\t<span class=\"premium-title-text\">\n\t\t\t\t\tWhy IT can&#039;t be  <span class=\"highlight\">simple!<\/span>\t\t\t\t<\/span>\n\t\t\t\t\t\n\t\t\t\t\t\t\t\t\t<\/div>\n\t\t\t\t\t\t\t\t\n\t\t\t\t\t\t\t<\/span>\n\n\t\t<\/div>\n\n\t\t\t\t\t\t<\/div>\n\t\t\t\t<\/div>\n\t\t\t\t<div class=\"elementor-element elementor-element-a91dde3 elementor-widget elementor-widget-text-editor\" data-id=\"a91dde3\" data-element_type=\"widget\" data-e-type=\"widget\" data-settings=\"{&quot;ekit_we_effect_on&quot;:&quot;none&quot;}\" data-widget_type=\"text-editor.default\">\n\t\t\t\t<div class=\"elementor-widget-container\">\n\t\t\t\t\t\t\t\t\t<p>We know that technology is key to every company&#039;s success. That&#039;s why our goal is to make IT simple, efficient, and user-friendly.<\/p>\t\t\t\t\t\t\t\t<\/div>\n\t\t\t\t<\/div>\n\t\t\t\t<div class=\"elementor-element elementor-element-b619b66 elementor-widget elementor-widget-button\" data-id=\"b619b66\" data-element_type=\"widget\" data-e-type=\"widget\" data-settings=\"{&quot;ekit_we_effect_on&quot;:&quot;none&quot;}\" data-widget_type=\"button.default\">\n\t\t\t\t<div class=\"elementor-widget-container\">\n\t\t\t\t\t\t\t\t\t<div class=\"elementor-button-wrapper\">\n\t\t\t\t\t<a class=\"elementor-button elementor-button-link elementor-size-sm\" href=\"https:\/\/prosteit.pl\/en\/contact\/\">\n\t\t\t\t\t\t<span class=\"elementor-button-content-wrapper\">\n\t\t\t\t\t\t\t\t\t<span class=\"elementor-button-text\">Contact us<\/span>\n\t\t\t\t\t<\/span>\n\t\t\t\t\t<\/a>\n\t\t\t\t<\/div>\n\t\t\t\t\t\t\t\t<\/div>\n\t\t\t\t<\/div>\n\t\t\t\t<\/div>\n\t\t<div data-particle_enable=\"false\" data-particle-mobile-disabled=\"false\" class=\"elementor-element elementor-element-29ed923 e-flex e-con-boxed e-con e-child\" data-id=\"29ed923\" data-element_type=\"container\" data-e-type=\"container\" data-settings=\"{&quot;ekit_has_onepagescroll_dot&quot;:&quot;yes&quot;}\">\n\t\t\t\t\t<div class=\"e-con-inner\">\n\t\t\t\t<div class=\"elementor-element elementor-element-9e03fe5 elementor-widget elementor-widget-image\" data-id=\"9e03fe5\" data-element_type=\"widget\" data-e-type=\"widget\" data-settings=\"{&quot;ekit_we_effect_on&quot;:&quot;none&quot;}\" data-widget_type=\"image.default\">\n\t\t\t\t<div class=\"elementor-widget-container\">\n\t\t\t\t\t\t\t\t\t\t\t\t\t\t\t<img decoding=\"async\" width=\"640\" height=\"769\" src=\"https:\/\/prosteit.pl\/wp-content\/uploads\/2026\/01\/woman-prosteot.webp\" class=\"attachment-large size-large wp-image-11717\" alt=\"\" srcset=\"https:\/\/prosteit.pl\/wp-content\/uploads\/2026\/01\/woman-prosteot.webp 768w, https:\/\/prosteit.pl\/wp-content\/uploads\/2026\/01\/woman-prosteot-250x300.webp 250w, https:\/\/prosteit.pl\/wp-content\/uploads\/2026\/01\/woman-prosteot-10x12.webp 10w\" sizes=\"(max-width: 640px) 100vw, 640px\" \/>\t\t\t\t\t\t\t\t\t\t\t\t\t\t\t<\/div>\n\t\t\t\t<\/div>\n\t\t\t\t\t<\/div>\n\t\t\t\t<\/div>\n\t\t\t\t\t<\/div>\n\t\t\t\t<\/div>\n\t\t\t\t\t\t\t\t<\/div>\n\t\t\t\t\t\t\t\t<\/div>\n\t\t<\/div>\n\t\t\t\t\t<div class=\"swiper-pagination\"><\/div>\n\t\t\t\t\t\t<\/div>\n\t\t\t\t<\/div>\n\t\t\t\t<\/div>\n\t\t<div data-particle_enable=\"false\" data-particle-mobile-disabled=\"false\" class=\"elementor-element elementor-element-2034c74 e-flex e-con-boxed e-con e-parent\" data-id=\"2034c74\" data-element_type=\"container\" data-e-type=\"container\" data-settings=\"{&quot;ekit_has_onepagescroll_dot&quot;:&quot;yes&quot;}\">\n\t\t\t\t\t<div class=\"e-con-inner\">\n\t\t<div data-particle_enable=\"false\" data-particle-mobile-disabled=\"false\" class=\"elementor-element elementor-element-989f389 e-con-full e-flex e-con e-child\" data-id=\"989f389\" data-element_type=\"container\" data-e-type=\"container\" data-settings=\"{&quot;ekit_has_onepagescroll_dot&quot;:&quot;yes&quot;}\">\n\t\t\t\t<div class=\"elementor-element elementor-element-86b72aa elementor-widget__width-auto premium-title-color elementor-widget elementor-widget-premium-addon-title\" data-id=\"86b72aa\" data-element_type=\"widget\" data-e-type=\"widget\" data-settings=\"{&quot;ekit_we_effect_on&quot;:&quot;none&quot;}\" data-widget_type=\"premium-addon-title.default\">\n\t\t\t\t<div class=\"elementor-widget-container\">\n\t\t\t\t\t\n\t\t<div class=\"premium-title-container style7 premium-title-bg-text\" data-background=\"US\u0141UGI INFORMATYCZNE\">\n\t\t\t<h2 class=\"premium-title-header premium-title-style7\">\n\t\t\t\t\t\t\t\t\t\t\t\t\t\t\t<span class=\"premium-title-style7-stripe-wrap\">\n\t\t\t\t\t\t\t<span class=\"premium-title-style7-stripe\"><\/span>\n\t\t\t\t\t\t<\/span>\n\t\t\t\t\t\t\t\t\t\t<div class=\"premium-title-style7-inner\">\n\t\t\t\t\n\t\t\t\t\n\t\t\t\t\t\t\t\t\t\t\t\t\t\t\t\t\t\t\t\t\t<span class=\"premium-title-text\">\n\t\t\t\t\tFor you and <span class=\"highlight\">Your company<\/span>\t\t\t\t<\/span>\n\t\t\t\t\t\n\t\t\t\t\t\t\t\t\t<\/div>\n\t\t\t\t\t\t\t\t\n\t\t\t\t\t\t\t<\/h2>\n\n\t\t<\/div>\n\n\t\t\t\t\t\t<\/div>\n\t\t\t\t<\/div>\n\t\t\t\t<\/div>\n\t\t<div data-particle_enable=\"false\" data-particle-mobile-disabled=\"false\" class=\"elementor-element elementor-element-7bccadd e-con-full widgets-wrap e-flex e-con e-child\" data-id=\"7bccadd\" data-element_type=\"container\" data-e-type=\"container\" data-settings=\"{&quot;ekit_has_onepagescroll_dot&quot;:&quot;yes&quot;}\">\n\t\t<div data-particle_enable=\"false\" data-particle-mobile-disabled=\"false\" class=\"elementor-element elementor-element-aa5bfe8 e-con-full e-flex e-con e-child\" data-id=\"aa5bfe8\" data-element_type=\"container\" data-e-type=\"container\" data-settings=\"{&quot;ekit_has_onepagescroll_dot&quot;:&quot;yes&quot;}\">\n\t\t\t\t<div class=\"elementor-element elementor-element-adb472c ekit-equal-height-enable elementor-widget elementor-widget-elementskit-icon-box\" data-id=\"adb472c\" data-element_type=\"widget\" data-e-type=\"widget\" data-settings=\"{&quot;ekit_we_effect_on&quot;:&quot;none&quot;}\" data-widget_type=\"elementskit-icon-box.default\">\n\t\t\t\t<div class=\"elementor-widget-container\">\n\t\t\t\t\t<div class=\"ekit-wid-con\" >        <!-- link opening -->\n                <!-- end link opening -->\n\n        <div class=\"elementskit-infobox text-center text-center icon-top-align elementor-animation-\">\n                    <div class=\"elementskit-box-header elementor-animation-\">\n                <div class=\"elementskit-info-box-icon\">\n                    <i aria-hidden=\"true\" class=\"elementkit-infobox-icon icon icon-cloud\"><\/i>\n                <\/div>\n          <\/div>\n                        <div class=\"box-body\">\n                            <h3 class=\"elementskit-info-box-title\">\n                    Cloud services                <\/h3>\n                        \t\t  \t<p>everything you need on a daily basis without having to worry about maintenance<\/p>\n                                        <div class=\"box-footer disable_hover_button\">\n                    <div class=\"btn-wraper\">\n                                                            <a class=\"elementskit-btn whitespace--normal\" href=\"https:\/\/prosteit.pl\/en\/cloud-services\/\">\n                                        <i aria-hidden=\"true\" class=\"fas fa-long-arrow-alt-right\"><\/i>                                                                            <\/a>\n                                                        <\/div>\n                <\/div>\n                    <\/div>\n        \n        \n                <\/div>\n        <\/div>\t\t\t\t<\/div>\n\t\t\t\t<\/div>\n\t\t\t\t<\/div>\n\t\t<div data-particle_enable=\"false\" data-particle-mobile-disabled=\"false\" class=\"elementor-element elementor-element-666f8dc e-con-full e-flex e-con e-child\" data-id=\"666f8dc\" data-element_type=\"container\" data-e-type=\"container\" data-settings=\"{&quot;ekit_has_onepagescroll_dot&quot;:&quot;yes&quot;}\">\n\t\t\t\t<div class=\"elementor-element elementor-element-980aa3a ekit-equal-height-enable elementor-widget elementor-widget-elementskit-icon-box\" data-id=\"980aa3a\" data-element_type=\"widget\" data-e-type=\"widget\" data-settings=\"{&quot;ekit_we_effect_on&quot;:&quot;none&quot;}\" data-widget_type=\"elementskit-icon-box.default\">\n\t\t\t\t<div class=\"elementor-widget-container\">\n\t\t\t\t\t<div class=\"ekit-wid-con\" >        <!-- link opening -->\n                <!-- end link opening -->\n\n        <div class=\"elementskit-infobox text-center text- icon-top-align elementor-animation-\">\n                    <div class=\"elementskit-box-header elementor-animation-\">\n                <div class=\"elementskit-info-box-icon\">\n                    <i aria-hidden=\"true\" class=\"elementkit-infobox-icon icon icon-handshake\"><\/i>\n                <\/div>\n          <\/div>\n                        <div class=\"box-body\">\n                            <h3 class=\"elementskit-info-box-title\">\n                    IT support                 <\/h3>\n                        \t\t  \t<p>Why do everything manually when the system can do it for you?<\/p>\n                                        <div class=\"box-footer disable_hover_button\">\n                    <div class=\"btn-wraper\">\n                                                            <a class=\"elementskit-btn whitespace--normal\" href=\"https:\/\/prosteit.pl\/en\/it-services-for-companies-in-warsaw\/\">\n                                        <i aria-hidden=\"true\" class=\"fas fa-long-arrow-alt-right\"><\/i>                                                                            <\/a>\n                                                        <\/div>\n                <\/div>\n                    <\/div>\n        \n        \n                <\/div>\n        <\/div>\t\t\t\t<\/div>\n\t\t\t\t<\/div>\n\t\t\t\t<\/div>\n\t\t<div data-particle_enable=\"false\" data-particle-mobile-disabled=\"false\" class=\"elementor-element elementor-element-645a74c e-con-full e-flex e-con e-child\" data-id=\"645a74c\" data-element_type=\"container\" data-e-type=\"container\" data-settings=\"{&quot;ekit_has_onepagescroll_dot&quot;:&quot;yes&quot;}\">\n\t\t\t\t<div class=\"elementor-element elementor-element-0d315b4 ekit-equal-height-enable elementor-widget elementor-widget-elementskit-icon-box\" data-id=\"0d315b4\" data-element_type=\"widget\" data-e-type=\"widget\" data-settings=\"{&quot;ekit_we_effect_on&quot;:&quot;none&quot;}\" data-widget_type=\"elementskit-icon-box.default\">\n\t\t\t\t<div class=\"elementor-widget-container\">\n\t\t\t\t\t<div class=\"ekit-wid-con\" >        <!-- link opening -->\n                <!-- end link opening -->\n\n        <div class=\"elementskit-infobox text-center text-center icon-top-align elementor-animation-\">\n                    <div class=\"elementskit-box-header elementor-animation-\">\n                <div class=\"elementskit-info-box-icon\">\n                    <i aria-hidden=\"true\" class=\"elementkit-infobox-icon flaticon flaticon-technical-support-1\"><\/i>\n                <\/div>\n          <\/div>\n                        <div class=\"box-body\">\n                            <h3 class=\"elementskit-info-box-title\">\n                    Administration and IT support                <\/h3>\n                        \t\t  \t<p>systems management, ensuring security and reliability<\/p>\n                                        <div class=\"box-footer disable_hover_button\">\n                    <div class=\"btn-wraper\">\n                                                            <a class=\"elementskit-btn whitespace--normal\" href=\"https:\/\/prosteit.pl\/en\/administration-and-it-support\/\">\n                                        <i aria-hidden=\"true\" class=\"fas fa-long-arrow-alt-right\"><\/i>                                                                            <\/a>\n                                                        <\/div>\n                <\/div>\n                    <\/div>\n        \n        \n                <\/div>\n        <\/div>\t\t\t\t<\/div>\n\t\t\t\t<\/div>\n\t\t\t\t<\/div>\n\t\t<div data-particle_enable=\"false\" data-particle-mobile-disabled=\"false\" class=\"elementor-element elementor-element-489eea8 e-con-full e-flex e-con e-child\" data-id=\"489eea8\" data-element_type=\"container\" data-e-type=\"container\" data-settings=\"{&quot;ekit_has_onepagescroll_dot&quot;:&quot;yes&quot;}\">\n\t\t\t\t<div class=\"elementor-element elementor-element-4967451 ekit-equal-height-enable elementor-widget elementor-widget-elementskit-icon-box\" data-id=\"4967451\" data-element_type=\"widget\" data-e-type=\"widget\" data-settings=\"{&quot;ekit_we_effect_on&quot;:&quot;none&quot;}\" data-widget_type=\"elementskit-icon-box.default\">\n\t\t\t\t<div class=\"elementor-widget-container\">\n\t\t\t\t\t<div class=\"ekit-wid-con\" >        <!-- link opening -->\n                <!-- end link opening -->\n\n        <div class=\"elementskit-infobox text-center text- icon-top-align elementor-animation-\">\n                    <div class=\"elementskit-box-header elementor-animation-\">\n                <div class=\"elementskit-info-box-icon\">\n                    <i aria-hidden=\"true\" class=\"elementkit-infobox-icon ico ico-tools-2\"><\/i>\n                <\/div>\n          <\/div>\n                        <div class=\"box-body\">\n                            <h3 class=\"elementskit-info-box-title\">\n                    IT service                <\/h3>\n                        \t\t  \t<p>hardware or software doesn&#039;t always want to cooperate, so we&#039;re here to help!<\/p>\n                                        <div class=\"box-footer disable_hover_button\">\n                    <div class=\"btn-wraper\">\n                                                            <a class=\"elementskit-btn whitespace--normal\" href=\"https:\/\/prosteit.pl\/en\/service\/\">\n                                        <i aria-hidden=\"true\" class=\"fas fa-long-arrow-alt-right\"><\/i>                                                                            <\/a>\n                                                        <\/div>\n                <\/div>\n                    <\/div>\n        \n        \n                <\/div>\n        <\/div>\t\t\t\t<\/div>\n\t\t\t\t<\/div>\n\t\t\t\t<\/div>\n\t\t\t\t<\/div>\n\t\t\t\t\t<\/div>\n\t\t\t\t<\/div>\n\t\t<div data-particle_enable=\"false\" data-particle-mobile-disabled=\"false\" class=\"elementor-element elementor-element-522da68 e-flex e-con-boxed e-con e-parent\" data-id=\"522da68\" data-element_type=\"container\" data-e-type=\"container\" data-settings=\"{&quot;ekit_has_onepagescroll_dot&quot;:&quot;yes&quot;}\">\n\t\t\t\t\t<div class=\"e-con-inner\">\n\t\t<div data-particle_enable=\"false\" data-particle-mobile-disabled=\"false\" class=\"elementor-element elementor-element-1b9e798 e-con-full e-flex e-con e-child\" data-id=\"1b9e798\" data-element_type=\"container\" data-e-type=\"container\" data-settings=\"{&quot;ekit_has_onepagescroll_dot&quot;:&quot;yes&quot;}\">\n\t\t\t\t<div class=\"elementor-element elementor-element-cf1ef1d elementor-widget__width-auto premium-title-color elementor-widget elementor-widget-premium-addon-title\" data-id=\"cf1ef1d\" data-element_type=\"widget\" data-e-type=\"widget\" data-settings=\"{&quot;ekit_we_effect_on&quot;:&quot;none&quot;}\" data-widget_type=\"premium-addon-title.default\">\n\t\t\t\t<div class=\"elementor-widget-container\">\n\t\t\t\t\t\n\t\t<div class=\"premium-title-container style7 premium-title-bg-text\" data-background=\"O NAS\">\n\t\t\t<h2 class=\"premium-title-header premium-title-style7\">\n\t\t\t\t\t\t\t\t\t\t\t\t\t\t\t<span class=\"premium-title-style7-stripe-wrap\">\n\t\t\t\t\t\t\t<span class=\"premium-title-style7-stripe\"><\/span>\n\t\t\t\t\t\t<\/span>\n\t\t\t\t\t\t\t\t\t\t<div class=\"premium-title-style7-inner\">\n\t\t\t\t\n\t\t\t\t\n\t\t\t\t\t\t\t\t\t\t\t\t\t\t\t\t\t\t\t\t\t<span class=\"premium-title-text\">\n\t\t\t\t\tYour Partner in the IT world, <span class=\"highlight\">PROSTE IT!<\/span>\t\t\t\t<\/span>\n\t\t\t\t\t\n\t\t\t\t\t\t\t\t\t<\/div>\n\t\t\t\t\t\t\t\t\n\t\t\t\t\t\t\t<\/h2>\n\n\t\t<\/div>\n\n\t\t\t\t\t\t<\/div>\n\t\t\t\t<\/div>\n\t\t\t\t<div class=\"elementor-element elementor-element-002b4a3 elementor-widget elementor-widget-text-editor\" data-id=\"002b4a3\" data-element_type=\"widget\" data-e-type=\"widget\" data-settings=\"{&quot;ekit_we_effect_on&quot;:&quot;none&quot;}\" data-widget_type=\"text-editor.default\">\n\t\t\t\t<div class=\"elementor-widget-container\">\n\t\t\t\t\t\t\t\t\t<p><span data-teams=\"true\">We provide permanent <strong>IT support<\/strong> For businesses \u2013 Warsaw, O\u017car\u00f3w Mazowiecki, and surrounding areas. User helpdesk, infrastructure, Microsoft 365, security, backup, and monitoring. We work with facts: standards, documentation, and recovery testing. Without &quot;one service, one project&quot; \u2013 we operate within established time frames and priorities.<\/span><\/p>\t\t\t\t\t\t\t\t<\/div>\n\t\t\t\t<\/div>\n\t\t\t\t<div class=\"elementor-element elementor-element-8d1a22e elementor-widget elementor-widget-tp-info-box\" data-id=\"8d1a22e\" data-element_type=\"widget\" data-e-type=\"widget\" data-settings=\"{&quot;ekit_we_effect_on&quot;:&quot;none&quot;}\" data-widget_type=\"tp-info-box.default\">\n\t\t\t\t<div class=\"elementor-widget-container\">\n\t\t\t\t\t<div id=\"info_box69f2af270b66d\" class=\"pt_plus_info_box hover_normal    info_box69f2af270b66d info-box-style_1\"  data-id=\"info_box69f2af270b66d\"    dir= \"data-connection=\"\"\" data-eventtype=\"\" ><div class=\"post-inner-loop\"><div class=\"info-box-inner content_hover_effect  tp-info-nc\"   ><div class=\"info-box-bg-box\"><div class=\"service-media text-left\"><div class=\"m-r-16\" > <div class=\"service-icon-wrap\"><i class=\"fa fa-check service-icon  icon-squre\"><\/i><\/div> <\/div><div class=\"service-content\"><a href=\"https:\/\/prosteit.pl\/en\/contact\/\" ><h3 class=\"service-title\"> Trust us <\/h3><\/a><div class=\"service-desc\"> <p><span data-teams=\"true\">We provide care like your own IT department: we take responsibility, ensure stability, and communicate clearly. <strong>IT outsourcing<\/strong> we do what gives the greatest value: efficient user support, security, backup and constant environment monitoring.<\/span><\/p> <\/div><\/div><\/div><div class=\"infobox-overlay-color\"><\/div><\/div><\/div><\/div><\/div>\t\t\t\t<\/div>\n\t\t\t\t<\/div>\n\t\t\t\t<div class=\"elementor-element elementor-element-ad1c9b4 elementor-widget elementor-widget-tp-info-box\" data-id=\"ad1c9b4\" data-element_type=\"widget\" data-e-type=\"widget\" data-settings=\"{&quot;ekit_we_effect_on&quot;:&quot;none&quot;}\" data-widget_type=\"tp-info-box.default\">\n\t\t\t\t<div class=\"elementor-widget-container\">\n\t\t\t\t\t<div id=\"info_box69f2af270ce5c\" class=\"pt_plus_info_box hover_normal    info_box69f2af270ce5c info-box-style_1\"  data-id=\"info_box69f2af270ce5c\"    dir= \"data-connection=\"\"\" data-eventtype=\"\" ><div class=\"post-inner-loop\"><div class=\"info-box-inner content_hover_effect  tp-info-nc\"   ><div class=\"info-box-bg-box\"><div class=\"service-media text-left\"><div class=\"m-r-16\" > <div class=\"service-icon-wrap\"><i class=\"fa fa-check service-icon  icon-squre\"><\/i><\/div> <\/div><div class=\"service-content\"><a href=\"https:\/\/prosteit.pl\/en\/contact\/\" ><h3 class=\"service-title\"> Join <\/h3><\/a><div class=\"service-desc\"> <p><span data-teams=\"true\">Join the companies that want IT peace of mind and predictable rules of cooperation. Our <strong>IT services for companies<\/strong> covers small, medium and larger environments \u2013 from computers and networks to servers and Microsoft 365. Instead of \u201enot included in the package\u201d, we set priorities and deliver results.<\/span><\/p> <\/div><\/div><\/div><div class=\"infobox-overlay-color\"><\/div><\/div><\/div><\/div><\/div>\t\t\t\t<\/div>\n\t\t\t\t<\/div>\n\t\t<div data-particle_enable=\"false\" data-particle-mobile-disabled=\"false\" class=\"elementor-element elementor-element-5584fe1 e-con-full e-flex e-con e-child\" data-id=\"5584fe1\" data-element_type=\"container\" data-e-type=\"container\" data-settings=\"{&quot;ekit_has_onepagescroll_dot&quot;:&quot;yes&quot;}\">\n\t\t\t\t<div class=\"elementor-element elementor-element-1774c67 elementor-widget elementor-widget-button\" data-id=\"1774c67\" data-element_type=\"widget\" data-e-type=\"widget\" data-settings=\"{&quot;ekit_we_effect_on&quot;:&quot;none&quot;}\" data-widget_type=\"button.default\">\n\t\t\t\t<div class=\"elementor-widget-container\">\n\t\t\t\t\t\t\t\t\t<div class=\"elementor-button-wrapper\">\n\t\t\t\t\t<a class=\"elementor-button elementor-button-link elementor-size-sm\" href=\"mailto:hello@prosteit.pl\">\n\t\t\t\t\t\t<span class=\"elementor-button-content-wrapper\">\n\t\t\t\t\t\t\t\t\t<span class=\"elementor-button-text\">Write<\/span>\n\t\t\t\t\t<\/span>\n\t\t\t\t\t<\/a>\n\t\t\t\t<\/div>\n\t\t\t\t\t\t\t\t<\/div>\n\t\t\t\t<\/div>\n\t\t\t\t<div class=\"elementor-element elementor-element-510f726 elementor-widget elementor-widget-button\" data-id=\"510f726\" data-element_type=\"widget\" data-e-type=\"widget\" data-settings=\"{&quot;ekit_we_effect_on&quot;:&quot;none&quot;}\" data-widget_type=\"button.default\">\n\t\t\t\t<div class=\"elementor-widget-container\">\n\t\t\t\t\t\t\t\t\t<div class=\"elementor-button-wrapper\">\n\t\t\t\t\t<a class=\"elementor-button elementor-button-link elementor-size-sm\" href=\"tel:+48504506515\">\n\t\t\t\t\t\t<span class=\"elementor-button-content-wrapper\">\n\t\t\t\t\t\t\t\t\t<span class=\"elementor-button-text\">Call us<\/span>\n\t\t\t\t\t<\/span>\n\t\t\t\t\t<\/a>\n\t\t\t\t<\/div>\n\t\t\t\t\t\t\t\t<\/div>\n\t\t\t\t<\/div>\n\t\t\t\t<\/div>\n\t\t\t\t<\/div>\n\t\t<div data-particle_enable=\"false\" data-particle-mobile-disabled=\"false\" class=\"elementor-element elementor-element-34c04de e-con-full e-flex e-con e-child\" data-id=\"34c04de\" data-element_type=\"container\" data-e-type=\"container\" data-settings=\"{&quot;ekit_has_onepagescroll_dot&quot;:&quot;yes&quot;}\">\n\t\t\t\t<div class=\"elementor-element elementor-element-257c3dc elementor-widget elementor-widget-html\" data-id=\"257c3dc\" data-element_type=\"widget\" data-e-type=\"widget\" data-settings=\"{&quot;ekit_we_effect_on&quot;:&quot;none&quot;}\" data-widget_type=\"html.default\">\n\t\t\t\t<div class=\"elementor-widget-container\">\n\t\t\t\t\t<link rel=\"preconnect\" href=\"https:\/\/fonts.googleapis.com\">\r\n<link rel=\"preconnect\" href=\"https:\/\/fonts.gstatic.com\" crossorigin>\r\n<link href=\"https:\/\/fonts.googleapis.com\/css2?family=Inter:wght@400;600;700;800&display=swap\" rel=\"stylesheet\">\r\n\r\n<div class=\"exp-frame\" aria-label=\"Widget: 8+ years of experience\">\r\n  <!-- badge jest niezale\u017cny od obrazu i mo\u017ce wystawa\u0107 poza niego -->\r\n  <div class=\"exp-badge\" aria-hidden=\"true\">\r\n    <span class=\"exp-badge__num\">8+<\/span>\r\n    <span class=\"exp-badge__txt\">Years of experience<\/span>\r\n  <\/div>\r\n\r\n  <!-- figura (obszar zdj\u0119cia) -->\r\n  <div class=\"exp-figure\" role=\"img\" aria-label=\"ProsteIT - Your trusted IT specialist\">\r\n    <!-- warstwa zdj\u0119cia (klip okiennicy) -->\r\n    <div class=\"exp-figure__img\"><\/div>\r\n\r\n    <!-- kafelek z rakiet\u0105 - ma lekko wystawa\u0107 poza obraz -->\r\n    <div class=\"exp-tile\" aria-hidden=\"true\">\r\n      <svg class=\"exp-tile__icon\" viewbox=\"0 0 24 24\" fill=\"none\">\r\n        <path d=\"M14.5 4.2c2.8-.6 5.3.1 5.3.1s.7 2.5.1 5.3c-.4 2-1.4 4-3 5.6l-1.8 1.8c-1.6 1.6-3.6 2.6-5.6 3-2.8.6-5.3-.1-5.3-.1s-.7-2.5-.1-5.3c.4-2 1.4-4 3-5.6L4.9 7.2c1.6-1.6 3.6-2.6 5.6-3z\"\r\n              stroke=\"white\" stroke-width=\"1.6\" stroke-linecap=\"round\" stroke-linejoin=\"round\"\/>\r\n        <path d=\"M9.2 14.8l-3.7 3.7\" stroke=\"white\" stroke-width=\"1.6\" stroke-linecap=\"round\"\/>\r\n        <path d=\"M8.2 18.6l-1.8 1.8\" stroke=\"white\" stroke-width=\"1.6\" stroke-linecap=\"round\"\/>\r\n        <path d=\"M14.2 9.8a1.6 1.6 0 1 0 0-3.2 1.6 1.6 0 0 0 0 3.2z\" stroke=\"white\" stroke-width=\"1.6\"\/>\r\n      <\/svg>\r\n    <\/div>\r\n  <\/div>\r\n<\/div>\r\n\t\t\t\t<\/div>\n\t\t\t\t<\/div>\n\t\t\t\t<\/div>\n\t\t\t\t\t<\/div>\n\t\t\t\t<\/div>\n\t\t<div data-particle_enable=\"false\" data-particle-mobile-disabled=\"false\" class=\"elementor-element elementor-element-f4352d8 e-flex e-con-boxed e-con e-parent\" data-id=\"f4352d8\" data-element_type=\"container\" data-e-type=\"container\" data-settings=\"{&quot;background_background&quot;:&quot;classic&quot;,&quot;ekit_has_onepagescroll_dot&quot;:&quot;yes&quot;}\">\n\t\t\t\t\t<div class=\"e-con-inner\">\n\t\t<div data-particle_enable=\"false\" data-particle-mobile-disabled=\"false\" class=\"elementor-element elementor-element-22c17f5 e-con-full elementor-hidden-tablet elementor-hidden-mobile e-flex e-con e-child\" data-id=\"22c17f5\" data-element_type=\"container\" data-e-type=\"container\" data-settings=\"{&quot;ekit_has_onepagescroll_dot&quot;:&quot;yes&quot;}\">\n\t\t\t\t<\/div>\n\t\t<div data-particle_enable=\"false\" data-particle-mobile-disabled=\"false\" class=\"elementor-element elementor-element-d22de74 e-con-full e-flex e-con e-child\" data-id=\"d22de74\" data-element_type=\"container\" data-e-type=\"container\" data-settings=\"{&quot;ekit_has_onepagescroll_dot&quot;:&quot;yes&quot;}\">\n\t\t\t\t<div class=\"elementor-element elementor-element-9605c24 elementor-widget__width-auto premium-title-color elementor-widget elementor-widget-premium-addon-title\" data-id=\"9605c24\" data-element_type=\"widget\" data-e-type=\"widget\" data-settings=\"{&quot;ekit_we_effect_on&quot;:&quot;none&quot;}\" data-widget_type=\"premium-addon-title.default\">\n\t\t\t\t<div class=\"elementor-widget-container\">\n\t\t\t\t\t\n\t\t<div class=\"premium-title-container style7 premium-title-bg-text\" data-background=\"LATA DO\u015aWIADCZE\u0143\">\n\t\t\t<h2 class=\"premium-title-header premium-title-style7\">\n\t\t\t\t\t\t\t\t\t\t\t\t\t\t\t<span class=\"premium-title-style7-stripe-wrap\">\n\t\t\t\t\t\t\t<span class=\"premium-title-style7-stripe\"><\/span>\n\t\t\t\t\t\t<\/span>\n\t\t\t\t\t\t\t\t\t\t<div class=\"premium-title-style7-inner\">\n\t\t\t\t\n\t\t\t\t\n\t\t\t\t\t\t\t\t\t\t\t\t\t\t\t\t\t\t\t\t\t<span class=\"premium-title-text\">\n\t\t\t\t\tStart working with us <span class=\"highlight\">today!<\/span>\t\t\t\t<\/span>\n\t\t\t\t\t\n\t\t\t\t\t\t\t\t\t<\/div>\n\t\t\t\t\t\t\t\t\n\t\t\t\t\t\t\t<\/h2>\n\n\t\t<\/div>\n\n\t\t\t\t\t\t<\/div>\n\t\t\t\t<\/div>\n\t\t<div data-particle_enable=\"false\" data-particle-mobile-disabled=\"false\" class=\"elementor-element elementor-element-ff92aa8 e-con-full e-flex e-con e-child\" data-id=\"ff92aa8\" data-element_type=\"container\" data-e-type=\"container\" data-settings=\"{&quot;ekit_has_onepagescroll_dot&quot;:&quot;yes&quot;}\">\n\t\t\t\t<div class=\"elementor-element elementor-element-37101b8 elementor-view-stacked elementor-position-inline-end elementor-widget__width-initial elementor-mobile-position-inline-end elementor-widget-mobile__width-inherit elementor-shape-circle elementor-widget elementor-widget-icon-box\" data-id=\"37101b8\" data-element_type=\"widget\" data-e-type=\"widget\" data-settings=\"{&quot;ekit_we_effect_on&quot;:&quot;none&quot;}\" data-widget_type=\"icon-box.default\">\n\t\t\t\t<div class=\"elementor-widget-container\">\n\t\t\t\t\t\t\t<div class=\"elementor-icon-box-wrapper\">\n\n\t\t\t\t\t\t<div class=\"elementor-icon-box-icon\">\n\t\t\t\t<span  class=\"elementor-icon\">\n\t\t\t\t<i aria-hidden=\"true\" class=\"ico ico-users2\"><\/i>\t\t\t\t<\/span>\n\t\t\t<\/div>\n\t\t\t\n\t\t\t\t\t\t<div class=\"elementor-icon-box-content\">\n\n\t\t\t\t\t\t\t\t\t<p class=\"elementor-icon-box-title\">\n\t\t\t\t\t\t<span  >\n\t\t\t\t\t\t\t50+\t\t\t\t\t\t<\/span>\n\t\t\t\t\t<\/p>\n\t\t\t\t\n\t\t\t\t\t\t\t\t\t<p class=\"elementor-icon-box-description\">\n\t\t\t\t\t\tcompanies cooperating with us on a regular basis\t\t\t\t\t<\/p>\n\t\t\t\t\n\t\t\t<\/div>\n\t\t\t\n\t\t<\/div>\n\t\t\t\t\t\t<\/div>\n\t\t\t\t<\/div>\n\t\t\t\t<div class=\"elementor-element elementor-element-bc00680 elementor-view-stacked elementor-position-inline-end elementor-widget__width-initial elementor-mobile-position-inline-end elementor-widget-mobile__width-inherit elementor-shape-circle elementor-widget elementor-widget-icon-box\" data-id=\"bc00680\" data-element_type=\"widget\" data-e-type=\"widget\" data-settings=\"{&quot;ekit_we_effect_on&quot;:&quot;none&quot;}\" data-widget_type=\"icon-box.default\">\n\t\t\t\t<div class=\"elementor-widget-container\">\n\t\t\t\t\t\t\t<div class=\"elementor-icon-box-wrapper\">\n\n\t\t\t\t\t\t<div class=\"elementor-icon-box-icon\">\n\t\t\t\t<span  class=\"elementor-icon\">\n\t\t\t\t<i aria-hidden=\"true\" class=\"icon icon-tick\"><\/i>\t\t\t\t<\/span>\n\t\t\t<\/div>\n\t\t\t\n\t\t\t\t\t\t<div class=\"elementor-icon-box-content\">\n\n\t\t\t\t\t\t\t\t\t<p class=\"elementor-icon-box-title\">\n\t\t\t\t\t\t<span  >\n\t\t\t\t\t\t\t10000+\t\t\t\t\t\t<\/span>\n\t\t\t\t\t<\/p>\n\t\t\t\t\n\t\t\t\t\t\t\t\t\t<p class=\"elementor-icon-box-description\">\n\t\t\t\t\t\tservice requests handled\t\t\t\t\t<\/p>\n\t\t\t\t\n\t\t\t<\/div>\n\t\t\t\n\t\t<\/div>\n\t\t\t\t\t\t<\/div>\n\t\t\t\t<\/div>\n\t\t\t\t<\/div>\n\t\t<div data-particle_enable=\"false\" data-particle-mobile-disabled=\"false\" class=\"elementor-element elementor-element-7affb26 e-con-full e-flex e-con e-child\" data-id=\"7affb26\" data-element_type=\"container\" data-e-type=\"container\" data-settings=\"{&quot;ekit_has_onepagescroll_dot&quot;:&quot;yes&quot;}\">\n\t\t\t\t<div class=\"elementor-element elementor-element-37d8d6a elementor-view-stacked elementor-position-inline-end elementor-widget__width-initial elementor-mobile-position-inline-end elementor-widget-mobile__width-inherit elementor-shape-circle elementor-widget elementor-widget-icon-box\" data-id=\"37d8d6a\" data-element_type=\"widget\" data-e-type=\"widget\" data-settings=\"{&quot;ekit_we_effect_on&quot;:&quot;none&quot;}\" data-widget_type=\"icon-box.default\">\n\t\t\t\t<div class=\"elementor-widget-container\">\n\t\t\t\t\t\t\t<div class=\"elementor-icon-box-wrapper\">\n\n\t\t\t\t\t\t<div class=\"elementor-icon-box-icon\">\n\t\t\t\t<span  class=\"elementor-icon\">\n\t\t\t\t<i aria-hidden=\"true\" class=\"fas fa-server\"><\/i>\t\t\t\t<\/span>\n\t\t\t<\/div>\n\t\t\t\n\t\t\t\t\t\t<div class=\"elementor-icon-box-content\">\n\n\t\t\t\t\t\t\t\t\t<p class=\"elementor-icon-box-title\">\n\t\t\t\t\t\t<span  >\n\t\t\t\t\t\t\t70+\t\t\t\t\t\t<\/span>\n\t\t\t\t\t<\/p>\n\t\t\t\t\n\t\t\t\t\t\t\t\t\t<p class=\"elementor-icon-box-description\">\n\t\t\t\t\t\tmanaged servers\t\t\t\t\t<\/p>\n\t\t\t\t\n\t\t\t<\/div>\n\t\t\t\n\t\t<\/div>\n\t\t\t\t\t\t<\/div>\n\t\t\t\t<\/div>\n\t\t\t\t<div class=\"elementor-element elementor-element-306e141 elementor-view-stacked elementor-position-inline-end elementor-widget__width-initial elementor-mobile-position-inline-end elementor-widget-mobile__width-inherit elementor-shape-circle elementor-widget elementor-widget-icon-box\" data-id=\"306e141\" data-element_type=\"widget\" data-e-type=\"widget\" data-settings=\"{&quot;ekit_we_effect_on&quot;:&quot;none&quot;}\" data-widget_type=\"icon-box.default\">\n\t\t\t\t<div class=\"elementor-widget-container\">\n\t\t\t\t\t\t\t<div class=\"elementor-icon-box-wrapper\">\n\n\t\t\t\t\t\t<div class=\"elementor-icon-box-icon\">\n\t\t\t\t<span  class=\"elementor-icon\">\n\t\t\t\t<i aria-hidden=\"true\" class=\"flaticon flaticon-computer-1\"><\/i>\t\t\t\t<\/span>\n\t\t\t<\/div>\n\t\t\t\n\t\t\t\t\t\t<div class=\"elementor-icon-box-content\">\n\n\t\t\t\t\t\t\t\t\t<p class=\"elementor-icon-box-title\">\n\t\t\t\t\t\t<span  >\n\t\t\t\t\t\t\t600+\t\t\t\t\t\t<\/span>\n\t\t\t\t\t<\/p>\n\t\t\t\t\n\t\t\t\t\t\t\t\t\t<p class=\"elementor-icon-box-description\">\n\t\t\t\t\t\tsupported computers\t\t\t\t\t<\/p>\n\t\t\t\t\n\t\t\t<\/div>\n\t\t\t\n\t\t<\/div>\n\t\t\t\t\t\t<\/div>\n\t\t\t\t<\/div>\n\t\t\t\t<\/div>\n\t\t\t\t<\/div>\n\t\t\t\t\t<\/div>\n\t\t\t\t<\/div>\n\t\t<div data-particle_enable=\"false\" data-particle-mobile-disabled=\"false\" class=\"elementor-element elementor-element-b68d9fe e-flex e-con-boxed e-con e-parent\" data-id=\"b68d9fe\" data-element_type=\"container\" data-e-type=\"container\" data-settings=\"{&quot;background_background&quot;:&quot;classic&quot;,&quot;ekit_has_onepagescroll_dot&quot;:&quot;yes&quot;}\">\n\t\t\t\t\t<div class=\"e-con-inner\">\n\t\t<div data-particle_enable=\"false\" data-particle-mobile-disabled=\"false\" class=\"elementor-element elementor-element-02e2143 e-con-full e-flex e-con e-child\" data-id=\"02e2143\" data-element_type=\"container\" data-e-type=\"container\" data-settings=\"{&quot;ekit_has_onepagescroll_dot&quot;:&quot;yes&quot;}\">\n\t\t\t\t<div class=\"elementor-element elementor-element-36fcae3 elementor-widget elementor-widget-heading\" data-id=\"36fcae3\" data-element_type=\"widget\" data-e-type=\"widget\" data-settings=\"{&quot;ekit_we_effect_on&quot;:&quot;none&quot;}\" data-widget_type=\"heading.default\">\n\t\t\t\t<div class=\"elementor-widget-container\">\n\t\t\t\t\t<span class=\"elementor-heading-title elementor-size-default\">Want to learn more?<\/span>\t\t\t\t<\/div>\n\t\t\t\t<\/div>\n\t\t\t\t<\/div>\n\t\t<div data-particle_enable=\"false\" data-particle-mobile-disabled=\"false\" class=\"elementor-element elementor-element-c5166b2 e-con-full e-flex e-con e-child\" data-id=\"c5166b2\" data-element_type=\"container\" data-e-type=\"container\" data-settings=\"{&quot;ekit_has_onepagescroll_dot&quot;:&quot;yes&quot;}\">\n\t\t\t\t<div class=\"elementor-element elementor-element-90ef03f elementor-widget elementor-widget-button\" data-id=\"90ef03f\" data-element_type=\"widget\" data-e-type=\"widget\" data-settings=\"{&quot;ekit_we_effect_on&quot;:&quot;none&quot;}\" data-widget_type=\"button.default\">\n\t\t\t\t<div class=\"elementor-widget-container\">\n\t\t\t\t\t\t\t\t\t<div class=\"elementor-button-wrapper\">\n\t\t\t\t\t<a class=\"elementor-button elementor-button-link elementor-size-sm\" href=\"mailto:hello@prosteit.pl\">\n\t\t\t\t\t\t<span class=\"elementor-button-content-wrapper\">\n\t\t\t\t\t\t\t\t\t<span class=\"elementor-button-text\">Hello@prosteit.pl<\/span>\n\t\t\t\t\t<\/span>\n\t\t\t\t\t<\/a>\n\t\t\t\t<\/div>\n\t\t\t\t\t\t\t\t<\/div>\n\t\t\t\t<\/div>\n\t\t\t\t<div class=\"elementor-element elementor-element-a4ec065 elementor-widget elementor-widget-button\" data-id=\"a4ec065\" data-element_type=\"widget\" data-e-type=\"widget\" data-settings=\"{&quot;ekit_we_effect_on&quot;:&quot;none&quot;}\" data-widget_type=\"button.default\">\n\t\t\t\t<div class=\"elementor-widget-container\">\n\t\t\t\t\t\t\t\t\t<div class=\"elementor-button-wrapper\">\n\t\t\t\t\t<a class=\"elementor-button elementor-button-link elementor-size-sm\" href=\"tel:+48504506515\">\n\t\t\t\t\t\t<span class=\"elementor-button-content-wrapper\">\n\t\t\t\t\t\t\t\t\t<span class=\"elementor-button-text\">(+48) 504 506 515<\/span>\n\t\t\t\t\t<\/span>\n\t\t\t\t\t<\/a>\n\t\t\t\t<\/div>\n\t\t\t\t\t\t\t\t<\/div>\n\t\t\t\t<\/div>\n\t\t\t\t<\/div>\n\t\t\t\t\t<\/div>\n\t\t\t\t<\/div>\n\t\t<div data-particle_enable=\"false\" data-particle-mobile-disabled=\"false\" class=\"elementor-element elementor-element-25466b2 e-flex e-con-boxed e-con e-parent\" data-id=\"25466b2\" data-element_type=\"container\" data-e-type=\"container\" data-settings=\"{&quot;background_background&quot;:&quot;classic&quot;,&quot;ekit_has_onepagescroll_dot&quot;:&quot;yes&quot;}\">\n\t\t\t\t\t<div class=\"e-con-inner\">\n\t\t<div data-particle_enable=\"false\" data-particle-mobile-disabled=\"false\" class=\"elementor-element elementor-element-35b4a50 e-con-full e-flex e-con e-child\" data-id=\"35b4a50\" data-element_type=\"container\" data-e-type=\"container\" data-settings=\"{&quot;ekit_has_onepagescroll_dot&quot;:&quot;yes&quot;}\">\n\t\t\t\t<div class=\"elementor-element elementor-element-77b6010 text-center elementor-widget elementor-widget-tp-heading-title\" data-id=\"77b6010\" data-element_type=\"widget\" data-e-type=\"widget\" data-settings=\"{&quot;ekit_we_effect_on&quot;:&quot;none&quot;}\" data-widget_type=\"tp-heading-title.default\">\n\t\t\t\t<div class=\"elementor-widget-container\">\n\t\t\t\t\t<div class=\"heading heading_style heading_style69f30a4ca700f style-1\" ><div class=\"sub-style\"  ><div class=\"head-title\" > <h2  class=\"heading-title\"   data-hover=\"Z kim wsp\u00f3\u0142pracujesz?\">Who do you work with?<span class=\"title-s\">  <\/span><\/h2><\/div><\/div><\/div>\t\t\t\t<\/div>\n\t\t\t\t<\/div>\n\t\t\t\t<\/div>\n\t\t<div data-particle_enable=\"false\" data-particle-mobile-disabled=\"false\" class=\"elementor-element elementor-element-ce9b00e e-con-full e-flex e-con e-child\" data-id=\"ce9b00e\" data-element_type=\"container\" data-e-type=\"container\" data-settings=\"{&quot;ekit_has_onepagescroll_dot&quot;:&quot;yes&quot;}\">\n\t\t<div data-particle_enable=\"false\" data-particle-mobile-disabled=\"false\" class=\"elementor-element elementor-element-a7b034a e-con-full e-flex e-con e-child\" data-id=\"a7b034a\" data-element_type=\"container\" data-e-type=\"container\" data-settings=\"{&quot;ekit_has_onepagescroll_dot&quot;:&quot;yes&quot;}\">\n\t\t\t\t<div class=\"elementor-element elementor-element-0a4ff8d elementor-widget elementor-widget-premium-addon-person\" data-id=\"0a4ff8d\" data-element_type=\"widget\" data-e-type=\"widget\" data-settings=\"{&quot;ekit_we_effect_on&quot;:&quot;none&quot;}\" data-widget_type=\"premium-addon-person.default\">\n\t\t\t\t<div class=\"elementor-widget-container\">\n\t\t\t\t\t\t\t<div class=\"premium-persons-container premium-person-style2\">\n\t\t\t\t\t\t<div class=\"premium-person-container premium-person-zoomin-effect\">\n\n\t\t\t\t<div class=\"premium-person-image-container\">\n\t\t\t\t\t<img decoding=\"async\" width=\"300\" height=\"300\" src=\"https:\/\/prosteit.pl\/wp-content\/uploads\/2023\/12\/marcin_molenda.jpg\" class=\"attachment-full size-full wp-image-8359\" alt=\"\" srcset=\"https:\/\/prosteit.pl\/wp-content\/uploads\/2023\/12\/marcin_molenda.jpg 300w, https:\/\/prosteit.pl\/wp-content\/uploads\/2023\/12\/marcin_molenda-150x150.jpg 150w, https:\/\/prosteit.pl\/wp-content\/uploads\/2023\/12\/marcin_molenda-12x12.jpg 12w\" sizes=\"(max-width: 300px) 100vw, 300px\" \/>\n\t\t\t\t\t\t\t\t\t<\/div>\n\t\t\t\t<div class=\"premium-person-info\">\n\t\t\t\t\t\t\t\t<div class=\"premium-person-info-container\">\n\t\t\t\t\t\t\t\t\t<p class=\"premium-person-name\">Martin<\/p>\t\t\t\t\t\t\t\t\t\t\t<p class=\"premium-person-title\">\n\t\t\t\t\t\t\t<span>Molenda<\/span>\n\t\t\t\t\t\t<\/p>\n\t\t\t\t\t\t\t\t<\/div>\n\t\t\t\t\t\t\t<\/div>\n\t\t\t<\/div>\n\t\t\t\t\t\t<\/div>\n\t\t\t\t\t\t<\/div>\n\t\t\t\t<\/div>\n\t\t\t\t<\/div>\n\t\t<div data-particle_enable=\"false\" data-particle-mobile-disabled=\"false\" class=\"elementor-element elementor-element-7cc21e5 e-con-full e-flex e-con e-child\" data-id=\"7cc21e5\" data-element_type=\"container\" data-e-type=\"container\" data-settings=\"{&quot;ekit_has_onepagescroll_dot&quot;:&quot;yes&quot;}\">\n\t\t\t\t<div class=\"elementor-element elementor-element-550ee3f elementor-widget elementor-widget-premium-addon-person\" data-id=\"550ee3f\" data-element_type=\"widget\" data-e-type=\"widget\" data-settings=\"{&quot;ekit_we_effect_on&quot;:&quot;none&quot;}\" data-widget_type=\"premium-addon-person.default\">\n\t\t\t\t<div class=\"elementor-widget-container\">\n\t\t\t\t\t\t\t<div class=\"premium-persons-container premium-person-style2\">\n\t\t\t\t\t\t<div class=\"premium-person-container premium-person-zoomin-effect\">\n\n\t\t\t\t<div class=\"premium-person-image-container\">\n\t\t\t\t\t<img loading=\"lazy\" decoding=\"async\" width=\"321\" height=\"321\" src=\"https:\/\/prosteit.pl\/wp-content\/uploads\/2023\/12\/wojciech_wojcieski-1.jpg\" class=\"attachment-full size-full wp-image-8360\" alt=\"\" srcset=\"https:\/\/prosteit.pl\/wp-content\/uploads\/2023\/12\/wojciech_wojcieski-1.jpg 321w, https:\/\/prosteit.pl\/wp-content\/uploads\/2023\/12\/wojciech_wojcieski-1-300x300.jpg 300w, https:\/\/prosteit.pl\/wp-content\/uploads\/2023\/12\/wojciech_wojcieski-1-150x150.jpg 150w, https:\/\/prosteit.pl\/wp-content\/uploads\/2023\/12\/wojciech_wojcieski-1-12x12.jpg 12w\" sizes=\"(max-width: 321px) 100vw, 321px\" \/>\n\t\t\t\t\t\t\t\t\t<\/div>\n\t\t\t\t<div class=\"premium-person-info\">\n\t\t\t\t\t\t\t\t<div class=\"premium-person-info-container\">\n\t\t\t\t\t\t\t\t\t<p class=\"premium-person-name\">Wojciech<\/p>\t\t\t\t\t\t\t\t\t\t\t<p class=\"premium-person-title\">\n\t\t\t\t\t\t\t<span>Wojcieski<\/span>\n\t\t\t\t\t\t<\/p>\n\t\t\t\t\t\t\t\t<\/div>\n\t\t\t\t\t\t\t<\/div>\n\t\t\t<\/div>\n\t\t\t\t\t\t<\/div>\n\t\t\t\t\t\t<\/div>\n\t\t\t\t<\/div>\n\t\t\t\t<\/div>\n\t\t<div data-particle_enable=\"false\" data-particle-mobile-disabled=\"false\" class=\"elementor-element elementor-element-3c77509 e-con-full e-flex e-con e-child\" data-id=\"3c77509\" data-element_type=\"container\" data-e-type=\"container\" data-settings=\"{&quot;ekit_has_onepagescroll_dot&quot;:&quot;yes&quot;}\">\n\t\t\t\t<div class=\"elementor-element elementor-element-ab4f2cf elementor-widget elementor-widget-premium-addon-person\" data-id=\"ab4f2cf\" data-element_type=\"widget\" data-e-type=\"widget\" data-settings=\"{&quot;ekit_we_effect_on&quot;:&quot;none&quot;}\" data-widget_type=\"premium-addon-person.default\">\n\t\t\t\t<div class=\"elementor-widget-container\">\n\t\t\t\t\t\t\t<div class=\"premium-persons-container premium-person-style2\">\n\t\t\t\t\t\t<div class=\"premium-person-container premium-person-zoomin-effect\">\n\n\t\t\t\t<div class=\"premium-person-image-container\">\n\t\t\t\t\t<img loading=\"lazy\" decoding=\"async\" width=\"800\" height=\"800\" src=\"https:\/\/prosteit.pl\/wp-content\/uploads\/2026\/01\/piotr-krukowski.webp\" class=\"attachment-full size-full wp-image-11736\" alt=\"\" srcset=\"https:\/\/prosteit.pl\/wp-content\/uploads\/2026\/01\/piotr-krukowski.webp 800w, https:\/\/prosteit.pl\/wp-content\/uploads\/2026\/01\/piotr-krukowski-300x300.webp 300w, https:\/\/prosteit.pl\/wp-content\/uploads\/2026\/01\/piotr-krukowski-150x150.webp 150w, https:\/\/prosteit.pl\/wp-content\/uploads\/2026\/01\/piotr-krukowski-768x768.webp 768w, https:\/\/prosteit.pl\/wp-content\/uploads\/2026\/01\/piotr-krukowski-12x12.webp 12w, https:\/\/prosteit.pl\/wp-content\/uploads\/2026\/01\/piotr-krukowski-700x700.webp 700w\" sizes=\"(max-width: 800px) 100vw, 800px\" \/>\n\t\t\t\t\t\t\t\t\t<\/div>\n\t\t\t\t<div class=\"premium-person-info\">\n\t\t\t\t\t\t\t\t<div class=\"premium-person-info-container\">\n\t\t\t\t\t\t\t\t\t<p class=\"premium-person-name\">Peter<\/p>\t\t\t\t\t\t\t\t\t\t\t<p class=\"premium-person-title\">\n\t\t\t\t\t\t\t<span>Krukowski<\/span>\n\t\t\t\t\t\t<\/p>\n\t\t\t\t\t\t\t\t<\/div>\n\t\t\t\t\t\t\t<\/div>\n\t\t\t<\/div>\n\t\t\t\t\t\t<\/div>\n\t\t\t\t\t\t<\/div>\n\t\t\t\t<\/div>\n\t\t\t\t<\/div>\n\t\t<div data-particle_enable=\"false\" data-particle-mobile-disabled=\"false\" class=\"elementor-element elementor-element-fadec92 e-con-full e-flex e-con e-child\" data-id=\"fadec92\" data-element_type=\"container\" data-e-type=\"container\" data-settings=\"{&quot;ekit_has_onepagescroll_dot&quot;:&quot;yes&quot;}\">\n\t\t\t\t<div class=\"elementor-element elementor-element-a745286 elementor-widget elementor-widget-premium-addon-person\" data-id=\"a745286\" data-element_type=\"widget\" data-e-type=\"widget\" data-settings=\"{&quot;ekit_we_effect_on&quot;:&quot;none&quot;}\" data-widget_type=\"premium-addon-person.default\">\n\t\t\t\t<div class=\"elementor-widget-container\">\n\t\t\t\t\t\t\t<div class=\"premium-persons-container premium-person-style2\">\n\t\t\t\t\t\t<div class=\"premium-person-container premium-person-zoomin-effect\">\n\n\t\t\t\t<div class=\"premium-person-image-container\">\n\t\t\t\t\t<img loading=\"lazy\" decoding=\"async\" width=\"359\" height=\"360\" src=\"https:\/\/prosteit.pl\/wp-content\/uploads\/2026\/01\/Kamil-Wozniak-prosteit3-e1767630535888.jpg\" class=\"attachment-full size-full wp-image-11375\" alt=\"\" srcset=\"https:\/\/prosteit.pl\/wp-content\/uploads\/2026\/01\/Kamil-Wozniak-prosteit3-e1767630535888.jpg 359w, https:\/\/prosteit.pl\/wp-content\/uploads\/2026\/01\/Kamil-Wozniak-prosteit3-e1767630535888-300x300.jpg 300w, https:\/\/prosteit.pl\/wp-content\/uploads\/2026\/01\/Kamil-Wozniak-prosteit3-e1767630535888-150x150.jpg 150w, https:\/\/prosteit.pl\/wp-content\/uploads\/2026\/01\/Kamil-Wozniak-prosteit3-e1767630535888-12x12.jpg 12w\" sizes=\"(max-width: 359px) 100vw, 359px\" \/>\n\t\t\t\t\t\t\t\t\t<\/div>\n\t\t\t\t<div class=\"premium-person-info\">\n\t\t\t\t\t\t\t\t<div class=\"premium-person-info-container\">\n\t\t\t\t\t\t\t\t\t<p class=\"premium-person-name\">Camille<\/p>\t\t\t\t\t\t\t\t\t\t\t<p class=\"premium-person-title\">\n\t\t\t\t\t\t\t<span>Wo\u017aniak<\/span>\n\t\t\t\t\t\t<\/p>\n\t\t\t\t\t\t\t\t<\/div>\n\t\t\t\t\t\t\t<\/div>\n\t\t\t<\/div>\n\t\t\t\t\t\t<\/div>\n\t\t\t\t\t\t<\/div>\n\t\t\t\t<\/div>\n\t\t\t\t<\/div>\n\t\t<div data-particle_enable=\"false\" data-particle-mobile-disabled=\"false\" class=\"elementor-element elementor-element-978a995 e-con-full e-flex e-con e-child\" data-id=\"978a995\" data-element_type=\"container\" data-e-type=\"container\" data-settings=\"{&quot;ekit_has_onepagescroll_dot&quot;:&quot;yes&quot;}\">\n\t\t\t\t<div class=\"elementor-element elementor-element-d554fe7 elementor-widget elementor-widget-premium-addon-person\" data-id=\"d554fe7\" data-element_type=\"widget\" data-e-type=\"widget\" data-settings=\"{&quot;ekit_we_effect_on&quot;:&quot;none&quot;}\" data-widget_type=\"premium-addon-person.default\">\n\t\t\t\t<div class=\"elementor-widget-container\">\n\t\t\t\t\t\t\t<div class=\"premium-persons-container premium-person-style2\">\n\t\t\t\t\t\t<div class=\"premium-person-container premium-person-zoomin-effect\">\n\n\t\t\t\t<div class=\"premium-person-image-container\">\n\t\t\t\t\t<img loading=\"lazy\" decoding=\"async\" width=\"320\" height=\"320\" src=\"https:\/\/prosteit.pl\/wp-content\/uploads\/2026\/01\/specjalista_it_proste_it_1.jpg\" class=\"attachment-full size-full wp-image-11737\" alt=\"\" srcset=\"https:\/\/prosteit.pl\/wp-content\/uploads\/2026\/01\/specjalista_it_proste_it_1.jpg 320w, https:\/\/prosteit.pl\/wp-content\/uploads\/2026\/01\/specjalista_it_proste_it_1-300x300.jpg 300w, https:\/\/prosteit.pl\/wp-content\/uploads\/2026\/01\/specjalista_it_proste_it_1-150x150.jpg 150w, https:\/\/prosteit.pl\/wp-content\/uploads\/2026\/01\/specjalista_it_proste_it_1-12x12.jpg 12w\" sizes=\"(max-width: 320px) 100vw, 320px\" \/>\n\t\t\t\t\t\t\t\t\t<\/div>\n\t\t\t\t<div class=\"premium-person-info\">\n\t\t\t\t\t\t\t\t<div class=\"premium-person-info-container\">\n\t\t\t\t\t\t\t\t\t<p class=\"premium-person-name\">Santa Claus<\/p>\t\t\t\t\t\t\t\t\t\t\t<p class=\"premium-person-title\">\n\t\t\t\t\t\t\t<span>Liszewski<\/span>\n\t\t\t\t\t\t<\/p>\n\t\t\t\t\t\t\t\t<\/div>\n\t\t\t\t\t\t\t<\/div>\n\t\t\t<\/div>\n\t\t\t\t\t\t<\/div>\n\t\t\t\t\t\t<\/div>\n\t\t\t\t<\/div>\n\t\t\t\t<\/div>\n\t\t\t\t<\/div>\n\t\t\t\t\t<\/div>\n\t\t\t\t<\/div>\n\t\t<div data-particle_enable=\"false\" data-particle-mobile-disabled=\"false\" class=\"elementor-element elementor-element-d412286 e-con-full e-flex e-con e-parent\" data-id=\"d412286\" data-element_type=\"container\" data-e-type=\"container\" data-settings=\"{&quot;background_background&quot;:&quot;classic&quot;,&quot;ekit_has_onepagescroll_dot&quot;:&quot;yes&quot;}\">\n\t\t<div data-particle_enable=\"false\" data-particle-mobile-disabled=\"false\" class=\"elementor-element elementor-element-b0f08d5 e-flex e-con-boxed e-con e-child\" data-id=\"b0f08d5\" data-element_type=\"container\" data-e-type=\"container\" data-settings=\"{&quot;ekit_has_onepagescroll_dot&quot;:&quot;yes&quot;}\">\n\t\t\t\t\t<div class=\"e-con-inner\">\n\t\t\t\t<div class=\"elementor-element elementor-element-8ab1c46 elementor-widget__width-auto premium-title-color elementor-widget elementor-widget-premium-addon-title\" data-id=\"8ab1c46\" data-element_type=\"widget\" data-e-type=\"widget\" data-settings=\"{&quot;ekit_we_effect_on&quot;:&quot;none&quot;}\" data-widget_type=\"premium-addon-title.default\">\n\t\t\t\t<div class=\"elementor-widget-container\">\n\t\t\t\t\t\n\t\t<div class=\"premium-title-container style7 premium-title-bg-text\" data-background=\"REKOMENDACJE\">\n\t\t\t<h2 class=\"premium-title-header premium-title-style7\">\n\t\t\t\t\t\t\t\t\t\t\t\t\t\t\t<span class=\"premium-title-style7-stripe-wrap\">\n\t\t\t\t\t\t\t<span class=\"premium-title-style7-stripe\"><\/span>\n\t\t\t\t\t\t<\/span>\n\t\t\t\t\t\t\t\t\t\t<div class=\"premium-title-style7-inner\">\n\t\t\t\t\n\t\t\t\t\n\t\t\t\t\t\t\t\t\t\t\t\t\t\t\t\t\t\t\t\t\t<span class=\"premium-title-text\">\n\t\t\t\t\tWhat do they say? <span class=\"highlight\">our clients?<\/span>\t\t\t\t<\/span>\n\t\t\t\t\t\n\t\t\t\t\t\t\t\t\t<\/div>\n\t\t\t\t\t\t\t\t\n\t\t\t\t\t\t\t<\/h2>\n\n\t\t<\/div>\n\n\t\t\t\t\t\t<\/div>\n\t\t\t\t<\/div>\n\t\t\t\t<div class=\"elementor-element elementor-element-783646b elementor-widget elementor-widget-elementskit-testimonial\" data-id=\"783646b\" data-element_type=\"widget\" data-e-type=\"widget\" data-settings=\"{&quot;ekit_we_effect_on&quot;:&quot;none&quot;}\" data-widget_type=\"elementskit-testimonial.default\">\n\t\t\t\t<div class=\"elementor-widget-container\">\n\t\t\t\t\t<div class=\"ekit-wid-con\" ><div class=\"elementskit-testimonial-slider ekit_testimonial_style_5 arrow_inside slider-dotted\" data-config=\"{&quot;rtl&quot;:false,&quot;arrows&quot;:false,&quot;dots&quot;:true,&quot;pauseOnHover&quot;:true,&quot;autoplay&quot;:true,&quot;speed&quot;:1400,&quot;slidesPerGroup&quot;:1,&quot;slidesPerView&quot;:2,&quot;loop&quot;:true,&quot;spaceBetween&quot;:15,&quot;breakpoints&quot;:{&quot;320&quot;:{&quot;slidesPerView&quot;:1,&quot;slidesPerGroup&quot;:1,&quot;spaceBetween&quot;:10},&quot;768&quot;:{&quot;slidesPerView&quot;:2,&quot;slidesPerGroup&quot;:1,&quot;spaceBetween&quot;:10},&quot;1024&quot;:{&quot;slidesPerView&quot;:2,&quot;slidesPerGroup&quot;:1,&quot;spaceBetween&quot;:15}}}\">\n\t<div class=\"ekit-main-swiper swiper\">\n\t\t<div class=\"swiper-wrapper\">\n\t\t\t\t\t\t\t<div class=\"swiper-slide\">\n\t\t\t\t\t<div class=\"swiper-slide-inner\">\n\t\t\t\t\t\t<div class=\"elementskit-single-testimonial-slider elementskit-testimonial-slider-block-style elementskit-testimonial-slider-block-style-two testimonial-active  elementor-repeater-item-36d186b\" >\n\t\t\t\t\t\t\t<div class=\"elementskit-commentor-header\">\n\t\t\t\t\t\t\t\t\t\t\t\t\t\t\t\t\t<ul class=\"elementskit-stars\">\n\t\t\t\t\t\t\t\t\t\t\t\t\t\t\t\t\t\t\t\t\t<li><a><svg xmlns=\"http:\/\/www.w3.org\/2000\/svg\" viewbox=\"0 0 576 512\"><path d=\"M316.9 18C311.6 7 300.4 0 288.1 0s-23.4 7-28.8 18L195 150.3 51.4 171.5c-12 1.8-22 10.2-25.7 21.7s-.7 24.2 7.9 32.7L137.8 329 113.2 474.7c-2 12 3 24.2 12.9 31.3s23 8 33.8 2.3l128.3-68.5 128.3 68.5c10.8 5.7 23.9 4.9 33.8-2.3s14.9-19.3 12.9-31.3L438.5 329 542.7 225.9c8.6-8.5 11.7-21.2 7.9-32.7s-13.7-19.9-25.7-21.7L381.2 150.3 316.9 18z\" \/><\/svg><\/a><\/li>\n\t\t\t\t\t\t\t\t\t\t\t\t\t\t\t\t\t\t\t\t\t<li><a><svg xmlns=\"http:\/\/www.w3.org\/2000\/svg\" viewbox=\"0 0 576 512\"><path d=\"M316.9 18C311.6 7 300.4 0 288.1 0s-23.4 7-28.8 18L195 150.3 51.4 171.5c-12 1.8-22 10.2-25.7 21.7s-.7 24.2 7.9 32.7L137.8 329 113.2 474.7c-2 12 3 24.2 12.9 31.3s23 8 33.8 2.3l128.3-68.5 128.3 68.5c10.8 5.7 23.9 4.9 33.8-2.3s14.9-19.3 12.9-31.3L438.5 329 542.7 225.9c8.6-8.5 11.7-21.2 7.9-32.7s-13.7-19.9-25.7-21.7L381.2 150.3 316.9 18z\" \/><\/svg><\/a><\/li>\n\t\t\t\t\t\t\t\t\t\t\t\t\t\t\t\t\t\t\t\t\t<li><a><svg xmlns=\"http:\/\/www.w3.org\/2000\/svg\" viewbox=\"0 0 576 512\"><path d=\"M316.9 18C311.6 7 300.4 0 288.1 0s-23.4 7-28.8 18L195 150.3 51.4 171.5c-12 1.8-22 10.2-25.7 21.7s-.7 24.2 7.9 32.7L137.8 329 113.2 474.7c-2 12 3 24.2 12.9 31.3s23 8 33.8 2.3l128.3-68.5 128.3 68.5c10.8 5.7 23.9 4.9 33.8-2.3s14.9-19.3 12.9-31.3L438.5 329 542.7 225.9c8.6-8.5 11.7-21.2 7.9-32.7s-13.7-19.9-25.7-21.7L381.2 150.3 316.9 18z\" \/><\/svg><\/a><\/li>\n\t\t\t\t\t\t\t\t\t\t\t\t\t\t\t\t\t\t\t\t\t<li><a><svg xmlns=\"http:\/\/www.w3.org\/2000\/svg\" viewbox=\"0 0 576 512\"><path d=\"M316.9 18C311.6 7 300.4 0 288.1 0s-23.4 7-28.8 18L195 150.3 51.4 171.5c-12 1.8-22 10.2-25.7 21.7s-.7 24.2 7.9 32.7L137.8 329 113.2 474.7c-2 12 3 24.2 12.9 31.3s23 8 33.8 2.3l128.3-68.5 128.3 68.5c10.8 5.7 23.9 4.9 33.8-2.3s14.9-19.3 12.9-31.3L438.5 329 542.7 225.9c8.6-8.5 11.7-21.2 7.9-32.7s-13.7-19.9-25.7-21.7L381.2 150.3 316.9 18z\" \/><\/svg><\/a><\/li>\n\t\t\t\t\t\t\t\t\t\t\t\t\t\t\t\t\t\t\t\t\t<li><a><svg xmlns=\"http:\/\/www.w3.org\/2000\/svg\" viewbox=\"0 0 576 512\"><path d=\"M316.9 18C311.6 7 300.4 0 288.1 0s-23.4 7-28.8 18L195 150.3 51.4 171.5c-12 1.8-22 10.2-25.7 21.7s-.7 24.2 7.9 32.7L137.8 329 113.2 474.7c-2 12 3 24.2 12.9 31.3s23 8 33.8 2.3l128.3-68.5 128.3 68.5c10.8 5.7 23.9 4.9 33.8-2.3s14.9-19.3 12.9-31.3L438.5 329 542.7 225.9c8.6-8.5 11.7-21.2 7.9-32.7s-13.7-19.9-25.7-21.7L381.2 150.3 316.9 18z\" \/><\/svg><\/a><\/li>\n\t\t\t\t\t\t\t\t\t\t\t\t\t\t\t\t\t\t\t<\/ul>\n\t\t\t\t\t\t\t\t\n\t\t\t\t\t\t\t\t\t\t\t\t\t\t\t\t<div class=\"elementskit-icon-content elementskit-watermark-icon\">\n\t\t\t\t\t\t\t\t\t<i aria-hidden=\"true\" class=\"icon icon-quote\"><\/i>\t\t\t\t\t\t\t\t<\/div>\n\t\t\t\t\t\t\t\t\t\t\t\t\t\t\t<\/div>\n\t\t\t\t\t\t\t\n\t\t\t\t\t\t\t\t\t\t\t\t\t\t\t<div class=\"elementskit-commentor-content\"><p>GTFL has been involved in warehousing, transport and international forwarding for over 15 years. Since 2018, we have been cooperating with Proste IT, which has always provided us with comprehensive IT services at the highest level. Thanks to their commitment, we are able to provide services to our clients without interruptions in the operation of systems. We recommend them as a reliable partner in the area of IT services.<\/p><\/div>\n\t\t\t\t\t\t\t\n\t\t\t\t\t\t\t<div class=\"elementskit-commentor-bio\">\n\t\t\t\t\t\t\t\t<div class=\"elementkit-commentor-details\">\n\t\t\t\t\t\t\t\t\t\t\t\t\t\t\t\t\t\t\t<div class=\"elementskit-commentor-image ekit-testimonial--avatar\">\n\t\t\t\t\t\t\t\t\t\t\t<img loading=\"lazy\" decoding=\"async\" width=\"328\" height=\"274\" src=\"https:\/\/prosteit.pl\/wp-content\/uploads\/2023\/12\/GTFL-logo.png\" class=\"attachment-full size-full\" alt=\"\" srcset=\"https:\/\/prosteit.pl\/wp-content\/uploads\/2023\/12\/GTFL-logo.png 328w, https:\/\/prosteit.pl\/wp-content\/uploads\/2023\/12\/GTFL-logo-300x251.png 300w\" sizes=\"(max-width: 328px) 100vw, 328px\" \/>\t\t\t\t\t\t\t\t\t\t<\/div>\n\t\t\t\t\t\t\t\t\t\t\t\t\t\t\t\t\t\t<div class=\"elementskit-profile-info\">\n\t\t\t\t\t\t\t\t\t\t<strong class=\"elementskit-author-name\">Piotr Godlewski<\/strong>\n\t\t\t\t\t\t\t\t\t\t<span class=\"elementskit-author-des\">GTFL | international transport and forwarding<\/span>\n\t\t\t\t\t\t\t\t\t<\/div>\n\t\t\t\t\t\t\t\t<\/div>\n\t\t\t\t\t\t\t<\/div>\n\t\t\t\t\t\t<\/div>\n\t\t\t\t\t<\/div>\n\t\t\t\t<\/div>\n\t\t\t\t\t\t\t<div class=\"swiper-slide\">\n\t\t\t\t\t<div class=\"swiper-slide-inner\">\n\t\t\t\t\t\t<div class=\"elementskit-single-testimonial-slider elementskit-testimonial-slider-block-style elementskit-testimonial-slider-block-style-two   elementor-repeater-item-f0a088f\" >\n\t\t\t\t\t\t\t<div class=\"elementskit-commentor-header\">\n\t\t\t\t\t\t\t\t\t\t\t\t\t\t\t\t\t<ul class=\"elementskit-stars\">\n\t\t\t\t\t\t\t\t\t\t\t\t\t\t\t\t\t\t\t\t\t<li><a><svg xmlns=\"http:\/\/www.w3.org\/2000\/svg\" viewbox=\"0 0 576 512\"><path d=\"M316.9 18C311.6 7 300.4 0 288.1 0s-23.4 7-28.8 18L195 150.3 51.4 171.5c-12 1.8-22 10.2-25.7 21.7s-.7 24.2 7.9 32.7L137.8 329 113.2 474.7c-2 12 3 24.2 12.9 31.3s23 8 33.8 2.3l128.3-68.5 128.3 68.5c10.8 5.7 23.9 4.9 33.8-2.3s14.9-19.3 12.9-31.3L438.5 329 542.7 225.9c8.6-8.5 11.7-21.2 7.9-32.7s-13.7-19.9-25.7-21.7L381.2 150.3 316.9 18z\" \/><\/svg><\/a><\/li>\n\t\t\t\t\t\t\t\t\t\t\t\t\t\t\t\t\t\t\t\t\t<li><a><svg xmlns=\"http:\/\/www.w3.org\/2000\/svg\" viewbox=\"0 0 576 512\"><path d=\"M316.9 18C311.6 7 300.4 0 288.1 0s-23.4 7-28.8 18L195 150.3 51.4 171.5c-12 1.8-22 10.2-25.7 21.7s-.7 24.2 7.9 32.7L137.8 329 113.2 474.7c-2 12 3 24.2 12.9 31.3s23 8 33.8 2.3l128.3-68.5 128.3 68.5c10.8 5.7 23.9 4.9 33.8-2.3s14.9-19.3 12.9-31.3L438.5 329 542.7 225.9c8.6-8.5 11.7-21.2 7.9-32.7s-13.7-19.9-25.7-21.7L381.2 150.3 316.9 18z\" \/><\/svg><\/a><\/li>\n\t\t\t\t\t\t\t\t\t\t\t\t\t\t\t\t\t\t\t\t\t<li><a><svg xmlns=\"http:\/\/www.w3.org\/2000\/svg\" viewbox=\"0 0 576 512\"><path d=\"M316.9 18C311.6 7 300.4 0 288.1 0s-23.4 7-28.8 18L195 150.3 51.4 171.5c-12 1.8-22 10.2-25.7 21.7s-.7 24.2 7.9 32.7L137.8 329 113.2 474.7c-2 12 3 24.2 12.9 31.3s23 8 33.8 2.3l128.3-68.5 128.3 68.5c10.8 5.7 23.9 4.9 33.8-2.3s14.9-19.3 12.9-31.3L438.5 329 542.7 225.9c8.6-8.5 11.7-21.2 7.9-32.7s-13.7-19.9-25.7-21.7L381.2 150.3 316.9 18z\" \/><\/svg><\/a><\/li>\n\t\t\t\t\t\t\t\t\t\t\t\t\t\t\t\t\t\t\t\t\t<li><a><svg xmlns=\"http:\/\/www.w3.org\/2000\/svg\" viewbox=\"0 0 576 512\"><path d=\"M316.9 18C311.6 7 300.4 0 288.1 0s-23.4 7-28.8 18L195 150.3 51.4 171.5c-12 1.8-22 10.2-25.7 21.7s-.7 24.2 7.9 32.7L137.8 329 113.2 474.7c-2 12 3 24.2 12.9 31.3s23 8 33.8 2.3l128.3-68.5 128.3 68.5c10.8 5.7 23.9 4.9 33.8-2.3s14.9-19.3 12.9-31.3L438.5 329 542.7 225.9c8.6-8.5 11.7-21.2 7.9-32.7s-13.7-19.9-25.7-21.7L381.2 150.3 316.9 18z\" \/><\/svg><\/a><\/li>\n\t\t\t\t\t\t\t\t\t\t\t\t\t\t\t\t\t\t\t\t\t<li><a><svg xmlns=\"http:\/\/www.w3.org\/2000\/svg\" viewbox=\"0 0 576 512\"><path d=\"M316.9 18C311.6 7 300.4 0 288.1 0s-23.4 7-28.8 18L195 150.3 51.4 171.5c-12 1.8-22 10.2-25.7 21.7s-.7 24.2 7.9 32.7L137.8 329 113.2 474.7c-2 12 3 24.2 12.9 31.3s23 8 33.8 2.3l128.3-68.5 128.3 68.5c10.8 5.7 23.9 4.9 33.8-2.3s14.9-19.3 12.9-31.3L438.5 329 542.7 225.9c8.6-8.5 11.7-21.2 7.9-32.7s-13.7-19.9-25.7-21.7L381.2 150.3 316.9 18z\" \/><\/svg><\/a><\/li>\n\t\t\t\t\t\t\t\t\t\t\t\t\t\t\t\t\t\t\t<\/ul>\n\t\t\t\t\t\t\t\t\n\t\t\t\t\t\t\t\t\t\t\t\t\t\t\t\t<div class=\"elementskit-icon-content elementskit-watermark-icon\">\n\t\t\t\t\t\t\t\t\t<i aria-hidden=\"true\" class=\"icon icon-quote\"><\/i>\t\t\t\t\t\t\t\t<\/div>\n\t\t\t\t\t\t\t\t\t\t\t\t\t\t\t<\/div>\n\t\t\t\t\t\t\t\n\t\t\t\t\t\t\t\t\t\t\t\t\t\t\t<div class=\"elementskit-commentor-content\"><p>Our accounting office has been working with Proste IT since 2019. From the beginning of our cooperation, we have appreciated their availability, as well as their speed and effectiveness in solving problems. Thanks to their professionalism and commitment, our work runs smoothly and without unnecessary downtime. We definitely recommend them as a reliable and trustworthy IT partner that you can always count on.<\/p><\/div>\n\t\t\t\t\t\t\t\n\t\t\t\t\t\t\t<div class=\"elementskit-commentor-bio\">\n\t\t\t\t\t\t\t\t<div class=\"elementkit-commentor-details\">\n\t\t\t\t\t\t\t\t\t\t\t\t\t\t\t\t\t\t\t<div class=\"elementskit-commentor-image ekit-testimonial--avatar\">\n\t\t\t\t\t\t\t\t\t\t\t<img loading=\"lazy\" decoding=\"async\" width=\"447\" height=\"447\" src=\"https:\/\/prosteit.pl\/wp-content\/uploads\/2024\/10\/annapietrak_v3.jpg\" class=\"attachment-full size-full\" alt=\"\" srcset=\"https:\/\/prosteit.pl\/wp-content\/uploads\/2024\/10\/annapietrak_v3.jpg 447w, https:\/\/prosteit.pl\/wp-content\/uploads\/2024\/10\/annapietrak_v3-300x300.jpg 300w, https:\/\/prosteit.pl\/wp-content\/uploads\/2024\/10\/annapietrak_v3-150x150.jpg 150w\" sizes=\"(max-width: 447px) 100vw, 447px\" \/>\t\t\t\t\t\t\t\t\t\t<\/div>\n\t\t\t\t\t\t\t\t\t\t\t\t\t\t\t\t\t\t<div class=\"elementskit-profile-info\">\n\t\t\t\t\t\t\t\t\t\t<strong class=\"elementskit-author-name\">Anna Pietrak<\/strong>\n\t\t\t\t\t\t\t\t\t\t<span class=\"elementskit-author-des\">Ann Mar Service Office Sp. z o. o.<\/span>\n\t\t\t\t\t\t\t\t\t<\/div>\n\t\t\t\t\t\t\t\t<\/div>\n\t\t\t\t\t\t\t<\/div>\n\t\t\t\t\t\t<\/div>\n\t\t\t\t\t<\/div>\n\t\t\t\t<\/div>\n\t\t\t\t\t\t\t<div class=\"swiper-slide\">\n\t\t\t\t\t<div class=\"swiper-slide-inner\">\n\t\t\t\t\t\t<div class=\"elementskit-single-testimonial-slider elementskit-testimonial-slider-block-style elementskit-testimonial-slider-block-style-two   elementor-repeater-item-4d807bc\" >\n\t\t\t\t\t\t\t<div class=\"elementskit-commentor-header\">\n\t\t\t\t\t\t\t\t\t\t\t\t\t\t\t\t\t<ul class=\"elementskit-stars\">\n\t\t\t\t\t\t\t\t\t\t\t\t\t\t\t\t\t\t\t\t\t<li><a><svg xmlns=\"http:\/\/www.w3.org\/2000\/svg\" viewbox=\"0 0 576 512\"><path d=\"M316.9 18C311.6 7 300.4 0 288.1 0s-23.4 7-28.8 18L195 150.3 51.4 171.5c-12 1.8-22 10.2-25.7 21.7s-.7 24.2 7.9 32.7L137.8 329 113.2 474.7c-2 12 3 24.2 12.9 31.3s23 8 33.8 2.3l128.3-68.5 128.3 68.5c10.8 5.7 23.9 4.9 33.8-2.3s14.9-19.3 12.9-31.3L438.5 329 542.7 225.9c8.6-8.5 11.7-21.2 7.9-32.7s-13.7-19.9-25.7-21.7L381.2 150.3 316.9 18z\" \/><\/svg><\/a><\/li>\n\t\t\t\t\t\t\t\t\t\t\t\t\t\t\t\t\t\t\t\t\t<li><a><svg xmlns=\"http:\/\/www.w3.org\/2000\/svg\" viewbox=\"0 0 576 512\"><path d=\"M316.9 18C311.6 7 300.4 0 288.1 0s-23.4 7-28.8 18L195 150.3 51.4 171.5c-12 1.8-22 10.2-25.7 21.7s-.7 24.2 7.9 32.7L137.8 329 113.2 474.7c-2 12 3 24.2 12.9 31.3s23 8 33.8 2.3l128.3-68.5 128.3 68.5c10.8 5.7 23.9 4.9 33.8-2.3s14.9-19.3 12.9-31.3L438.5 329 542.7 225.9c8.6-8.5 11.7-21.2 7.9-32.7s-13.7-19.9-25.7-21.7L381.2 150.3 316.9 18z\" \/><\/svg><\/a><\/li>\n\t\t\t\t\t\t\t\t\t\t\t\t\t\t\t\t\t\t\t\t\t<li><a><svg xmlns=\"http:\/\/www.w3.org\/2000\/svg\" viewbox=\"0 0 576 512\"><path d=\"M316.9 18C311.6 7 300.4 0 288.1 0s-23.4 7-28.8 18L195 150.3 51.4 171.5c-12 1.8-22 10.2-25.7 21.7s-.7 24.2 7.9 32.7L137.8 329 113.2 474.7c-2 12 3 24.2 12.9 31.3s23 8 33.8 2.3l128.3-68.5 128.3 68.5c10.8 5.7 23.9 4.9 33.8-2.3s14.9-19.3 12.9-31.3L438.5 329 542.7 225.9c8.6-8.5 11.7-21.2 7.9-32.7s-13.7-19.9-25.7-21.7L381.2 150.3 316.9 18z\" \/><\/svg><\/a><\/li>\n\t\t\t\t\t\t\t\t\t\t\t\t\t\t\t\t\t\t\t\t\t<li><a><svg xmlns=\"http:\/\/www.w3.org\/2000\/svg\" viewbox=\"0 0 576 512\"><path d=\"M316.9 18C311.6 7 300.4 0 288.1 0s-23.4 7-28.8 18L195 150.3 51.4 171.5c-12 1.8-22 10.2-25.7 21.7s-.7 24.2 7.9 32.7L137.8 329 113.2 474.7c-2 12 3 24.2 12.9 31.3s23 8 33.8 2.3l128.3-68.5 128.3 68.5c10.8 5.7 23.9 4.9 33.8-2.3s14.9-19.3 12.9-31.3L438.5 329 542.7 225.9c8.6-8.5 11.7-21.2 7.9-32.7s-13.7-19.9-25.7-21.7L381.2 150.3 316.9 18z\" \/><\/svg><\/a><\/li>\n\t\t\t\t\t\t\t\t\t\t\t\t\t\t\t\t\t\t\t\t\t<li><a><svg xmlns=\"http:\/\/www.w3.org\/2000\/svg\" viewbox=\"0 0 576 512\"><path d=\"M316.9 18C311.6 7 300.4 0 288.1 0s-23.4 7-28.8 18L195 150.3 51.4 171.5c-12 1.8-22 10.2-25.7 21.7s-.7 24.2 7.9 32.7L137.8 329 113.2 474.7c-2 12 3 24.2 12.9 31.3s23 8 33.8 2.3l128.3-68.5 128.3 68.5c10.8 5.7 23.9 4.9 33.8-2.3s14.9-19.3 12.9-31.3L438.5 329 542.7 225.9c8.6-8.5 11.7-21.2 7.9-32.7s-13.7-19.9-25.7-21.7L381.2 150.3 316.9 18z\" \/><\/svg><\/a><\/li>\n\t\t\t\t\t\t\t\t\t\t\t\t\t\t\t\t\t\t\t<\/ul>\n\t\t\t\t\t\t\t\t\n\t\t\t\t\t\t\t\t\t\t\t\t\t\t\t\t<div class=\"elementskit-icon-content elementskit-watermark-icon\">\n\t\t\t\t\t\t\t\t\t<i aria-hidden=\"true\" class=\"icon icon-quote\"><\/i>\t\t\t\t\t\t\t\t<\/div>\n\t\t\t\t\t\t\t\t\t\t\t\t\t\t\t<\/div>\n\t\t\t\t\t\t\t\n\t\t\t\t\t\t\t\t\t\t\t\t\t\t\t<div class=\"elementskit-commentor-content\"><p>Farmina is a leader in the production and distribution of the highest quality maintenance and therapeutic food for dogs and cats. Since 2020, we have been cooperating with Proste IT, to which we have entrusted the support and IT administration of our company. They always demonstrate high availability, punctuality and commitment. Always ready to help and always finding a solution to our burning problem. We are very pleased with the cooperation and we highly recommend their services.<\/p><\/div>\n\t\t\t\t\t\t\t\n\t\t\t\t\t\t\t<div class=\"elementskit-commentor-bio\">\n\t\t\t\t\t\t\t\t<div class=\"elementkit-commentor-details\">\n\t\t\t\t\t\t\t\t\t\t\t\t\t\t\t\t\t\t\t<div class=\"elementskit-commentor-image ekit-testimonial--avatar\">\n\t\t\t\t\t\t\t\t\t\t\t<img loading=\"lazy\" decoding=\"async\" width=\"138\" height=\"120\" src=\"https:\/\/prosteit.pl\/wp-content\/uploads\/2025\/05\/logo-Farmina.png\" class=\"attachment-full size-full\" alt=\"\" srcset=\"https:\/\/prosteit.pl\/wp-content\/uploads\/2025\/05\/logo-Farmina.png 138w, https:\/\/prosteit.pl\/wp-content\/uploads\/2025\/05\/logo-Farmina-14x12.png 14w\" sizes=\"(max-width: 138px) 100vw, 138px\" \/>\t\t\t\t\t\t\t\t\t\t<\/div>\n\t\t\t\t\t\t\t\t\t\t\t\t\t\t\t\t\t\t<div class=\"elementskit-profile-info\">\n\t\t\t\t\t\t\t\t\t\t<strong class=\"elementskit-author-name\">Ireneusz Smaga<\/strong>\n\t\t\t\t\t\t\t\t\t\t<span class=\"elementskit-author-des\">Farmina Pet Foods Poland<\/span>\n\t\t\t\t\t\t\t\t\t<\/div>\n\t\t\t\t\t\t\t\t<\/div>\n\t\t\t\t\t\t\t<\/div>\n\t\t\t\t\t\t<\/div>\n\t\t\t\t\t<\/div>\n\t\t\t\t<\/div>\n\t\t\t\t\t\t\t<div class=\"swiper-slide\">\n\t\t\t\t\t<div class=\"swiper-slide-inner\">\n\t\t\t\t\t\t<div class=\"elementskit-single-testimonial-slider elementskit-testimonial-slider-block-style elementskit-testimonial-slider-block-style-two   elementor-repeater-item-8e97637\" >\n\t\t\t\t\t\t\t<div class=\"elementskit-commentor-header\">\n\t\t\t\t\t\t\t\t\t\t\t\t\t\t\t\t\t<ul class=\"elementskit-stars\">\n\t\t\t\t\t\t\t\t\t\t\t\t\t\t\t\t\t\t\t\t\t<li><a><svg xmlns=\"http:\/\/www.w3.org\/2000\/svg\" viewbox=\"0 0 576 512\"><path d=\"M316.9 18C311.6 7 300.4 0 288.1 0s-23.4 7-28.8 18L195 150.3 51.4 171.5c-12 1.8-22 10.2-25.7 21.7s-.7 24.2 7.9 32.7L137.8 329 113.2 474.7c-2 12 3 24.2 12.9 31.3s23 8 33.8 2.3l128.3-68.5 128.3 68.5c10.8 5.7 23.9 4.9 33.8-2.3s14.9-19.3 12.9-31.3L438.5 329 542.7 225.9c8.6-8.5 11.7-21.2 7.9-32.7s-13.7-19.9-25.7-21.7L381.2 150.3 316.9 18z\" \/><\/svg><\/a><\/li>\n\t\t\t\t\t\t\t\t\t\t\t\t\t\t\t\t\t\t\t\t\t<li><a><svg xmlns=\"http:\/\/www.w3.org\/2000\/svg\" viewbox=\"0 0 576 512\"><path d=\"M316.9 18C311.6 7 300.4 0 288.1 0s-23.4 7-28.8 18L195 150.3 51.4 171.5c-12 1.8-22 10.2-25.7 21.7s-.7 24.2 7.9 32.7L137.8 329 113.2 474.7c-2 12 3 24.2 12.9 31.3s23 8 33.8 2.3l128.3-68.5 128.3 68.5c10.8 5.7 23.9 4.9 33.8-2.3s14.9-19.3 12.9-31.3L438.5 329 542.7 225.9c8.6-8.5 11.7-21.2 7.9-32.7s-13.7-19.9-25.7-21.7L381.2 150.3 316.9 18z\" \/><\/svg><\/a><\/li>\n\t\t\t\t\t\t\t\t\t\t\t\t\t\t\t\t\t\t\t\t\t<li><a><svg xmlns=\"http:\/\/www.w3.org\/2000\/svg\" viewbox=\"0 0 576 512\"><path d=\"M316.9 18C311.6 7 300.4 0 288.1 0s-23.4 7-28.8 18L195 150.3 51.4 171.5c-12 1.8-22 10.2-25.7 21.7s-.7 24.2 7.9 32.7L137.8 329 113.2 474.7c-2 12 3 24.2 12.9 31.3s23 8 33.8 2.3l128.3-68.5 128.3 68.5c10.8 5.7 23.9 4.9 33.8-2.3s14.9-19.3 12.9-31.3L438.5 329 542.7 225.9c8.6-8.5 11.7-21.2 7.9-32.7s-13.7-19.9-25.7-21.7L381.2 150.3 316.9 18z\" \/><\/svg><\/a><\/li>\n\t\t\t\t\t\t\t\t\t\t\t\t\t\t\t\t\t\t\t\t\t<li><a><svg xmlns=\"http:\/\/www.w3.org\/2000\/svg\" viewbox=\"0 0 576 512\"><path d=\"M316.9 18C311.6 7 300.4 0 288.1 0s-23.4 7-28.8 18L195 150.3 51.4 171.5c-12 1.8-22 10.2-25.7 21.7s-.7 24.2 7.9 32.7L137.8 329 113.2 474.7c-2 12 3 24.2 12.9 31.3s23 8 33.8 2.3l128.3-68.5 128.3 68.5c10.8 5.7 23.9 4.9 33.8-2.3s14.9-19.3 12.9-31.3L438.5 329 542.7 225.9c8.6-8.5 11.7-21.2 7.9-32.7s-13.7-19.9-25.7-21.7L381.2 150.3 316.9 18z\" \/><\/svg><\/a><\/li>\n\t\t\t\t\t\t\t\t\t\t\t\t\t\t\t\t\t\t\t\t\t<li><a><svg xmlns=\"http:\/\/www.w3.org\/2000\/svg\" viewbox=\"0 0 576 512\"><path d=\"M316.9 18C311.6 7 300.4 0 288.1 0s-23.4 7-28.8 18L195 150.3 51.4 171.5c-12 1.8-22 10.2-25.7 21.7s-.7 24.2 7.9 32.7L137.8 329 113.2 474.7c-2 12 3 24.2 12.9 31.3s23 8 33.8 2.3l128.3-68.5 128.3 68.5c10.8 5.7 23.9 4.9 33.8-2.3s14.9-19.3 12.9-31.3L438.5 329 542.7 225.9c8.6-8.5 11.7-21.2 7.9-32.7s-13.7-19.9-25.7-21.7L381.2 150.3 316.9 18z\" \/><\/svg><\/a><\/li>\n\t\t\t\t\t\t\t\t\t\t\t\t\t\t\t\t\t\t\t<\/ul>\n\t\t\t\t\t\t\t\t\n\t\t\t\t\t\t\t\t\t\t\t\t\t\t\t\t<div class=\"elementskit-icon-content elementskit-watermark-icon\">\n\t\t\t\t\t\t\t\t\t<i aria-hidden=\"true\" class=\"icon icon-quote\"><\/i>\t\t\t\t\t\t\t\t<\/div>\n\t\t\t\t\t\t\t\t\t\t\t\t\t\t\t<\/div>\n\t\t\t\t\t\t\t\n\t\t\t\t\t\t\t\t\t\t\t\t\t\t\t<div class=\"elementskit-commentor-content\"><p>I&#039;ve been working with Marcin for over six years, and he&#039;s never let me down. He always finds a solution to any problem\u2014not just the typical &quot;turn your computer on and off&quot; kind of thing. He always responds quickly and reliably to requests, which is crucial in everyday work and in emergencies. He&#039;s also able to select and advise on the right equipment for the job and propose customized solutions for the company. I wholeheartedly recommend him \ud83d\ude0a<\/p><\/div>\n\t\t\t\t\t\t\t\n\t\t\t\t\t\t\t<div class=\"elementskit-commentor-bio\">\n\t\t\t\t\t\t\t\t<div class=\"elementkit-commentor-details\">\n\t\t\t\t\t\t\t\t\t\t\t\t\t\t\t\t\t\t\t<div class=\"elementskit-commentor-image ekit-testimonial--avatar\">\n\t\t\t\t\t\t\t\t\t\t\t<img loading=\"lazy\" decoding=\"async\" width=\"896\" height=\"896\" src=\"https:\/\/prosteit.pl\/wp-content\/uploads\/2024\/10\/logo-tiktax-biuro-rachunkowe.jpg\" class=\"attachment-full size-full\" alt=\"\" srcset=\"https:\/\/prosteit.pl\/wp-content\/uploads\/2024\/10\/logo-tiktax-biuro-rachunkowe.jpg 896w, https:\/\/prosteit.pl\/wp-content\/uploads\/2024\/10\/logo-tiktax-biuro-rachunkowe-300x300.jpg 300w, https:\/\/prosteit.pl\/wp-content\/uploads\/2024\/10\/logo-tiktax-biuro-rachunkowe-150x150.jpg 150w, https:\/\/prosteit.pl\/wp-content\/uploads\/2024\/10\/logo-tiktax-biuro-rachunkowe-768x768.jpg 768w, https:\/\/prosteit.pl\/wp-content\/uploads\/2024\/10\/logo-tiktax-biuro-rachunkowe-12x12.jpg 12w, https:\/\/prosteit.pl\/wp-content\/uploads\/2024\/10\/logo-tiktax-biuro-rachunkowe-700x700.jpg 700w\" sizes=\"(max-width: 896px) 100vw, 896px\" \/>\t\t\t\t\t\t\t\t\t\t<\/div>\n\t\t\t\t\t\t\t\t\t\t\t\t\t\t\t\t\t\t<div class=\"elementskit-profile-info\">\n\t\t\t\t\t\t\t\t\t\t<strong class=\"elementskit-author-name\">Paulina Kucharska<\/strong>\n\t\t\t\t\t\t\t\t\t\t<span class=\"elementskit-author-des\">TIK-TAX Accounting Office<\/span>\n\t\t\t\t\t\t\t\t\t<\/div>\n\t\t\t\t\t\t\t\t<\/div>\n\t\t\t\t\t\t\t<\/div>\n\t\t\t\t\t\t<\/div>\n\t\t\t\t\t<\/div>\n\t\t\t\t<\/div>\n\t\t\t\t\t<\/div>\n\n\t\t\t\t\t<div class=\"swiper-pagination\"><\/div>\n\t\t\n\t\t\t<\/div>\n<\/div><\/div>\t\t\t\t<\/div>\n\t\t\t\t<\/div>\n\t\t\t\t\t<\/div>\n\t\t\t\t<\/div>\n\t\t\t\t<\/div>\n\t\t<div data-particle_enable=\"false\" data-particle-mobile-disabled=\"false\" class=\"elementor-element elementor-element-a32281b e-flex e-con-boxed e-con e-parent\" data-id=\"a32281b\" data-element_type=\"container\" data-e-type=\"container\" data-settings=\"{&quot;ekit_has_onepagescroll_dot&quot;:&quot;yes&quot;}\">\n\t\t\t\t\t<div class=\"e-con-inner\">\n\t\t\t\t<div class=\"elementor-element elementor-element-fea2e85 elementor-widget elementor-widget-calfin_latest_news\" data-id=\"fea2e85\" data-element_type=\"widget\" data-e-type=\"widget\" data-settings=\"{&quot;ekit_we_effect_on&quot;:&quot;none&quot;}\" data-widget_type=\"calfin_latest_news.default\">\n\t\t\t\t<div class=\"elementor-widget-container\">\n\t\t\t\t\t         <script>\n                jQuery(document).ready(function($) {\n                    \"use strict\";\n                    $('#blog-slider-6572').slick({\n                        infinite: true,\n                        speed:800,\n                        autoplay:false,\n                        dots: false,\n                        slidesToShow: 3,\n                        slidesToScroll: 1,\n                        prevArrow: $(\".blog-prev\"),\n                        nextArrow: $(\".blog-next\"),\n\t\t\t\t\t\t responsive: [\n                        {\n\t\t\t\t\t\t\tbreakpoint: 1023,\n\t\t\t\t\t\t\tsettings: {\n\t\t\t\t\t\t\t\tslidesToShow: 2,\n\t\t\t\t\t\t\t}\n\t\t\t\t\t\t\t},\n\t\t\t\t\t\t\t{\n\t\t\t\t\t\t\tbreakpoint: 768,\n\t\t\t\t\t\t\tsettings: {\n\t\t\t\t\t\t\t\tslidesToShow: 2,\n\t\t\t\t\t\t\t}\n\t\t\t\t\t\t\t},\n\t\t\t\t\t\t\t{\n\t\t\t\t\t\t\tbreakpoint: 481,\n\t\t\t\t\t\t\tsettings: {\n\t\t\t\t\t\t\t\tslidesToShow: 1,\n\t\t\t\t\t\t\t}\n\t\t\t\t\t\t\t}\n\t\t\t\t\t\t]\n                    });\n                });\n            <\/script>\n    <div class=\"latest-news-wrapper\">\n        <div class=\"container\">\n            <div class=\"row clearfix\">\n                <div class=\"col-lg-4 col-md-12 col-sm-12\">\n                    <div class=\"title-box\">\n                        <div class=\"calfin-section-title\">\n                            <h2 class=\"calfin-section-stitle\">\n                                <span>NEWS<\/span><\/h2>                                <h2 class=\"calfin-t-title\">\n                                    Check what&#039;s up                                    <span class=\"highlight-heading\">in the world of IT<\/span>\n                                <\/h2>\n                        <\/div>\n                        <div class=\"calfin-section-description\">\n                            <p class=\"title-des\"> Check out our IT news section and learn about the most interesting solutions, technologies, and news from this industry. Read news articles and expert opinions about what&#039;s happening in the IT world and what the latest trends and innovations are. Don&#039;t fall behind and stay up to date with the most important news from the IT world. <\/p>\n                        <\/div>\n                        <div class=\"blog-arrow\">\n                            <div class=\"blog-arrow-wrapper\">\n                                <button class=\"blog-prev\"><i class=\"bi bi-arrow-left\"><\/i><\/button>\n                                <button class=\"blog-next\"><i class=\"bi bi-arrow-right\"><\/i><\/button>\n                            <\/div>\n                        <\/div>\n                    <\/div>\n                <\/div>\n                <div class=\"col-12 col-md-12 col-lg-8\">\n                    <div class=\"blog-section-items\">\n                        <div class=\"\" id=\"blog-slider-6572\">\n                                                            <div class=\"item col-lg-4\">\n                                    <div class=\"blog-items\">\n                                                                                    <div class=\"blog-image\">\n                                                <img loading=\"lazy\" decoding=\"async\" width=\"276\" height=\"183\" src=\"https:\/\/prosteit.pl\/wp-content\/uploads\/2026\/03\/synology-dla-firm.jpg\" class=\"img-responsive wp-post-image\" alt=\"Synology for Business logo\" srcset=\"https:\/\/prosteit.pl\/wp-content\/uploads\/2026\/03\/synology-dla-firm.jpg 276w, https:\/\/prosteit.pl\/wp-content\/uploads\/2026\/03\/synology-dla-firm-18x12.jpg 18w\" sizes=\"(max-width: 276px) 100vw, 276px\" \/>                                            <\/div>\n                                                                                <div class=\"blog-content-wrapper\">\n                                            <div class=\"blog-content\">\n                                                <div class=\"blog-date\"><span class=\"posted-on\"><a href=\"https:\/\/prosteit.pl\/en\/synology-solutions-for-businesses\/\" rel=\"bookmark\"><time class=\"entry-date published updated\" datetime=\"2026-04-14T12:00:00+02:00\">2026-04-14<\/time><\/a><\/span><\/div>\n                                                <div class=\"blog-item\">\n                                                    <ul class=\"post-grid-meta\">\n                                                        <li class=\"blog-author\"><i class=\"icon far fa-user\"><\/i> Kamil Wozniak<\/li>\t\n                                                        <li class=\"item-comment\"><i class=\"far fa-comment\"><\/i><span class=\"comment-number\">Comments<\/span> 0<\/li>\n                                                    <\/ul>\n                                                    <h5 class=\"blog-title\">\n                                                    <a href=\"https:\/\/prosteit.pl\/en\/synology-solutions-for-businesses\/\">Synology solutions for businesses \u2013 backup, cloud, files, monitoring and email in\u2026<\/a>\n                                                    <\/h5>\n                                                    <p class=\"blog-des\">  Does your company truly have control over its data\u2026 or does it just seem that way? Most businesses today operate on a\u2026<\/p>\n                                                    <a class=\"blog-btn\" href=\"https:\/\/prosteit.pl\/en\/synology-solutions-for-businesses\/\"> Read more!<\/a>\n                                                <\/div>\n                                            <\/div>\n                                        <\/div>\n                                    <\/div>\n                                <\/div>\n                                                            <div class=\"item col-lg-4\">\n                                    <div class=\"blog-items\">\n                                                                                    <div class=\"blog-image\">\n                                                <img loading=\"lazy\" decoding=\"async\" width=\"1536\" height=\"1024\" src=\"https:\/\/prosteit.pl\/wp-content\/uploads\/2026\/03\/sklepy-internetowe-dla-firm-od-zera.webp\" class=\"img-responsive wp-post-image\" alt=\"Online stores for companies from scratch\" srcset=\"https:\/\/prosteit.pl\/wp-content\/uploads\/2026\/03\/sklepy-internetowe-dla-firm-od-zera.webp 1536w, https:\/\/prosteit.pl\/wp-content\/uploads\/2026\/03\/sklepy-internetowe-dla-firm-od-zera-300x200.webp 300w, https:\/\/prosteit.pl\/wp-content\/uploads\/2026\/03\/sklepy-internetowe-dla-firm-od-zera-1024x683.webp 1024w, https:\/\/prosteit.pl\/wp-content\/uploads\/2026\/03\/sklepy-internetowe-dla-firm-od-zera-768x512.webp 768w, https:\/\/prosteit.pl\/wp-content\/uploads\/2026\/03\/sklepy-internetowe-dla-firm-od-zera-18x12.webp 18w\" sizes=\"(max-width: 1536px) 100vw, 1536px\" \/>                                            <\/div>\n                                                                                <div class=\"blog-content-wrapper\">\n                                            <div class=\"blog-content\">\n                                                <div class=\"blog-date\"><span class=\"posted-on\"><a href=\"https:\/\/prosteit.pl\/en\/woocommerce-prestashop-shopify-comparison\/\" rel=\"bookmark\"><time class=\"entry-date published updated\" datetime=\"2026-04-09T09:00:00+02:00\">2026-04-09<\/time><\/a><\/span><\/div>\n                                                <div class=\"blog-item\">\n                                                    <ul class=\"post-grid-meta\">\n                                                        <li class=\"blog-author\"><i class=\"icon far fa-user\"><\/i> Kamil Wozniak<\/li>\t\n                                                        <li class=\"item-comment\"><i class=\"far fa-comment\"><\/i><span class=\"comment-number\">Comments<\/span> 0<\/li>\n                                                    <\/ul>\n                                                    <h5 class=\"blog-title\">\n                                                    <a href=\"https:\/\/prosteit.pl\/en\/woocommerce-prestashop-shopify-comparison\/\">Which platform for an online store? WooCommerce, PrestaShop, or Shopify<\/a>\n                                                    <\/h5>\n                                                    <p class=\"blog-des\">  Choosing a platform for an online store is the moment when many companies \u2013 often unconsciously \u2013 decide how\u2026<\/p>\n                                                    <a class=\"blog-btn\" href=\"https:\/\/prosteit.pl\/en\/woocommerce-prestashop-shopify-comparison\/\"> Read more!<\/a>\n                                                <\/div>\n                                            <\/div>\n                                        <\/div>\n                                    <\/div>\n                                <\/div>\n                                                            <div class=\"item col-lg-4\">\n                                    <div class=\"blog-items\">\n                                                                                    <div class=\"blog-image\">\n                                                <img loading=\"lazy\" decoding=\"async\" width=\"1536\" height=\"1024\" src=\"https:\/\/prosteit.pl\/wp-content\/uploads\/2026\/03\/obsluga-informatyczna-dla-firm-prosteit.webp\" class=\"img-responsive wp-post-image\" alt=\"How to choose an IT company for IT services? 12 questions before making a decision. IT services for companies in Warsaw and the surrounding area.\" srcset=\"https:\/\/prosteit.pl\/wp-content\/uploads\/2026\/03\/obsluga-informatyczna-dla-firm-prosteit.webp 1536w, https:\/\/prosteit.pl\/wp-content\/uploads\/2026\/03\/obsluga-informatyczna-dla-firm-prosteit-300x200.webp 300w, https:\/\/prosteit.pl\/wp-content\/uploads\/2026\/03\/obsluga-informatyczna-dla-firm-prosteit-1024x683.webp 1024w, https:\/\/prosteit.pl\/wp-content\/uploads\/2026\/03\/obsluga-informatyczna-dla-firm-prosteit-768x512.webp 768w, https:\/\/prosteit.pl\/wp-content\/uploads\/2026\/03\/obsluga-informatyczna-dla-firm-prosteit-18x12.webp 18w\" sizes=\"(max-width: 1536px) 100vw, 1536px\" \/>                                            <\/div>\n                                                                                <div class=\"blog-content-wrapper\">\n                                            <div class=\"blog-content\">\n                                                <div class=\"blog-date\"><span class=\"posted-on\"><a href=\"https:\/\/prosteit.pl\/en\/how-to-choose-an-it-company-for-it-services\/\" rel=\"bookmark\"><time class=\"entry-date published updated\" datetime=\"2026-04-02T09:00:00+02:00\">2026-04-02<\/time><\/a><\/span><\/div>\n                                                <div class=\"blog-item\">\n                                                    <ul class=\"post-grid-meta\">\n                                                        <li class=\"blog-author\"><i class=\"icon far fa-user\"><\/i> Marcin Molenda<\/li>\t\n                                                        <li class=\"item-comment\"><i class=\"far fa-comment\"><\/i><span class=\"comment-number\">Comments<\/span> 0<\/li>\n                                                    <\/ul>\n                                                    <h5 class=\"blog-title\">\n                                                    <a href=\"https:\/\/prosteit.pl\/en\/how-to-choose-an-it-company-for-it-services\/\">How to Choose an IT Service Provider? 12 Questions Before Making a Decision<\/a>\n                                                    <\/h5>\n                                                    <p class=\"blog-des\">  In many companies, the need to organize IT doesn&#039;t arise immediately. For a long time, everything &quot;just works.&quot; Computers work, the internet...<\/p>\n                                                    <a class=\"blog-btn\" href=\"https:\/\/prosteit.pl\/en\/how-to-choose-an-it-company-for-it-services\/\"> Read more!<\/a>\n                                                <\/div>\n                                            <\/div>\n                                        <\/div>\n                                    <\/div>\n                                <\/div>\n                                                            <div class=\"item col-lg-4\">\n                                    <div class=\"blog-items\">\n                                                                                    <div class=\"blog-image\">\n                                                <img loading=\"lazy\" decoding=\"async\" width=\"1536\" height=\"1024\" src=\"https:\/\/prosteit.pl\/wp-content\/uploads\/2026\/02\/site-to-site-a-remote-access-prosteit.webp\" class=\"img-responsive wp-post-image\" alt=\"Site-to-site VPN, IT guide for companies, what is VPN in the company\" srcset=\"https:\/\/prosteit.pl\/wp-content\/uploads\/2026\/02\/site-to-site-a-remote-access-prosteit.webp 1536w, https:\/\/prosteit.pl\/wp-content\/uploads\/2026\/02\/site-to-site-a-remote-access-prosteit-300x200.webp 300w, https:\/\/prosteit.pl\/wp-content\/uploads\/2026\/02\/site-to-site-a-remote-access-prosteit-1024x683.webp 1024w, https:\/\/prosteit.pl\/wp-content\/uploads\/2026\/02\/site-to-site-a-remote-access-prosteit-768x512.webp 768w, https:\/\/prosteit.pl\/wp-content\/uploads\/2026\/02\/site-to-site-a-remote-access-prosteit-18x12.webp 18w\" sizes=\"(max-width: 1536px) 100vw, 1536px\" \/>                                            <\/div>\n                                                                                <div class=\"blog-content-wrapper\">\n                                            <div class=\"blog-content\">\n                                                <div class=\"blog-date\"><span class=\"posted-on\"><a href=\"https:\/\/prosteit.pl\/en\/site-to-site-vpn-vs-remote-access-vpn\/\" rel=\"bookmark\"><time class=\"entry-date published updated\" datetime=\"2026-03-31T09:00:00+02:00\">2026-03-31<\/time><\/a><\/span><\/div>\n                                                <div class=\"blog-item\">\n                                                    <ul class=\"post-grid-meta\">\n                                                        <li class=\"blog-author\"><i class=\"icon far fa-user\"><\/i> Kamil Wozniak<\/li>\t\n                                                        <li class=\"item-comment\"><i class=\"far fa-comment\"><\/i><span class=\"comment-number\">Comments<\/span> 0<\/li>\n                                                    <\/ul>\n                                                    <h5 class=\"blog-title\">\n                                                    <a href=\"https:\/\/prosteit.pl\/en\/site-to-site-vpn-vs-remote-access-vpn\/\">Site-to-site VPN vs. remote access VPN \u2013 what are the differences and how\u2026<\/a>\n                                                    <\/h5>\n                                                    <p class=\"blog-des\">  VPN is one of those terms that comes up a lot in business\u2014but it rarely means exactly the same thing. Some\u2026<\/p>\n                                                    <a class=\"blog-btn\" href=\"https:\/\/prosteit.pl\/en\/site-to-site-vpn-vs-remote-access-vpn\/\"> Read more!<\/a>\n                                                <\/div>\n                                            <\/div>\n                                        <\/div>\n                                    <\/div>\n                                <\/div>\n                                                            <div class=\"item col-lg-4\">\n                                    <div class=\"blog-items\">\n                                                                                    <div class=\"blog-image\">\n                                                <img loading=\"lazy\" decoding=\"async\" width=\"1536\" height=\"1024\" src=\"https:\/\/prosteit.pl\/wp-content\/uploads\/2026\/02\/certyfikat-ssl-co-to-marketing-dla-firm-prosteit.webp\" class=\"img-responsive wp-post-image\" alt=\"SSL Certificate What is it? Marketing for companies simple IT O\u017car\u00f3w Mazowiecki\" srcset=\"https:\/\/prosteit.pl\/wp-content\/uploads\/2026\/02\/certyfikat-ssl-co-to-marketing-dla-firm-prosteit.webp 1536w, https:\/\/prosteit.pl\/wp-content\/uploads\/2026\/02\/certyfikat-ssl-co-to-marketing-dla-firm-prosteit-300x200.webp 300w, https:\/\/prosteit.pl\/wp-content\/uploads\/2026\/02\/certyfikat-ssl-co-to-marketing-dla-firm-prosteit-1024x683.webp 1024w, https:\/\/prosteit.pl\/wp-content\/uploads\/2026\/02\/certyfikat-ssl-co-to-marketing-dla-firm-prosteit-768x512.webp 768w, https:\/\/prosteit.pl\/wp-content\/uploads\/2026\/02\/certyfikat-ssl-co-to-marketing-dla-firm-prosteit-18x12.webp 18w\" sizes=\"(max-width: 1536px) 100vw, 1536px\" \/>                                            <\/div>\n                                                                                <div class=\"blog-content-wrapper\">\n                                            <div class=\"blog-content\">\n                                                <div class=\"blog-date\"><span class=\"posted-on\"><a href=\"https:\/\/prosteit.pl\/en\/ssl-certificate-what-is-it-and-is-it-worth-it\/\" rel=\"bookmark\"><time class=\"entry-date published updated\" datetime=\"2026-03-26T09:00:00+01:00\">2026-03-26<\/time><\/a><\/span><\/div>\n                                                <div class=\"blog-item\">\n                                                    <ul class=\"post-grid-meta\">\n                                                        <li class=\"blog-author\"><i class=\"icon far fa-user\"><\/i> Kamil Wozniak<\/li>\t\n                                                        <li class=\"item-comment\"><i class=\"far fa-comment\"><\/i><span class=\"comment-number\">Comments<\/span> 0<\/li>\n                                                    <\/ul>\n                                                    <h5 class=\"blog-title\">\n                                                    <a href=\"https:\/\/prosteit.pl\/en\/ssl-certificate-what-is-it-and-is-it-worth-it\/\">SSL Certificate \u2013 What is it, how does it work, and is your website really\u2026<\/a>\n                                                    <\/h5>\n                                                    <p class=\"blog-des\">  Imagine a potential customer visits your company website, tries to submit an inquiry via a form... and sees the message &quot;Not Secure.&quot; All you have to do is...<\/p>\n                                                    <a class=\"blog-btn\" href=\"https:\/\/prosteit.pl\/en\/ssl-certificate-what-is-it-and-is-it-worth-it\/\"> Read more!<\/a>\n                                                <\/div>\n                                            <\/div>\n                                        <\/div>\n                                    <\/div>\n                                <\/div>\n                                                            <div class=\"item col-lg-4\">\n                                    <div class=\"blog-items\">\n                                                                                    <div class=\"blog-image\">\n                                                <img loading=\"lazy\" decoding=\"async\" width=\"1536\" height=\"1024\" src=\"https:\/\/prosteit.pl\/wp-content\/uploads\/2026\/02\/access-point-w-firmie-co-to-jest.webp\" class=\"img-responsive wp-post-image\" alt=\"Access Point in the company, implementation assistance for companies, Wi-Fi installation O\u017car\u00f3w Mazowiecki\" srcset=\"https:\/\/prosteit.pl\/wp-content\/uploads\/2026\/02\/access-point-w-firmie-co-to-jest.webp 1536w, https:\/\/prosteit.pl\/wp-content\/uploads\/2026\/02\/access-point-w-firmie-co-to-jest-300x200.webp 300w, https:\/\/prosteit.pl\/wp-content\/uploads\/2026\/02\/access-point-w-firmie-co-to-jest-1024x683.webp 1024w, https:\/\/prosteit.pl\/wp-content\/uploads\/2026\/02\/access-point-w-firmie-co-to-jest-768x512.webp 768w, https:\/\/prosteit.pl\/wp-content\/uploads\/2026\/02\/access-point-w-firmie-co-to-jest-18x12.webp 18w\" sizes=\"(max-width: 1536px) 100vw, 1536px\" \/>                                            <\/div>\n                                                                                <div class=\"blog-content-wrapper\">\n                                            <div class=\"blog-content\">\n                                                <div class=\"blog-date\"><span class=\"posted-on\"><a href=\"https:\/\/prosteit.pl\/en\/access-point-in-the-company-ap-vs-router\/\" rel=\"bookmark\"><time class=\"entry-date published updated\" datetime=\"2026-03-24T09:00:00+01:00\">2026-03-24<\/time><\/a><\/span><\/div>\n                                                <div class=\"blog-item\">\n                                                    <ul class=\"post-grid-meta\">\n                                                        <li class=\"blog-author\"><i class=\"icon far fa-user\"><\/i> Kamil Wozniak<\/li>\t\n                                                        <li class=\"item-comment\"><i class=\"far fa-comment\"><\/i><span class=\"comment-number\">Comments<\/span> 0<\/li>\n                                                    <\/ul>\n                                                    <h5 class=\"blog-title\">\n                                                    <a href=\"https:\/\/prosteit.pl\/en\/access-point-in-the-company-ap-vs-router\/\">Access Point in the company \u2013 what is it, how does it differ from\u2026<\/a>\n                                                    <\/h5>\n                                                    <p class=\"blog-des\">  The internet in the office is fast, but video conferences freeze, files take forever to send, and the printer &quot;disappears&quot; from...<\/p>\n                                                    <a class=\"blog-btn\" href=\"https:\/\/prosteit.pl\/en\/access-point-in-the-company-ap-vs-router\/\"> Read more!<\/a>\n                                                <\/div>\n                                            <\/div>\n                                        <\/div>\n                                    <\/div>\n                                <\/div>\n                                                            <div class=\"item col-lg-4\">\n                                    <div class=\"blog-items\">\n                                                                                    <div class=\"blog-image\">\n                                                <img loading=\"lazy\" decoding=\"async\" width=\"1536\" height=\"1024\" src=\"https:\/\/prosteit.pl\/wp-content\/uploads\/2026\/02\/intranet-wdrozenie-dla-firm-warszawa-prosteit.webp\" class=\"img-responsive wp-post-image\" alt=\"A company intranet - a strategic tool for organizing knowledge or an unnecessary portal? IT Helpdesk Warsaw Bemowo, Wola, Ursus\" srcset=\"https:\/\/prosteit.pl\/wp-content\/uploads\/2026\/02\/intranet-wdrozenie-dla-firm-warszawa-prosteit.webp 1536w, https:\/\/prosteit.pl\/wp-content\/uploads\/2026\/02\/intranet-wdrozenie-dla-firm-warszawa-prosteit-300x200.webp 300w, https:\/\/prosteit.pl\/wp-content\/uploads\/2026\/02\/intranet-wdrozenie-dla-firm-warszawa-prosteit-1024x683.webp 1024w, https:\/\/prosteit.pl\/wp-content\/uploads\/2026\/02\/intranet-wdrozenie-dla-firm-warszawa-prosteit-768x512.webp 768w, https:\/\/prosteit.pl\/wp-content\/uploads\/2026\/02\/intranet-wdrozenie-dla-firm-warszawa-prosteit-18x12.webp 18w\" sizes=\"(max-width: 1536px) 100vw, 1536px\" \/>                                            <\/div>\n                                                                                <div class=\"blog-content-wrapper\">\n                                            <div class=\"blog-content\">\n                                                <div class=\"blog-date\"><span class=\"posted-on\"><a href=\"https:\/\/prosteit.pl\/en\/company-intranet\/\" rel=\"bookmark\"><time class=\"entry-date published updated\" datetime=\"2026-03-19T09:00:00+01:00\">2026-03-19<\/time><\/a><\/span><\/div>\n                                                <div class=\"blog-item\">\n                                                    <ul class=\"post-grid-meta\">\n                                                        <li class=\"blog-author\"><i class=\"icon far fa-user\"><\/i> Kamil Wozniak<\/li>\t\n                                                        <li class=\"item-comment\"><i class=\"far fa-comment\"><\/i><span class=\"comment-number\">Comments<\/span> 0<\/li>\n                                                    <\/ul>\n                                                    <h5 class=\"blog-title\">\n                                                    <a href=\"https:\/\/prosteit.pl\/en\/company-intranet\/\">Intranet in the company \u2013 a strategic tool for organizing knowledge or an unnecessary portal?<\/a>\n                                                    <\/h5>\n                                                    <p class=\"blog-des\">  Information in your company is everywhere\u2014in emails, in Teams, on hard drives, in the heads of employees. When you need to quickly find\u2026<\/p>\n                                                    <a class=\"blog-btn\" href=\"https:\/\/prosteit.pl\/en\/company-intranet\/\"> Read more!<\/a>\n                                                <\/div>\n                                            <\/div>\n                                        <\/div>\n                                    <\/div>\n                                <\/div>\n                                                            <div class=\"item col-lg-4\">\n                                    <div class=\"blog-items\">\n                                                                                    <div class=\"blog-image\">\n                                                <img loading=\"lazy\" decoding=\"async\" width=\"1536\" height=\"1024\" src=\"https:\/\/prosteit.pl\/wp-content\/uploads\/2026\/02\/automatyzacja-procesow-w-firmie-ozarow-mazowiecki.webp\" class=\"img-responsive wp-post-image\" alt=\"Automating company processes, a guide from O\u017car\u00f3w Maoowiecki. IT support prosteit\" srcset=\"https:\/\/prosteit.pl\/wp-content\/uploads\/2026\/02\/automatyzacja-procesow-w-firmie-ozarow-mazowiecki.webp 1536w, https:\/\/prosteit.pl\/wp-content\/uploads\/2026\/02\/automatyzacja-procesow-w-firmie-ozarow-mazowiecki-300x200.webp 300w, https:\/\/prosteit.pl\/wp-content\/uploads\/2026\/02\/automatyzacja-procesow-w-firmie-ozarow-mazowiecki-1024x683.webp 1024w, https:\/\/prosteit.pl\/wp-content\/uploads\/2026\/02\/automatyzacja-procesow-w-firmie-ozarow-mazowiecki-768x512.webp 768w, https:\/\/prosteit.pl\/wp-content\/uploads\/2026\/02\/automatyzacja-procesow-w-firmie-ozarow-mazowiecki-18x12.webp 18w\" sizes=\"(max-width: 1536px) 100vw, 1536px\" \/>                                            <\/div>\n                                                                                <div class=\"blog-content-wrapper\">\n                                            <div class=\"blog-content\">\n                                                <div class=\"blog-date\"><span class=\"posted-on\"><a href=\"https:\/\/prosteit.pl\/en\/company-process-automation-comparison\/\" rel=\"bookmark\"><time class=\"entry-date published updated\" datetime=\"2026-03-12T09:00:00+01:00\">2026-03-12<\/time><\/a><\/span><\/div>\n                                                <div class=\"blog-item\">\n                                                    <ul class=\"post-grid-meta\">\n                                                        <li class=\"blog-author\"><i class=\"icon far fa-user\"><\/i> Kamil Wozniak<\/li>\t\n                                                        <li class=\"item-comment\"><i class=\"far fa-comment\"><\/i><span class=\"comment-number\">Comments<\/span> 0<\/li>\n                                                    <\/ul>\n                                                    <h5 class=\"blog-title\">\n                                                    <a href=\"https:\/\/prosteit.pl\/en\/company-process-automation-comparison\/\">Process automation in the company \u2013 how to choose the right tool? (comparison of n8n, make,\u2026)<\/a>\n                                                    <\/h5>\n                                                    <p class=\"blog-des\">  Is your company still &quot;managing processes&quot; through email, Excel, and manually copying data between systems? It works\u2014until\u2026<\/p>\n                                                    <a class=\"blog-btn\" href=\"https:\/\/prosteit.pl\/en\/company-process-automation-comparison\/\"> Read more!<\/a>\n                                                <\/div>\n                                            <\/div>\n                                        <\/div>\n                                    <\/div>\n                                <\/div>\n                                                            <div class=\"item col-lg-4\">\n                                    <div class=\"blog-items\">\n                                                                                    <div class=\"blog-image\">\n                                                <img loading=\"lazy\" decoding=\"async\" width=\"1920\" height=\"1280\" src=\"https:\/\/prosteit.pl\/wp-content\/uploads\/2026\/02\/bezpieczenstwo-w-chmurze-it-prosteit.webp\" class=\"img-responsive wp-post-image\" alt=\"Is the cloud safe for your business? Risks, facts, and practical security principles.\" srcset=\"https:\/\/prosteit.pl\/wp-content\/uploads\/2026\/02\/bezpieczenstwo-w-chmurze-it-prosteit.webp 1920w, https:\/\/prosteit.pl\/wp-content\/uploads\/2026\/02\/bezpieczenstwo-w-chmurze-it-prosteit-300x200.webp 300w, https:\/\/prosteit.pl\/wp-content\/uploads\/2026\/02\/bezpieczenstwo-w-chmurze-it-prosteit-1024x683.webp 1024w, https:\/\/prosteit.pl\/wp-content\/uploads\/2026\/02\/bezpieczenstwo-w-chmurze-it-prosteit-768x512.webp 768w, https:\/\/prosteit.pl\/wp-content\/uploads\/2026\/02\/bezpieczenstwo-w-chmurze-it-prosteit-1536x1024.webp 1536w, https:\/\/prosteit.pl\/wp-content\/uploads\/2026\/02\/bezpieczenstwo-w-chmurze-it-prosteit-18x12.webp 18w\" sizes=\"(max-width: 1920px) 100vw, 1920px\" \/>                                            <\/div>\n                                                                                <div class=\"blog-content-wrapper\">\n                                            <div class=\"blog-content\">\n                                                <div class=\"blog-date\"><span class=\"posted-on\"><a href=\"https:\/\/prosteit.pl\/en\/is-the-cloud-safe-for-the-company\/\" rel=\"bookmark\"><time class=\"entry-date published updated\" datetime=\"2026-03-03T09:00:00+01:00\">2026-03-03<\/time><\/a><\/span><\/div>\n                                                <div class=\"blog-item\">\n                                                    <ul class=\"post-grid-meta\">\n                                                        <li class=\"blog-author\"><i class=\"icon far fa-user\"><\/i> Kamil Wozniak<\/li>\t\n                                                        <li class=\"item-comment\"><i class=\"far fa-comment\"><\/i><span class=\"comment-number\">Comments<\/span> 0<\/li>\n                                                    <\/ul>\n                                                    <h5 class=\"blog-title\">\n                                                    <a href=\"https:\/\/prosteit.pl\/en\/is-the-cloud-safe-for-the-company\/\">Is the cloud safe for your business? Risks, facts, and practical security principles.<\/a>\n                                                    <\/h5>\n                                                    <p class=\"blog-des\">  Before moving your company files to the cloud, you&#039;re probably asking yourself one simple question: is it safe? After all, we&#039;re talking about\u2026<\/p>\n                                                    <a class=\"blog-btn\" href=\"https:\/\/prosteit.pl\/en\/is-the-cloud-safe-for-the-company\/\"> Read more!<\/a>\n                                                <\/div>\n                                            <\/div>\n                                        <\/div>\n                                    <\/div>\n                                <\/div>\n                                                            <div class=\"item col-lg-4\">\n                                    <div class=\"blog-items\">\n                                                                                    <div class=\"blog-image\">\n                                                <img loading=\"lazy\" decoding=\"async\" width=\"1536\" height=\"1024\" src=\"https:\/\/prosteit.pl\/wp-content\/uploads\/2026\/02\/tunel-sieciowy-futurystyczny-obraz.webp\" class=\"img-responsive wp-post-image\" alt=\"IPsec VPN from the ground up: what it protects, how it works, and when it makes sense, IT services for companies in Warsaw\" srcset=\"https:\/\/prosteit.pl\/wp-content\/uploads\/2026\/02\/tunel-sieciowy-futurystyczny-obraz.webp 1536w, https:\/\/prosteit.pl\/wp-content\/uploads\/2026\/02\/tunel-sieciowy-futurystyczny-obraz-300x200.webp 300w, https:\/\/prosteit.pl\/wp-content\/uploads\/2026\/02\/tunel-sieciowy-futurystyczny-obraz-1024x683.webp 1024w, https:\/\/prosteit.pl\/wp-content\/uploads\/2026\/02\/tunel-sieciowy-futurystyczny-obraz-768x512.webp 768w, https:\/\/prosteit.pl\/wp-content\/uploads\/2026\/02\/tunel-sieciowy-futurystyczny-obraz-18x12.webp 18w\" sizes=\"(max-width: 1536px) 100vw, 1536px\" \/>                                            <\/div>\n                                                                                <div class=\"blog-content-wrapper\">\n                                            <div class=\"blog-content\">\n                                                <div class=\"blog-date\"><span class=\"posted-on\"><a href=\"https:\/\/prosteit.pl\/en\/ipsec-vpn-what-is-it-and-how-does-it-work\/\" rel=\"bookmark\"><time class=\"entry-date published updated\" datetime=\"2026-02-26T09:00:00+01:00\">2026-02-26<\/time><\/a><\/span><\/div>\n                                                <div class=\"blog-item\">\n                                                    <ul class=\"post-grid-meta\">\n                                                        <li class=\"blog-author\"><i class=\"icon far fa-user\"><\/i> Kamil Wozniak<\/li>\t\n                                                        <li class=\"item-comment\"><i class=\"far fa-comment\"><\/i><span class=\"comment-number\">Comments<\/span> 0<\/li>\n                                                    <\/ul>\n                                                    <h5 class=\"blog-title\">\n                                                    <a href=\"https:\/\/prosteit.pl\/en\/ipsec-vpn-what-is-it-and-how-does-it-work\/\">IPsec VPN from the ground up: what it protects, how it works, and when it makes sense\u2026<\/a>\n                                                    <\/h5>\n                                                    <p class=\"blog-des\">  IPsec VPN sounds like a term from network documentation, but in practice it describes a very specific thing: a way for data\u2026<\/p>\n                                                    <a class=\"blog-btn\" href=\"https:\/\/prosteit.pl\/en\/ipsec-vpn-what-is-it-and-how-does-it-work\/\"> Read more!<\/a>\n                                                <\/div>\n                                            <\/div>\n                                        <\/div>\n                                    <\/div>\n                                <\/div>\n                                                            <div class=\"item col-lg-4\">\n                                    <div class=\"blog-items\">\n                                                                                    <div class=\"blog-image\">\n                                                <img loading=\"lazy\" decoding=\"async\" width=\"1536\" height=\"1024\" src=\"https:\/\/prosteit.pl\/wp-content\/uploads\/2026\/02\/Bezpieczne-usuwanie-danych-przed-utylizacja-sprzetu-IT-NIST-800-88-ISO-21964-i-obowiazki-firmy.webp\" class=\"img-responsive wp-post-image\" alt=\"Secure Data Deletion Before IT Equipment Disposal - NIST 800-88, ISO 21964 and Company Responsibilities\" srcset=\"https:\/\/prosteit.pl\/wp-content\/uploads\/2026\/02\/Bezpieczne-usuwanie-danych-przed-utylizacja-sprzetu-IT-NIST-800-88-ISO-21964-i-obowiazki-firmy.webp 1536w, https:\/\/prosteit.pl\/wp-content\/uploads\/2026\/02\/Bezpieczne-usuwanie-danych-przed-utylizacja-sprzetu-IT-NIST-800-88-ISO-21964-i-obowiazki-firmy-300x200.webp 300w, https:\/\/prosteit.pl\/wp-content\/uploads\/2026\/02\/Bezpieczne-usuwanie-danych-przed-utylizacja-sprzetu-IT-NIST-800-88-ISO-21964-i-obowiazki-firmy-1024x683.webp 1024w, https:\/\/prosteit.pl\/wp-content\/uploads\/2026\/02\/Bezpieczne-usuwanie-danych-przed-utylizacja-sprzetu-IT-NIST-800-88-ISO-21964-i-obowiazki-firmy-768x512.webp 768w, https:\/\/prosteit.pl\/wp-content\/uploads\/2026\/02\/Bezpieczne-usuwanie-danych-przed-utylizacja-sprzetu-IT-NIST-800-88-ISO-21964-i-obowiazki-firmy-18x12.webp 18w\" sizes=\"(max-width: 1536px) 100vw, 1536px\" \/>                                            <\/div>\n                                                                                <div class=\"blog-content-wrapper\">\n                                            <div class=\"blog-content\">\n                                                <div class=\"blog-date\"><span class=\"posted-on\"><a href=\"https:\/\/prosteit.pl\/en\/secure-data-deletion-disposal-it-nist-800-88\/\" rel=\"bookmark\"><time class=\"entry-date published updated\" datetime=\"2026-02-24T09:00:00+01:00\">2026-02-24<\/time><\/a><\/span><\/div>\n                                                <div class=\"blog-item\">\n                                                    <ul class=\"post-grid-meta\">\n                                                        <li class=\"blog-author\"><i class=\"icon far fa-user\"><\/i> Kamil Wozniak<\/li>\t\n                                                        <li class=\"item-comment\"><i class=\"far fa-comment\"><\/i><span class=\"comment-number\">Comments<\/span> 0<\/li>\n                                                    <\/ul>\n                                                    <h5 class=\"blog-title\">\n                                                    <a href=\"https:\/\/prosteit.pl\/en\/secure-data-deletion-disposal-it-nist-800-88\/\">Secure data erasure before IT equipment disposal \u2013 NIST 800-88, ISO 21964\u2026<\/a>\n                                                    <\/h5>\n                                                    <p class=\"blog-des\">  In a world where data is one of a company&#039;s most valuable assets, improperly deleting it can cost more than the hardware itself\u2026<\/p>\n                                                    <a class=\"blog-btn\" href=\"https:\/\/prosteit.pl\/en\/secure-data-deletion-disposal-it-nist-800-88\/\"> Read more!<\/a>\n                                                <\/div>\n                                            <\/div>\n                                        <\/div>\n                                    <\/div>\n                                <\/div>\n                                                            <div class=\"item col-lg-4\">\n                                    <div class=\"blog-items\">\n                                                                                    <div class=\"blog-image\">\n                                                <img loading=\"lazy\" decoding=\"async\" width=\"1536\" height=\"1024\" src=\"https:\/\/prosteit.pl\/wp-content\/uploads\/2026\/02\/mfa-i-2fa-dla-firm-roznica.webp\" class=\"img-responsive wp-post-image\" alt=\"MFA and 2FA differences explained. IT support for companies in O\u017car\u00f3w Mazowiecki, Grodzisk Mazowiecki, Bemowo, Wola, IT Wola. IT outsourcing for companies.\" srcset=\"https:\/\/prosteit.pl\/wp-content\/uploads\/2026\/02\/mfa-i-2fa-dla-firm-roznica.webp 1536w, https:\/\/prosteit.pl\/wp-content\/uploads\/2026\/02\/mfa-i-2fa-dla-firm-roznica-300x200.webp 300w, https:\/\/prosteit.pl\/wp-content\/uploads\/2026\/02\/mfa-i-2fa-dla-firm-roznica-1024x683.webp 1024w, https:\/\/prosteit.pl\/wp-content\/uploads\/2026\/02\/mfa-i-2fa-dla-firm-roznica-768x512.webp 768w, https:\/\/prosteit.pl\/wp-content\/uploads\/2026\/02\/mfa-i-2fa-dla-firm-roznica-18x12.webp 18w\" sizes=\"(max-width: 1536px) 100vw, 1536px\" \/>                                            <\/div>\n                                                                                <div class=\"blog-content-wrapper\">\n                                            <div class=\"blog-content\">\n                                                <div class=\"blog-date\"><span class=\"posted-on\"><a href=\"https:\/\/prosteit.pl\/en\/mfa-2fa-what-is-it-is-it-worth-it\/\" rel=\"bookmark\"><time class=\"entry-date published updated\" datetime=\"2026-02-19T09:00:00+01:00\">2026-02-19<\/time><\/a><\/span><\/div>\n                                                <div class=\"blog-item\">\n                                                    <ul class=\"post-grid-meta\">\n                                                        <li class=\"blog-author\"><i class=\"icon far fa-user\"><\/i> Kamil Wozniak<\/li>\t\n                                                        <li class=\"item-comment\"><i class=\"far fa-comment\"><\/i><span class=\"comment-number\">Comments<\/span> 0<\/li>\n                                                    <\/ul>\n                                                    <h5 class=\"blog-title\">\n                                                    <a href=\"https:\/\/prosteit.pl\/en\/mfa-2fa-what-is-it-is-it-worth-it\/\">MFA and 2FA \u2013 what are they and why is it worth implementing them as\u2026<\/a>\n                                                    <\/h5>\n                                                    <p class=\"blog-des\">  A password isn&#039;t enough these days. All it takes is one data breach, a duplicate password from another site, or a well-crafted phishing email to\u2026<\/p>\n                                                    <a class=\"blog-btn\" href=\"https:\/\/prosteit.pl\/en\/mfa-2fa-what-is-it-is-it-worth-it\/\"> Read more!<\/a>\n                                                <\/div>\n                                            <\/div>\n                                        <\/div>\n                                    <\/div>\n                                <\/div>\n                                                            <div class=\"item col-lg-4\">\n                                    <div class=\"blog-items\">\n                                                                                    <div class=\"blog-image\">\n                                                <img loading=\"lazy\" decoding=\"async\" width=\"1920\" height=\"1280\" src=\"https:\/\/prosteit.pl\/wp-content\/uploads\/2026\/02\/audyt-it-prosteit.webp\" class=\"img-responsive wp-post-image\" alt=\"IT Audit Warsaw, O\u017car\u00f3w Mazowiecki, Blonie. IT Support for Businesses\" srcset=\"https:\/\/prosteit.pl\/wp-content\/uploads\/2026\/02\/audyt-it-prosteit.webp 1920w, https:\/\/prosteit.pl\/wp-content\/uploads\/2026\/02\/audyt-it-prosteit-300x200.webp 300w, https:\/\/prosteit.pl\/wp-content\/uploads\/2026\/02\/audyt-it-prosteit-1024x683.webp 1024w, https:\/\/prosteit.pl\/wp-content\/uploads\/2026\/02\/audyt-it-prosteit-768x512.webp 768w, https:\/\/prosteit.pl\/wp-content\/uploads\/2026\/02\/audyt-it-prosteit-1536x1024.webp 1536w, https:\/\/prosteit.pl\/wp-content\/uploads\/2026\/02\/audyt-it-prosteit-18x12.webp 18w\" sizes=\"(max-width: 1920px) 100vw, 1920px\" \/>                                            <\/div>\n                                                                                <div class=\"blog-content-wrapper\">\n                                            <div class=\"blog-content\">\n                                                <div class=\"blog-date\"><span class=\"posted-on\"><a href=\"https:\/\/prosteit.pl\/en\/what-does-an-it-audit-look-like-in-a-company\/\" rel=\"bookmark\"><time class=\"entry-date published updated\" datetime=\"2026-02-17T13:46:37+01:00\">2026-02-17<\/time><\/a><\/span><\/div>\n                                                <div class=\"blog-item\">\n                                                    <ul class=\"post-grid-meta\">\n                                                        <li class=\"blog-author\"><i class=\"icon far fa-user\"><\/i> Kamil Wozniak<\/li>\t\n                                                        <li class=\"item-comment\"><i class=\"far fa-comment\"><\/i><span class=\"comment-number\">Comments<\/span> 0<\/li>\n                                                    <\/ul>\n                                                    <h5 class=\"blog-title\">\n                                                    <a href=\"https:\/\/prosteit.pl\/en\/what-does-an-it-audit-look-like-in-a-company\/\">What does an IT audit look like in a company? Process, scope, report, and implementation of recommendations<\/a>\n                                                    <\/h5>\n                                                    <p class=\"blog-des\">  The system is working. Computers are turning on, mail is arriving, and accounting is issuing invoices. But does this mean your IT is secure and organized?<\/p>\n                                                    <a class=\"blog-btn\" href=\"https:\/\/prosteit.pl\/en\/what-does-an-it-audit-look-like-in-a-company\/\"> Read more!<\/a>\n                                                <\/div>\n                                            <\/div>\n                                        <\/div>\n                                    <\/div>\n                                <\/div>\n                                                            <div class=\"item col-lg-4\">\n                                    <div class=\"blog-items\">\n                                                                                    <div class=\"blog-image\">\n                                                <img loading=\"lazy\" decoding=\"async\" width=\"1920\" height=\"1080\" src=\"https:\/\/prosteit.pl\/wp-content\/uploads\/2026\/02\/gsc-ga4-gtm-wdrozenie-dla-firm-prosteit.webp\" class=\"img-responsive wp-post-image\" alt=\"GSC, GA4, GTM for companies. Marketing for companies in B\u0142onie\" srcset=\"https:\/\/prosteit.pl\/wp-content\/uploads\/2026\/02\/gsc-ga4-gtm-wdrozenie-dla-firm-prosteit.webp 1920w, https:\/\/prosteit.pl\/wp-content\/uploads\/2026\/02\/gsc-ga4-gtm-wdrozenie-dla-firm-prosteit-300x169.webp 300w, https:\/\/prosteit.pl\/wp-content\/uploads\/2026\/02\/gsc-ga4-gtm-wdrozenie-dla-firm-prosteit-1024x576.webp 1024w, https:\/\/prosteit.pl\/wp-content\/uploads\/2026\/02\/gsc-ga4-gtm-wdrozenie-dla-firm-prosteit-768x432.webp 768w, https:\/\/prosteit.pl\/wp-content\/uploads\/2026\/02\/gsc-ga4-gtm-wdrozenie-dla-firm-prosteit-1536x864.webp 1536w, https:\/\/prosteit.pl\/wp-content\/uploads\/2026\/02\/gsc-ga4-gtm-wdrozenie-dla-firm-prosteit-18x10.webp 18w\" sizes=\"(max-width: 1920px) 100vw, 1920px\" \/>                                            <\/div>\n                                                                                <div class=\"blog-content-wrapper\">\n                                            <div class=\"blog-content\">\n                                                <div class=\"blog-date\"><span class=\"posted-on\"><a href=\"https:\/\/prosteit.pl\/en\/gsc-ga4-gtm-what-is-it\/\" rel=\"bookmark\"><time class=\"entry-date published updated\" datetime=\"2026-02-10T17:42:14+01:00\">2026-02-10<\/time><\/a><\/span><\/div>\n                                                <div class=\"blog-item\">\n                                                    <ul class=\"post-grid-meta\">\n                                                        <li class=\"blog-author\"><i class=\"icon far fa-user\"><\/i> Kamil Wozniak<\/li>\t\n                                                        <li class=\"item-comment\"><i class=\"far fa-comment\"><\/i><span class=\"comment-number\">Comments<\/span> 0<\/li>\n                                                    <\/ul>\n                                                    <h5 class=\"blog-title\">\n                                                    <a href=\"https:\/\/prosteit.pl\/en\/gsc-ga4-gtm-what-is-it\/\">GSC, GA4 and GTM \u2013 what do they measure and how do they work together to provide a complete\u2026<\/a>\n                                                    <\/h5>\n                                                    <p class=\"blog-des\">  Many business owners and board members today have access to data, but in practice, few truly know what it means.<\/p>\n                                                    <a class=\"blog-btn\" href=\"https:\/\/prosteit.pl\/en\/gsc-ga4-gtm-what-is-it\/\"> Read more!<\/a>\n                                                <\/div>\n                                            <\/div>\n                                        <\/div>\n                                    <\/div>\n                                <\/div>\n                                                            <div class=\"item col-lg-4\">\n                                    <div class=\"blog-items\">\n                                                                                    <div class=\"blog-image\">\n                                                <img loading=\"lazy\" decoding=\"async\" width=\"1536\" height=\"1024\" src=\"https:\/\/prosteit.pl\/wp-content\/uploads\/2026\/02\/prosteit-ms-forms-wdrozenie-dla-firm.webp\" class=\"img-responsive wp-post-image\" alt=\"Microsoft Forms, application forms for companies - a simple IT guide. IT services for companies in O\u017car\u00f3w Mazowiecki, Stare Babice, and Izabelin.\" srcset=\"https:\/\/prosteit.pl\/wp-content\/uploads\/2026\/02\/prosteit-ms-forms-wdrozenie-dla-firm.webp 1536w, https:\/\/prosteit.pl\/wp-content\/uploads\/2026\/02\/prosteit-ms-forms-wdrozenie-dla-firm-300x200.webp 300w, https:\/\/prosteit.pl\/wp-content\/uploads\/2026\/02\/prosteit-ms-forms-wdrozenie-dla-firm-1024x683.webp 1024w, https:\/\/prosteit.pl\/wp-content\/uploads\/2026\/02\/prosteit-ms-forms-wdrozenie-dla-firm-768x512.webp 768w, https:\/\/prosteit.pl\/wp-content\/uploads\/2026\/02\/prosteit-ms-forms-wdrozenie-dla-firm-18x12.webp 18w\" sizes=\"(max-width: 1536px) 100vw, 1536px\" \/>                                            <\/div>\n                                                                                <div class=\"blog-content-wrapper\">\n                                            <div class=\"blog-content\">\n                                                <div class=\"blog-date\"><span class=\"posted-on\"><a href=\"https:\/\/prosteit.pl\/en\/microsoft-forms-for-business\/\" rel=\"bookmark\"><time class=\"entry-date published updated\" datetime=\"2026-02-03T12:52:20+01:00\">2026-02-03<\/time><\/a><\/span><\/div>\n                                                <div class=\"blog-item\">\n                                                    <ul class=\"post-grid-meta\">\n                                                        <li class=\"blog-author\"><i class=\"icon far fa-user\"><\/i> Kamil Wozniak<\/li>\t\n                                                        <li class=\"item-comment\"><i class=\"far fa-comment\"><\/i><span class=\"comment-number\">Comments<\/span> 0<\/li>\n                                                    <\/ul>\n                                                    <h5 class=\"blog-title\">\n                                                    <a href=\"https:\/\/prosteit.pl\/en\/microsoft-forms-for-business\/\">Microsoft Forms for Business \u2013 What is it for, How Much Does it Cost and How\u2026<\/a>\n                                                    <\/h5>\n                                                    <p class=\"blog-des\">  Gathering information in a company can be surprisingly chaotic. Emails, Excel files, Teams messages, &quot;just in time&quot; notes\u2014everything works,\u2026<\/p>\n                                                    <a class=\"blog-btn\" href=\"https:\/\/prosteit.pl\/en\/microsoft-forms-for-business\/\"> Read more!<\/a>\n                                                <\/div>\n                                            <\/div>\n                                        <\/div>\n                                    <\/div>\n                                <\/div>\n                                                            <div class=\"item col-lg-4\">\n                                    <div class=\"blog-items\">\n                                                                                    <div class=\"blog-image\">\n                                                <img loading=\"lazy\" decoding=\"async\" width=\"1536\" height=\"1024\" src=\"https:\/\/prosteit.pl\/wp-content\/uploads\/2026\/01\/gmail-vs-outlook-futuristic-photos-prosteit-it-warsaw.webp\" class=\"img-responsive wp-post-image\" alt=\"Gnail vs. Outlook in Practice: A Comparison for Businesses, IT Services O\u017car\u00f3w Mazowiecki, Warsaw, B\u0142onie\" srcset=\"https:\/\/prosteit.pl\/wp-content\/uploads\/2026\/01\/gmail-vs-outlook-futuristic-photos-prosteit-it-warsaw.webp 1536w, https:\/\/prosteit.pl\/wp-content\/uploads\/2026\/01\/gmail-vs-outlook-futuristic-photos-prosteit-it-warsaw-300x200.webp 300w, https:\/\/prosteit.pl\/wp-content\/uploads\/2026\/01\/gmail-vs-outlook-futuristic-photos-prosteit-it-warsaw-1024x683.webp 1024w, https:\/\/prosteit.pl\/wp-content\/uploads\/2026\/01\/gmail-vs-outlook-futuristic-photos-prosteit-it-warsaw-768x512.webp 768w, https:\/\/prosteit.pl\/wp-content\/uploads\/2026\/01\/gmail-vs-outlook-futuristic-photos-prosteit-it-warsaw-18x12.webp 18w\" sizes=\"(max-width: 1536px) 100vw, 1536px\" \/>                                            <\/div>\n                                                                                <div class=\"blog-content-wrapper\">\n                                            <div class=\"blog-content\">\n                                                <div class=\"blog-date\"><span class=\"posted-on\"><a href=\"https:\/\/prosteit.pl\/en\/gmail-or-outlook-in-the-company-comparison\/\" rel=\"bookmark\"><time class=\"entry-date published updated\" datetime=\"2026-01-27T15:12:17+01:00\">2026-01-27<\/time><\/a><\/span><\/div>\n                                                <div class=\"blog-item\">\n                                                    <ul class=\"post-grid-meta\">\n                                                        <li class=\"blog-author\"><i class=\"icon far fa-user\"><\/i> Kamil Wozniak<\/li>\t\n                                                        <li class=\"item-comment\"><i class=\"far fa-comment\"><\/i><span class=\"comment-number\">Comments<\/span> 0<\/li>\n                                                    <\/ul>\n                                                    <h5 class=\"blog-title\">\n                                                    <a href=\"https:\/\/prosteit.pl\/en\/gmail-or-outlook-in-the-company-comparison\/\">Gmail or Outlook \u2013 choosing corporate email in practice<\/a>\n                                                    <\/h5>\n                                                    <p class=\"blog-des\">  Choosing a business email rarely begins with a cold analysis. More often, it begins with a simple question: &quot;Is Gmail or Outlook better?&quot; And that&#039;s where...<\/p>\n                                                    <a class=\"blog-btn\" href=\"https:\/\/prosteit.pl\/en\/gmail-or-outlook-in-the-company-comparison\/\"> Read more!<\/a>\n                                                <\/div>\n                                            <\/div>\n                                        <\/div>\n                                    <\/div>\n                                <\/div>\n                                                            <div class=\"item col-lg-4\">\n                                    <div class=\"blog-items\">\n                                                                                    <div class=\"blog-image\">\n                                                <img loading=\"lazy\" decoding=\"async\" width=\"1920\" height=\"1072\" src=\"https:\/\/prosteit.pl\/wp-content\/uploads\/2026\/01\/microsoft-intune-wdrozenie-dla-firm.webp\" class=\"img-responsive wp-post-image\" alt=\"Microsoft Intune - implementation for companies in Warsaw, B\u0142onie. IT services for companies\" srcset=\"https:\/\/prosteit.pl\/wp-content\/uploads\/2026\/01\/microsoft-intune-wdrozenie-dla-firm.webp 1920w, https:\/\/prosteit.pl\/wp-content\/uploads\/2026\/01\/microsoft-intune-wdrozenie-dla-firm-300x168.webp 300w, https:\/\/prosteit.pl\/wp-content\/uploads\/2026\/01\/microsoft-intune-wdrozenie-dla-firm-1024x572.webp 1024w, https:\/\/prosteit.pl\/wp-content\/uploads\/2026\/01\/microsoft-intune-wdrozenie-dla-firm-768x429.webp 768w, https:\/\/prosteit.pl\/wp-content\/uploads\/2026\/01\/microsoft-intune-wdrozenie-dla-firm-1536x858.webp 1536w, https:\/\/prosteit.pl\/wp-content\/uploads\/2026\/01\/microsoft-intune-wdrozenie-dla-firm-18x10.webp 18w\" sizes=\"(max-width: 1920px) 100vw, 1920px\" \/>                                            <\/div>\n                                                                                <div class=\"blog-content-wrapper\">\n                                            <div class=\"blog-content\">\n                                                <div class=\"blog-date\"><span class=\"posted-on\"><a href=\"https:\/\/prosteit.pl\/en\/microsoft-intune-mdm-i-have-uem-deployment\/\" rel=\"bookmark\"><time class=\"entry-date published updated\" datetime=\"2026-01-22T15:11:15+01:00\">2026-01-22<\/time><\/a><\/span><\/div>\n                                                <div class=\"blog-item\">\n                                                    <ul class=\"post-grid-meta\">\n                                                        <li class=\"blog-author\"><i class=\"icon far fa-user\"><\/i> Kamil Wozniak<\/li>\t\n                                                        <li class=\"item-comment\"><i class=\"far fa-comment\"><\/i><span class=\"comment-number\">Comments<\/span> 0<\/li>\n                                                    <\/ul>\n                                                    <h5 class=\"blog-title\">\n                                                    <a href=\"https:\/\/prosteit.pl\/en\/microsoft-intune-mdm-i-have-uem-deployment\/\">Microsoft Intune from the ground up \u2013 how it works and how to securely manage devices\u2026<\/a>\n                                                    <\/h5>\n                                                    <p class=\"blog-des\">  Hybrid work, personal phones, quickly purchased laptops, and access to company data from anywhere. For many companies, this\u2026<\/p>\n                                                    <a class=\"blog-btn\" href=\"https:\/\/prosteit.pl\/en\/microsoft-intune-mdm-i-have-uem-deployment\/\"> Read more!<\/a>\n                                                <\/div>\n                                            <\/div>\n                                        <\/div>\n                                    <\/div>\n                                <\/div>\n                                                            <div class=\"item col-lg-4\">\n                                    <div class=\"blog-items\">\n                                                                                    <div class=\"blog-image\">\n                                                <img loading=\"lazy\" decoding=\"async\" width=\"1920\" height=\"1210\" src=\"https:\/\/prosteit.pl\/wp-content\/uploads\/2026\/01\/miniatura-zarzadzanie-serwerami-prosteit.webp\" class=\"img-responsive wp-post-image\" alt=\"Server administration in the company - what does it include and what should it look like in SMEs - IT services for companies in Warsaw\" srcset=\"https:\/\/prosteit.pl\/wp-content\/uploads\/2026\/01\/miniatura-zarzadzanie-serwerami-prosteit.webp 1920w, https:\/\/prosteit.pl\/wp-content\/uploads\/2026\/01\/miniatura-zarzadzanie-serwerami-prosteit-300x189.webp 300w, https:\/\/prosteit.pl\/wp-content\/uploads\/2026\/01\/miniatura-zarzadzanie-serwerami-prosteit-1024x645.webp 1024w, https:\/\/prosteit.pl\/wp-content\/uploads\/2026\/01\/miniatura-zarzadzanie-serwerami-prosteit-768x484.webp 768w, https:\/\/prosteit.pl\/wp-content\/uploads\/2026\/01\/miniatura-zarzadzanie-serwerami-prosteit-1536x968.webp 1536w, https:\/\/prosteit.pl\/wp-content\/uploads\/2026\/01\/miniatura-zarzadzanie-serwerami-prosteit-18x12.webp 18w\" sizes=\"(max-width: 1920px) 100vw, 1920px\" \/>                                            <\/div>\n                                                                                <div class=\"blog-content-wrapper\">\n                                            <div class=\"blog-content\">\n                                                <div class=\"blog-date\"><span class=\"posted-on\"><a href=\"https:\/\/prosteit.pl\/en\/administration-of-servers-in-the-company\/\" rel=\"bookmark\"><time class=\"entry-date published updated\" datetime=\"2026-01-20T17:48:31+01:00\">2026-01-20<\/time><\/a><\/span><\/div>\n                                                <div class=\"blog-item\">\n                                                    <ul class=\"post-grid-meta\">\n                                                        <li class=\"blog-author\"><i class=\"icon far fa-user\"><\/i> Kamil Wozniak<\/li>\t\n                                                        <li class=\"item-comment\"><i class=\"far fa-comment\"><\/i><span class=\"comment-number\">Comments<\/span> 0<\/li>\n                                                    <\/ul>\n                                                    <h5 class=\"blog-title\">\n                                                    <a href=\"https:\/\/prosteit.pl\/en\/administration-of-servers-in-the-company\/\">Server administration in the company \u2013 what does it include and what should it look like in\u2026<\/a>\n                                                    <\/h5>\n                                                    <p class=\"blog-des\">  A corporate server rarely attracts attention. It has no interface, sends no notifications, and offers no reminders of its existence.<\/p>\n                                                    <a class=\"blog-btn\" href=\"https:\/\/prosteit.pl\/en\/administration-of-servers-in-the-company\/\"> Read more!<\/a>\n                                                <\/div>\n                                            <\/div>\n                                        <\/div>\n                                    <\/div>\n                                <\/div>\n                                                            <div class=\"item col-lg-4\">\n                                    <div class=\"blog-items\">\n                                                                                    <div class=\"blog-image\">\n                                                <img loading=\"lazy\" decoding=\"async\" width=\"1536\" height=\"1024\" src=\"https:\/\/prosteit.pl\/wp-content\/uploads\/2026\/01\/entra-id-microsoft-active-directory-prosteit.webp\" class=\"img-responsive wp-post-image\" alt=\"Entra ID, a Microsoft Directory. IT services for companies in O\u017car\u00f3w Mazowiecki.\" srcset=\"https:\/\/prosteit.pl\/wp-content\/uploads\/2026\/01\/entra-id-microsoft-active-directory-prosteit.webp 1536w, https:\/\/prosteit.pl\/wp-content\/uploads\/2026\/01\/entra-id-microsoft-active-directory-prosteit-300x200.webp 300w, https:\/\/prosteit.pl\/wp-content\/uploads\/2026\/01\/entra-id-microsoft-active-directory-prosteit-1024x683.webp 1024w, https:\/\/prosteit.pl\/wp-content\/uploads\/2026\/01\/entra-id-microsoft-active-directory-prosteit-768x512.webp 768w, https:\/\/prosteit.pl\/wp-content\/uploads\/2026\/01\/entra-id-microsoft-active-directory-prosteit-18x12.webp 18w\" sizes=\"(max-width: 1536px) 100vw, 1536px\" \/>                                            <\/div>\n                                                                                <div class=\"blog-content-wrapper\">\n                                            <div class=\"blog-content\">\n                                                <div class=\"blog-date\"><span class=\"posted-on\"><a href=\"https:\/\/prosteit.pl\/en\/what-is-active-directory-and-entra-id\/\" rel=\"bookmark\"><time class=\"entry-date published updated\" datetime=\"2026-01-16T15:23:09+01:00\">2026-01-16<\/time><\/a><\/span><\/div>\n                                                <div class=\"blog-item\">\n                                                    <ul class=\"post-grid-meta\">\n                                                        <li class=\"blog-author\"><i class=\"icon far fa-user\"><\/i> Kamil Wozniak<\/li>\t\n                                                        <li class=\"item-comment\"><i class=\"far fa-comment\"><\/i><span class=\"comment-number\">Comments<\/span> 0<\/li>\n                                                    <\/ul>\n                                                    <h5 class=\"blog-title\">\n                                                    <a href=\"https:\/\/prosteit.pl\/en\/what-is-active-directory-and-entra-id\/\">What is Active Directory and Microsoft Entra ID \u2013 differences, costs, implementation,\u2026<\/a>\n                                                    <\/h5>\n                                                    <p class=\"blog-des\">  In many companies, IT &quot;works&quot; until someone leaves, a new employee joins, or a security incident occurs. Suddenly...<\/p>\n                                                    <a class=\"blog-btn\" href=\"https:\/\/prosteit.pl\/en\/what-is-active-directory-and-entra-id\/\"> Read more!<\/a>\n                                                <\/div>\n                                            <\/div>\n                                        <\/div>\n                                    <\/div>\n                                <\/div>\n                                                            <div class=\"item col-lg-4\">\n                                    <div class=\"blog-items\">\n                                                                                    <div class=\"blog-image\">\n                                                <img loading=\"lazy\" decoding=\"async\" width=\"1536\" height=\"1024\" src=\"https:\/\/prosteit.pl\/wp-content\/uploads\/2026\/01\/ubiquiti-czy-warto-poradnik-prosteit-uslugi-it-warszawa.webp\" class=\"img-responsive wp-post-image\" alt=\"Is it worth implementing Ubiquiti in your company?\" srcset=\"https:\/\/prosteit.pl\/wp-content\/uploads\/2026\/01\/ubiquiti-czy-warto-poradnik-prosteit-uslugi-it-warszawa.webp 1536w, https:\/\/prosteit.pl\/wp-content\/uploads\/2026\/01\/ubiquiti-czy-warto-poradnik-prosteit-uslugi-it-warszawa-300x200.webp 300w, https:\/\/prosteit.pl\/wp-content\/uploads\/2026\/01\/ubiquiti-czy-warto-poradnik-prosteit-uslugi-it-warszawa-1024x683.webp 1024w, https:\/\/prosteit.pl\/wp-content\/uploads\/2026\/01\/ubiquiti-czy-warto-poradnik-prosteit-uslugi-it-warszawa-768x512.webp 768w, https:\/\/prosteit.pl\/wp-content\/uploads\/2026\/01\/ubiquiti-czy-warto-poradnik-prosteit-uslugi-it-warszawa-18x12.webp 18w\" sizes=\"(max-width: 1536px) 100vw, 1536px\" \/>                                            <\/div>\n                                                                                <div class=\"blog-content-wrapper\">\n                                            <div class=\"blog-content\">\n                                                <div class=\"blog-date\"><span class=\"posted-on\"><a href=\"https:\/\/prosteit.pl\/en\/ubiquiti-unifi-what-you-need-to-know-before-implementation\/\" rel=\"bookmark\"><time class=\"entry-date published updated\" datetime=\"2026-01-13T17:16:10+01:00\">2026-01-13<\/time><\/a><\/span><\/div>\n                                                <div class=\"blog-item\">\n                                                    <ul class=\"post-grid-meta\">\n                                                        <li class=\"blog-author\"><i class=\"icon far fa-user\"><\/i> Kamil Wozniak<\/li>\t\n                                                        <li class=\"item-comment\"><i class=\"far fa-comment\"><\/i><span class=\"comment-number\">Comments<\/span> 0<\/li>\n                                                    <\/ul>\n                                                    <h5 class=\"blog-title\">\n                                                    <a href=\"https:\/\/prosteit.pl\/en\/ubiquiti-unifi-what-you-need-to-know-before-implementation\/\">Ubiquiti UniFi in the company - what you should know before implementation<\/a>\n                                                    <\/h5>\n                                                    <p class=\"blog-des\">  If you&#039;re considering implementing Ubiquiti UniFi in your business, it&#039;s likely not because you &quot;need Wi-Fi.&quot; You already have a network. It works\u2014\u2026<\/p>\n                                                    <a class=\"blog-btn\" href=\"https:\/\/prosteit.pl\/en\/ubiquiti-unifi-what-you-need-to-know-before-implementation\/\"> Read more!<\/a>\n                                                <\/div>\n                                            <\/div>\n                                        <\/div>\n                                    <\/div>\n                                <\/div>\n                                                            <div class=\"item col-lg-4\">\n                                    <div class=\"blog-items\">\n                                                                                    <div class=\"blog-image\">\n                                                <img loading=\"lazy\" decoding=\"async\" width=\"1536\" height=\"1024\" src=\"https:\/\/prosteit.pl\/wp-content\/uploads\/2026\/01\/fortinet-fortimail-futuristic-photo.webp\" class=\"img-responsive wp-post-image\" alt=\"Fortinet FortiMail implementation Warsaw, O\u017car\u00f3w Mazowiecki, B\u0142onie\" srcset=\"https:\/\/prosteit.pl\/wp-content\/uploads\/2026\/01\/fortinet-fortimail-futuristic-photo.webp 1536w, https:\/\/prosteit.pl\/wp-content\/uploads\/2026\/01\/fortinet-fortimail-futuristic-photo-300x200.webp 300w, https:\/\/prosteit.pl\/wp-content\/uploads\/2026\/01\/fortinet-fortimail-futuristic-photo-1024x683.webp 1024w, https:\/\/prosteit.pl\/wp-content\/uploads\/2026\/01\/fortinet-fortimail-futuristic-photo-768x512.webp 768w, https:\/\/prosteit.pl\/wp-content\/uploads\/2026\/01\/fortinet-fortimail-futuristic-photo-18x12.webp 18w\" sizes=\"(max-width: 1536px) 100vw, 1536px\" \/>                                            <\/div>\n                                                                                <div class=\"blog-content-wrapper\">\n                                            <div class=\"blog-content\">\n                                                <div class=\"blog-date\"><span class=\"posted-on\"><a href=\"https:\/\/prosteit.pl\/en\/fortinet-fortimail-email-security\/\" rel=\"bookmark\"><time class=\"entry-date published updated\" datetime=\"2026-01-08T16:40:20+01:00\">2026-01-08<\/time><\/a><\/span><\/div>\n                                                <div class=\"blog-item\">\n                                                    <ul class=\"post-grid-meta\">\n                                                        <li class=\"blog-author\"><i class=\"icon far fa-user\"><\/i> Kamil Wozniak<\/li>\t\n                                                        <li class=\"item-comment\"><i class=\"far fa-comment\"><\/i><span class=\"comment-number\">Comments<\/span> 0<\/li>\n                                                    <\/ul>\n                                                    <h5 class=\"blog-title\">\n                                                    <a href=\"https:\/\/prosteit.pl\/en\/fortinet-fortimail-email-security\/\">Fortinet FortiMail \u2013 what is it and is it worth implementing email protection\u2026<\/a>\n                                                    <\/h5>\n                                                    <p class=\"blog-des\">  Email remains a key work tool in businesses. It&#039;s where invoices, orders, contracts, and current\u2026<\/p>\n                                                    <a class=\"blog-btn\" href=\"https:\/\/prosteit.pl\/en\/fortinet-fortimail-email-security\/\"> Read more!<\/a>\n                                                <\/div>\n                                            <\/div>\n                                        <\/div>\n                                    <\/div>\n                                <\/div>\n                                                            <div class=\"item col-lg-4\">\n                                    <div class=\"blog-items\">\n                                                                                    <div class=\"blog-image\">\n                                                <img loading=\"lazy\" decoding=\"async\" width=\"1920\" height=\"1280\" src=\"https:\/\/prosteit.pl\/wp-content\/uploads\/2025\/12\/bezpieczna-praca-zdalna-w-firmie-prosteit.webp\" class=\"img-responsive wp-post-image\" alt=\"Safe remote work in a simple IT company. IT support for companies. IT specialist Warsaw\" srcset=\"https:\/\/prosteit.pl\/wp-content\/uploads\/2025\/12\/bezpieczna-praca-zdalna-w-firmie-prosteit.webp 1920w, https:\/\/prosteit.pl\/wp-content\/uploads\/2025\/12\/bezpieczna-praca-zdalna-w-firmie-prosteit-300x200.webp 300w, https:\/\/prosteit.pl\/wp-content\/uploads\/2025\/12\/bezpieczna-praca-zdalna-w-firmie-prosteit-1024x683.webp 1024w, https:\/\/prosteit.pl\/wp-content\/uploads\/2025\/12\/bezpieczna-praca-zdalna-w-firmie-prosteit-768x512.webp 768w, https:\/\/prosteit.pl\/wp-content\/uploads\/2025\/12\/bezpieczna-praca-zdalna-w-firmie-prosteit-1536x1024.webp 1536w, https:\/\/prosteit.pl\/wp-content\/uploads\/2025\/12\/bezpieczna-praca-zdalna-w-firmie-prosteit-18x12.webp 18w\" sizes=\"(max-width: 1920px) 100vw, 1920px\" \/>                                            <\/div>\n                                                                                <div class=\"blog-content-wrapper\">\n                                            <div class=\"blog-content\">\n                                                <div class=\"blog-date\"><span class=\"posted-on\"><a href=\"https:\/\/prosteit.pl\/en\/safe-remote-work\/\" rel=\"bookmark\"><time class=\"entry-date published updated\" datetime=\"2025-12-30T09:00:00+01:00\">2025-12-30<\/time><\/a><\/span><\/div>\n                                                <div class=\"blog-item\">\n                                                    <ul class=\"post-grid-meta\">\n                                                        <li class=\"blog-author\"><i class=\"icon far fa-user\"><\/i> Kamil Wozniak<\/li>\t\n                                                        <li class=\"item-comment\"><i class=\"far fa-comment\"><\/i><span class=\"comment-number\">Comments<\/span> 0<\/li>\n                                                    <\/ul>\n                                                    <h5 class=\"blog-title\">\n                                                    <a href=\"https:\/\/prosteit.pl\/en\/safe-remote-work\/\">Safe remote work in the company \u2013 a complete compendium of IT, GDPR and good\u2026<\/a>\n                                                    <\/h5>\n                                                    <p class=\"blog-des\">  Remote work in a company can be a huge advantage \u2013 greater flexibility, access to specialists, and lower organizational costs. At the same time, it\u2026<\/p>\n                                                    <a class=\"blog-btn\" href=\"https:\/\/prosteit.pl\/en\/safe-remote-work\/\"> Read more!<\/a>\n                                                <\/div>\n                                            <\/div>\n                                        <\/div>\n                                    <\/div>\n                                <\/div>\n                                                            <div class=\"item col-lg-4\">\n                                    <div class=\"blog-items\">\n                                                                                    <div class=\"blog-image\">\n                                                <img loading=\"lazy\" decoding=\"async\" width=\"1920\" height=\"1047\" src=\"https:\/\/prosteit.pl\/wp-content\/uploads\/2025\/12\/volte-w-firmie-prosteit-wdrozenie.webp\" class=\"img-responsive wp-post-image\" alt=\"VoLTE what is it and how does it work\" srcset=\"https:\/\/prosteit.pl\/wp-content\/uploads\/2025\/12\/volte-w-firmie-prosteit-wdrozenie.webp 1920w, https:\/\/prosteit.pl\/wp-content\/uploads\/2025\/12\/volte-w-firmie-prosteit-wdrozenie-300x164.webp 300w, https:\/\/prosteit.pl\/wp-content\/uploads\/2025\/12\/volte-w-firmie-prosteit-wdrozenie-1024x558.webp 1024w, https:\/\/prosteit.pl\/wp-content\/uploads\/2025\/12\/volte-w-firmie-prosteit-wdrozenie-768x419.webp 768w, https:\/\/prosteit.pl\/wp-content\/uploads\/2025\/12\/volte-w-firmie-prosteit-wdrozenie-1536x838.webp 1536w, https:\/\/prosteit.pl\/wp-content\/uploads\/2025\/12\/volte-w-firmie-prosteit-wdrozenie-18x10.webp 18w\" sizes=\"(max-width: 1920px) 100vw, 1920px\" \/>                                            <\/div>\n                                                                                <div class=\"blog-content-wrapper\">\n                                            <div class=\"blog-content\">\n                                                <div class=\"blog-date\"><span class=\"posted-on\"><a href=\"https:\/\/prosteit.pl\/en\/volte-in-the-company-how-does-it-work-and-is-it-worth-it\/\" rel=\"bookmark\"><time class=\"entry-date published updated\" datetime=\"2025-12-23T18:02:59+01:00\">2025-12-23<\/time><\/a><\/span><\/div>\n                                                <div class=\"blog-item\">\n                                                    <ul class=\"post-grid-meta\">\n                                                        <li class=\"blog-author\"><i class=\"icon far fa-user\"><\/i> Kamil Wozniak<\/li>\t\n                                                        <li class=\"item-comment\"><i class=\"far fa-comment\"><\/i><span class=\"comment-number\">Comments<\/span> 0<\/li>\n                                                    <\/ul>\n                                                    <h5 class=\"blog-title\">\n                                                    <a href=\"https:\/\/prosteit.pl\/en\/volte-in-the-company-how-does-it-work-and-is-it-worth-it\/\">VoLTE in the company \u2013 what it is and how it affects business calls<\/a>\n                                                    <\/h5>\n                                                    <p class=\"blog-des\">  We usually take business phone calls for granted\u2014until they start causing problems. Poorer voice quality, longer connection times\u2026<\/p>\n                                                    <a class=\"blog-btn\" href=\"https:\/\/prosteit.pl\/en\/volte-in-the-company-how-does-it-work-and-is-it-worth-it\/\"> Read more!<\/a>\n                                                <\/div>\n                                            <\/div>\n                                        <\/div>\n                                    <\/div>\n                                <\/div>\n                                                            <div class=\"item col-lg-4\">\n                                    <div class=\"blog-items\">\n                                                                                    <div class=\"blog-image\">\n                                                <img loading=\"lazy\" decoding=\"async\" width=\"1920\" height=\"1047\" src=\"https:\/\/prosteit.pl\/wp-content\/uploads\/2025\/12\/wybor-firmowego-komputera-doradztwo-it.webp\" class=\"img-responsive wp-post-image\" alt=\"Company Computer - Which company computer is best for office work? IT services Warsaw, O\u017car\u00f3w Mazowiecki\" srcset=\"https:\/\/prosteit.pl\/wp-content\/uploads\/2025\/12\/wybor-firmowego-komputera-doradztwo-it.webp 1920w, https:\/\/prosteit.pl\/wp-content\/uploads\/2025\/12\/wybor-firmowego-komputera-doradztwo-it-300x164.webp 300w, https:\/\/prosteit.pl\/wp-content\/uploads\/2025\/12\/wybor-firmowego-komputera-doradztwo-it-1024x558.webp 1024w, https:\/\/prosteit.pl\/wp-content\/uploads\/2025\/12\/wybor-firmowego-komputera-doradztwo-it-768x419.webp 768w, https:\/\/prosteit.pl\/wp-content\/uploads\/2025\/12\/wybor-firmowego-komputera-doradztwo-it-1536x838.webp 1536w, https:\/\/prosteit.pl\/wp-content\/uploads\/2025\/12\/wybor-firmowego-komputera-doradztwo-it-18x10.webp 18w\" sizes=\"(max-width: 1920px) 100vw, 1920px\" \/>                                            <\/div>\n                                                                                <div class=\"blog-content-wrapper\">\n                                            <div class=\"blog-content\">\n                                                <div class=\"blog-date\"><span class=\"posted-on\"><a href=\"https:\/\/prosteit.pl\/en\/which-computer-to-choose-for-your-company\/\" rel=\"bookmark\"><time class=\"entry-date published updated\" datetime=\"2025-12-19T14:03:09+01:00\">2025-12-19<\/time><\/a><\/span><\/div>\n                                                <div class=\"blog-item\">\n                                                    <ul class=\"post-grid-meta\">\n                                                        <li class=\"blog-author\"><i class=\"icon far fa-user\"><\/i> Kamil Wozniak<\/li>\t\n                                                        <li class=\"item-comment\"><i class=\"far fa-comment\"><\/i><span class=\"comment-number\">Comments<\/span> 0<\/li>\n                                                    <\/ul>\n                                                    <h5 class=\"blog-title\">\n                                                    <a href=\"https:\/\/prosteit.pl\/en\/which-computer-to-choose-for-your-company\/\">Company computer \u2013 what really matters when choosing equipment for work<\/a>\n                                                    <\/h5>\n                                                    <p class=\"blog-des\">  Purchasing a computer for your business is rarely a simple decision. On the one hand, you want the equipment to be fast and reliable, but on the other\u2026<\/p>\n                                                    <a class=\"blog-btn\" href=\"https:\/\/prosteit.pl\/en\/which-computer-to-choose-for-your-company\/\"> Read more!<\/a>\n                                                <\/div>\n                                            <\/div>\n                                        <\/div>\n                                    <\/div>\n                                <\/div>\n                                                            <div class=\"item col-lg-4\">\n                                    <div class=\"blog-items\">\n                                                                                    <div class=\"blog-image\">\n                                                <img loading=\"lazy\" decoding=\"async\" width=\"1920\" height=\"1047\" src=\"https:\/\/prosteit.pl\/wp-content\/uploads\/2025\/12\/outsourcing-it-warszawa.webp\" class=\"img-responsive wp-post-image\" alt=\"\" srcset=\"https:\/\/prosteit.pl\/wp-content\/uploads\/2025\/12\/outsourcing-it-warszawa.webp 1920w, https:\/\/prosteit.pl\/wp-content\/uploads\/2025\/12\/outsourcing-it-warszawa-300x164.webp 300w, https:\/\/prosteit.pl\/wp-content\/uploads\/2025\/12\/outsourcing-it-warszawa-1024x558.webp 1024w, https:\/\/prosteit.pl\/wp-content\/uploads\/2025\/12\/outsourcing-it-warszawa-768x419.webp 768w, https:\/\/prosteit.pl\/wp-content\/uploads\/2025\/12\/outsourcing-it-warszawa-1536x838.webp 1536w, https:\/\/prosteit.pl\/wp-content\/uploads\/2025\/12\/outsourcing-it-warszawa-18x10.webp 18w\" sizes=\"(max-width: 1920px) 100vw, 1920px\" \/>                                            <\/div>\n                                                                                <div class=\"blog-content-wrapper\">\n                                            <div class=\"blog-content\">\n                                                <div class=\"blog-date\"><span class=\"posted-on\"><a href=\"https:\/\/prosteit.pl\/en\/outsourcing-it-warsaw-is-it-worth-it\/\" rel=\"bookmark\"><time class=\"entry-date published updated\" datetime=\"2025-12-16T18:06:29+01:00\">2025-12-16<\/time><\/a><\/span><\/div>\n                                                <div class=\"blog-item\">\n                                                    <ul class=\"post-grid-meta\">\n                                                        <li class=\"blog-author\"><i class=\"icon far fa-user\"><\/i> Kamil Wozniak<\/li>\t\n                                                        <li class=\"item-comment\"><i class=\"far fa-comment\"><\/i><span class=\"comment-number\">Comments<\/span> 0<\/li>\n                                                    <\/ul>\n                                                    <h5 class=\"blog-title\">\n                                                    <a href=\"https:\/\/prosteit.pl\/en\/outsourcing-it-warsaw-is-it-worth-it\/\">IT Outsourcing Warsaw \u2013 is it worth it and when does it really pay off?<\/a>\n                                                    <\/h5>\n                                                    <p class=\"blog-des\">  Every company sooner or later reaches this point. Something stops working, systems take on a life of their own, and IT instead\u2026<\/p>\n                                                    <a class=\"blog-btn\" href=\"https:\/\/prosteit.pl\/en\/outsourcing-it-warsaw-is-it-worth-it\/\"> Read more!<\/a>\n                                                <\/div>\n                                            <\/div>\n                                        <\/div>\n                                    <\/div>\n                                <\/div>\n                                                            <div class=\"item col-lg-4\">\n                                    <div class=\"blog-items\">\n                                                                                    <div class=\"blog-image\">\n                                                <img loading=\"lazy\" decoding=\"async\" width=\"1920\" height=\"1047\" src=\"https:\/\/prosteit.pl\/wp-content\/uploads\/2025\/12\/pomoc-zdalna-it-dla-firm-ozarow-mazowiecki.webp\" class=\"img-responsive wp-post-image\" alt=\"Remote IT assistance for companies, IT support Warsaw\" srcset=\"https:\/\/prosteit.pl\/wp-content\/uploads\/2025\/12\/pomoc-zdalna-it-dla-firm-ozarow-mazowiecki.webp 1920w, https:\/\/prosteit.pl\/wp-content\/uploads\/2025\/12\/pomoc-zdalna-it-dla-firm-ozarow-mazowiecki-300x164.webp 300w, https:\/\/prosteit.pl\/wp-content\/uploads\/2025\/12\/pomoc-zdalna-it-dla-firm-ozarow-mazowiecki-1024x558.webp 1024w, https:\/\/prosteit.pl\/wp-content\/uploads\/2025\/12\/pomoc-zdalna-it-dla-firm-ozarow-mazowiecki-768x419.webp 768w, https:\/\/prosteit.pl\/wp-content\/uploads\/2025\/12\/pomoc-zdalna-it-dla-firm-ozarow-mazowiecki-1536x838.webp 1536w, https:\/\/prosteit.pl\/wp-content\/uploads\/2025\/12\/pomoc-zdalna-it-dla-firm-ozarow-mazowiecki-18x10.webp 18w\" sizes=\"(max-width: 1920px) 100vw, 1920px\" \/>                                            <\/div>\n                                                                                <div class=\"blog-content-wrapper\">\n                                            <div class=\"blog-content\">\n                                                <div class=\"blog-date\"><span class=\"posted-on\"><a href=\"https:\/\/prosteit.pl\/en\/secure-remote-it-assistance\/\" rel=\"bookmark\"><time class=\"entry-date published updated\" datetime=\"2025-12-11T18:33:32+01:00\">2025-12-11<\/time><\/a><\/span><\/div>\n                                                <div class=\"blog-item\">\n                                                    <ul class=\"post-grid-meta\">\n                                                        <li class=\"blog-author\"><i class=\"icon far fa-user\"><\/i> Kamil Wozniak<\/li>\t\n                                                        <li class=\"item-comment\"><i class=\"far fa-comment\"><\/i><span class=\"comment-number\">Comments<\/span> 0<\/li>\n                                                    <\/ul>\n                                                    <h5 class=\"blog-title\">\n                                                    <a href=\"https:\/\/prosteit.pl\/en\/secure-remote-it-assistance\/\">Secure remote IT support \u2013 how to avoid being fooled and protect yourself\u2026<\/a>\n                                                    <\/h5>\n                                                    <p class=\"blog-des\">  Imagine that in the middle of the workday, a key program stops working, the server stops working, and employees start asking when it will be back\u2026<\/p>\n                                                    <a class=\"blog-btn\" href=\"https:\/\/prosteit.pl\/en\/secure-remote-it-assistance\/\"> Read more!<\/a>\n                                                <\/div>\n                                            <\/div>\n                                        <\/div>\n                                    <\/div>\n                                <\/div>\n                                                            <div class=\"item col-lg-4\">\n                                    <div class=\"blog-items\">\n                                                                                    <div class=\"blog-image\">\n                                                <img loading=\"lazy\" decoding=\"async\" width=\"1920\" height=\"1025\" src=\"https:\/\/prosteit.pl\/wp-content\/uploads\/2025\/12\/obsluga-informatyczna-firm-prosteit-warszawa.webp\" class=\"img-responsive wp-post-image\" alt=\"IT services for companies in Warsaw and the surrounding area, IT services for companies, IT support, IT services, IT care, IT assistance\" srcset=\"https:\/\/prosteit.pl\/wp-content\/uploads\/2025\/12\/obsluga-informatyczna-firm-prosteit-warszawa.webp 1920w, https:\/\/prosteit.pl\/wp-content\/uploads\/2025\/12\/obsluga-informatyczna-firm-prosteit-warszawa-300x160.webp 300w, https:\/\/prosteit.pl\/wp-content\/uploads\/2025\/12\/obsluga-informatyczna-firm-prosteit-warszawa-1024x547.webp 1024w, https:\/\/prosteit.pl\/wp-content\/uploads\/2025\/12\/obsluga-informatyczna-firm-prosteit-warszawa-768x410.webp 768w, https:\/\/prosteit.pl\/wp-content\/uploads\/2025\/12\/obsluga-informatyczna-firm-prosteit-warszawa-1536x820.webp 1536w, https:\/\/prosteit.pl\/wp-content\/uploads\/2025\/12\/obsluga-informatyczna-firm-prosteit-warszawa-18x10.webp 18w\" sizes=\"(max-width: 1920px) 100vw, 1920px\" \/>                                            <\/div>\n                                                                                <div class=\"blog-content-wrapper\">\n                                            <div class=\"blog-content\">\n                                                <div class=\"blog-date\"><span class=\"posted-on\"><a href=\"https:\/\/prosteit.pl\/en\/it-services-for-companies-in-warsaw\/\" rel=\"bookmark\"><time class=\"entry-date published updated\" datetime=\"2025-12-10T11:45:59+01:00\">2025-12-10<\/time><\/a><\/span><\/div>\n                                                <div class=\"blog-item\">\n                                                    <ul class=\"post-grid-meta\">\n                                                        <li class=\"blog-author\"><i class=\"icon far fa-user\"><\/i> Kamil Wozniak<\/li>\t\n                                                        <li class=\"item-comment\"><i class=\"far fa-comment\"><\/i><span class=\"comment-number\">Comments<\/span> 0<\/li>\n                                                    <\/ul>\n                                                    <h5 class=\"blog-title\">\n                                                    <a href=\"https:\/\/prosteit.pl\/en\/it-services-for-companies-in-warsaw\/\">IT services for companies \u2013 cooperation models, scope of operations and real IT support<\/a>\n                                                    <\/h5>\n                                                    <p class=\"blog-des\">  Does your company feel like IT issues keep coming back like a boomerang, precisely when you have the least time for them? Growing\u2026<\/p>\n                                                    <a class=\"blog-btn\" href=\"https:\/\/prosteit.pl\/en\/it-services-for-companies-in-warsaw\/\"> Read more!<\/a>\n                                                <\/div>\n                                            <\/div>\n                                        <\/div>\n                                    <\/div>\n                                <\/div>\n                                                            <div class=\"item col-lg-4\">\n                                    <div class=\"blog-items\">\n                                                                                    <div class=\"blog-image\">\n                                                <img loading=\"lazy\" decoding=\"async\" width=\"1920\" height=\"1346\" src=\"https:\/\/prosteit.pl\/wp-content\/uploads\/2025\/12\/fortigate-wdrozenie-ozarow-mazowiecki.webp\" class=\"img-responsive wp-post-image\" alt=\"Fortigate implementation O\u017car\u00f3w Mazowiecki, Warsaw\" srcset=\"https:\/\/prosteit.pl\/wp-content\/uploads\/2025\/12\/fortigate-wdrozenie-ozarow-mazowiecki.webp 1920w, https:\/\/prosteit.pl\/wp-content\/uploads\/2025\/12\/fortigate-wdrozenie-ozarow-mazowiecki-300x210.webp 300w, https:\/\/prosteit.pl\/wp-content\/uploads\/2025\/12\/fortigate-wdrozenie-ozarow-mazowiecki-1024x718.webp 1024w, https:\/\/prosteit.pl\/wp-content\/uploads\/2025\/12\/fortigate-wdrozenie-ozarow-mazowiecki-768x538.webp 768w, https:\/\/prosteit.pl\/wp-content\/uploads\/2025\/12\/fortigate-wdrozenie-ozarow-mazowiecki-1536x1077.webp 1536w, https:\/\/prosteit.pl\/wp-content\/uploads\/2025\/12\/fortigate-wdrozenie-ozarow-mazowiecki-18x12.webp 18w\" sizes=\"(max-width: 1920px) 100vw, 1920px\" \/>                                            <\/div>\n                                                                                <div class=\"blog-content-wrapper\">\n                                            <div class=\"blog-content\">\n                                                <div class=\"blog-date\"><span class=\"posted-on\"><a href=\"https:\/\/prosteit.pl\/en\/fortigate-business-firewall\/\" rel=\"bookmark\"><time class=\"entry-date published updated\" datetime=\"2025-12-04T18:58:06+01:00\">2025-12-04<\/time><\/a><\/span><\/div>\n                                                <div class=\"blog-item\">\n                                                    <ul class=\"post-grid-meta\">\n                                                        <li class=\"blog-author\"><i class=\"icon far fa-user\"><\/i> Kamil Wozniak<\/li>\t\n                                                        <li class=\"item-comment\"><i class=\"far fa-comment\"><\/i><span class=\"comment-number\">Comments<\/span> 0<\/li>\n                                                    <\/ul>\n                                                    <h5 class=\"blog-title\">\n                                                    <a href=\"https:\/\/prosteit.pl\/en\/fortigate-business-firewall\/\">Fortigate in the Enterprise: How a Modern Firewall Really Works and When to...<\/a>\n                                                    <\/h5>\n                                                    <p class=\"blog-des\">  More and more companies are discovering that simply changing the password or getting a basic router from the operator is not enough to truly protect data and\u2026<\/p>\n                                                    <a class=\"blog-btn\" href=\"https:\/\/prosteit.pl\/en\/fortigate-business-firewall\/\"> Read more!<\/a>\n                                                <\/div>\n                                            <\/div>\n                                        <\/div>\n                                    <\/div>\n                                <\/div>\n                                                            <div class=\"item col-lg-4\">\n                                    <div class=\"blog-items\">\n                                                                                    <div class=\"blog-image\">\n                                                <img loading=\"lazy\" decoding=\"async\" width=\"1920\" height=\"1072\" src=\"https:\/\/prosteit.pl\/wp-content\/uploads\/2025\/12\/qnap-dla-firm-doradztwo-opieka-it.webp\" class=\"img-responsive wp-post-image\" alt=\"QNAP for companies, IT consulting, IT support, IT services for companies Warsaw, IT service Warsaw\" srcset=\"https:\/\/prosteit.pl\/wp-content\/uploads\/2025\/12\/qnap-dla-firm-doradztwo-opieka-it.webp 1920w, https:\/\/prosteit.pl\/wp-content\/uploads\/2025\/12\/qnap-dla-firm-doradztwo-opieka-it-300x168.webp 300w, https:\/\/prosteit.pl\/wp-content\/uploads\/2025\/12\/qnap-dla-firm-doradztwo-opieka-it-1024x572.webp 1024w, https:\/\/prosteit.pl\/wp-content\/uploads\/2025\/12\/qnap-dla-firm-doradztwo-opieka-it-768x429.webp 768w, https:\/\/prosteit.pl\/wp-content\/uploads\/2025\/12\/qnap-dla-firm-doradztwo-opieka-it-1536x858.webp 1536w, https:\/\/prosteit.pl\/wp-content\/uploads\/2025\/12\/qnap-dla-firm-doradztwo-opieka-it-18x10.webp 18w\" sizes=\"(max-width: 1920px) 100vw, 1920px\" \/>                                            <\/div>\n                                                                                <div class=\"blog-content-wrapper\">\n                                            <div class=\"blog-content\">\n                                                <div class=\"blog-date\"><span class=\"posted-on\"><a href=\"https:\/\/prosteit.pl\/en\/qnap-for-businesses\/\" rel=\"bookmark\"><time class=\"entry-date published updated\" datetime=\"2025-12-02T16:45:27+01:00\">2025-12-02<\/time><\/a><\/span><\/div>\n                                                <div class=\"blog-item\">\n                                                    <ul class=\"post-grid-meta\">\n                                                        <li class=\"blog-author\"><i class=\"icon far fa-user\"><\/i> Kamil Wozniak<\/li>\t\n                                                        <li class=\"item-comment\"><i class=\"far fa-comment\"><\/i><span class=\"comment-number\">Comments<\/span> 0<\/li>\n                                                    <\/ul>\n                                                    <h5 class=\"blog-title\">\n                                                    <a href=\"https:\/\/prosteit.pl\/en\/qnap-for-businesses\/\">QNAP for Businesses \u2013 Is It Worth It? A Practical Guide for Small and Medium-Sized\u2026<\/a>\n                                                    <\/h5>\n                                                    <p class=\"blog-des\">  In most companies, a crisis moment comes suddenly: someone accidentally deletes an important folder, a laptop with a sales presentation lands on the floor, and\u2026<\/p>\n                                                    <a class=\"blog-btn\" href=\"https:\/\/prosteit.pl\/en\/qnap-for-businesses\/\"> Read more!<\/a>\n                                                <\/div>\n                                            <\/div>\n                                        <\/div>\n                                    <\/div>\n                                <\/div>\n                                                            <div class=\"item col-lg-4\">\n                                    <div class=\"blog-items\">\n                                                                                    <div class=\"blog-image\">\n                                                <img loading=\"lazy\" decoding=\"async\" width=\"1536\" height=\"1024\" src=\"https:\/\/prosteit.pl\/wp-content\/uploads\/2025\/11\/siec-ethernet-obsluga-informatyczna-firm-warszawa.webp\" class=\"img-responsive wp-post-image\" alt=\"\" srcset=\"https:\/\/prosteit.pl\/wp-content\/uploads\/2025\/11\/siec-ethernet-obsluga-informatyczna-firm-warszawa.webp 1536w, https:\/\/prosteit.pl\/wp-content\/uploads\/2025\/11\/siec-ethernet-obsluga-informatyczna-firm-warszawa-300x200.webp 300w, https:\/\/prosteit.pl\/wp-content\/uploads\/2025\/11\/siec-ethernet-obsluga-informatyczna-firm-warszawa-1024x683.webp 1024w, https:\/\/prosteit.pl\/wp-content\/uploads\/2025\/11\/siec-ethernet-obsluga-informatyczna-firm-warszawa-768x512.webp 768w, https:\/\/prosteit.pl\/wp-content\/uploads\/2025\/11\/siec-ethernet-obsluga-informatyczna-firm-warszawa-18x12.webp 18w\" sizes=\"(max-width: 1536px) 100vw, 1536px\" \/>                                            <\/div>\n                                                                                <div class=\"blog-content-wrapper\">\n                                            <div class=\"blog-content\">\n                                                <div class=\"blog-date\"><span class=\"posted-on\"><a href=\"https:\/\/prosteit.pl\/en\/ethernet-network-in-the-company-bandwidth\/\" rel=\"bookmark\"><time class=\"entry-date published updated\" datetime=\"2025-11-27T16:41:27+01:00\">2025-11-27<\/time><\/a><\/span><\/div>\n                                                <div class=\"blog-item\">\n                                                    <ul class=\"post-grid-meta\">\n                                                        <li class=\"blog-author\"><i class=\"icon far fa-user\"><\/i> Kamil Wozniak<\/li>\t\n                                                        <li class=\"item-comment\"><i class=\"far fa-comment\"><\/i><span class=\"comment-number\">Comments<\/span> 0<\/li>\n                                                    <\/ul>\n                                                    <h5 class=\"blog-title\">\n                                                    <a href=\"https:\/\/prosteit.pl\/en\/ethernet-network-in-the-company-bandwidth\/\">Ethernet network in the company \u2013 what bandwidth should you choose to avoid overpaying?<\/a>\n                                                    <\/h5>\n                                                    <p class=\"blog-des\">  A well-designed Ethernet network is one of those elements of a company&#039;s infrastructure that simply has to work - stably, quickly and...<\/p>\n                                                    <a class=\"blog-btn\" href=\"https:\/\/prosteit.pl\/en\/ethernet-network-in-the-company-bandwidth\/\"> Read more!<\/a>\n                                                <\/div>\n                                            <\/div>\n                                        <\/div>\n                                    <\/div>\n                                <\/div>\n                                                            <div class=\"item col-lg-4\">\n                                    <div class=\"blog-items\">\n                                                                                    <div class=\"blog-image\">\n                                                <img loading=\"lazy\" decoding=\"async\" width=\"1344\" height=\"768\" src=\"https:\/\/prosteit.pl\/wp-content\/uploads\/2025\/11\/standard-wifi-w-firmie-wdrozenie.webp\" class=\"img-responsive wp-post-image\" alt=\"Wi-Fi standard in the company, how to choose a Wi-Fi network for the company\" srcset=\"https:\/\/prosteit.pl\/wp-content\/uploads\/2025\/11\/standard-wifi-w-firmie-wdrozenie.webp 1344w, https:\/\/prosteit.pl\/wp-content\/uploads\/2025\/11\/standard-wifi-w-firmie-wdrozenie-300x171.webp 300w, https:\/\/prosteit.pl\/wp-content\/uploads\/2025\/11\/standard-wifi-w-firmie-wdrozenie-1024x585.webp 1024w, https:\/\/prosteit.pl\/wp-content\/uploads\/2025\/11\/standard-wifi-w-firmie-wdrozenie-768x439.webp 768w, https:\/\/prosteit.pl\/wp-content\/uploads\/2025\/11\/standard-wifi-w-firmie-wdrozenie-18x10.webp 18w\" sizes=\"(max-width: 1344px) 100vw, 1344px\" \/>                                            <\/div>\n                                                                                <div class=\"blog-content-wrapper\">\n                                            <div class=\"blog-content\">\n                                                <div class=\"blog-date\"><span class=\"posted-on\"><a href=\"https:\/\/prosteit.pl\/en\/wi-fi-standard-at-the-wybor-company\/\" rel=\"bookmark\"><time class=\"entry-date published updated\" datetime=\"2025-11-25T14:40:22+01:00\">2025-11-25<\/time><\/a><\/span><\/div>\n                                                <div class=\"blog-item\">\n                                                    <ul class=\"post-grid-meta\">\n                                                        <li class=\"blog-author\"><i class=\"icon far fa-user\"><\/i> Kamil Wozniak<\/li>\t\n                                                        <li class=\"item-comment\"><i class=\"far fa-comment\"><\/i><span class=\"comment-number\">Comments<\/span> 0<\/li>\n                                                    <\/ul>\n                                                    <h5 class=\"blog-title\">\n                                                    <a href=\"https:\/\/prosteit.pl\/en\/wi-fi-standard-at-the-wybor-company\/\">Which Wi-Fi standard should you choose for your business? Wi-Fi 5-7 (6, 6E), Wi-Fi 8<\/a>\n                                                    <\/h5>\n                                                    <p class=\"blog-des\">  Imagine a typical morning at work. The team starts the day with a Teams meeting, but the screen keeps freezing. The salesperson\u2026<\/p>\n                                                    <a class=\"blog-btn\" href=\"https:\/\/prosteit.pl\/en\/wi-fi-standard-at-the-wybor-company\/\"> Read more!<\/a>\n                                                <\/div>\n                                            <\/div>\n                                        <\/div>\n                                    <\/div>\n                                <\/div>\n                                                            <div class=\"item col-lg-4\">\n                                    <div class=\"blog-items\">\n                                                                                    <div class=\"blog-image\">\n                                                <img loading=\"lazy\" decoding=\"async\" width=\"1536\" height=\"1024\" src=\"https:\/\/prosteit.pl\/wp-content\/uploads\/2025\/11\/subiekt-gt-futuristic-photos.webp\" class=\"img-responsive wp-post-image\" alt=\"\" srcset=\"https:\/\/prosteit.pl\/wp-content\/uploads\/2025\/11\/subiekt-gt-futuristic-photos.webp 1536w, https:\/\/prosteit.pl\/wp-content\/uploads\/2025\/11\/subiekt-gt-futuristic-photos-300x200.webp 300w, https:\/\/prosteit.pl\/wp-content\/uploads\/2025\/11\/subiekt-gt-futuristic-photos-1024x683.webp 1024w, https:\/\/prosteit.pl\/wp-content\/uploads\/2025\/11\/subiekt-gt-futuristic-photos-768x512.webp 768w, https:\/\/prosteit.pl\/wp-content\/uploads\/2025\/11\/subiekt-gt-futuristic-photos-18x12.webp 18w\" sizes=\"(max-width: 1536px) 100vw, 1536px\" \/>                                            <\/div>\n                                                                                <div class=\"blog-content-wrapper\">\n                                            <div class=\"blog-content\">\n                                                <div class=\"blog-date\"><span class=\"posted-on\"><a href=\"https:\/\/prosteit.pl\/en\/gt-subiekt-for-companies\/\" rel=\"bookmark\"><time class=\"entry-date published updated\" datetime=\"2025-11-20T18:25:47+01:00\">2025-11-20<\/time><\/a><\/span><\/div>\n                                                <div class=\"blog-item\">\n                                                    <ul class=\"post-grid-meta\">\n                                                        <li class=\"blog-author\"><i class=\"icon far fa-user\"><\/i> Kamil Wozniak<\/li>\t\n                                                        <li class=\"item-comment\"><i class=\"far fa-comment\"><\/i><span class=\"comment-number\">Comments<\/span> 0<\/li>\n                                                    <\/ul>\n                                                    <h5 class=\"blog-title\">\n                                                    <a href=\"https:\/\/prosteit.pl\/en\/gt-subiekt-for-companies\/\">Subiekt GT in practice \u2013 is it the best sales and warehouse system\u2026<\/a>\n                                                    <\/h5>\n                                                    <p class=\"blog-des\">  Running a sales and warehouse without a solid system can turn every morning into a mini operational crisis. One day, there&#039;s a shortage of goods, yet\u2026<\/p>\n                                                    <a class=\"blog-btn\" href=\"https:\/\/prosteit.pl\/en\/gt-subiekt-for-companies\/\"> Read more!<\/a>\n                                                <\/div>\n                                            <\/div>\n                                        <\/div>\n                                    <\/div>\n                                <\/div>\n                                                            <div class=\"item col-lg-4\">\n                                    <div class=\"blog-items\">\n                                                                                    <div class=\"blog-image\">\n                                                <img loading=\"lazy\" decoding=\"async\" width=\"1536\" height=\"1024\" src=\"https:\/\/prosteit.pl\/wp-content\/uploads\/2025\/11\/partnerzy-zwcad-prosteit.webp\" class=\"img-responsive wp-post-image\" alt=\"ZWCAD Partners\" srcset=\"https:\/\/prosteit.pl\/wp-content\/uploads\/2025\/11\/partnerzy-zwcad-prosteit.webp 1536w, https:\/\/prosteit.pl\/wp-content\/uploads\/2025\/11\/partnerzy-zwcad-prosteit-300x200.webp 300w, https:\/\/prosteit.pl\/wp-content\/uploads\/2025\/11\/partnerzy-zwcad-prosteit-1024x683.webp 1024w, https:\/\/prosteit.pl\/wp-content\/uploads\/2025\/11\/partnerzy-zwcad-prosteit-768x512.webp 768w, https:\/\/prosteit.pl\/wp-content\/uploads\/2025\/11\/partnerzy-zwcad-prosteit-18x12.webp 18w\" sizes=\"(max-width: 1536px) 100vw, 1536px\" \/>                                            <\/div>\n                                                                                <div class=\"blog-content-wrapper\">\n                                            <div class=\"blog-content\">\n                                                <div class=\"blog-date\"><span class=\"posted-on\"><a href=\"https:\/\/prosteit.pl\/en\/what-is-this\/\" rel=\"bookmark\"><time class=\"entry-date published updated\" datetime=\"2025-11-18T09:00:00+01:00\">2025-11-18<\/time><\/a><\/span><\/div>\n                                                <div class=\"blog-item\">\n                                                    <ul class=\"post-grid-meta\">\n                                                        <li class=\"blog-author\"><i class=\"icon far fa-user\"><\/i> Kamil Wozniak<\/li>\t\n                                                        <li class=\"item-comment\"><i class=\"far fa-comment\"><\/i><span class=\"comment-number\">Comments<\/span> 0<\/li>\n                                                    <\/ul>\n                                                    <h5 class=\"blog-title\">\n                                                    <a href=\"https:\/\/prosteit.pl\/en\/what-is-this\/\">ZWCAD \u2013 What is it, how does it work, and who is it for? A guide for\u2026<\/a>\n                                                    <\/h5>\n                                                    <p class=\"blog-des\">  In many design, construction, and installation companies, CAD work is a daily occurrence. Drawings, revisions, schematics, and documentation\u2014everything must\u2026<\/p>\n                                                    <a class=\"blog-btn\" href=\"https:\/\/prosteit.pl\/en\/what-is-this\/\"> Read more!<\/a>\n                                                <\/div>\n                                            <\/div>\n                                        <\/div>\n                                    <\/div>\n                                <\/div>\n                                                            <div class=\"item col-lg-4\">\n                                    <div class=\"blog-items\">\n                                                                                    <div class=\"blog-image\">\n                                                <img loading=\"lazy\" decoding=\"async\" width=\"1902\" height=\"1268\" src=\"https:\/\/prosteit.pl\/wp-content\/uploads\/2025\/11\/serwer-plikow-co-to-jest-konfiguracja-dla-firm.webp\" class=\"img-responsive wp-post-image\" alt=\"What is a file server? Configuration for companies. IT services for accounting firms.\" srcset=\"https:\/\/prosteit.pl\/wp-content\/uploads\/2025\/11\/serwer-plikow-co-to-jest-konfiguracja-dla-firm.webp 1902w, https:\/\/prosteit.pl\/wp-content\/uploads\/2025\/11\/serwer-plikow-co-to-jest-konfiguracja-dla-firm-300x200.webp 300w, https:\/\/prosteit.pl\/wp-content\/uploads\/2025\/11\/serwer-plikow-co-to-jest-konfiguracja-dla-firm-1024x683.webp 1024w, https:\/\/prosteit.pl\/wp-content\/uploads\/2025\/11\/serwer-plikow-co-to-jest-konfiguracja-dla-firm-768x512.webp 768w, https:\/\/prosteit.pl\/wp-content\/uploads\/2025\/11\/serwer-plikow-co-to-jest-konfiguracja-dla-firm-1536x1024.webp 1536w, https:\/\/prosteit.pl\/wp-content\/uploads\/2025\/11\/serwer-plikow-co-to-jest-konfiguracja-dla-firm-18x12.webp 18w\" sizes=\"(max-width: 1902px) 100vw, 1902px\" \/>                                            <\/div>\n                                                                                <div class=\"blog-content-wrapper\">\n                                            <div class=\"blog-content\">\n                                                <div class=\"blog-date\"><span class=\"posted-on\"><a href=\"https:\/\/prosteit.pl\/en\/what-is-a-file-server\/\" rel=\"bookmark\"><time class=\"entry-date published updated\" datetime=\"2025-11-13T13:46:07+01:00\">2025-11-13<\/time><\/a><\/span><\/div>\n                                                <div class=\"blog-item\">\n                                                    <ul class=\"post-grid-meta\">\n                                                        <li class=\"blog-author\"><i class=\"icon far fa-user\"><\/i> Kamil Wozniak<\/li>\t\n                                                        <li class=\"item-comment\"><i class=\"far fa-comment\"><\/i><span class=\"comment-number\">Comments<\/span> 0<\/li>\n                                                    <\/ul>\n                                                    <h5 class=\"blog-title\">\n                                                    <a href=\"https:\/\/prosteit.pl\/en\/what-is-a-file-server\/\">What is a File Server? A Simple Explanation for Business Owners<\/a>\n                                                    <\/h5>\n                                                    <p class=\"blog-des\">  Do files in your company take on a life of their own? Some are on the accountant&#039;s computer, others are on a desk on a flash drive, and\u2026<\/p>\n                                                    <a class=\"blog-btn\" href=\"https:\/\/prosteit.pl\/en\/what-is-a-file-server\/\"> Read more!<\/a>\n                                                <\/div>\n                                            <\/div>\n                                        <\/div>\n                                    <\/div>\n                                <\/div>\n                                                            <div class=\"item col-lg-4\">\n                                    <div class=\"blog-items\">\n                                                                                    <div class=\"blog-image\">\n                                                <img loading=\"lazy\" decoding=\"async\" width=\"1536\" height=\"1024\" src=\"https:\/\/prosteit.pl\/wp-content\/uploads\/2025\/11\/enova365-futuristic-photo.webp\" class=\"img-responsive wp-post-image\" alt=\"enova365 - what is it, how to use it, and how to use it. IT support for companies in B\u0142onie.\" srcset=\"https:\/\/prosteit.pl\/wp-content\/uploads\/2025\/11\/enova365-futuristic-photo.webp 1536w, https:\/\/prosteit.pl\/wp-content\/uploads\/2025\/11\/enova365-futuristic-photo-300x200.webp 300w, https:\/\/prosteit.pl\/wp-content\/uploads\/2025\/11\/enova365-futuristic-photo-1024x683.webp 1024w, https:\/\/prosteit.pl\/wp-content\/uploads\/2025\/11\/enova365-futuristic-photo-768x512.webp 768w, https:\/\/prosteit.pl\/wp-content\/uploads\/2025\/11\/enova365-futuristic-photo-18x12.webp 18w\" sizes=\"(max-width: 1536px) 100vw, 1536px\" \/>                                            <\/div>\n                                                                                <div class=\"blog-content-wrapper\">\n                                            <div class=\"blog-content\">\n                                                <div class=\"blog-date\"><span class=\"posted-on\"><a href=\"https:\/\/prosteit.pl\/en\/enova365-stability-security-updates\/\" rel=\"bookmark\"><time class=\"entry-date published updated\" datetime=\"2025-11-11T09:00:00+01:00\">2025-11-11<\/time><\/a><\/span><\/div>\n                                                <div class=\"blog-item\">\n                                                    <ul class=\"post-grid-meta\">\n                                                        <li class=\"blog-author\"><i class=\"icon far fa-user\"><\/i> Kamil Wozniak<\/li>\t\n                                                        <li class=\"item-comment\"><i class=\"far fa-comment\"><\/i><span class=\"comment-number\">Comments<\/span> 0<\/li>\n                                                    <\/ul>\n                                                    <h5 class=\"blog-title\">\n                                                    <a href=\"https:\/\/prosteit.pl\/en\/enova365-stability-security-updates\/\">enova365 in practice \u2013 how to ensure the stability, security and up-to-dateness of the system\u2026<\/a>\n                                                    <\/h5>\n                                                    <p class=\"blog-des\">  When an ERP system goes down, a company literally grinds to a halt. Invoices can&#039;t be issued, payroll can&#039;t be calculated, and customers start calling faster than...<\/p>\n                                                    <a class=\"blog-btn\" href=\"https:\/\/prosteit.pl\/en\/enova365-stability-security-updates\/\"> Read more!<\/a>\n                                                <\/div>\n                                            <\/div>\n                                        <\/div>\n                                    <\/div>\n                                <\/div>\n                                                            <div class=\"item col-lg-4\">\n                                    <div class=\"blog-items\">\n                                                                                    <div class=\"blog-image\">\n                                                <img loading=\"lazy\" decoding=\"async\" width=\"1536\" height=\"1024\" src=\"https:\/\/prosteit.pl\/wp-content\/uploads\/2025\/11\/oprogramowanie-ksiegowe-dla-firm-i-biur-rachunkowych.webp\" class=\"img-responsive wp-post-image\" alt=\"\" srcset=\"https:\/\/prosteit.pl\/wp-content\/uploads\/2025\/11\/oprogramowanie-ksiegowe-dla-firm-i-biur-rachunkowych.webp 1536w, https:\/\/prosteit.pl\/wp-content\/uploads\/2025\/11\/oprogramowanie-ksiegowe-dla-firm-i-biur-rachunkowych-300x200.webp 300w, https:\/\/prosteit.pl\/wp-content\/uploads\/2025\/11\/oprogramowanie-ksiegowe-dla-firm-i-biur-rachunkowych-1024x683.webp 1024w, https:\/\/prosteit.pl\/wp-content\/uploads\/2025\/11\/oprogramowanie-ksiegowe-dla-firm-i-biur-rachunkowych-768x512.webp 768w, https:\/\/prosteit.pl\/wp-content\/uploads\/2025\/11\/oprogramowanie-ksiegowe-dla-firm-i-biur-rachunkowych-18x12.webp 18w\" sizes=\"(max-width: 1536px) 100vw, 1536px\" \/>                                            <\/div>\n                                                                                <div class=\"blog-content-wrapper\">\n                                            <div class=\"blog-content\">\n                                                <div class=\"blog-date\"><span class=\"posted-on\"><a href=\"https:\/\/prosteit.pl\/en\/comarch-optima-for-companies\/\" rel=\"bookmark\"><time class=\"entry-date published updated\" datetime=\"2025-11-06T14:40:43+01:00\">2025-11-06<\/time><\/a><\/span><\/div>\n                                                <div class=\"blog-item\">\n                                                    <ul class=\"post-grid-meta\">\n                                                        <li class=\"blog-author\"><i class=\"icon far fa-user\"><\/i> Kamil Wozniak<\/li>\t\n                                                        <li class=\"item-comment\"><i class=\"far fa-comment\"><\/i><span class=\"comment-number\">Comments<\/span> 0<\/li>\n                                                    <\/ul>\n                                                    <h5 class=\"blog-title\">\n                                                    <a href=\"https:\/\/prosteit.pl\/en\/comarch-optima-for-companies\/\">Comarch Optima \u2013 What is it, Cloud, CRM, and Pricing. A Guide for\u2026<\/a>\n                                                    <\/h5>\n                                                    <p class=\"blog-des\">  When your accounting office serves dozens of clients, every day begins to resemble a game of Tetris \u2013 data, documents, and deadlines must\u2026<\/p>\n                                                    <a class=\"blog-btn\" href=\"https:\/\/prosteit.pl\/en\/comarch-optima-for-companies\/\"> Read more!<\/a>\n                                                <\/div>\n                                            <\/div>\n                                        <\/div>\n                                    <\/div>\n                                <\/div>\n                                                            <div class=\"item col-lg-4\">\n                                    <div class=\"blog-items\">\n                                                                                    <div class=\"blog-image\">\n                                                <img loading=\"lazy\" decoding=\"async\" width=\"1920\" height=\"1281\" src=\"https:\/\/prosteit.pl\/wp-content\/uploads\/2025\/11\/VPN.webp\" class=\"img-responsive wp-post-image\" alt=\"VPN for companies, IT services for companies in Warsaw\" srcset=\"https:\/\/prosteit.pl\/wp-content\/uploads\/2025\/11\/VPN.webp 1920w, https:\/\/prosteit.pl\/wp-content\/uploads\/2025\/11\/VPN-300x200.webp 300w, https:\/\/prosteit.pl\/wp-content\/uploads\/2025\/11\/VPN-1024x683.webp 1024w, https:\/\/prosteit.pl\/wp-content\/uploads\/2025\/11\/VPN-768x512.webp 768w, https:\/\/prosteit.pl\/wp-content\/uploads\/2025\/11\/VPN-1536x1025.webp 1536w, https:\/\/prosteit.pl\/wp-content\/uploads\/2025\/11\/VPN-18x12.webp 18w\" sizes=\"(max-width: 1920px) 100vw, 1920px\" \/>                                            <\/div>\n                                                                                <div class=\"blog-content-wrapper\">\n                                            <div class=\"blog-content\">\n                                                <div class=\"blog-date\"><span class=\"posted-on\"><a href=\"https:\/\/prosteit.pl\/en\/vpn-for-business-comparison-security\/\" rel=\"bookmark\"><time class=\"entry-date published updated\" datetime=\"2025-11-04T14:03:33+01:00\">2025-11-04<\/time><\/a><\/span><\/div>\n                                                <div class=\"blog-item\">\n                                                    <ul class=\"post-grid-meta\">\n                                                        <li class=\"blog-author\"><i class=\"icon far fa-user\"><\/i> Kamil Wozniak<\/li>\t\n                                                        <li class=\"item-comment\"><i class=\"far fa-comment\"><\/i><span class=\"comment-number\">Comments<\/span> 0<\/li>\n                                                    <\/ul>\n                                                    <h5 class=\"blog-title\">\n                                                    <a href=\"https:\/\/prosteit.pl\/en\/vpn-for-business-comparison-security\/\">VPN for Businesses \u2013 Comparison of Protocols and Security Solutions<\/a>\n                                                    <\/h5>\n                                                    <p class=\"blog-des\">  In recent years, VPNs for businesses have become a given\u2014almost every organization now has some kind of &quot;remote connection.&quot; The problem\u2026<\/p>\n                                                    <a class=\"blog-btn\" href=\"https:\/\/prosteit.pl\/en\/vpn-for-business-comparison-security\/\"> Read more!<\/a>\n                                                <\/div>\n                                            <\/div>\n                                        <\/div>\n                                    <\/div>\n                                <\/div>\n                                                            <div class=\"item col-lg-4\">\n                                    <div class=\"blog-items\">\n                                                                                    <div class=\"blog-image\">\n                                                <img loading=\"lazy\" decoding=\"async\" width=\"1536\" height=\"1024\" src=\"https:\/\/prosteit.pl\/wp-content\/uploads\/2025\/10\/google-authenticator-futuristic-photo.webp\" class=\"img-responsive wp-post-image\" alt=\"\" srcset=\"https:\/\/prosteit.pl\/wp-content\/uploads\/2025\/10\/google-authenticator-futuristic-photo.webp 1536w, https:\/\/prosteit.pl\/wp-content\/uploads\/2025\/10\/google-authenticator-futuristic-photo-300x200.webp 300w, https:\/\/prosteit.pl\/wp-content\/uploads\/2025\/10\/google-authenticator-futuristic-photo-1024x683.webp 1024w, https:\/\/prosteit.pl\/wp-content\/uploads\/2025\/10\/google-authenticator-futuristic-photo-768x512.webp 768w, https:\/\/prosteit.pl\/wp-content\/uploads\/2025\/10\/google-authenticator-futuristic-photo-18x12.webp 18w\" sizes=\"(max-width: 1536px) 100vw, 1536px\" \/>                                            <\/div>\n                                                                                <div class=\"blog-content-wrapper\">\n                                            <div class=\"blog-content\">\n                                                <div class=\"blog-date\"><span class=\"posted-on\"><a href=\"https:\/\/prosteit.pl\/en\/2fa-in-microsoft-365-google-workspace\/\" rel=\"bookmark\"><time class=\"entry-date published updated\" datetime=\"2025-10-30T16:25:39+01:00\">2025-10-30<\/time><\/a><\/span><\/div>\n                                                <div class=\"blog-item\">\n                                                    <ul class=\"post-grid-meta\">\n                                                        <li class=\"blog-author\"><i class=\"icon far fa-user\"><\/i> Kamil Wozniak<\/li>\t\n                                                        <li class=\"item-comment\"><i class=\"far fa-comment\"><\/i><span class=\"comment-number\">Comments<\/span> 0<\/li>\n                                                    <\/ul>\n                                                    <h5 class=\"blog-title\">\n                                                    <a href=\"https:\/\/prosteit.pl\/en\/2fa-in-microsoft-365-google-workspace\/\">2FA in your business \u2013 how to enable two-factor login in Microsoft 365 and\u2026<\/a>\n                                                    <\/h5>\n                                                    <p class=\"blog-des\">  Password leaks, compromised email accounts, and unauthorized logins \u2013 these are not problems of \u201clarge corporations,\u201d but an everyday occurrence in small and\u2026<\/p>\n                                                    <a class=\"blog-btn\" href=\"https:\/\/prosteit.pl\/en\/2fa-in-microsoft-365-google-workspace\/\"> Read more!<\/a>\n                                                <\/div>\n                                            <\/div>\n                                        <\/div>\n                                    <\/div>\n                                <\/div>\n                                                            <div class=\"item col-lg-4\">\n                                    <div class=\"blog-items\">\n                                                                                    <div class=\"blog-image\">\n                                                <img loading=\"lazy\" decoding=\"async\" width=\"1536\" height=\"1024\" src=\"https:\/\/prosteit.pl\/wp-content\/uploads\/2025\/10\/serwer-dell-czy-hp-porada-it.webp\" class=\"img-responsive wp-post-image\" alt=\"New or post-lease server - IT services for companies\" srcset=\"https:\/\/prosteit.pl\/wp-content\/uploads\/2025\/10\/serwer-dell-czy-hp-porada-it.webp 1536w, https:\/\/prosteit.pl\/wp-content\/uploads\/2025\/10\/serwer-dell-czy-hp-porada-it-300x200.webp 300w, https:\/\/prosteit.pl\/wp-content\/uploads\/2025\/10\/serwer-dell-czy-hp-porada-it-1024x683.webp 1024w, https:\/\/prosteit.pl\/wp-content\/uploads\/2025\/10\/serwer-dell-czy-hp-porada-it-768x512.webp 768w, https:\/\/prosteit.pl\/wp-content\/uploads\/2025\/10\/serwer-dell-czy-hp-porada-it-18x12.webp 18w\" sizes=\"(max-width: 1536px) 100vw, 1536px\" \/>                                            <\/div>\n                                                                                <div class=\"blog-content-wrapper\">\n                                            <div class=\"blog-content\">\n                                                <div class=\"blog-date\"><span class=\"posted-on\"><a href=\"https:\/\/prosteit.pl\/en\/new-or-post-lease-server\/\" rel=\"bookmark\"><time class=\"entry-date published updated\" datetime=\"2025-10-28T15:14:35+01:00\">2025-10-28<\/time><\/a><\/span><\/div>\n                                                <div class=\"blog-item\">\n                                                    <ul class=\"post-grid-meta\">\n                                                        <li class=\"blog-author\"><i class=\"icon far fa-user\"><\/i> Kamil Wozniak<\/li>\t\n                                                        <li class=\"item-comment\"><i class=\"far fa-comment\"><\/i><span class=\"comment-number\">Comments<\/span> 0<\/li>\n                                                    <\/ul>\n                                                    <h5 class=\"blog-title\">\n                                                    <a href=\"https:\/\/prosteit.pl\/en\/new-or-post-lease-server\/\">New or Leased Server? Comparing Costs, Risks, and Profitability for SMEs<\/a>\n                                                    <\/h5>\n                                                    <p class=\"blog-des\">  Buying a server is where technology meets finance. On the one hand, you want your business to operate reliably,\u2026<\/p>\n                                                    <a class=\"blog-btn\" href=\"https:\/\/prosteit.pl\/en\/new-or-post-lease-server\/\"> Read more!<\/a>\n                                                <\/div>\n                                            <\/div>\n                                        <\/div>\n                                    <\/div>\n                                <\/div>\n                                                            <div class=\"item col-lg-4\">\n                                    <div class=\"blog-items\">\n                                                                                    <div class=\"blog-image\">\n                                                <img loading=\"lazy\" decoding=\"async\" width=\"1536\" height=\"1024\" src=\"https:\/\/prosteit.pl\/wp-content\/uploads\/2025\/10\/bitdefender-dla-firm-ozarow-mazowiecki-it-dla-firm.webp\" class=\"img-responsive wp-post-image\" alt=\"\" srcset=\"https:\/\/prosteit.pl\/wp-content\/uploads\/2025\/10\/bitdefender-dla-firm-ozarow-mazowiecki-it-dla-firm.webp 1536w, https:\/\/prosteit.pl\/wp-content\/uploads\/2025\/10\/bitdefender-dla-firm-ozarow-mazowiecki-it-dla-firm-300x200.webp 300w, https:\/\/prosteit.pl\/wp-content\/uploads\/2025\/10\/bitdefender-dla-firm-ozarow-mazowiecki-it-dla-firm-1024x683.webp 1024w, https:\/\/prosteit.pl\/wp-content\/uploads\/2025\/10\/bitdefender-dla-firm-ozarow-mazowiecki-it-dla-firm-768x512.webp 768w, https:\/\/prosteit.pl\/wp-content\/uploads\/2025\/10\/bitdefender-dla-firm-ozarow-mazowiecki-it-dla-firm-18x12.webp 18w\" sizes=\"(max-width: 1536px) 100vw, 1536px\" \/>                                            <\/div>\n                                                                                <div class=\"blog-content-wrapper\">\n                                            <div class=\"blog-content\">\n                                                <div class=\"blog-date\"><span class=\"posted-on\"><a href=\"https:\/\/prosteit.pl\/en\/bitdefender-for-business\/\" rel=\"bookmark\"><time class=\"entry-date published updated\" datetime=\"2025-10-23T15:31:34+02:00\">2025-10-23<\/time><\/a><\/span><\/div>\n                                                <div class=\"blog-item\">\n                                                    <ul class=\"post-grid-meta\">\n                                                        <li class=\"blog-author\"><i class=\"icon far fa-user\"><\/i> Kamil Wozniak<\/li>\t\n                                                        <li class=\"item-comment\"><i class=\"far fa-comment\"><\/i><span class=\"comment-number\">Comments<\/span> 0<\/li>\n                                                    <\/ul>\n                                                    <h5 class=\"blog-title\">\n                                                    <a href=\"https:\/\/prosteit.pl\/en\/bitdefender-for-business\/\">Bitdefender for Business: Proven Antivirus and Protection Platform (GravityZone, XDR, MDR)<\/a>\n                                                    <\/h5>\n                                                    <p class=\"blog-des\">  Did you know that over 70% of successful cyberattacks on SMEs are caused by antivirus software reacting too late? In practice, this\u2026<\/p>\n                                                    <a class=\"blog-btn\" href=\"https:\/\/prosteit.pl\/en\/bitdefender-for-business\/\"> Read more!<\/a>\n                                                <\/div>\n                                            <\/div>\n                                        <\/div>\n                                    <\/div>\n                                <\/div>\n                                                            <div class=\"item col-lg-4\">\n                                    <div class=\"blog-items\">\n                                                                                    <div class=\"blog-image\">\n                                                <img loading=\"lazy\" decoding=\"async\" width=\"1536\" height=\"1024\" src=\"https:\/\/prosteit.pl\/wp-content\/uploads\/2025\/10\/mikrotik-co-to-jest-dla-kogo-czy-warto.webp\" class=\"img-responsive wp-post-image\" alt=\"\" srcset=\"https:\/\/prosteit.pl\/wp-content\/uploads\/2025\/10\/mikrotik-co-to-jest-dla-kogo-czy-warto.webp 1536w, https:\/\/prosteit.pl\/wp-content\/uploads\/2025\/10\/mikrotik-co-to-jest-dla-kogo-czy-warto-300x200.webp 300w, https:\/\/prosteit.pl\/wp-content\/uploads\/2025\/10\/mikrotik-co-to-jest-dla-kogo-czy-warto-1024x683.webp 1024w, https:\/\/prosteit.pl\/wp-content\/uploads\/2025\/10\/mikrotik-co-to-jest-dla-kogo-czy-warto-768x512.webp 768w, https:\/\/prosteit.pl\/wp-content\/uploads\/2025\/10\/mikrotik-co-to-jest-dla-kogo-czy-warto-18x12.webp 18w\" sizes=\"(max-width: 1536px) 100vw, 1536px\" \/>                                            <\/div>\n                                                                                <div class=\"blog-content-wrapper\">\n                                            <div class=\"blog-content\">\n                                                <div class=\"blog-date\"><span class=\"posted-on\"><a href=\"https:\/\/prosteit.pl\/en\/mikrotik-routeros-for-businesses\/\" rel=\"bookmark\"><time class=\"entry-date published updated\" datetime=\"2025-10-21T15:09:42+02:00\">2025-10-21<\/time><\/a><\/span><\/div>\n                                                <div class=\"blog-item\">\n                                                    <ul class=\"post-grid-meta\">\n                                                        <li class=\"blog-author\"><i class=\"icon far fa-user\"><\/i> Kamil Wozniak<\/li>\t\n                                                        <li class=\"item-comment\"><i class=\"far fa-comment\"><\/i><span class=\"comment-number\">Comments<\/span> 0<\/li>\n                                                    <\/ul>\n                                                    <h5 class=\"blog-title\">\n                                                    <a href=\"https:\/\/prosteit.pl\/en\/mikrotik-routeros-for-businesses\/\">MikroTik \u2013 what is it, who is it for, and when is it worth it? RouterOS v7,\u2026<\/a>\n                                                    <\/h5>\n                                                    <p class=\"blog-des\">  Do you really need expensive, &quot;corporate&quot; networking equipment to keep your business running stably and securely? Many entrepreneurs are surprised to discover\u2026<\/p>\n                                                    <a class=\"blog-btn\" href=\"https:\/\/prosteit.pl\/en\/mikrotik-routeros-for-businesses\/\"> Read more!<\/a>\n                                                <\/div>\n                                            <\/div>\n                                        <\/div>\n                                    <\/div>\n                                <\/div>\n                                                            <div class=\"item col-lg-4\">\n                                    <div class=\"blog-items\">\n                                                                                    <div class=\"blog-image\">\n                                                <img loading=\"lazy\" decoding=\"async\" width=\"1536\" height=\"1024\" src=\"https:\/\/prosteit.pl\/wp-content\/uploads\/2025\/10\/czym-jest-firewall-poradnik-dla-firm.webp\" class=\"img-responsive wp-post-image\" alt=\"What is a firewall, a guide for companies\" srcset=\"https:\/\/prosteit.pl\/wp-content\/uploads\/2025\/10\/czym-jest-firewall-poradnik-dla-firm.webp 1536w, https:\/\/prosteit.pl\/wp-content\/uploads\/2025\/10\/czym-jest-firewall-poradnik-dla-firm-300x200.webp 300w, https:\/\/prosteit.pl\/wp-content\/uploads\/2025\/10\/czym-jest-firewall-poradnik-dla-firm-1024x683.webp 1024w, https:\/\/prosteit.pl\/wp-content\/uploads\/2025\/10\/czym-jest-firewall-poradnik-dla-firm-768x512.webp 768w, https:\/\/prosteit.pl\/wp-content\/uploads\/2025\/10\/czym-jest-firewall-poradnik-dla-firm-18x12.webp 18w\" sizes=\"(max-width: 1536px) 100vw, 1536px\" \/>                                            <\/div>\n                                                                                <div class=\"blog-content-wrapper\">\n                                            <div class=\"blog-content\">\n                                                <div class=\"blog-date\"><span class=\"posted-on\"><a href=\"https:\/\/prosteit.pl\/en\/what-is-a-firewall\/\" rel=\"bookmark\"><time class=\"entry-date published updated\" datetime=\"2025-10-16T15:25:19+02:00\">2025-10-16<\/time><\/a><\/span><\/div>\n                                                <div class=\"blog-item\">\n                                                    <ul class=\"post-grid-meta\">\n                                                        <li class=\"blog-author\"><i class=\"icon far fa-user\"><\/i> Kamil Wozniak<\/li>\t\n                                                        <li class=\"item-comment\"><i class=\"far fa-comment\"><\/i><span class=\"comment-number\">Comments<\/span> 0<\/li>\n                                                    <\/ul>\n                                                    <h5 class=\"blog-title\">\n                                                    <a href=\"https:\/\/prosteit.pl\/en\/what-is-a-firewall\/\">What is a Firewall? A Simple Explanation for Businesses and Home Users<\/a>\n                                                    <\/h5>\n                                                    <p class=\"blog-des\">  Imagine your computer is your office. Every day, someone knocks on its door\u2014emails, websites, applications, updates.<\/p>\n                                                    <a class=\"blog-btn\" href=\"https:\/\/prosteit.pl\/en\/what-is-a-firewall\/\"> Read more!<\/a>\n                                                <\/div>\n                                            <\/div>\n                                        <\/div>\n                                    <\/div>\n                                <\/div>\n                                                            <div class=\"item col-lg-4\">\n                                    <div class=\"blog-items\">\n                                                                                    <div class=\"blog-image\">\n                                                <img loading=\"lazy\" decoding=\"async\" width=\"1536\" height=\"1024\" src=\"https:\/\/prosteit.pl\/wp-content\/uploads\/2025\/10\/czy-microsoft-365-jest-bezpieczny-miniatura.webp\" class=\"img-responsive wp-post-image\" alt=\"Is Microsoft 365 Secure? A Guide for Businesses\" srcset=\"https:\/\/prosteit.pl\/wp-content\/uploads\/2025\/10\/czy-microsoft-365-jest-bezpieczny-miniatura.webp 1536w, https:\/\/prosteit.pl\/wp-content\/uploads\/2025\/10\/czy-microsoft-365-jest-bezpieczny-miniatura-300x200.webp 300w, https:\/\/prosteit.pl\/wp-content\/uploads\/2025\/10\/czy-microsoft-365-jest-bezpieczny-miniatura-1024x683.webp 1024w, https:\/\/prosteit.pl\/wp-content\/uploads\/2025\/10\/czy-microsoft-365-jest-bezpieczny-miniatura-768x512.webp 768w, https:\/\/prosteit.pl\/wp-content\/uploads\/2025\/10\/czy-microsoft-365-jest-bezpieczny-miniatura-18x12.webp 18w\" sizes=\"(max-width: 1536px) 100vw, 1536px\" \/>                                            <\/div>\n                                                                                <div class=\"blog-content-wrapper\">\n                                            <div class=\"blog-content\">\n                                                <div class=\"blog-date\"><span class=\"posted-on\"><a href=\"https:\/\/prosteit.pl\/en\/is-microsoft-365-safe-simple-comparison\/\" rel=\"bookmark\"><time class=\"entry-date published updated\" datetime=\"2025-10-14T17:39:23+02:00\">2025-10-14<\/time><\/a><\/span><\/div>\n                                                <div class=\"blog-item\">\n                                                    <ul class=\"post-grid-meta\">\n                                                        <li class=\"blog-author\"><i class=\"icon far fa-user\"><\/i> Kamil Wozniak<\/li>\t\n                                                        <li class=\"item-comment\"><i class=\"far fa-comment\"><\/i><span class=\"comment-number\">Comments<\/span> 0<\/li>\n                                                    <\/ul>\n                                                    <h5 class=\"blog-title\">\n                                                    <a href=\"https:\/\/prosteit.pl\/en\/is-microsoft-365-safe-simple-comparison\/\">Is Microsoft 365 secure?<\/a>\n                                                    <\/h5>\n                                                    <p class=\"blog-des\">  Everyone who uses cloud services in their company sooner or later asks themselves the same question: is my employee data\u2026<\/p>\n                                                    <a class=\"blog-btn\" href=\"https:\/\/prosteit.pl\/en\/is-microsoft-365-safe-simple-comparison\/\"> Read more!<\/a>\n                                                <\/div>\n                                            <\/div>\n                                        <\/div>\n                                    <\/div>\n                                <\/div>\n                                                            <div class=\"item col-lg-4\">\n                                    <div class=\"blog-items\">\n                                                                                    <div class=\"blog-image\">\n                                                <img loading=\"lazy\" decoding=\"async\" width=\"1200\" height=\"697\" src=\"https:\/\/prosteit.pl\/wp-content\/uploads\/2025\/10\/czym-jest-open-source-poradnik-dla-firm.webp\" class=\"img-responsive wp-post-image\" alt=\"What is open source? A guide for companies.\" srcset=\"https:\/\/prosteit.pl\/wp-content\/uploads\/2025\/10\/czym-jest-open-source-poradnik-dla-firm.webp 1200w, https:\/\/prosteit.pl\/wp-content\/uploads\/2025\/10\/czym-jest-open-source-poradnik-dla-firm-300x174.webp 300w, https:\/\/prosteit.pl\/wp-content\/uploads\/2025\/10\/czym-jest-open-source-poradnik-dla-firm-1024x595.webp 1024w, https:\/\/prosteit.pl\/wp-content\/uploads\/2025\/10\/czym-jest-open-source-poradnik-dla-firm-768x446.webp 768w, https:\/\/prosteit.pl\/wp-content\/uploads\/2025\/10\/czym-jest-open-source-poradnik-dla-firm-18x10.webp 18w\" sizes=\"(max-width: 1200px) 100vw, 1200px\" \/>                                            <\/div>\n                                                                                <div class=\"blog-content-wrapper\">\n                                            <div class=\"blog-content\">\n                                                <div class=\"blog-date\"><span class=\"posted-on\"><a href=\"https:\/\/prosteit.pl\/en\/what-is-open-source-licenses-costs-examples\/\" rel=\"bookmark\"><time class=\"entry-date published updated\" datetime=\"2025-10-09T15:42:50+02:00\">2025-10-09<\/time><\/a><\/span><\/div>\n                                                <div class=\"blog-item\">\n                                                    <ul class=\"post-grid-meta\">\n                                                        <li class=\"blog-author\"><i class=\"icon far fa-user\"><\/i> Kamil Wozniak<\/li>\t\n                                                        <li class=\"item-comment\"><i class=\"far fa-comment\"><\/i><span class=\"comment-number\">Comments<\/span> 0<\/li>\n                                                    <\/ul>\n                                                    <h5 class=\"blog-title\">\n                                                    <a href=\"https:\/\/prosteit.pl\/en\/what-is-open-source-licenses-costs-examples\/\">What is Open Source? Licensing Policies, Costs, and Practical Examples for Businesses<\/a>\n                                                    <\/h5>\n                                                    <p class=\"blog-des\">  In a world where most software is closed, licensed, and paid, open source offers an alternative based on freedom and collaboration.\u2026<\/p>\n                                                    <a class=\"blog-btn\" href=\"https:\/\/prosteit.pl\/en\/what-is-open-source-licenses-costs-examples\/\"> Read more!<\/a>\n                                                <\/div>\n                                            <\/div>\n                                        <\/div>\n                                    <\/div>\n                                <\/div>\n                                                            <div class=\"item col-lg-4\">\n                                    <div class=\"blog-items\">\n                                                                                    <div class=\"blog-image\">\n                                                <img loading=\"lazy\" decoding=\"async\" width=\"1536\" height=\"1024\" src=\"https:\/\/prosteit.pl\/wp-content\/uploads\/2025\/10\/czym-jest-npu-infografika-uslugi-informatyczne-dla-firm-warszawa.webp\" class=\"img-responsive wp-post-image\" alt=\"NPU - What is it? NPU vs. GPU vs. CPU. IT services for companies in O\u017car\u00f3w Mazowiecki.\" srcset=\"https:\/\/prosteit.pl\/wp-content\/uploads\/2025\/10\/czym-jest-npu-infografika-uslugi-informatyczne-dla-firm-warszawa.webp 1536w, https:\/\/prosteit.pl\/wp-content\/uploads\/2025\/10\/czym-jest-npu-infografika-uslugi-informatyczne-dla-firm-warszawa-300x200.webp 300w, https:\/\/prosteit.pl\/wp-content\/uploads\/2025\/10\/czym-jest-npu-infografika-uslugi-informatyczne-dla-firm-warszawa-1024x683.webp 1024w, https:\/\/prosteit.pl\/wp-content\/uploads\/2025\/10\/czym-jest-npu-infografika-uslugi-informatyczne-dla-firm-warszawa-768x512.webp 768w, https:\/\/prosteit.pl\/wp-content\/uploads\/2025\/10\/czym-jest-npu-infografika-uslugi-informatyczne-dla-firm-warszawa-18x12.webp 18w\" sizes=\"(max-width: 1536px) 100vw, 1536px\" \/>                                            <\/div>\n                                                                                <div class=\"blog-content-wrapper\">\n                                            <div class=\"blog-content\">\n                                                <div class=\"blog-date\"><span class=\"posted-on\"><a href=\"https:\/\/prosteit.pl\/en\/npu-what-is-the-difference-from-cpu-gpu-for-companies\/\" rel=\"bookmark\"><time class=\"entry-date published updated\" datetime=\"2025-10-07T13:19:34+02:00\">2025-10-07<\/time><\/a><\/span><\/div>\n                                                <div class=\"blog-item\">\n                                                    <ul class=\"post-grid-meta\">\n                                                        <li class=\"blog-author\"><i class=\"icon far fa-user\"><\/i> Kamil Wozniak<\/li>\t\n                                                        <li class=\"item-comment\"><i class=\"far fa-comment\"><\/i><span class=\"comment-number\">Comments<\/span> 0<\/li>\n                                                    <\/ul>\n                                                    <h5 class=\"blog-title\">\n                                                    <a href=\"https:\/\/prosteit.pl\/en\/npu-what-is-the-difference-from-cpu-gpu-for-companies\/\">NPU \u2013 what is it, how is it different from CPU\/GPU and\u2026<\/a>\n                                                    <\/h5>\n                                                    <p class=\"blog-des\">  Just a few years ago, when choosing a computer, it was enough to look at the processor and amount of RAM. Today, a new concept is emerging \u2013\u2026<\/p>\n                                                    <a class=\"blog-btn\" href=\"https:\/\/prosteit.pl\/en\/npu-what-is-the-difference-from-cpu-gpu-for-companies\/\"> Read more!<\/a>\n                                                <\/div>\n                                            <\/div>\n                                        <\/div>\n                                    <\/div>\n                                <\/div>\n                                                            <div class=\"item col-lg-4\">\n                                    <div class=\"blog-items\">\n                                                                                    <div class=\"blog-image\">\n                                                <img loading=\"lazy\" decoding=\"async\" width=\"2016\" height=\"1152\" src=\"https:\/\/prosteit.pl\/wp-content\/uploads\/2025\/10\/openai-ecommerce-wszelkie-prawa-zastrzezone.webp\" class=\"img-responsive wp-post-image\" alt=\"OpenAI instant checkout, ChatGPT IT news\" srcset=\"https:\/\/prosteit.pl\/wp-content\/uploads\/2025\/10\/openai-ecommerce-wszelkie-prawa-zastrzezone.webp 2016w, https:\/\/prosteit.pl\/wp-content\/uploads\/2025\/10\/openai-ecommerce-wszelkie-prawa-zastrzezone-300x171.webp 300w, https:\/\/prosteit.pl\/wp-content\/uploads\/2025\/10\/openai-ecommerce-wszelkie-prawa-zastrzezone-1024x585.webp 1024w, https:\/\/prosteit.pl\/wp-content\/uploads\/2025\/10\/openai-ecommerce-wszelkie-prawa-zastrzezone-768x439.webp 768w, https:\/\/prosteit.pl\/wp-content\/uploads\/2025\/10\/openai-ecommerce-wszelkie-prawa-zastrzezone-1536x878.webp 1536w, https:\/\/prosteit.pl\/wp-content\/uploads\/2025\/10\/openai-ecommerce-wszelkie-prawa-zastrzezone-18x10.webp 18w\" sizes=\"(max-width: 2016px) 100vw, 2016px\" \/>                                            <\/div>\n                                                                                <div class=\"blog-content-wrapper\">\n                                            <div class=\"blog-content\">\n                                                <div class=\"blog-date\"><span class=\"posted-on\"><a href=\"https:\/\/prosteit.pl\/en\/chatgpt-in-commerce-how-instant-checkout-works\/\" rel=\"bookmark\"><time class=\"entry-date published updated\" datetime=\"2025-10-02T13:04:05+02:00\">2025-10-02<\/time><\/a><\/span><\/div>\n                                                <div class=\"blog-item\">\n                                                    <ul class=\"post-grid-meta\">\n                                                        <li class=\"blog-author\"><i class=\"icon far fa-user\"><\/i> Kamil Wozniak<\/li>\t\n                                                        <li class=\"item-comment\"><i class=\"far fa-comment\"><\/i><span class=\"comment-number\">Comments<\/span> 0<\/li>\n                                                    <\/ul>\n                                                    <h5 class=\"blog-title\">\n                                                    <a href=\"https:\/\/prosteit.pl\/en\/chatgpt-in-commerce-how-instant-checkout-works\/\">ChatGPT in e-commerce: shopping without leaving the conversation<\/a>\n                                                    <\/h5>\n                                                    <p class=\"blog-des\">  Until recently, talking to a chatbot was primarily associated with customer service or quickly getting answers to simple questions. Today\u2026<\/p>\n                                                    <a class=\"blog-btn\" href=\"https:\/\/prosteit.pl\/en\/chatgpt-in-commerce-how-instant-checkout-works\/\"> Read more!<\/a>\n                                                <\/div>\n                                            <\/div>\n                                        <\/div>\n                                    <\/div>\n                                <\/div>\n                                                            <div class=\"item col-lg-4\">\n                                    <div class=\"blog-items\">\n                                                                                    <div class=\"blog-image\">\n                                                <img loading=\"lazy\" decoding=\"async\" width=\"1536\" height=\"1024\" src=\"https:\/\/prosteit.pl\/wp-content\/uploads\/2025\/09\/logo-google-drive-jungle-wszelkie-prawa-zastrzezone.webp\" class=\"img-responsive wp-post-image\" alt=\"Google Drive jungle logo, IT services for companies, implementations, networks, servers\" srcset=\"https:\/\/prosteit.pl\/wp-content\/uploads\/2025\/09\/logo-google-drive-jungle-wszelkie-prawa-zastrzezone.webp 1536w, https:\/\/prosteit.pl\/wp-content\/uploads\/2025\/09\/logo-google-drive-jungle-wszelkie-prawa-zastrzezone-300x200.webp 300w, https:\/\/prosteit.pl\/wp-content\/uploads\/2025\/09\/logo-google-drive-jungle-wszelkie-prawa-zastrzezone-1024x683.webp 1024w, https:\/\/prosteit.pl\/wp-content\/uploads\/2025\/09\/logo-google-drive-jungle-wszelkie-prawa-zastrzezone-768x512.webp 768w, https:\/\/prosteit.pl\/wp-content\/uploads\/2025\/09\/logo-google-drive-jungle-wszelkie-prawa-zastrzezone-18x12.webp 18w\" sizes=\"(max-width: 1536px) 100vw, 1536px\" \/>                                            <\/div>\n                                                                                <div class=\"blog-content-wrapper\">\n                                            <div class=\"blog-content\">\n                                                <div class=\"blog-date\"><span class=\"posted-on\"><a href=\"https:\/\/prosteit.pl\/en\/google-drive-complete-guide\/\" rel=\"bookmark\"><time class=\"entry-date published updated\" datetime=\"2025-09-30T15:03:19+02:00\">2025-09-30<\/time><\/a><\/span><\/div>\n                                                <div class=\"blog-item\">\n                                                    <ul class=\"post-grid-meta\">\n                                                        <li class=\"blog-author\"><i class=\"icon far fa-user\"><\/i> Kamil Wozniak<\/li>\t\n                                                        <li class=\"item-comment\"><i class=\"far fa-comment\"><\/i><span class=\"comment-number\">Comments<\/span> 0<\/li>\n                                                    <\/ul>\n                                                    <h5 class=\"blog-title\">\n                                                    <a href=\"https:\/\/prosteit.pl\/en\/google-drive-complete-guide\/\">Google Drive - The Complete Guide for Businesses: Features, Security, Migration<\/a>\n                                                    <\/h5>\n                                                    <p class=\"blog-des\">  Storing and sharing files is one of the foundations of work in every company today \u2013 from a small office to a large enterprise.\u2026<\/p>\n                                                    <a class=\"blog-btn\" href=\"https:\/\/prosteit.pl\/en\/google-drive-complete-guide\/\"> Read more!<\/a>\n                                                <\/div>\n                                            <\/div>\n                                        <\/div>\n                                    <\/div>\n                                <\/div>\n                                                            <div class=\"item col-lg-4\">\n                                    <div class=\"blog-items\">\n                                                                                    <div class=\"blog-image\">\n                                                <img loading=\"lazy\" decoding=\"async\" width=\"1536\" height=\"1024\" src=\"https:\/\/prosteit.pl\/wp-content\/uploads\/2025\/09\/spadek-zyskow-na-monitorze-projektowanie-stron-www-warszawa-i-okolice-prosteit.webp\" class=\"img-responsive wp-post-image\" alt=\"Websites for companies, design and implementation\" srcset=\"https:\/\/prosteit.pl\/wp-content\/uploads\/2025\/09\/spadek-zyskow-na-monitorze-projektowanie-stron-www-warszawa-i-okolice-prosteit.webp 1536w, https:\/\/prosteit.pl\/wp-content\/uploads\/2025\/09\/spadek-zyskow-na-monitorze-projektowanie-stron-www-warszawa-i-okolice-prosteit-300x200.webp 300w, https:\/\/prosteit.pl\/wp-content\/uploads\/2025\/09\/spadek-zyskow-na-monitorze-projektowanie-stron-www-warszawa-i-okolice-prosteit-1024x683.webp 1024w, https:\/\/prosteit.pl\/wp-content\/uploads\/2025\/09\/spadek-zyskow-na-monitorze-projektowanie-stron-www-warszawa-i-okolice-prosteit-768x512.webp 768w, https:\/\/prosteit.pl\/wp-content\/uploads\/2025\/09\/spadek-zyskow-na-monitorze-projektowanie-stron-www-warszawa-i-okolice-prosteit-18x12.webp 18w\" sizes=\"(max-width: 1536px) 100vw, 1536px\" \/>                                            <\/div>\n                                                                                <div class=\"blog-content-wrapper\">\n                                            <div class=\"blog-content\">\n                                                <div class=\"blog-date\"><span class=\"posted-on\"><a href=\"https:\/\/prosteit.pl\/en\/website-for-your-company-why-is-it-worth-it\/\" rel=\"bookmark\"><time class=\"entry-date published updated\" datetime=\"2025-09-25T14:13:48+02:00\">2025-09-25<\/time><\/a><\/span><\/div>\n                                                <div class=\"blog-item\">\n                                                    <ul class=\"post-grid-meta\">\n                                                        <li class=\"blog-author\"><i class=\"icon far fa-user\"><\/i> Kamil Wozniak<\/li>\t\n                                                        <li class=\"item-comment\"><i class=\"far fa-comment\"><\/i><span class=\"comment-number\">Comments<\/span> 0<\/li>\n                                                    <\/ul>\n                                                    <h5 class=\"blog-title\">\n                                                    <a href=\"https:\/\/prosteit.pl\/en\/website-for-your-company-why-is-it-worth-it\/\">Why not having a website will put your company out of business<\/a>\n                                                    <\/h5>\n                                                    <p class=\"blog-des\">  Imagine this: you run a company \u2013 you have an offer, competencies, a team \u2013 and a website? The website is missing or made only temporarily, &quot;just\u2026<\/p>\n                                                    <a class=\"blog-btn\" href=\"https:\/\/prosteit.pl\/en\/website-for-your-company-why-is-it-worth-it\/\"> Read more!<\/a>\n                                                <\/div>\n                                            <\/div>\n                                        <\/div>\n                                    <\/div>\n                                <\/div>\n                                                            <div class=\"item col-lg-4\">\n                                    <div class=\"blog-items\">\n                                                                                    <div class=\"blog-image\">\n                                                <img loading=\"lazy\" decoding=\"async\" width=\"1920\" height=\"1080\" src=\"https:\/\/prosteit.pl\/wp-content\/uploads\/2025\/09\/rto-rpo-w-firmie.webp\" class=\"img-responsive wp-post-image\" alt=\"RTO and RPO in the company, IT services for companies in O\u017car\u00f3w Mazowiecki\" srcset=\"https:\/\/prosteit.pl\/wp-content\/uploads\/2025\/09\/rto-rpo-w-firmie.webp 1920w, https:\/\/prosteit.pl\/wp-content\/uploads\/2025\/09\/rto-rpo-w-firmie-300x169.webp 300w, https:\/\/prosteit.pl\/wp-content\/uploads\/2025\/09\/rto-rpo-w-firmie-1024x576.webp 1024w, https:\/\/prosteit.pl\/wp-content\/uploads\/2025\/09\/rto-rpo-w-firmie-768x432.webp 768w, https:\/\/prosteit.pl\/wp-content\/uploads\/2025\/09\/rto-rpo-w-firmie-1536x864.webp 1536w, https:\/\/prosteit.pl\/wp-content\/uploads\/2025\/09\/rto-rpo-w-firmie-18x10.webp 18w\" sizes=\"(max-width: 1920px) 100vw, 1920px\" \/>                                            <\/div>\n                                                                                <div class=\"blog-content-wrapper\">\n                                            <div class=\"blog-content\">\n                                                <div class=\"blog-date\"><span class=\"posted-on\"><a href=\"https:\/\/prosteit.pl\/en\/rto-and-rpo-in-the-company\/\" rel=\"bookmark\"><time class=\"entry-date published updated\" datetime=\"2025-09-23T08:00:00+02:00\">2025-09-23<\/time><\/a><\/span><\/div>\n                                                <div class=\"blog-item\">\n                                                    <ul class=\"post-grid-meta\">\n                                                        <li class=\"blog-author\"><i class=\"icon far fa-user\"><\/i> Kamil Wozniak<\/li>\t\n                                                        <li class=\"item-comment\"><i class=\"far fa-comment\"><\/i><span class=\"comment-number\">Comments<\/span> 0<\/li>\n                                                    <\/ul>\n                                                    <h5 class=\"blog-title\">\n                                                    <a href=\"https:\/\/prosteit.pl\/en\/rto-and-rpo-in-the-company\/\">RTO and RPO \u2013 what are they and how can you use them in your company?\u2026<\/a>\n                                                    <\/h5>\n                                                    <p class=\"blog-des\">  Imagine that at 10:17 a.m. today, your company loses access to its sales system. Two questions that are now decisive\u2026<\/p>\n                                                    <a class=\"blog-btn\" href=\"https:\/\/prosteit.pl\/en\/rto-and-rpo-in-the-company\/\"> Read more!<\/a>\n                                                <\/div>\n                                            <\/div>\n                                        <\/div>\n                                    <\/div>\n                                <\/div>\n                                                            <div class=\"item col-lg-4\">\n                                    <div class=\"blog-items\">\n                                                                                    <div class=\"blog-image\">\n                                                <img loading=\"lazy\" decoding=\"async\" width=\"1920\" height=\"1080\" src=\"https:\/\/prosteit.pl\/wp-content\/uploads\/2025\/09\/uslugi-informatyczne-dla-firm-backup-3-2-1.webp\" class=\"img-responsive wp-post-image\" alt=\"IT services for companies, prostoIT Warsaw\" srcset=\"https:\/\/prosteit.pl\/wp-content\/uploads\/2025\/09\/uslugi-informatyczne-dla-firm-backup-3-2-1.webp 1920w, https:\/\/prosteit.pl\/wp-content\/uploads\/2025\/09\/uslugi-informatyczne-dla-firm-backup-3-2-1-300x169.webp 300w, https:\/\/prosteit.pl\/wp-content\/uploads\/2025\/09\/uslugi-informatyczne-dla-firm-backup-3-2-1-1024x576.webp 1024w, https:\/\/prosteit.pl\/wp-content\/uploads\/2025\/09\/uslugi-informatyczne-dla-firm-backup-3-2-1-768x432.webp 768w, https:\/\/prosteit.pl\/wp-content\/uploads\/2025\/09\/uslugi-informatyczne-dla-firm-backup-3-2-1-1536x864.webp 1536w, https:\/\/prosteit.pl\/wp-content\/uploads\/2025\/09\/uslugi-informatyczne-dla-firm-backup-3-2-1-18x10.webp 18w\" sizes=\"(max-width: 1920px) 100vw, 1920px\" \/>                                            <\/div>\n                                                                                <div class=\"blog-content-wrapper\">\n                                            <div class=\"blog-content\">\n                                                <div class=\"blog-date\"><span class=\"posted-on\"><a href=\"https:\/\/prosteit.pl\/en\/backup-3-2-1-rule\/\" rel=\"bookmark\"><time class=\"entry-date published updated\" datetime=\"2025-09-18T08:00:00+02:00\">2025-09-18<\/time><\/a><\/span><\/div>\n                                                <div class=\"blog-item\">\n                                                    <ul class=\"post-grid-meta\">\n                                                        <li class=\"blog-author\"><i class=\"icon far fa-user\"><\/i> Kamil Wozniak<\/li>\t\n                                                        <li class=\"item-comment\"><i class=\"far fa-comment\"><\/i><span class=\"comment-number\">Comments<\/span> 0<\/li>\n                                                    <\/ul>\n                                                    <h5 class=\"blog-title\">\n                                                    <a href=\"https:\/\/prosteit.pl\/en\/backup-3-2-1-rule\/\">3-2-1 Backup \u2013 How It Works and Why It&#039;s Worth Having in Your Company<\/a>\n                                                    <\/h5>\n                                                    <p class=\"blog-des\">  Imagine turning on your company computer one morning and discovering that all your files \u2013 offers, contracts, customer data\u2026<\/p>\n                                                    <a class=\"blog-btn\" href=\"https:\/\/prosteit.pl\/en\/backup-3-2-1-rule\/\"> Read more!<\/a>\n                                                <\/div>\n                                            <\/div>\n                                        <\/div>\n                                    <\/div>\n                                <\/div>\n                                                            <div class=\"item col-lg-4\">\n                                    <div class=\"blog-items\">\n                                                                                    <div class=\"blog-image\">\n                                                <img loading=\"lazy\" decoding=\"async\" width=\"1920\" height=\"1080\" src=\"https:\/\/prosteit.pl\/wp-content\/uploads\/2025\/09\/KSeF-prosteIT.webp\" class=\"img-responsive wp-post-image\" alt=\"KSeF IT help, KSeF when it comes in, 2025\/2026 guide\" srcset=\"https:\/\/prosteit.pl\/wp-content\/uploads\/2025\/09\/KSeF-prosteIT.webp 1920w, https:\/\/prosteit.pl\/wp-content\/uploads\/2025\/09\/KSeF-prosteIT-300x169.webp 300w, https:\/\/prosteit.pl\/wp-content\/uploads\/2025\/09\/KSeF-prosteIT-1024x576.webp 1024w, https:\/\/prosteit.pl\/wp-content\/uploads\/2025\/09\/KSeF-prosteIT-768x432.webp 768w, https:\/\/prosteit.pl\/wp-content\/uploads\/2025\/09\/KSeF-prosteIT-1536x864.webp 1536w, https:\/\/prosteit.pl\/wp-content\/uploads\/2025\/09\/KSeF-prosteIT-18x10.webp 18w\" sizes=\"(max-width: 1920px) 100vw, 1920px\" \/>                                            <\/div>\n                                                                                <div class=\"blog-content-wrapper\">\n                                            <div class=\"blog-content\">\n                                                <div class=\"blog-date\"><span class=\"posted-on\"><a href=\"https:\/\/prosteit.pl\/en\/ksef-2026-preparation-it\/\" rel=\"bookmark\"><time class=\"entry-date published updated\" datetime=\"2025-09-16T08:00:00+02:00\">2025-09-16<\/time><\/a><\/span><\/div>\n                                                <div class=\"blog-item\">\n                                                    <ul class=\"post-grid-meta\">\n                                                        <li class=\"blog-author\"><i class=\"icon far fa-user\"><\/i> Kamil Wozniak<\/li>\t\n                                                        <li class=\"item-comment\"><i class=\"far fa-comment\"><\/i><span class=\"comment-number\">Comments<\/span> 0<\/li>\n                                                    <\/ul>\n                                                    <h5 class=\"blog-title\">\n                                                    <a href=\"https:\/\/prosteit.pl\/en\/ksef-2026-preparation-it\/\">KSeF 2026: How to prepare your company from an IT perspective before it&#039;s too late<\/a>\n                                                    <\/h5>\n                                                    <p class=\"blog-des\">  KSeF 2026 is no longer just a topic for accounting. It&#039;s an IT project that will touch every stage of issuing and receiving invoices. Instead\u2026<\/p>\n                                                    <a class=\"blog-btn\" href=\"https:\/\/prosteit.pl\/en\/ksef-2026-preparation-it\/\"> Read more!<\/a>\n                                                <\/div>\n                                            <\/div>\n                                        <\/div>\n                                    <\/div>\n                                <\/div>\n                                                            <div class=\"item col-lg-4\">\n                                    <div class=\"blog-items\">\n                                                                                    <div class=\"blog-image\">\n                                                <img loading=\"lazy\" decoding=\"async\" width=\"1536\" height=\"1024\" src=\"https:\/\/prosteit.pl\/wp-content\/uploads\/2025\/09\/miniatura-prosteit.webp\" class=\"img-responsive wp-post-image\" alt=\"\" srcset=\"https:\/\/prosteit.pl\/wp-content\/uploads\/2025\/09\/miniatura-prosteit.webp 1536w, https:\/\/prosteit.pl\/wp-content\/uploads\/2025\/09\/miniatura-prosteit-300x200.webp 300w, https:\/\/prosteit.pl\/wp-content\/uploads\/2025\/09\/miniatura-prosteit-1024x683.webp 1024w, https:\/\/prosteit.pl\/wp-content\/uploads\/2025\/09\/miniatura-prosteit-768x512.webp 768w, https:\/\/prosteit.pl\/wp-content\/uploads\/2025\/09\/miniatura-prosteit-18x12.webp 18w\" sizes=\"(max-width: 1536px) 100vw, 1536px\" \/>                                            <\/div>\n                                                                                <div class=\"blog-content-wrapper\">\n                                            <div class=\"blog-content\">\n                                                <div class=\"blog-date\"><span class=\"posted-on\"><a href=\"https:\/\/prosteit.pl\/en\/google-workspace-vs-onedrive-comparison-for-businesses\/\" rel=\"bookmark\"><time class=\"entry-date published updated\" datetime=\"2025-09-11T16:06:07+02:00\">2025-09-11<\/time><\/a><\/span><\/div>\n                                                <div class=\"blog-item\">\n                                                    <ul class=\"post-grid-meta\">\n                                                        <li class=\"blog-author\"><i class=\"icon far fa-user\"><\/i> Kamil Wozniak<\/li>\t\n                                                        <li class=\"item-comment\"><i class=\"far fa-comment\"><\/i><span class=\"comment-number\">Comments<\/span> 0<\/li>\n                                                    <\/ul>\n                                                    <h5 class=\"blog-title\">\n                                                    <a href=\"https:\/\/prosteit.pl\/en\/google-workspace-vs-onedrive-comparison-for-businesses\/\">Google Workspace vs. OneDrive for Business: Pricing, Limits, Collaboration, Security<\/a>\n                                                    <\/h5>\n                                                    <p class=\"blog-des\">  Choosing file storage and sharing tools is one of the key technological decisions for every company today. On the one hand\u2026<\/p>\n                                                    <a class=\"blog-btn\" href=\"https:\/\/prosteit.pl\/en\/google-workspace-vs-onedrive-comparison-for-businesses\/\"> Read more!<\/a>\n                                                <\/div>\n                                            <\/div>\n                                        <\/div>\n                                    <\/div>\n                                <\/div>\n                                                            <div class=\"item col-lg-4\">\n                                    <div class=\"blog-items\">\n                                                                                    <div class=\"blog-image\">\n                                                <img loading=\"lazy\" decoding=\"async\" width=\"1920\" height=\"1080\" src=\"https:\/\/prosteit.pl\/wp-content\/uploads\/2025\/09\/helpdesk-it.webp\" class=\"img-responsive wp-post-image\" alt=\"IT support for companies, Warsaw and surrounding areas\" srcset=\"https:\/\/prosteit.pl\/wp-content\/uploads\/2025\/09\/helpdesk-it.webp 1920w, https:\/\/prosteit.pl\/wp-content\/uploads\/2025\/09\/helpdesk-it-300x169.webp 300w, https:\/\/prosteit.pl\/wp-content\/uploads\/2025\/09\/helpdesk-it-1024x576.webp 1024w, https:\/\/prosteit.pl\/wp-content\/uploads\/2025\/09\/helpdesk-it-768x432.webp 768w, https:\/\/prosteit.pl\/wp-content\/uploads\/2025\/09\/helpdesk-it-1536x864.webp 1536w, https:\/\/prosteit.pl\/wp-content\/uploads\/2025\/09\/helpdesk-it-18x10.webp 18w\" sizes=\"(max-width: 1920px) 100vw, 1920px\" \/>                                            <\/div>\n                                                                                <div class=\"blog-content-wrapper\">\n                                            <div class=\"blog-content\">\n                                                <div class=\"blog-date\"><span class=\"posted-on\"><a href=\"https:\/\/prosteit.pl\/en\/external-it-support-reducing-the-burden-on-the-administrator\/\" rel=\"bookmark\"><time class=\"entry-date published updated\" datetime=\"2025-09-09T16:21:54+02:00\">2025-09-09<\/time><\/a><\/span><\/div>\n                                                <div class=\"blog-item\">\n                                                    <ul class=\"post-grid-meta\">\n                                                        <li class=\"blog-author\"><i class=\"icon far fa-user\"><\/i> Kamil Wozniak<\/li>\t\n                                                        <li class=\"item-comment\"><i class=\"far fa-comment\"><\/i><span class=\"comment-number\">Comments<\/span> 0<\/li>\n                                                    <\/ul>\n                                                    <h5 class=\"blog-title\">\n                                                    <a href=\"https:\/\/prosteit.pl\/en\/external-it-support-reducing-the-burden-on-the-administrator\/\">External IT support that relieves the administrator and accelerates company projects<\/a>\n                                                    <\/h5>\n                                                    <p class=\"blog-des\">  In many companies today, technology is the backbone of their operations \u2013 from computers and printers, to VoIP systems, backups and data security.<\/p>\n                                                    <a class=\"blog-btn\" href=\"https:\/\/prosteit.pl\/en\/external-it-support-reducing-the-burden-on-the-administrator\/\"> Read more!<\/a>\n                                                <\/div>\n                                            <\/div>\n                                        <\/div>\n                                    <\/div>\n                                <\/div>\n                                                            <div class=\"item col-lg-4\">\n                                    <div class=\"blog-items\">\n                                                                                    <div class=\"blog-image\">\n                                                <img loading=\"lazy\" decoding=\"async\" width=\"1600\" height=\"896\" src=\"https:\/\/prosteit.pl\/wp-content\/uploads\/2025\/09\/IT-na-start-firmy-pomoc-informatyczna-poradnik-jak-zaczac.webp\" class=\"img-responsive wp-post-image\" alt=\"IT for starting a business, guide and IT support, IT services for companies O\u017car\u00f3w Mazowiecki, B\u0142onie, Nadarzyn, Milan\u00f3wek\" srcset=\"https:\/\/prosteit.pl\/wp-content\/uploads\/2025\/09\/IT-na-start-firmy-pomoc-informatyczna-poradnik-jak-zaczac.webp 1600w, https:\/\/prosteit.pl\/wp-content\/uploads\/2025\/09\/IT-na-start-firmy-pomoc-informatyczna-poradnik-jak-zaczac-300x168.webp 300w, https:\/\/prosteit.pl\/wp-content\/uploads\/2025\/09\/IT-na-start-firmy-pomoc-informatyczna-poradnik-jak-zaczac-1024x573.webp 1024w, https:\/\/prosteit.pl\/wp-content\/uploads\/2025\/09\/IT-na-start-firmy-pomoc-informatyczna-poradnik-jak-zaczac-768x430.webp 768w, https:\/\/prosteit.pl\/wp-content\/uploads\/2025\/09\/IT-na-start-firmy-pomoc-informatyczna-poradnik-jak-zaczac-1536x860.webp 1536w, https:\/\/prosteit.pl\/wp-content\/uploads\/2025\/09\/IT-na-start-firmy-pomoc-informatyczna-poradnik-jak-zaczac-18x10.webp 18w\" sizes=\"(max-width: 1600px) 100vw, 1600px\" \/>                                            <\/div>\n                                                                                <div class=\"blog-content-wrapper\">\n                                            <div class=\"blog-content\">\n                                                <div class=\"blog-date\"><span class=\"posted-on\"><a href=\"https:\/\/prosteit.pl\/en\/it-checklist-for-starting-a-business\/\" rel=\"bookmark\"><time class=\"entry-date published updated\" datetime=\"2025-09-05T11:10:13+02:00\">2025-09-05<\/time><\/a><\/span><\/div>\n                                                <div class=\"blog-item\">\n                                                    <ul class=\"post-grid-meta\">\n                                                        <li class=\"blog-author\"><i class=\"icon far fa-user\"><\/i> Kamil Wozniak<\/li>\t\n                                                        <li class=\"item-comment\"><i class=\"far fa-comment\"><\/i><span class=\"comment-number\">Comments<\/span> 0<\/li>\n                                                    <\/ul>\n                                                    <h5 class=\"blog-title\">\n                                                    <a href=\"https:\/\/prosteit.pl\/en\/it-checklist-for-starting-a-business\/\">IT for starting a business: what to buy, what licenses and how to do it\u2026<\/a>\n                                                    <\/h5>\n                                                    <p class=\"blog-des\">  Starting a business is an exciting time - after all, you&#039;re starting your own business and you want everything to work from day one.\u2026<\/p>\n                                                    <a class=\"blog-btn\" href=\"https:\/\/prosteit.pl\/en\/it-checklist-for-starting-a-business\/\"> Read more!<\/a>\n                                                <\/div>\n                                            <\/div>\n                                        <\/div>\n                                    <\/div>\n                                <\/div>\n                                                            <div class=\"item col-lg-4\">\n                                    <div class=\"blog-items\">\n                                                                                    <div class=\"blog-image\">\n                                                <img loading=\"lazy\" decoding=\"async\" width=\"1536\" height=\"1024\" src=\"https:\/\/prosteit.pl\/wp-content\/uploads\/2025\/09\/jak-copilot-jak-wdrozyc-pomoc-informatyczna-dla-firm-mazowsze.webp\" class=\"img-responsive wp-post-image\" alt=\"Microsoft 365 copilot, implementations and training Warsaw and surrounding areas\" srcset=\"https:\/\/prosteit.pl\/wp-content\/uploads\/2025\/09\/jak-copilot-jak-wdrozyc-pomoc-informatyczna-dla-firm-mazowsze.webp 1536w, https:\/\/prosteit.pl\/wp-content\/uploads\/2025\/09\/jak-copilot-jak-wdrozyc-pomoc-informatyczna-dla-firm-mazowsze-300x200.webp 300w, https:\/\/prosteit.pl\/wp-content\/uploads\/2025\/09\/jak-copilot-jak-wdrozyc-pomoc-informatyczna-dla-firm-mazowsze-1024x683.webp 1024w, https:\/\/prosteit.pl\/wp-content\/uploads\/2025\/09\/jak-copilot-jak-wdrozyc-pomoc-informatyczna-dla-firm-mazowsze-768x512.webp 768w, https:\/\/prosteit.pl\/wp-content\/uploads\/2025\/09\/jak-copilot-jak-wdrozyc-pomoc-informatyczna-dla-firm-mazowsze-18x12.webp 18w\" sizes=\"(max-width: 1536px) 100vw, 1536px\" \/>                                            <\/div>\n                                                                                <div class=\"blog-content-wrapper\">\n                                            <div class=\"blog-content\">\n                                                <div class=\"blog-date\"><span class=\"posted-on\"><a href=\"https:\/\/prosteit.pl\/en\/copilot-in-business-functions-prices\/\" rel=\"bookmark\"><time class=\"entry-date published updated\" datetime=\"2025-09-02T14:29:02+02:00\">2025-09-02<\/time><\/a><\/span><\/div>\n                                                <div class=\"blog-item\">\n                                                    <ul class=\"post-grid-meta\">\n                                                        <li class=\"blog-author\"><i class=\"icon far fa-user\"><\/i> Kamil Wozniak<\/li>\t\n                                                        <li class=\"item-comment\"><i class=\"far fa-comment\"><\/i><span class=\"comment-number\">Comments<\/span> 0<\/li>\n                                                    <\/ul>\n                                                    <h5 class=\"blog-title\">\n                                                    <a href=\"https:\/\/prosteit.pl\/en\/copilot-in-business-functions-prices\/\">Microsoft Copilot in business \u2013 features, prices and practical applications in companies<\/a>\n                                                    <\/h5>\n                                                    <p class=\"blog-des\">  Office work in every company is similar \u2013 every day you have to answer emails, create documents, prepare reports and summaries in\u2026<\/p>\n                                                    <a class=\"blog-btn\" href=\"https:\/\/prosteit.pl\/en\/copilot-in-business-functions-prices\/\"> Read more!<\/a>\n                                                <\/div>\n                                            <\/div>\n                                        <\/div>\n                                    <\/div>\n                                <\/div>\n                                                            <div class=\"item col-lg-4\">\n                                    <div class=\"blog-items\">\n                                                                                    <div class=\"blog-image\">\n                                                <img loading=\"lazy\" decoding=\"async\" width=\"1536\" height=\"1024\" src=\"https:\/\/prosteit.pl\/wp-content\/uploads\/2025\/08\/koniec-wsparcia-exchange-2016-pomoc-it-prosteit-1.webp\" class=\"img-responsive wp-post-image\" alt=\"Exe file lock, exe file lock, protection against running .exe files, system protection against dangerous files, Simple IT security.\" srcset=\"https:\/\/prosteit.pl\/wp-content\/uploads\/2025\/08\/koniec-wsparcia-exchange-2016-pomoc-it-prosteit-1.webp 1536w, https:\/\/prosteit.pl\/wp-content\/uploads\/2025\/08\/koniec-wsparcia-exchange-2016-pomoc-it-prosteit-1-300x200.webp 300w, https:\/\/prosteit.pl\/wp-content\/uploads\/2025\/08\/koniec-wsparcia-exchange-2016-pomoc-it-prosteit-1-1024x683.webp 1024w, https:\/\/prosteit.pl\/wp-content\/uploads\/2025\/08\/koniec-wsparcia-exchange-2016-pomoc-it-prosteit-1-768x512.webp 768w, https:\/\/prosteit.pl\/wp-content\/uploads\/2025\/08\/koniec-wsparcia-exchange-2016-pomoc-it-prosteit-1-18x12.webp 18w\" sizes=\"(max-width: 1536px) 100vw, 1536px\" \/>                                            <\/div>\n                                                                                <div class=\"blog-content-wrapper\">\n                                            <div class=\"blog-content\">\n                                                <div class=\"blog-date\"><span class=\"posted-on\"><a href=\"https:\/\/prosteit.pl\/en\/end-of-exchange-support-2016-2019\/\" rel=\"bookmark\"><time class=\"entry-date published updated\" datetime=\"2025-08-28T15:43:12+02:00\">2025-08-28<\/time><\/a><\/span><\/div>\n                                                <div class=\"blog-item\">\n                                                    <ul class=\"post-grid-meta\">\n                                                        <li class=\"blog-author\"><i class=\"icon far fa-user\"><\/i> Kamil Wozniak<\/li>\t\n                                                        <li class=\"item-comment\"><i class=\"far fa-comment\"><\/i><span class=\"comment-number\">Comments<\/span> 0<\/li>\n                                                    <\/ul>\n                                                    <h5 class=\"blog-title\">\n                                                    <a href=\"https:\/\/prosteit.pl\/en\/end-of-exchange-support-2016-2019\/\">Exchange 2016 and 2019 End of Support \u2013 What to Do Until October 14th\u2026<\/a>\n                                                    <\/h5>\n                                                    <p class=\"blog-des\">  Imagine arriving at the office one Monday morning and finding your employees unable to log in to their email. Phones\u2026<\/p>\n                                                    <a class=\"blog-btn\" href=\"https:\/\/prosteit.pl\/en\/end-of-exchange-support-2016-2019\/\"> Read more!<\/a>\n                                                <\/div>\n                                            <\/div>\n                                        <\/div>\n                                    <\/div>\n                                <\/div>\n                                                            <div class=\"item col-lg-4\">\n                                    <div class=\"blog-items\">\n                                                                                    <div class=\"blog-image\">\n                                                <img loading=\"lazy\" decoding=\"async\" width=\"1536\" height=\"1024\" src=\"https:\/\/prosteit.pl\/wp-content\/uploads\/2025\/08\/Jak_czesto_robic_backup_danych_w_firmie_Ryzyko_vs_koszty.png\" class=\"img-responsive wp-post-image\" alt=\"\" srcset=\"https:\/\/prosteit.pl\/wp-content\/uploads\/2025\/08\/Jak_czesto_robic_backup_danych_w_firmie_Ryzyko_vs_koszty.png 1536w, https:\/\/prosteit.pl\/wp-content\/uploads\/2025\/08\/Jak_czesto_robic_backup_danych_w_firmie_Ryzyko_vs_koszty-300x200.png 300w, https:\/\/prosteit.pl\/wp-content\/uploads\/2025\/08\/Jak_czesto_robic_backup_danych_w_firmie_Ryzyko_vs_koszty-1024x683.png 1024w, https:\/\/prosteit.pl\/wp-content\/uploads\/2025\/08\/Jak_czesto_robic_backup_danych_w_firmie_Ryzyko_vs_koszty-768x512.png 768w, https:\/\/prosteit.pl\/wp-content\/uploads\/2025\/08\/Jak_czesto_robic_backup_danych_w_firmie_Ryzyko_vs_koszty-18x12.png 18w\" sizes=\"(max-width: 1536px) 100vw, 1536px\" \/>                                            <\/div>\n                                                                                <div class=\"blog-content-wrapper\">\n                                            <div class=\"blog-content\">\n                                                <div class=\"blog-date\"><span class=\"posted-on\"><a href=\"https:\/\/prosteit.pl\/en\/data-backup-frequency-company-costs\/\" rel=\"bookmark\"><time class=\"entry-date published updated\" datetime=\"2025-08-26T13:24:15+02:00\">2025-08-26<\/time><\/a><\/span><\/div>\n                                                <div class=\"blog-item\">\n                                                    <ul class=\"post-grid-meta\">\n                                                        <li class=\"blog-author\"><i class=\"icon far fa-user\"><\/i> Marcin Molenda<\/li>\t\n                                                        <li class=\"item-comment\"><i class=\"far fa-comment\"><\/i><span class=\"comment-number\">Comments<\/span> 0<\/li>\n                                                    <\/ul>\n                                                    <h5 class=\"blog-title\">\n                                                    <a href=\"https:\/\/prosteit.pl\/en\/data-backup-frequency-company-costs\/\">How often should you back up your company&#039;s data? Risk vs. cost<\/a>\n                                                    <\/h5>\n                                                    <p class=\"blog-des\">  In our daily work, it is clear that most entrepreneurs are aware of the need for backups, but few know how to choose the appropriate frequency.<\/p>\n                                                    <a class=\"blog-btn\" href=\"https:\/\/prosteit.pl\/en\/data-backup-frequency-company-costs\/\"> Read more!<\/a>\n                                                <\/div>\n                                            <\/div>\n                                        <\/div>\n                                    <\/div>\n                                <\/div>\n                                                            <div class=\"item col-lg-4\">\n                                    <div class=\"blog-items\">\n                                                                                    <div class=\"blog-image\">\n                                                <img loading=\"lazy\" decoding=\"async\" width=\"1024\" height=\"1024\" src=\"https:\/\/prosteit.pl\/wp-content\/uploads\/2025\/08\/obsluga-informatyczna-firm-prosteit-1-1.webp\" class=\"img-responsive wp-post-image\" alt=\"Antivirus for companies, IT services for companies Warsaw\" srcset=\"https:\/\/prosteit.pl\/wp-content\/uploads\/2025\/08\/obsluga-informatyczna-firm-prosteit-1-1.webp 1024w, https:\/\/prosteit.pl\/wp-content\/uploads\/2025\/08\/obsluga-informatyczna-firm-prosteit-1-1-300x300.webp 300w, https:\/\/prosteit.pl\/wp-content\/uploads\/2025\/08\/obsluga-informatyczna-firm-prosteit-1-1-150x150.webp 150w, https:\/\/prosteit.pl\/wp-content\/uploads\/2025\/08\/obsluga-informatyczna-firm-prosteit-1-1-768x768.webp 768w, https:\/\/prosteit.pl\/wp-content\/uploads\/2025\/08\/obsluga-informatyczna-firm-prosteit-1-1-12x12.webp 12w, https:\/\/prosteit.pl\/wp-content\/uploads\/2025\/08\/obsluga-informatyczna-firm-prosteit-1-1-700x700.webp 700w\" sizes=\"(max-width: 1024px) 100vw, 1024px\" \/>                                            <\/div>\n                                                                                <div class=\"blog-content-wrapper\">\n                                            <div class=\"blog-content\">\n                                                <div class=\"blog-date\"><span class=\"posted-on\"><a href=\"https:\/\/prosteit.pl\/en\/antivirus-for-companies-9-criteria\/\" rel=\"bookmark\"><time class=\"entry-date published updated\" datetime=\"2025-08-20T17:31:49+02:00\">2025-08-20<\/time><\/a><\/span><\/div>\n                                                <div class=\"blog-item\">\n                                                    <ul class=\"post-grid-meta\">\n                                                        <li class=\"blog-author\"><i class=\"icon far fa-user\"><\/i> Kamil Wozniak<\/li>\t\n                                                        <li class=\"item-comment\"><i class=\"far fa-comment\"><\/i><span class=\"comment-number\">Comments<\/span> 0<\/li>\n                                                    <\/ul>\n                                                    <h5 class=\"blog-title\">\n                                                    <a href=\"https:\/\/prosteit.pl\/en\/antivirus-for-companies-9-criteria\/\">9 Criteria for Choosing an Antivirus for Businesses: Comparison, Differences, and Implementation<\/a>\n                                                    <\/h5>\n                                                    <p class=\"blog-des\">  Digital security has become a key challenge for business owners and management. Just a few years ago, antivirus software for companies\u2026<\/p>\n                                                    <a class=\"blog-btn\" href=\"https:\/\/prosteit.pl\/en\/antivirus-for-companies-9-criteria\/\"> Read more!<\/a>\n                                                <\/div>\n                                            <\/div>\n                                        <\/div>\n                                    <\/div>\n                                <\/div>\n                                                            <div class=\"item col-lg-4\">\n                                    <div class=\"blog-items\">\n                                                                                    <div class=\"blog-image\">\n                                                <img loading=\"lazy\" decoding=\"async\" width=\"1524\" height=\"1016\" src=\"https:\/\/prosteit.pl\/wp-content\/uploads\/2025\/08\/uslugi-informatyczne-wdrozenie-onedrive-warszawa.webp\" class=\"img-responsive wp-post-image\" alt=\"OneDrive for companies, implementation, training O\u017car\u00f3w Mazowiecki, Warsaw, B\u0142onie\" srcset=\"https:\/\/prosteit.pl\/wp-content\/uploads\/2025\/08\/uslugi-informatyczne-wdrozenie-onedrive-warszawa.webp 1524w, https:\/\/prosteit.pl\/wp-content\/uploads\/2025\/08\/uslugi-informatyczne-wdrozenie-onedrive-warszawa-300x200.webp 300w, https:\/\/prosteit.pl\/wp-content\/uploads\/2025\/08\/uslugi-informatyczne-wdrozenie-onedrive-warszawa-1024x683.webp 1024w, https:\/\/prosteit.pl\/wp-content\/uploads\/2025\/08\/uslugi-informatyczne-wdrozenie-onedrive-warszawa-768x512.webp 768w, https:\/\/prosteit.pl\/wp-content\/uploads\/2025\/08\/uslugi-informatyczne-wdrozenie-onedrive-warszawa-18x12.webp 18w\" sizes=\"(max-width: 1524px) 100vw, 1524px\" \/>                                            <\/div>\n                                                                                <div class=\"blog-content-wrapper\">\n                                            <div class=\"blog-content\">\n                                                <div class=\"blog-date\"><span class=\"posted-on\"><a href=\"https:\/\/prosteit.pl\/en\/onedrive-for-business-implementation-benefits\/\" rel=\"bookmark\"><time class=\"entry-date published updated\" datetime=\"2025-08-19T15:16:40+02:00\">2025-08-19<\/time><\/a><\/span><\/div>\n                                                <div class=\"blog-item\">\n                                                    <ul class=\"post-grid-meta\">\n                                                        <li class=\"blog-author\"><i class=\"icon far fa-user\"><\/i> Kamil Wozniak<\/li>\t\n                                                        <li class=\"item-comment\"><i class=\"far fa-comment\"><\/i><span class=\"comment-number\">Comments<\/span> 0<\/li>\n                                                    <\/ul>\n                                                    <h5 class=\"blog-title\">\n                                                    <a href=\"https:\/\/prosteit.pl\/en\/onedrive-for-business-implementation-benefits\/\">OneDrive for Business \u2013 Advantages, Implementation and Practical Benefits in Business<\/a>\n                                                    <\/h5>\n                                                    <p class=\"blog-des\">  Just a dozen or so years ago, most companies stored all their documents exclusively on local servers or employee computers. Access to files outside\u2026<\/p>\n                                                    <a class=\"blog-btn\" href=\"https:\/\/prosteit.pl\/en\/onedrive-for-business-implementation-benefits\/\"> Read more!<\/a>\n                                                <\/div>\n                                            <\/div>\n                                        <\/div>\n                                    <\/div>\n                                <\/div>\n                                                            <div class=\"item col-lg-4\">\n                                    <div class=\"blog-items\">\n                                                                                    <div class=\"blog-image\">\n                                                <img loading=\"lazy\" decoding=\"async\" width=\"1024\" height=\"1024\" src=\"https:\/\/prosteit.pl\/wp-content\/uploads\/2025\/08\/winrar-logo-pomoc-informatyczna-dla-firm-blonie-ozarow-mazowiecki-i-okolice.webp\" class=\"img-responsive wp-post-image\" alt=\"WinRAR logo, IT support for companies, IT company O\u017car\u00f3w Mazowiecki\" srcset=\"https:\/\/prosteit.pl\/wp-content\/uploads\/2025\/08\/winrar-logo-pomoc-informatyczna-dla-firm-blonie-ozarow-mazowiecki-i-okolice.webp 1024w, https:\/\/prosteit.pl\/wp-content\/uploads\/2025\/08\/winrar-logo-pomoc-informatyczna-dla-firm-blonie-ozarow-mazowiecki-i-okolice-300x300.webp 300w, https:\/\/prosteit.pl\/wp-content\/uploads\/2025\/08\/winrar-logo-pomoc-informatyczna-dla-firm-blonie-ozarow-mazowiecki-i-okolice-150x150.webp 150w, https:\/\/prosteit.pl\/wp-content\/uploads\/2025\/08\/winrar-logo-pomoc-informatyczna-dla-firm-blonie-ozarow-mazowiecki-i-okolice-768x768.webp 768w, https:\/\/prosteit.pl\/wp-content\/uploads\/2025\/08\/winrar-logo-pomoc-informatyczna-dla-firm-blonie-ozarow-mazowiecki-i-okolice-12x12.webp 12w, https:\/\/prosteit.pl\/wp-content\/uploads\/2025\/08\/winrar-logo-pomoc-informatyczna-dla-firm-blonie-ozarow-mazowiecki-i-okolice-700x700.webp 700w\" sizes=\"(max-width: 1024px) 100vw, 1024px\" \/>                                            <\/div>\n                                                                                <div class=\"blog-content-wrapper\">\n                                            <div class=\"blog-content\">\n                                                <div class=\"blog-date\"><span class=\"posted-on\"><a href=\"https:\/\/prosteit.pl\/en\/winrar-without-license-legality\/\" rel=\"bookmark\"><time class=\"entry-date published updated\" datetime=\"2025-08-14T17:56:42+02:00\">2025-08-14<\/time><\/a><\/span><\/div>\n                                                <div class=\"blog-item\">\n                                                    <ul class=\"post-grid-meta\">\n                                                        <li class=\"blog-author\"><i class=\"icon far fa-user\"><\/i> Kamil Wozniak<\/li>\t\n                                                        <li class=\"item-comment\"><i class=\"far fa-comment\"><\/i><span class=\"comment-number\">Comments<\/span> 0<\/li>\n                                                    <\/ul>\n                                                    <h5 class=\"blog-title\">\n                                                    <a href=\"https:\/\/prosteit.pl\/en\/winrar-without-license-legality\/\">Can you legally use WinRAR without a license?<\/a>\n                                                    <\/h5>\n                                                    <p class=\"blog-des\">  WinRAR is one of the most popular file compression programs - many people have it on their computers and have been using it for\u2026<\/p>\n                                                    <a class=\"blog-btn\" href=\"https:\/\/prosteit.pl\/en\/winrar-without-license-legality\/\"> Read more!<\/a>\n                                                <\/div>\n                                            <\/div>\n                                        <\/div>\n                                    <\/div>\n                                <\/div>\n                                                            <div class=\"item col-lg-4\">\n                                    <div class=\"blog-items\">\n                                                                                    <div class=\"blog-image\">\n                                                <img loading=\"lazy\" decoding=\"async\" width=\"1280\" height=\"720\" src=\"https:\/\/prosteit.pl\/wp-content\/uploads\/2025\/08\/Starlink-logo-uslugi-informatyczne-dla-firm.webp\" class=\"img-responsive wp-post-image\" alt=\"Starlink in the company, IT services for companies, pomco IT\" srcset=\"https:\/\/prosteit.pl\/wp-content\/uploads\/2025\/08\/Starlink-logo-uslugi-informatyczne-dla-firm.webp 1280w, https:\/\/prosteit.pl\/wp-content\/uploads\/2025\/08\/Starlink-logo-uslugi-informatyczne-dla-firm-300x169.webp 300w, https:\/\/prosteit.pl\/wp-content\/uploads\/2025\/08\/Starlink-logo-uslugi-informatyczne-dla-firm-1024x576.webp 1024w, https:\/\/prosteit.pl\/wp-content\/uploads\/2025\/08\/Starlink-logo-uslugi-informatyczne-dla-firm-768x432.webp 768w, https:\/\/prosteit.pl\/wp-content\/uploads\/2025\/08\/Starlink-logo-uslugi-informatyczne-dla-firm-18x10.webp 18w\" sizes=\"(max-width: 1280px) 100vw, 1280px\" \/>                                            <\/div>\n                                                                                <div class=\"blog-content-wrapper\">\n                                            <div class=\"blog-content\">\n                                                <div class=\"blog-date\"><span class=\"posted-on\"><a href=\"https:\/\/prosteit.pl\/en\/starlink-in-the-company\/\" rel=\"bookmark\"><time class=\"entry-date published updated\" datetime=\"2025-08-12T10:55:04+02:00\">2025-08-12<\/time><\/a><\/span><\/div>\n                                                <div class=\"blog-item\">\n                                                    <ul class=\"post-grid-meta\">\n                                                        <li class=\"blog-author\"><i class=\"icon far fa-user\"><\/i> Kamil Wozniak<\/li>\t\n                                                        <li class=\"item-comment\"><i class=\"far fa-comment\"><\/i><span class=\"comment-number\">Comments<\/span> 0<\/li>\n                                                    <\/ul>\n                                                    <h5 class=\"blog-title\">\n                                                    <a href=\"https:\/\/prosteit.pl\/en\/starlink-in-the-company\/\">Starlink in the company \u2013 how it works, how much it costs and when it is worth it\u2026<\/a>\n                                                    <\/h5>\n                                                    <p class=\"blog-des\">  The internet in businesses today isn&#039;t just a convenience\u2014it&#039;s the foundation of most businesses. Without internet access, you won&#039;t be able to send\u2026<\/p>\n                                                    <a class=\"blog-btn\" href=\"https:\/\/prosteit.pl\/en\/starlink-in-the-company\/\"> Read more!<\/a>\n                                                <\/div>\n                                            <\/div>\n                                        <\/div>\n                                    <\/div>\n                                <\/div>\n                                                            <div class=\"item col-lg-4\">\n                                    <div class=\"blog-items\">\n                                                                                    <div class=\"blog-image\">\n                                                <img loading=\"lazy\" decoding=\"async\" width=\"1536\" height=\"1024\" src=\"https:\/\/prosteit.pl\/wp-content\/uploads\/2025\/08\/oszustwa-phishingowe-w-praktyce-miniatura-prosteit.webp\" class=\"img-responsive wp-post-image\" alt=\"Phishing scams in practice: How to recognize a fake message step by step\" srcset=\"https:\/\/prosteit.pl\/wp-content\/uploads\/2025\/08\/oszustwa-phishingowe-w-praktyce-miniatura-prosteit.webp 1536w, https:\/\/prosteit.pl\/wp-content\/uploads\/2025\/08\/oszustwa-phishingowe-w-praktyce-miniatura-prosteit-300x200.webp 300w, https:\/\/prosteit.pl\/wp-content\/uploads\/2025\/08\/oszustwa-phishingowe-w-praktyce-miniatura-prosteit-1024x683.webp 1024w, https:\/\/prosteit.pl\/wp-content\/uploads\/2025\/08\/oszustwa-phishingowe-w-praktyce-miniatura-prosteit-768x512.webp 768w, https:\/\/prosteit.pl\/wp-content\/uploads\/2025\/08\/oszustwa-phishingowe-w-praktyce-miniatura-prosteit-18x12.webp 18w\" sizes=\"(max-width: 1536px) 100vw, 1536px\" \/>                                            <\/div>\n                                                                                <div class=\"blog-content-wrapper\">\n                                            <div class=\"blog-content\">\n                                                <div class=\"blog-date\"><span class=\"posted-on\"><a href=\"https:\/\/prosteit.pl\/en\/how-to-recognize-phishing-scams\/\" rel=\"bookmark\"><time class=\"entry-date published updated\" datetime=\"2025-08-07T14:47:30+02:00\">2025-08-07<\/time><\/a><\/span><\/div>\n                                                <div class=\"blog-item\">\n                                                    <ul class=\"post-grid-meta\">\n                                                        <li class=\"blog-author\"><i class=\"icon far fa-user\"><\/i> Kamil Wozniak<\/li>\t\n                                                        <li class=\"item-comment\"><i class=\"far fa-comment\"><\/i><span class=\"comment-number\">Comments<\/span> 0<\/li>\n                                                    <\/ul>\n                                                    <h5 class=\"blog-title\">\n                                                    <a href=\"https:\/\/prosteit.pl\/en\/how-to-recognize-phishing-scams\/\">Phishing scams in practice: How to recognize a fake message step by step<\/a>\n                                                    <\/h5>\n                                                    <p class=\"blog-des\">  Imagine receiving an email that looks like a regular message from a friend, a business partner, or someone who knows something surprising about you\u2026<\/p>\n                                                    <a class=\"blog-btn\" href=\"https:\/\/prosteit.pl\/en\/how-to-recognize-phishing-scams\/\"> Read more!<\/a>\n                                                <\/div>\n                                            <\/div>\n                                        <\/div>\n                                    <\/div>\n                                <\/div>\n                                                            <div class=\"item col-lg-4\">\n                                    <div class=\"blog-items\">\n                                                                                    <div class=\"blog-image\">\n                                                <img loading=\"lazy\" decoding=\"async\" width=\"1475\" height=\"983\" src=\"https:\/\/prosteit.pl\/wp-content\/uploads\/2025\/08\/bezpieczenstwo-it-dla-firm-prosteit-informatyk-warszawa.webp\" class=\"img-responsive wp-post-image\" alt=\"IT security in the company, IT support O\u017car\u00f3w Mazowiecki\" srcset=\"https:\/\/prosteit.pl\/wp-content\/uploads\/2025\/08\/bezpieczenstwo-it-dla-firm-prosteit-informatyk-warszawa.webp 1475w, https:\/\/prosteit.pl\/wp-content\/uploads\/2025\/08\/bezpieczenstwo-it-dla-firm-prosteit-informatyk-warszawa-300x200.webp 300w, https:\/\/prosteit.pl\/wp-content\/uploads\/2025\/08\/bezpieczenstwo-it-dla-firm-prosteit-informatyk-warszawa-1024x682.webp 1024w, https:\/\/prosteit.pl\/wp-content\/uploads\/2025\/08\/bezpieczenstwo-it-dla-firm-prosteit-informatyk-warszawa-768x512.webp 768w, https:\/\/prosteit.pl\/wp-content\/uploads\/2025\/08\/bezpieczenstwo-it-dla-firm-prosteit-informatyk-warszawa-18x12.webp 18w\" sizes=\"(max-width: 1475px) 100vw, 1475px\" \/>                                            <\/div>\n                                                                                <div class=\"blog-content-wrapper\">\n                                            <div class=\"blog-content\">\n                                                <div class=\"blog-date\"><span class=\"posted-on\"><a href=\"https:\/\/prosteit.pl\/en\/it-security-is-not-just-about-systems\/\" rel=\"bookmark\"><time class=\"entry-date published updated\" datetime=\"2025-08-01T12:57:55+02:00\">2025-08-01<\/time><\/a><\/span><\/div>\n                                                <div class=\"blog-item\">\n                                                    <ul class=\"post-grid-meta\">\n                                                        <li class=\"blog-author\"><i class=\"icon far fa-user\"><\/i> Marcin Molenda<\/li>\t\n                                                        <li class=\"item-comment\"><i class=\"far fa-comment\"><\/i><span class=\"comment-number\">Comments<\/span> 0<\/li>\n                                                    <\/ul>\n                                                    <h5 class=\"blog-title\">\n                                                    <a href=\"https:\/\/prosteit.pl\/en\/it-security-is-not-just-about-systems\/\">IT Security Isn&#039;t Just Systems - How to Protect Your Company from Costly...<\/a>\n                                                    <\/h5>\n                                                    <p class=\"blog-des\">  When you hear the phrase &quot;IT security,&quot; what comes to mind? Most often, it&#039;s antivirus software, firewalls, maybe computer passwords, or\u2026<\/p>\n                                                    <a class=\"blog-btn\" href=\"https:\/\/prosteit.pl\/en\/it-security-is-not-just-about-systems\/\"> Read more!<\/a>\n                                                <\/div>\n                                            <\/div>\n                                        <\/div>\n                                    <\/div>\n                                <\/div>\n                                                            <div class=\"item col-lg-4\">\n                                    <div class=\"blog-items\">\n                                                                                    <div class=\"blog-image\">\n                                                <img loading=\"lazy\" decoding=\"async\" width=\"1536\" height=\"1024\" src=\"https:\/\/prosteit.pl\/wp-content\/uploads\/2025\/07\/bezpieczenstwo-ai-w-firmie-prosteit.webp\" class=\"img-responsive wp-post-image\" alt=\"AI in the company, privacy and artificial intelligence\" srcset=\"https:\/\/prosteit.pl\/wp-content\/uploads\/2025\/07\/bezpieczenstwo-ai-w-firmie-prosteit.webp 1536w, https:\/\/prosteit.pl\/wp-content\/uploads\/2025\/07\/bezpieczenstwo-ai-w-firmie-prosteit-300x200.webp 300w, https:\/\/prosteit.pl\/wp-content\/uploads\/2025\/07\/bezpieczenstwo-ai-w-firmie-prosteit-1024x683.webp 1024w, https:\/\/prosteit.pl\/wp-content\/uploads\/2025\/07\/bezpieczenstwo-ai-w-firmie-prosteit-768x512.webp 768w, https:\/\/prosteit.pl\/wp-content\/uploads\/2025\/07\/bezpieczenstwo-ai-w-firmie-prosteit-18x12.webp 18w\" sizes=\"(max-width: 1536px) 100vw, 1536px\" \/>                                            <\/div>\n                                                                                <div class=\"blog-content-wrapper\">\n                                            <div class=\"blog-content\">\n                                                <div class=\"blog-date\"><span class=\"posted-on\"><a href=\"https:\/\/prosteit.pl\/en\/is-it-safe-to-use-ai\/\" rel=\"bookmark\"><time class=\"entry-date published updated\" datetime=\"2025-07-29T16:17:32+02:00\">2025-07-29<\/time><\/a><\/span><\/div>\n                                                <div class=\"blog-item\">\n                                                    <ul class=\"post-grid-meta\">\n                                                        <li class=\"blog-author\"><i class=\"icon far fa-user\"><\/i> Kamil Wozniak<\/li>\t\n                                                        <li class=\"item-comment\"><i class=\"far fa-comment\"><\/i><span class=\"comment-number\">Comments<\/span> 0<\/li>\n                                                    <\/ul>\n                                                    <h5 class=\"blog-title\">\n                                                    <a href=\"https:\/\/prosteit.pl\/en\/is-it-safe-to-use-ai\/\">Is using AI safe? Find out what&#039;s happening to your\u2026<\/a>\n                                                    <\/h5>\n                                                    <p class=\"blog-des\">  Have you ever wondered what happens to the information you enter into ChatGPT or other AI tools? Artificial intelligence has become\u2026<\/p>\n                                                    <a class=\"blog-btn\" href=\"https:\/\/prosteit.pl\/en\/is-it-safe-to-use-ai\/\"> Read more!<\/a>\n                                                <\/div>\n                                            <\/div>\n                                        <\/div>\n                                    <\/div>\n                                <\/div>\n                                                            <div class=\"item col-lg-4\">\n                                    <div class=\"blog-items\">\n                                                                                    <div class=\"blog-image\">\n                                                <img loading=\"lazy\" decoding=\"async\" width=\"1536\" height=\"1024\" src=\"https:\/\/prosteit.pl\/wp-content\/uploads\/2025\/07\/prosteit-informatyk-grodzisk-mazowiecki-i-okolice-it-dla-firm-outsourcing.jpg\" class=\"img-responsive wp-post-image\" alt=\"Microsoft Exchange implementation, IT support for companies, IT consulting, Grodzisk Mazowiecki, O\u017car\u00f3w, Warsaw\" srcset=\"https:\/\/prosteit.pl\/wp-content\/uploads\/2025\/07\/prosteit-informatyk-grodzisk-mazowiecki-i-okolice-it-dla-firm-outsourcing.jpg 1536w, https:\/\/prosteit.pl\/wp-content\/uploads\/2025\/07\/prosteit-informatyk-grodzisk-mazowiecki-i-okolice-it-dla-firm-outsourcing-300x200.jpg 300w, https:\/\/prosteit.pl\/wp-content\/uploads\/2025\/07\/prosteit-informatyk-grodzisk-mazowiecki-i-okolice-it-dla-firm-outsourcing-1024x683.jpg 1024w, https:\/\/prosteit.pl\/wp-content\/uploads\/2025\/07\/prosteit-informatyk-grodzisk-mazowiecki-i-okolice-it-dla-firm-outsourcing-768x512.jpg 768w, https:\/\/prosteit.pl\/wp-content\/uploads\/2025\/07\/prosteit-informatyk-grodzisk-mazowiecki-i-okolice-it-dla-firm-outsourcing-18x12.jpg 18w\" sizes=\"(max-width: 1536px) 100vw, 1536px\" \/>                                            <\/div>\n                                                                                <div class=\"blog-content-wrapper\">\n                                            <div class=\"blog-content\">\n                                                <div class=\"blog-date\"><span class=\"posted-on\"><a href=\"https:\/\/prosteit.pl\/en\/microsoft-exchange-implementation-benefits-problems\/\" rel=\"bookmark\"><time class=\"entry-date published updated\" datetime=\"2025-07-10T19:03:10+02:00\">2025-07-10<\/time><\/a><\/span><\/div>\n                                                <div class=\"blog-item\">\n                                                    <ul class=\"post-grid-meta\">\n                                                        <li class=\"blog-author\"><i class=\"icon far fa-user\"><\/i> Kamil Wozniak<\/li>\t\n                                                        <li class=\"item-comment\"><i class=\"far fa-comment\"><\/i><span class=\"comment-number\">Comments<\/span> 0<\/li>\n                                                    <\/ul>\n                                                    <h5 class=\"blog-title\">\n                                                    <a href=\"https:\/\/prosteit.pl\/en\/microsoft-exchange-implementation-benefits-problems\/\">Microsoft Exchange \u2013 What is it, Benefits, Implementation and Most Common Problems in 2025<\/a>\n                                                    <\/h5>\n                                                    <p class=\"blog-des\">  Imagine everything running smoothly in your company: emails don&#039;t get lost, calendars sync automatically between teams,\u2026<\/p>\n                                                    <a class=\"blog-btn\" href=\"https:\/\/prosteit.pl\/en\/microsoft-exchange-implementation-benefits-problems\/\"> Read more!<\/a>\n                                                <\/div>\n                                            <\/div>\n                                        <\/div>\n                                    <\/div>\n                                <\/div>\n                                                            <div class=\"item col-lg-4\">\n                                    <div class=\"blog-items\">\n                                                                                    <div class=\"blog-image\">\n                                                <img loading=\"lazy\" decoding=\"async\" width=\"1315\" height=\"657\" src=\"https:\/\/prosteit.pl\/wp-content\/uploads\/2025\/07\/planner-czy-todo-wdrozenie-w-firmie-poradnik-jak-korzystac-warszawa-i-okolice-1.jpg\" class=\"img-responsive wp-post-image\" alt=\"Planner or Microsoft To Do\" srcset=\"https:\/\/prosteit.pl\/wp-content\/uploads\/2025\/07\/planner-czy-todo-wdrozenie-w-firmie-poradnik-jak-korzystac-warszawa-i-okolice-1.jpg 1315w, https:\/\/prosteit.pl\/wp-content\/uploads\/2025\/07\/planner-czy-todo-wdrozenie-w-firmie-poradnik-jak-korzystac-warszawa-i-okolice-1-300x150.jpg 300w, https:\/\/prosteit.pl\/wp-content\/uploads\/2025\/07\/planner-czy-todo-wdrozenie-w-firmie-poradnik-jak-korzystac-warszawa-i-okolice-1-1024x512.jpg 1024w, https:\/\/prosteit.pl\/wp-content\/uploads\/2025\/07\/planner-czy-todo-wdrozenie-w-firmie-poradnik-jak-korzystac-warszawa-i-okolice-1-768x384.jpg 768w, https:\/\/prosteit.pl\/wp-content\/uploads\/2025\/07\/planner-czy-todo-wdrozenie-w-firmie-poradnik-jak-korzystac-warszawa-i-okolice-1-18x9.jpg 18w\" sizes=\"(max-width: 1315px) 100vw, 1315px\" \/>                                            <\/div>\n                                                                                <div class=\"blog-content-wrapper\">\n                                            <div class=\"blog-content\">\n                                                <div class=\"blog-date\"><span class=\"posted-on\"><a href=\"https:\/\/prosteit.pl\/en\/planner-and-microsoft-are-comparable\/\" rel=\"bookmark\"><time class=\"entry-date published updated\" datetime=\"2025-07-10T16:27:42+02:00\">2025-07-10<\/time><\/a><\/span><\/div>\n                                                <div class=\"blog-item\">\n                                                    <ul class=\"post-grid-meta\">\n                                                        <li class=\"blog-author\"><i class=\"icon far fa-user\"><\/i> Kamil Wozniak<\/li>\t\n                                                        <li class=\"item-comment\"><i class=\"far fa-comment\"><\/i><span class=\"comment-number\">Comments<\/span> 0<\/li>\n                                                    <\/ul>\n                                                    <h5 class=\"blog-title\">\n                                                    <a href=\"https:\/\/prosteit.pl\/en\/planner-and-microsoft-are-comparable\/\">Planner and Microsoft To Do \u2013 which tool will make everyday work easier in\u2026<\/a>\n                                                    <\/h5>\n                                                    <p class=\"blog-des\">  Task management is the basis for efficient work \u2013 whether in a one-person business, a team of several people or in a larger office.\u2026<\/p>\n                                                    <a class=\"blog-btn\" href=\"https:\/\/prosteit.pl\/en\/planner-and-microsoft-are-comparable\/\"> Read more!<\/a>\n                                                <\/div>\n                                            <\/div>\n                                        <\/div>\n                                    <\/div>\n                                <\/div>\n                                                            <div class=\"item col-lg-4\">\n                                    <div class=\"blog-items\">\n                                                                                    <div class=\"blog-image\">\n                                                <img loading=\"lazy\" decoding=\"async\" width=\"1600\" height=\"900\" src=\"https:\/\/prosteit.pl\/wp-content\/uploads\/2025\/06\/windows10-miniatura-prosteit.webp\" class=\"img-responsive wp-post-image\" alt=\"Windows 10, thumbnail prostyit\" srcset=\"https:\/\/prosteit.pl\/wp-content\/uploads\/2025\/06\/windows10-miniatura-prosteit.webp 1600w, https:\/\/prosteit.pl\/wp-content\/uploads\/2025\/06\/windows10-miniatura-prosteit-300x169.webp 300w, https:\/\/prosteit.pl\/wp-content\/uploads\/2025\/06\/windows10-miniatura-prosteit-1024x576.webp 1024w, https:\/\/prosteit.pl\/wp-content\/uploads\/2025\/06\/windows10-miniatura-prosteit-768x432.webp 768w, https:\/\/prosteit.pl\/wp-content\/uploads\/2025\/06\/windows10-miniatura-prosteit-1536x864.webp 1536w, https:\/\/prosteit.pl\/wp-content\/uploads\/2025\/06\/windows10-miniatura-prosteit-18x10.webp 18w\" sizes=\"(max-width: 1600px) 100vw, 1600px\" \/>                                            <\/div>\n                                                                                <div class=\"blog-content-wrapper\">\n                                            <div class=\"blog-content\">\n                                                <div class=\"blog-date\"><span class=\"posted-on\"><a href=\"https:\/\/prosteit.pl\/en\/microsoft-extends-support-for-windows-10\/\" rel=\"bookmark\"><time class=\"entry-date published updated\" datetime=\"2025-06-27T14:23:37+02:00\">2025-06-27<\/time><\/a><\/span><\/div>\n                                                <div class=\"blog-item\">\n                                                    <ul class=\"post-grid-meta\">\n                                                        <li class=\"blog-author\"><i class=\"icon far fa-user\"><\/i> Kamil Wozniak<\/li>\t\n                                                        <li class=\"item-comment\"><i class=\"far fa-comment\"><\/i><span class=\"comment-number\">Comments<\/span> 0<\/li>\n                                                    <\/ul>\n                                                    <h5 class=\"blog-title\">\n                                                    <a href=\"https:\/\/prosteit.pl\/en\/microsoft-extends-support-for-windows-10\/\">Microsoft Extends Support for Windows 10 \u2013 Everything You Need to Know<\/a>\n                                                    <\/h5>\n                                                    <p class=\"blog-des\">  Although Windows 10 officially ends support in October 2025, Microsoft surprised many users by announcing a new, unusual approach to security.\u2026<\/p>\n                                                    <a class=\"blog-btn\" href=\"https:\/\/prosteit.pl\/en\/microsoft-extends-support-for-windows-10\/\"> Read more!<\/a>\n                                                <\/div>\n                                            <\/div>\n                                        <\/div>\n                                    <\/div>\n                                <\/div>\n                                                            <div class=\"item col-lg-4\">\n                                    <div class=\"blog-items\">\n                                                                                    <div class=\"blog-image\">\n                                                <img loading=\"lazy\" decoding=\"async\" width=\"1505\" height=\"763\" src=\"https:\/\/prosteit.pl\/wp-content\/uploads\/2025\/06\/problem-z-outlookiem-pomoc-i-obsluga-poczty-dla-firmy.jpg\" class=\"img-responsive wp-post-image\" alt=\"help with outlook\" srcset=\"https:\/\/prosteit.pl\/wp-content\/uploads\/2025\/06\/problem-z-outlookiem-pomoc-i-obsluga-poczty-dla-firmy.jpg 1505w, https:\/\/prosteit.pl\/wp-content\/uploads\/2025\/06\/problem-z-outlookiem-pomoc-i-obsluga-poczty-dla-firmy-300x152.jpg 300w, https:\/\/prosteit.pl\/wp-content\/uploads\/2025\/06\/problem-z-outlookiem-pomoc-i-obsluga-poczty-dla-firmy-1024x519.jpg 1024w, https:\/\/prosteit.pl\/wp-content\/uploads\/2025\/06\/problem-z-outlookiem-pomoc-i-obsluga-poczty-dla-firmy-768x389.jpg 768w, https:\/\/prosteit.pl\/wp-content\/uploads\/2025\/06\/problem-z-outlookiem-pomoc-i-obsluga-poczty-dla-firmy-18x9.jpg 18w\" sizes=\"(max-width: 1505px) 100vw, 1505px\" \/>                                            <\/div>\n                                                                                <div class=\"blog-content-wrapper\">\n                                            <div class=\"blog-content\">\n                                                <div class=\"blog-date\"><span class=\"posted-on\"><a href=\"https:\/\/prosteit.pl\/en\/outlook-problems-and-solutions\/\" rel=\"bookmark\"><time class=\"entry-date published updated\" datetime=\"2025-06-26T17:08:27+02:00\">2025-06-26<\/time><\/a><\/span><\/div>\n                                                <div class=\"blog-item\">\n                                                    <ul class=\"post-grid-meta\">\n                                                        <li class=\"blog-author\"><i class=\"icon far fa-user\"><\/i> Kamil Wozniak<\/li>\t\n                                                        <li class=\"item-comment\"><i class=\"far fa-comment\"><\/i><span class=\"comment-number\">Comments<\/span> 0<\/li>\n                                                    <\/ul>\n                                                    <h5 class=\"blog-title\">\n                                                    <a href=\"https:\/\/prosteit.pl\/en\/outlook-problems-and-solutions\/\">Outlook Not Working? Check out 14 Most Common Problems and Effective Step-by-Step Solutions\u2026<\/a>\n                                                    <\/h5>\n                                                    <p class=\"blog-des\">  Microsoft Outlook is not just an email program \u2013 it is a task, contact, and calendar management center. Versions like Outlook\u2026<\/p>\n                                                    <a class=\"blog-btn\" href=\"https:\/\/prosteit.pl\/en\/outlook-problems-and-solutions\/\"> Read more!<\/a>\n                                                <\/div>\n                                            <\/div>\n                                        <\/div>\n                                    <\/div>\n                                <\/div>\n                                                            <div class=\"item col-lg-4\">\n                                    <div class=\"blog-items\">\n                                                                                    <div class=\"blog-image\">\n                                                <img loading=\"lazy\" decoding=\"async\" width=\"1536\" height=\"1024\" src=\"https:\/\/prosteit.pl\/wp-content\/uploads\/2025\/06\/sharepoint-futurystyczne-logo-na-plazy-prosteit.jpg\" class=\"img-responsive wp-post-image\" alt=\"\" srcset=\"https:\/\/prosteit.pl\/wp-content\/uploads\/2025\/06\/sharepoint-futurystyczne-logo-na-plazy-prosteit.jpg 1536w, https:\/\/prosteit.pl\/wp-content\/uploads\/2025\/06\/sharepoint-futurystyczne-logo-na-plazy-prosteit-300x200.jpg 300w, https:\/\/prosteit.pl\/wp-content\/uploads\/2025\/06\/sharepoint-futurystyczne-logo-na-plazy-prosteit-1024x683.jpg 1024w, https:\/\/prosteit.pl\/wp-content\/uploads\/2025\/06\/sharepoint-futurystyczne-logo-na-plazy-prosteit-768x512.jpg 768w, https:\/\/prosteit.pl\/wp-content\/uploads\/2025\/06\/sharepoint-futurystyczne-logo-na-plazy-prosteit-18x12.jpg 18w\" sizes=\"(max-width: 1536px) 100vw, 1536px\" \/>                                            <\/div>\n                                                                                <div class=\"blog-content-wrapper\">\n                                            <div class=\"blog-content\">\n                                                <div class=\"blog-date\"><span class=\"posted-on\"><a href=\"https:\/\/prosteit.pl\/en\/practical-lessons-with-sharepoint-that-make-work-easier\/\" rel=\"bookmark\"><time class=\"entry-date published updated\" datetime=\"2025-06-18T13:30:51+02:00\">2025-06-18<\/time><\/a><\/span><\/div>\n                                                <div class=\"blog-item\">\n                                                    <ul class=\"post-grid-meta\">\n                                                        <li class=\"blog-author\"><i class=\"icon far fa-user\"><\/i> Kamil Wozniak<\/li>\t\n                                                        <li class=\"item-comment\"><i class=\"far fa-comment\"><\/i><span class=\"comment-number\">Comments<\/span> 0<\/li>\n                                                    <\/ul>\n                                                    <h5 class=\"blog-title\">\n                                                    <a href=\"https:\/\/prosteit.pl\/en\/practical-lessons-with-sharepoint-that-make-work-easier\/\">8 practical SharePoint lessons that will make your team&#039;s work easier<\/a>\n                                                    <\/h5>\n                                                    <p class=\"blog-des\">  Imagine that all documentation \u2013 from contracts and offers, through instructions and project records \u2013 is safely stored in\u2026<\/p>\n                                                    <a class=\"blog-btn\" href=\"https:\/\/prosteit.pl\/en\/practical-lessons-with-sharepoint-that-make-work-easier\/\"> Read more!<\/a>\n                                                <\/div>\n                                            <\/div>\n                                        <\/div>\n                                    <\/div>\n                                <\/div>\n                                                            <div class=\"item col-lg-4\">\n                                    <div class=\"blog-items\">\n                                                                                    <div class=\"blog-image\">\n                                                <img loading=\"lazy\" decoding=\"async\" width=\"1536\" height=\"1024\" src=\"https:\/\/prosteit.pl\/wp-content\/uploads\/2025\/06\/informatyk-ozarow-mazowiecki-it-dla-firm-3.jpg\" class=\"img-responsive wp-post-image\" alt=\"What is RAID, IT services for companies in Pruszk\u00f3w and the surrounding area\" srcset=\"https:\/\/prosteit.pl\/wp-content\/uploads\/2025\/06\/informatyk-ozarow-mazowiecki-it-dla-firm-3.jpg 1536w, https:\/\/prosteit.pl\/wp-content\/uploads\/2025\/06\/informatyk-ozarow-mazowiecki-it-dla-firm-3-300x200.jpg 300w, https:\/\/prosteit.pl\/wp-content\/uploads\/2025\/06\/informatyk-ozarow-mazowiecki-it-dla-firm-3-1024x683.jpg 1024w, https:\/\/prosteit.pl\/wp-content\/uploads\/2025\/06\/informatyk-ozarow-mazowiecki-it-dla-firm-3-768x512.jpg 768w, https:\/\/prosteit.pl\/wp-content\/uploads\/2025\/06\/informatyk-ozarow-mazowiecki-it-dla-firm-3-18x12.jpg 18w\" sizes=\"(max-width: 1536px) 100vw, 1536px\" \/>                                            <\/div>\n                                                                                <div class=\"blog-content-wrapper\">\n                                            <div class=\"blog-content\">\n                                                <div class=\"blog-date\"><span class=\"posted-on\"><a href=\"https:\/\/prosteit.pl\/en\/data-security-in-raid-company-what-is-it\/\" rel=\"bookmark\"><time class=\"entry-date published updated\" datetime=\"2025-06-17T11:03:07+02:00\">2025-06-17<\/time><\/a><\/span><\/div>\n                                                <div class=\"blog-item\">\n                                                    <ul class=\"post-grid-meta\">\n                                                        <li class=\"blog-author\"><i class=\"icon far fa-user\"><\/i> Kamil Wozniak<\/li>\t\n                                                        <li class=\"item-comment\"><i class=\"far fa-comment\"><\/i><span class=\"comment-number\">Comments<\/span> 0<\/li>\n                                                    <\/ul>\n                                                    <h5 class=\"blog-title\">\n                                                    <a href=\"https:\/\/prosteit.pl\/en\/data-security-in-raid-company-what-is-it\/\">Corporate Data Security 2025: RAID \u2013 What is it and How\u2026<\/a>\n                                                    <\/h5>\n                                                    <p class=\"blog-des\">  Imagine running a company where all the most important data \u2013 invoices, contracts, projects, customer documents \u2013 are stored on\u2026<\/p>\n                                                    <a class=\"blog-btn\" href=\"https:\/\/prosteit.pl\/en\/data-security-in-raid-company-what-is-it\/\"> Read more!<\/a>\n                                                <\/div>\n                                            <\/div>\n                                        <\/div>\n                                    <\/div>\n                                <\/div>\n                                                            <div class=\"item col-lg-4\">\n                                    <div class=\"blog-items\">\n                                                                                    <div class=\"blog-image\">\n                                                <img loading=\"lazy\" decoding=\"async\" width=\"1536\" height=\"1024\" src=\"https:\/\/prosteit.pl\/wp-content\/uploads\/2025\/06\/prosteit-obsluga-informatyczna-firm-grodzisk-mazowiecki.webp\" class=\"img-responsive wp-post-image\" alt=\"Microsoft teams futuristic logo, IT specialist Warsaw and surroundings\" srcset=\"https:\/\/prosteit.pl\/wp-content\/uploads\/2025\/06\/prosteit-obsluga-informatyczna-firm-grodzisk-mazowiecki.webp 1536w, https:\/\/prosteit.pl\/wp-content\/uploads\/2025\/06\/prosteit-obsluga-informatyczna-firm-grodzisk-mazowiecki-300x200.webp 300w, https:\/\/prosteit.pl\/wp-content\/uploads\/2025\/06\/prosteit-obsluga-informatyczna-firm-grodzisk-mazowiecki-1024x683.webp 1024w, https:\/\/prosteit.pl\/wp-content\/uploads\/2025\/06\/prosteit-obsluga-informatyczna-firm-grodzisk-mazowiecki-768x512.webp 768w, https:\/\/prosteit.pl\/wp-content\/uploads\/2025\/06\/prosteit-obsluga-informatyczna-firm-grodzisk-mazowiecki-18x12.webp 18w\" sizes=\"(max-width: 1536px) 100vw, 1536px\" \/>                                            <\/div>\n                                                                                <div class=\"blog-content-wrapper\">\n                                            <div class=\"blog-content\">\n                                                <div class=\"blog-date\"><span class=\"posted-on\"><a href=\"https:\/\/prosteit.pl\/en\/advanced-features-microsoft-teams-guide\/\" rel=\"bookmark\"><time class=\"entry-date published updated\" datetime=\"2025-06-12T16:08:54+02:00\">2025-06-12<\/time><\/a><\/span><\/div>\n                                                <div class=\"blog-item\">\n                                                    <ul class=\"post-grid-meta\">\n                                                        <li class=\"blog-author\"><i class=\"icon far fa-user\"><\/i> Kamil Wozniak<\/li>\t\n                                                        <li class=\"item-comment\"><i class=\"far fa-comment\"><\/i><span class=\"comment-number\">Comments<\/span> 0<\/li>\n                                                    <\/ul>\n                                                    <h5 class=\"blog-title\">\n                                                    <a href=\"https:\/\/prosteit.pl\/en\/advanced-features-microsoft-teams-guide\/\">Advanced Microsoft Teams Features You Didn&#039;t Know About! 2025 Guide<\/a>\n                                                    <\/h5>\n                                                    <p class=\"blog-des\">  Microsoft Teams is one of the most versatile team collaboration tools available today, used by millions of businesses every day. But what\u2026<\/p>\n                                                    <a class=\"blog-btn\" href=\"https:\/\/prosteit.pl\/en\/advanced-features-microsoft-teams-guide\/\"> Read more!<\/a>\n                                                <\/div>\n                                            <\/div>\n                                        <\/div>\n                                    <\/div>\n                                <\/div>\n                                                            <div class=\"item col-lg-4\">\n                                    <div class=\"blog-items\">\n                                                                                    <div class=\"blog-image\">\n                                                <img loading=\"lazy\" decoding=\"async\" width=\"1200\" height=\"674\" src=\"https:\/\/prosteit.pl\/wp-content\/uploads\/2025\/06\/prosteit-it-dla-firm-grodzisk-mazowiecki.jpg\" class=\"img-responsive wp-post-image\" alt=\"it for companies grodzisk mazowiecki\" srcset=\"https:\/\/prosteit.pl\/wp-content\/uploads\/2025\/06\/prosteit-it-dla-firm-grodzisk-mazowiecki.jpg 1200w, https:\/\/prosteit.pl\/wp-content\/uploads\/2025\/06\/prosteit-it-dla-firm-grodzisk-mazowiecki-300x169.jpg 300w, https:\/\/prosteit.pl\/wp-content\/uploads\/2025\/06\/prosteit-it-dla-firm-grodzisk-mazowiecki-1024x575.jpg 1024w, https:\/\/prosteit.pl\/wp-content\/uploads\/2025\/06\/prosteit-it-dla-firm-grodzisk-mazowiecki-768x431.jpg 768w, https:\/\/prosteit.pl\/wp-content\/uploads\/2025\/06\/prosteit-it-dla-firm-grodzisk-mazowiecki-18x10.jpg 18w\" sizes=\"(max-width: 1200px) 100vw, 1200px\" \/>                                            <\/div>\n                                                                                <div class=\"blog-content-wrapper\">\n                                            <div class=\"blog-content\">\n                                                <div class=\"blog-date\"><span class=\"posted-on\"><a href=\"https:\/\/prosteit.pl\/en\/it-tailored-what-it-solutions-to-choose-for-your-company-prostyit\/\" rel=\"bookmark\"><time class=\"entry-date published updated\" datetime=\"2025-06-10T15:33:01+02:00\">2025-06-10<\/time><\/a><\/span><\/div>\n                                                <div class=\"blog-item\">\n                                                    <ul class=\"post-grid-meta\">\n                                                        <li class=\"blog-author\"><i class=\"icon far fa-user\"><\/i> Marcin Molenda<\/li>\t\n                                                        <li class=\"item-comment\"><i class=\"far fa-comment\"><\/i><span class=\"comment-number\">Comments<\/span> 0<\/li>\n                                                    <\/ul>\n                                                    <h5 class=\"blog-title\">\n                                                    <a href=\"https:\/\/prosteit.pl\/en\/it-tailored-what-it-solutions-to-choose-for-your-company-prostyit\/\">IT tailored to your needs \u2013 does your company need a digital \u201cvilla with a pool\u201d?<\/a>\n                                                    <\/h5>\n                                                    <p class=\"blog-des\">  Does your IT infrastructure have to be a &quot;villa with a pool&quot;? Each of us has dreamed of a luxury villa with a pool. A great\u2026<\/p>\n                                                    <a class=\"blog-btn\" href=\"https:\/\/prosteit.pl\/en\/it-tailored-what-it-solutions-to-choose-for-your-company-prostyit\/\"> Read more!<\/a>\n                                                <\/div>\n                                            <\/div>\n                                        <\/div>\n                                    <\/div>\n                                <\/div>\n                                                            <div class=\"item col-lg-4\">\n                                    <div class=\"blog-items\">\n                                                                                    <div class=\"blog-image\">\n                                                <img loading=\"lazy\" decoding=\"async\" width=\"1536\" height=\"1024\" src=\"https:\/\/prosteit.pl\/wp-content\/uploads\/2025\/06\/plikipst-i-ost-futurystyczne-logo-informatyk-warszawa-1.webp\" class=\"img-responsive wp-post-image\" alt=\"IT specialist warsaw\" srcset=\"https:\/\/prosteit.pl\/wp-content\/uploads\/2025\/06\/plikipst-i-ost-futurystyczne-logo-informatyk-warszawa-1.webp 1536w, https:\/\/prosteit.pl\/wp-content\/uploads\/2025\/06\/plikipst-i-ost-futurystyczne-logo-informatyk-warszawa-1-300x200.webp 300w, https:\/\/prosteit.pl\/wp-content\/uploads\/2025\/06\/plikipst-i-ost-futurystyczne-logo-informatyk-warszawa-1-1024x683.webp 1024w, https:\/\/prosteit.pl\/wp-content\/uploads\/2025\/06\/plikipst-i-ost-futurystyczne-logo-informatyk-warszawa-1-768x512.webp 768w, https:\/\/prosteit.pl\/wp-content\/uploads\/2025\/06\/plikipst-i-ost-futurystyczne-logo-informatyk-warszawa-1-18x12.webp 18w\" sizes=\"(max-width: 1536px) 100vw, 1536px\" \/>                                            <\/div>\n                                                                                <div class=\"blog-content-wrapper\">\n                                            <div class=\"blog-content\">\n                                                <div class=\"blog-date\"><span class=\"posted-on\"><a href=\"https:\/\/prosteit.pl\/en\/pst-and-ost-files-in-outlook-how-to-enlarge-them\/\" rel=\"bookmark\"><time class=\"entry-date published updated\" datetime=\"2025-06-06T15:31:21+02:00\">2025-06-06<\/time><\/a><\/span><\/div>\n                                                <div class=\"blog-item\">\n                                                    <ul class=\"post-grid-meta\">\n                                                        <li class=\"blog-author\"><i class=\"icon far fa-user\"><\/i> Kamil Wozniak<\/li>\t\n                                                        <li class=\"item-comment\"><i class=\"far fa-comment\"><\/i><span class=\"comment-number\">Comments<\/span> 0<\/li>\n                                                    <\/ul>\n                                                    <h5 class=\"blog-title\">\n                                                    <a href=\"https:\/\/prosteit.pl\/en\/pst-and-ost-files-in-outlook-how-to-enlarge-them\/\">How to increase the size of PST and OST files?<\/a>\n                                                    <\/h5>\n                                                    <p class=\"blog-des\">  In Microsoft Outlook, data files such as Personal Storage Table (PST) and Offline Storage Table (OST) files play a crucial\u2026<\/p>\n                                                    <a class=\"blog-btn\" href=\"https:\/\/prosteit.pl\/en\/pst-and-ost-files-in-outlook-how-to-enlarge-them\/\"> Read more!<\/a>\n                                                <\/div>\n                                            <\/div>\n                                        <\/div>\n                                    <\/div>\n                                <\/div>\n                                                            <div class=\"item col-lg-4\">\n                                    <div class=\"blog-items\">\n                                                                                    <div class=\"blog-image\">\n                                                <img loading=\"lazy\" decoding=\"async\" width=\"1030\" height=\"537\" src=\"https:\/\/prosteit.pl\/wp-content\/uploads\/2025\/06\/prosteit-system-erp.png\" class=\"img-responsive wp-post-image\" alt=\"\" srcset=\"https:\/\/prosteit.pl\/wp-content\/uploads\/2025\/06\/prosteit-system-erp.png 1030w, https:\/\/prosteit.pl\/wp-content\/uploads\/2025\/06\/prosteit-system-erp-300x156.png 300w, https:\/\/prosteit.pl\/wp-content\/uploads\/2025\/06\/prosteit-system-erp-1024x534.png 1024w, https:\/\/prosteit.pl\/wp-content\/uploads\/2025\/06\/prosteit-system-erp-768x400.png 768w, https:\/\/prosteit.pl\/wp-content\/uploads\/2025\/06\/prosteit-system-erp-18x9.png 18w\" sizes=\"(max-width: 1030px) 100vw, 1030px\" \/>                                            <\/div>\n                                                                                <div class=\"blog-content-wrapper\">\n                                            <div class=\"blog-content\">\n                                                <div class=\"blog-date\"><span class=\"posted-on\"><a href=\"https:\/\/prosteit.pl\/en\/erp-system-in-the-cloud-prostoit-guide\/\" rel=\"bookmark\"><time class=\"entry-date published updated\" datetime=\"2025-06-04T17:29:02+02:00\">2025-06-04<\/time><\/a><\/span><\/div>\n                                                <div class=\"blog-item\">\n                                                    <ul class=\"post-grid-meta\">\n                                                        <li class=\"blog-author\"><i class=\"icon far fa-user\"><\/i> Kamil Wozniak<\/li>\t\n                                                        <li class=\"item-comment\"><i class=\"far fa-comment\"><\/i><span class=\"comment-number\">Comments<\/span> 0<\/li>\n                                                    <\/ul>\n                                                    <h5 class=\"blog-title\">\n                                                    <a href=\"https:\/\/prosteit.pl\/en\/erp-system-in-the-cloud-prostoit-guide\/\">ERP system in the cloud \u2013 a guide for small and medium-sized companies (2025)<\/a>\n                                                    <\/h5>\n                                                    <p class=\"blog-des\">  Running a business in today&#039;s world requires not only flexibility, but also quick response to changing market conditions. Financial management,\u2026<\/p>\n                                                    <a class=\"blog-btn\" href=\"https:\/\/prosteit.pl\/en\/erp-system-in-the-cloud-prostoit-guide\/\"> Read more!<\/a>\n                                                <\/div>\n                                            <\/div>\n                                        <\/div>\n                                    <\/div>\n                                <\/div>\n                                                            <div class=\"item col-lg-4\">\n                                    <div class=\"blog-items\">\n                                                                                    <div class=\"blog-image\">\n                                                <img loading=\"lazy\" decoding=\"async\" width=\"1580\" height=\"970\" src=\"https:\/\/prosteit.pl\/wp-content\/uploads\/2025\/05\/nis2-pomoc-informatyczna-dla-firm-pruszkow.webp\" class=\"img-responsive wp-post-image\" alt=\"\" srcset=\"https:\/\/prosteit.pl\/wp-content\/uploads\/2025\/05\/nis2-pomoc-informatyczna-dla-firm-pruszkow.webp 1580w, https:\/\/prosteit.pl\/wp-content\/uploads\/2025\/05\/nis2-pomoc-informatyczna-dla-firm-pruszkow-300x184.webp 300w, https:\/\/prosteit.pl\/wp-content\/uploads\/2025\/05\/nis2-pomoc-informatyczna-dla-firm-pruszkow-1024x629.webp 1024w, https:\/\/prosteit.pl\/wp-content\/uploads\/2025\/05\/nis2-pomoc-informatyczna-dla-firm-pruszkow-768x471.webp 768w, https:\/\/prosteit.pl\/wp-content\/uploads\/2025\/05\/nis2-pomoc-informatyczna-dla-firm-pruszkow-1536x943.webp 1536w, https:\/\/prosteit.pl\/wp-content\/uploads\/2025\/05\/nis2-pomoc-informatyczna-dla-firm-pruszkow-18x12.webp 18w\" sizes=\"(max-width: 1580px) 100vw, 1580px\" \/>                                            <\/div>\n                                                                                <div class=\"blog-content-wrapper\">\n                                            <div class=\"blog-content\">\n                                                <div class=\"blog-date\"><span class=\"posted-on\"><a href=\"https:\/\/prosteit.pl\/en\/nis-directive-2-everything-you-need-to-know\/\" rel=\"bookmark\"><time class=\"entry-date published updated\" datetime=\"2025-05-28T15:41:20+02:00\">2025-05-28<\/time><\/a><\/span><\/div>\n                                                <div class=\"blog-item\">\n                                                    <ul class=\"post-grid-meta\">\n                                                        <li class=\"blog-author\"><i class=\"icon far fa-user\"><\/i> Kamil Wozniak<\/li>\t\n                                                        <li class=\"item-comment\"><i class=\"far fa-comment\"><\/i><span class=\"comment-number\">Comments<\/span> 0<\/li>\n                                                    <\/ul>\n                                                    <h5 class=\"blog-title\">\n                                                    <a href=\"https:\/\/prosteit.pl\/en\/nis-directive-2-everything-you-need-to-know\/\">NIS Directive 2 \u2013 Everything You Need to Know in 2025<\/a>\n                                                    <\/h5>\n                                                    <p class=\"blog-des\">  Over the past few years, cybersecurity has become a key topic for companies operating in the European Union. The number of cyberattacks\u2026<\/p>\n                                                    <a class=\"blog-btn\" href=\"https:\/\/prosteit.pl\/en\/nis-directive-2-everything-you-need-to-know\/\"> Read more!<\/a>\n                                                <\/div>\n                                            <\/div>\n                                        <\/div>\n                                    <\/div>\n                                <\/div>\n                                                            <div class=\"item col-lg-4\">\n                                    <div class=\"blog-items\">\n                                                                                    <div class=\"blog-image\">\n                                                <img loading=\"lazy\" decoding=\"async\" width=\"1920\" height=\"1280\" src=\"https:\/\/prosteit.pl\/wp-content\/uploads\/2025\/05\/prosteit-pozycjonowanie-stron-www-poradnik-2025-1.jpg\" class=\"img-responsive wp-post-image\" alt=\"How to position a website on the Internet, SEO guide prostyIT\" srcset=\"https:\/\/prosteit.pl\/wp-content\/uploads\/2025\/05\/prosteit-pozycjonowanie-stron-www-poradnik-2025-1.jpg 1920w, https:\/\/prosteit.pl\/wp-content\/uploads\/2025\/05\/prosteit-pozycjonowanie-stron-www-poradnik-2025-1-300x200.jpg 300w, https:\/\/prosteit.pl\/wp-content\/uploads\/2025\/05\/prosteit-pozycjonowanie-stron-www-poradnik-2025-1-1024x683.jpg 1024w, https:\/\/prosteit.pl\/wp-content\/uploads\/2025\/05\/prosteit-pozycjonowanie-stron-www-poradnik-2025-1-768x512.jpg 768w, https:\/\/prosteit.pl\/wp-content\/uploads\/2025\/05\/prosteit-pozycjonowanie-stron-www-poradnik-2025-1-1536x1024.jpg 1536w, https:\/\/prosteit.pl\/wp-content\/uploads\/2025\/05\/prosteit-pozycjonowanie-stron-www-poradnik-2025-1-18x12.jpg 18w\" sizes=\"(max-width: 1920px) 100vw, 1920px\" \/>                                            <\/div>\n                                                                                <div class=\"blog-content-wrapper\">\n                                            <div class=\"blog-content\">\n                                                <div class=\"blog-date\"><span class=\"posted-on\"><a href=\"https:\/\/prosteit.pl\/en\/how-to-position-a-website-on-the-internet-seo-guide\/\" rel=\"bookmark\"><time class=\"entry-date published updated\" datetime=\"2025-05-22T17:04:57+02:00\">2025-05-22<\/time><\/a><\/span><\/div>\n                                                <div class=\"blog-item\">\n                                                    <ul class=\"post-grid-meta\">\n                                                        <li class=\"blog-author\"><i class=\"icon far fa-user\"><\/i> Kamil Wozniak<\/li>\t\n                                                        <li class=\"item-comment\"><i class=\"far fa-comment\"><\/i><span class=\"comment-number\">Comments<\/span> 0<\/li>\n                                                    <\/ul>\n                                                    <h5 class=\"blog-title\">\n                                                    <a href=\"https:\/\/prosteit.pl\/en\/how-to-position-a-website-on-the-internet-seo-guide\/\">How to position a website on the internet? SEO guide 2025<\/a>\n                                                    <\/h5>\n                                                    <p class=\"blog-des\">  Nowadays, having a website is not enough. You can have a well-designed website, a professional offer and attractive prices, but\u2026<\/p>\n                                                    <a class=\"blog-btn\" href=\"https:\/\/prosteit.pl\/en\/how-to-position-a-website-on-the-internet-seo-guide\/\"> Read more!<\/a>\n                                                <\/div>\n                                            <\/div>\n                                        <\/div>\n                                    <\/div>\n                                <\/div>\n                                                            <div class=\"item col-lg-4\">\n                                    <div class=\"blog-items\">\n                                                                                    <div class=\"blog-image\">\n                                                <img loading=\"lazy\" decoding=\"async\" width=\"2400\" height=\"1256\" src=\"https:\/\/prosteit.pl\/wp-content\/uploads\/2025\/05\/VMware-ESXi-vs-Proxmox-prosteit-porownanie.png\" class=\"img-responsive wp-post-image\" alt=\"Proxmox vs VMware ESXi, prostyIT guide, IT support for companies near Warsaw\" srcset=\"https:\/\/prosteit.pl\/wp-content\/uploads\/2025\/05\/VMware-ESXi-vs-Proxmox-prosteit-porownanie.png 2400w, https:\/\/prosteit.pl\/wp-content\/uploads\/2025\/05\/VMware-ESXi-vs-Proxmox-prosteit-porownanie-300x157.png 300w, https:\/\/prosteit.pl\/wp-content\/uploads\/2025\/05\/VMware-ESXi-vs-Proxmox-prosteit-porownanie-1024x536.png 1024w, https:\/\/prosteit.pl\/wp-content\/uploads\/2025\/05\/VMware-ESXi-vs-Proxmox-prosteit-porownanie-768x402.png 768w, https:\/\/prosteit.pl\/wp-content\/uploads\/2025\/05\/VMware-ESXi-vs-Proxmox-prosteit-porownanie-1536x804.png 1536w, https:\/\/prosteit.pl\/wp-content\/uploads\/2025\/05\/VMware-ESXi-vs-Proxmox-prosteit-porownanie-2048x1072.png 2048w, https:\/\/prosteit.pl\/wp-content\/uploads\/2025\/05\/VMware-ESXi-vs-Proxmox-prosteit-porownanie-18x9.png 18w\" sizes=\"(max-width: 2400px) 100vw, 2400px\" \/>                                            <\/div>\n                                                                                <div class=\"blog-content-wrapper\">\n                                            <div class=\"blog-content\">\n                                                <div class=\"blog-date\"><span class=\"posted-on\"><a href=\"https:\/\/prosteit.pl\/en\/proxmox-ve-vs-vmware-esxi-8-things-worth-knowing\/\" rel=\"bookmark\"><time class=\"entry-date published updated\" datetime=\"2025-05-20T10:49:53+02:00\">2025-05-20<\/time><\/a><\/span><\/div>\n                                                <div class=\"blog-item\">\n                                                    <ul class=\"post-grid-meta\">\n                                                        <li class=\"blog-author\"><i class=\"icon far fa-user\"><\/i> Kamil Wozniak<\/li>\t\n                                                        <li class=\"item-comment\"><i class=\"far fa-comment\"><\/i><span class=\"comment-number\">Comments<\/span> 0<\/li>\n                                                    <\/ul>\n                                                    <h5 class=\"blog-title\">\n                                                    <a href=\"https:\/\/prosteit.pl\/en\/proxmox-ve-vs-vmware-esxi-8-things-worth-knowing\/\">Proxmox VE vs VMware ESXi: 8 Key Differences That Will Help Your Business\u2026<\/a>\n                                                    <\/h5>\n                                                    <p class=\"blog-des\">  In the world of technology, where every decision can affect the success or failure of a company, choosing the right virtualization platform becomes crucial.\u2026<\/p>\n                                                    <a class=\"blog-btn\" href=\"https:\/\/prosteit.pl\/en\/proxmox-ve-vs-vmware-esxi-8-things-worth-knowing\/\"> Read more!<\/a>\n                                                <\/div>\n                                            <\/div>\n                                        <\/div>\n                                    <\/div>\n                                <\/div>\n                                                            <div class=\"item col-lg-4\">\n                                    <div class=\"blog-items\">\n                                                                                    <div class=\"blog-image\">\n                                                <img loading=\"lazy\" decoding=\"async\" width=\"1452\" height=\"932\" src=\"https:\/\/prosteit.pl\/wp-content\/uploads\/2025\/05\/Power-automate-logo-futurystyczne-prosteit.jpg\" class=\"img-responsive wp-post-image\" alt=\"\" srcset=\"https:\/\/prosteit.pl\/wp-content\/uploads\/2025\/05\/Power-automate-logo-futurystyczne-prosteit.jpg 1452w, https:\/\/prosteit.pl\/wp-content\/uploads\/2025\/05\/Power-automate-logo-futurystyczne-prosteit-300x193.jpg 300w, https:\/\/prosteit.pl\/wp-content\/uploads\/2025\/05\/Power-automate-logo-futurystyczne-prosteit-1024x657.jpg 1024w, https:\/\/prosteit.pl\/wp-content\/uploads\/2025\/05\/Power-automate-logo-futurystyczne-prosteit-768x493.jpg 768w, https:\/\/prosteit.pl\/wp-content\/uploads\/2025\/05\/Power-automate-logo-futurystyczne-prosteit-18x12.jpg 18w\" sizes=\"(max-width: 1452px) 100vw, 1452px\" \/>                                            <\/div>\n                                                                                <div class=\"blog-content-wrapper\">\n                                            <div class=\"blog-content\">\n                                                <div class=\"blog-date\"><span class=\"posted-on\"><a href=\"https:\/\/prosteit.pl\/en\/power-automate-for-beginners-simple-guide\/\" rel=\"bookmark\"><time class=\"entry-date published updated\" datetime=\"2025-05-12T15:51:46+02:00\">2025-05-12<\/time><\/a><\/span><\/div>\n                                                <div class=\"blog-item\">\n                                                    <ul class=\"post-grid-meta\">\n                                                        <li class=\"blog-author\"><i class=\"icon far fa-user\"><\/i> Kamil Wozniak<\/li>\t\n                                                        <li class=\"item-comment\"><i class=\"far fa-comment\"><\/i><span class=\"comment-number\">Comments<\/span> 0<\/li>\n                                                    <\/ul>\n                                                    <h5 class=\"blog-title\">\n                                                    <a href=\"https:\/\/prosteit.pl\/en\/power-automate-for-beginners-simple-guide\/\">Power Automate for Beginners \u2013 How to Automate Your Small Business in 15 Minutes<\/a>\n                                                    <\/h5>\n                                                    <p class=\"blog-des\">  In today&#039;s world, running a business is not just about a good product or great customer service - it is also about the effectiveness of operational activities.\u2026<\/p>\n                                                    <a class=\"blog-btn\" href=\"https:\/\/prosteit.pl\/en\/power-automate-for-beginners-simple-guide\/\"> Read more!<\/a>\n                                                <\/div>\n                                            <\/div>\n                                        <\/div>\n                                    <\/div>\n                                <\/div>\n                                                            <div class=\"item col-lg-4\">\n                                    <div class=\"blog-items\">\n                                                                                    <div class=\"blog-image\">\n                                                <img loading=\"lazy\" decoding=\"async\" width=\"1536\" height=\"864\" src=\"https:\/\/prosteit.pl\/wp-content\/uploads\/2025\/05\/windows12-proste-it-krotkie-wyjasnienie1.jpg\" class=\"img-responsive wp-post-image\" alt=\"Windows 12 logo on a futuristic background, ProsteIT - an IT company near Warsaw will help you install a new system\" srcset=\"https:\/\/prosteit.pl\/wp-content\/uploads\/2025\/05\/windows12-proste-it-krotkie-wyjasnienie1.jpg 1536w, https:\/\/prosteit.pl\/wp-content\/uploads\/2025\/05\/windows12-proste-it-krotkie-wyjasnienie1-300x169.jpg 300w, https:\/\/prosteit.pl\/wp-content\/uploads\/2025\/05\/windows12-proste-it-krotkie-wyjasnienie1-1024x576.jpg 1024w, https:\/\/prosteit.pl\/wp-content\/uploads\/2025\/05\/windows12-proste-it-krotkie-wyjasnienie1-768x432.jpg 768w, https:\/\/prosteit.pl\/wp-content\/uploads\/2025\/05\/windows12-proste-it-krotkie-wyjasnienie1-18x10.jpg 18w\" sizes=\"(max-width: 1536px) 100vw, 1536px\" \/>                                            <\/div>\n                                                                                <div class=\"blog-content-wrapper\">\n                                            <div class=\"blog-content\">\n                                                <div class=\"blog-date\"><span class=\"posted-on\"><a href=\"https:\/\/prosteit.pl\/en\/windows-12-everything-you-need-to-know-before-the-premiere\/\" rel=\"bookmark\"><time class=\"entry-date published updated\" datetime=\"2025-05-07T14:01:12+02:00\">2025-05-07<\/time><\/a><\/span><\/div>\n                                                <div class=\"blog-item\">\n                                                    <ul class=\"post-grid-meta\">\n                                                        <li class=\"blog-author\"><i class=\"icon far fa-user\"><\/i> Kamil Wozniak<\/li>\t\n                                                        <li class=\"item-comment\"><i class=\"far fa-comment\"><\/i><span class=\"comment-number\">Comments<\/span> 0<\/li>\n                                                    <\/ul>\n                                                    <h5 class=\"blog-title\">\n                                                    <a href=\"https:\/\/prosteit.pl\/en\/windows-12-everything-you-need-to-know-before-the-premiere\/\">Windows 12 \u2013 everything you need to know before the premiere<\/a>\n                                                    <\/h5>\n                                                    <p class=\"blog-des\">  Windows 12 is the upcoming version of Microsoft&#039;s operating system that is set to revolutionize the way we use computers. While the official release date\u2026<\/p>\n                                                    <a class=\"blog-btn\" href=\"https:\/\/prosteit.pl\/en\/windows-12-everything-you-need-to-know-before-the-premiere\/\"> Read more!<\/a>\n                                                <\/div>\n                                            <\/div>\n                                        <\/div>\n                                    <\/div>\n                                <\/div>\n                                                            <div class=\"item col-lg-4\">\n                                    <div class=\"blog-items\">\n                                                                                    <div class=\"blog-image\">\n                                                <img loading=\"lazy\" decoding=\"async\" width=\"1536\" height=\"1024\" src=\"https:\/\/prosteit.pl\/wp-content\/uploads\/2025\/05\/Prosteit-pomoc-informatyczna-pod-warszawa-ozarow-mazowiecki.png\" class=\"img-responsive wp-post-image\" alt=\"ProsteIT - IT support O\u017car\u00f3w Mazowiecki, selection of voice communicators in the company\" srcset=\"https:\/\/prosteit.pl\/wp-content\/uploads\/2025\/05\/Prosteit-pomoc-informatyczna-pod-warszawa-ozarow-mazowiecki.png 1536w, https:\/\/prosteit.pl\/wp-content\/uploads\/2025\/05\/Prosteit-pomoc-informatyczna-pod-warszawa-ozarow-mazowiecki-300x200.png 300w, https:\/\/prosteit.pl\/wp-content\/uploads\/2025\/05\/Prosteit-pomoc-informatyczna-pod-warszawa-ozarow-mazowiecki-1024x683.png 1024w, https:\/\/prosteit.pl\/wp-content\/uploads\/2025\/05\/Prosteit-pomoc-informatyczna-pod-warszawa-ozarow-mazowiecki-768x512.png 768w, https:\/\/prosteit.pl\/wp-content\/uploads\/2025\/05\/Prosteit-pomoc-informatyczna-pod-warszawa-ozarow-mazowiecki-18x12.png 18w\" sizes=\"(max-width: 1536px) 100vw, 1536px\" \/>                                            <\/div>\n                                                                                <div class=\"blog-content-wrapper\">\n                                            <div class=\"blog-content\">\n                                                <div class=\"blog-date\"><span class=\"posted-on\"><a href=\"https:\/\/prosteit.pl\/en\/whatsapp-or-teams-voice-messenger-comparison\/\" rel=\"bookmark\"><time class=\"entry-date published updated\" datetime=\"2025-05-05T16:35:25+02:00\">2025-05-05<\/time><\/a><\/span><\/div>\n                                                <div class=\"blog-item\">\n                                                    <ul class=\"post-grid-meta\">\n                                                        <li class=\"blog-author\"><i class=\"icon far fa-user\"><\/i> Kamil Wozniak<\/li>\t\n                                                        <li class=\"item-comment\"><i class=\"far fa-comment\"><\/i><span class=\"comment-number\">Comments<\/span> 0<\/li>\n                                                    <\/ul>\n                                                    <h5 class=\"blog-title\">\n                                                    <a href=\"https:\/\/prosteit.pl\/en\/whatsapp-or-teams-voice-messenger-comparison\/\">Voice Messenger Security: A Comparison of the Most Popular Apps in 2025<\/a>\n                                                    <\/h5>\n                                                    <p class=\"blog-des\">  In the digital age, where communication is mainly done through mobile applications, the security of voice calls is becoming a key issue. Many\u2026<\/p>\n                                                    <a class=\"blog-btn\" href=\"https:\/\/prosteit.pl\/en\/whatsapp-or-teams-voice-messenger-comparison\/\"> Read more!<\/a>\n                                                <\/div>\n                                            <\/div>\n                                        <\/div>\n                                    <\/div>\n                                <\/div>\n                                                            <div class=\"item col-lg-4\">\n                                    <div class=\"blog-items\">\n                                                                                    <div class=\"blog-image\">\n                                                <img loading=\"lazy\" decoding=\"async\" width=\"1920\" height=\"1080\" src=\"https:\/\/prosteit.pl\/wp-content\/uploads\/2025\/04\/kompletny-poradnik-prosteit.jpg\" class=\"img-responsive wp-post-image\" alt=\"ProsteIT guide on how to set up a website\" srcset=\"https:\/\/prosteit.pl\/wp-content\/uploads\/2025\/04\/kompletny-poradnik-prosteit.jpg 1920w, https:\/\/prosteit.pl\/wp-content\/uploads\/2025\/04\/kompletny-poradnik-prosteit-300x169.jpg 300w, https:\/\/prosteit.pl\/wp-content\/uploads\/2025\/04\/kompletny-poradnik-prosteit-1024x576.jpg 1024w, https:\/\/prosteit.pl\/wp-content\/uploads\/2025\/04\/kompletny-poradnik-prosteit-768x432.jpg 768w, https:\/\/prosteit.pl\/wp-content\/uploads\/2025\/04\/kompletny-poradnik-prosteit-1536x864.jpg 1536w, https:\/\/prosteit.pl\/wp-content\/uploads\/2025\/04\/kompletny-poradnik-prosteit-18x10.jpg 18w\" sizes=\"(max-width: 1920px) 100vw, 1920px\" \/>                                            <\/div>\n                                                                                <div class=\"blog-content-wrapper\">\n                                            <div class=\"blog-content\">\n                                                <div class=\"blog-date\"><span class=\"posted-on\"><a href=\"https:\/\/prosteit.pl\/en\/how-to-start-a-website-complete-guide-2025\/\" rel=\"bookmark\"><time class=\"entry-date published updated\" datetime=\"2025-04-30T17:13:20+02:00\">2025-04-30<\/time><\/a><\/span><\/div>\n                                                <div class=\"blog-item\">\n                                                    <ul class=\"post-grid-meta\">\n                                                        <li class=\"blog-author\"><i class=\"icon far fa-user\"><\/i> Kamil Wozniak<\/li>\t\n                                                        <li class=\"item-comment\"><i class=\"far fa-comment\"><\/i><span class=\"comment-number\">Comments<\/span> 0<\/li>\n                                                    <\/ul>\n                                                    <h5 class=\"blog-title\">\n                                                    <a href=\"https:\/\/prosteit.pl\/en\/how-to-start-a-website-complete-guide-2025\/\">How to Start a Website for Your Business \u2013 The Complete Beginner&#039;s Guide (2025)<\/a>\n                                                    <\/h5>\n                                                    <p class=\"blog-des\">  These days, having a website for your business is no longer a luxury, but a necessity. Whether you run a local\u2026<\/p>\n                                                    <a class=\"blog-btn\" href=\"https:\/\/prosteit.pl\/en\/how-to-start-a-website-complete-guide-2025\/\"> Read more!<\/a>\n                                                <\/div>\n                                            <\/div>\n                                        <\/div>\n                                    <\/div>\n                                <\/div>\n                                                            <div class=\"item col-lg-4\">\n                                    <div class=\"blog-items\">\n                                                                                    <div class=\"blog-image\">\n                                                <img loading=\"lazy\" decoding=\"async\" width=\"1920\" height=\"1323\" src=\"https:\/\/prosteit.pl\/wp-content\/uploads\/2025\/04\/hands-working-digital-device-network-graphic-overlay.jpg\" class=\"img-responsive wp-post-image\" alt=\"company password management\" srcset=\"https:\/\/prosteit.pl\/wp-content\/uploads\/2025\/04\/hands-working-digital-device-network-graphic-overlay.jpg 1920w, https:\/\/prosteit.pl\/wp-content\/uploads\/2025\/04\/hands-working-digital-device-network-graphic-overlay-300x207.jpg 300w, https:\/\/prosteit.pl\/wp-content\/uploads\/2025\/04\/hands-working-digital-device-network-graphic-overlay-1024x706.jpg 1024w, https:\/\/prosteit.pl\/wp-content\/uploads\/2025\/04\/hands-working-digital-device-network-graphic-overlay-768x529.jpg 768w, https:\/\/prosteit.pl\/wp-content\/uploads\/2025\/04\/hands-working-digital-device-network-graphic-overlay-1536x1058.jpg 1536w, https:\/\/prosteit.pl\/wp-content\/uploads\/2025\/04\/hands-working-digital-device-network-graphic-overlay-18x12.jpg 18w\" sizes=\"(max-width: 1920px) 100vw, 1920px\" \/>                                            <\/div>\n                                                                                <div class=\"blog-content-wrapper\">\n                                            <div class=\"blog-content\">\n                                                <div class=\"blog-date\"><span class=\"posted-on\"><a href=\"https:\/\/prosteit.pl\/en\/password-management-in-the-company-password-manager-overview\/\" rel=\"bookmark\"><time class=\"entry-date published updated\" datetime=\"2025-04-22T15:47:20+02:00\">2025-04-22<\/time><\/a><\/span><\/div>\n                                                <div class=\"blog-item\">\n                                                    <ul class=\"post-grid-meta\">\n                                                        <li class=\"blog-author\"><i class=\"icon far fa-user\"><\/i> Kamil Wozniak<\/li>\t\n                                                        <li class=\"item-comment\"><i class=\"far fa-comment\"><\/i><span class=\"comment-number\">Comments<\/span> 0<\/li>\n                                                    <\/ul>\n                                                    <h5 class=\"blog-title\">\n                                                    <a href=\"https:\/\/prosteit.pl\/en\/password-management-in-the-company-password-manager-overview\/\">Corporate Password Management \u2013 Why Excel Is the Worst Idea in 2025\u2026<\/a>\n                                                    <\/h5>\n                                                    <p class=\"blog-des\">  Introduction In today&#039;s digital world, the average employee uses a dozen or even dozens of different online accounts and services. Each of them requires a unique, powerful\u2026<\/p>\n                                                    <a class=\"blog-btn\" href=\"https:\/\/prosteit.pl\/en\/password-management-in-the-company-password-manager-overview\/\"> Read more!<\/a>\n                                                <\/div>\n                                            <\/div>\n                                        <\/div>\n                                    <\/div>\n                                <\/div>\n                                                            <div class=\"item col-lg-4\">\n                                    <div class=\"blog-items\">\n                                                                                    <div class=\"blog-image\">\n                                                <img loading=\"lazy\" decoding=\"async\" width=\"1280\" height=\"720\" src=\"https:\/\/prosteit.pl\/wp-content\/uploads\/2025\/04\/artykulminiatura.png\" class=\"img-responsive wp-post-image\" alt=\"Comparison of HDD, SSD and NVMe drives - IT support in Warsaw and the surrounding area, help with choosing a drive for the company\" srcset=\"https:\/\/prosteit.pl\/wp-content\/uploads\/2025\/04\/artykulminiatura.png 1280w, https:\/\/prosteit.pl\/wp-content\/uploads\/2025\/04\/artykulminiatura-300x169.png 300w, https:\/\/prosteit.pl\/wp-content\/uploads\/2025\/04\/artykulminiatura-1024x576.png 1024w, https:\/\/prosteit.pl\/wp-content\/uploads\/2025\/04\/artykulminiatura-768x432.png 768w, https:\/\/prosteit.pl\/wp-content\/uploads\/2025\/04\/artykulminiatura-18x10.png 18w\" sizes=\"(max-width: 1280px) 100vw, 1280px\" \/>                                            <\/div>\n                                                                                <div class=\"blog-content-wrapper\">\n                                            <div class=\"blog-content\">\n                                                <div class=\"blog-date\"><span class=\"posted-on\"><a href=\"https:\/\/prosteit.pl\/en\/nvme-ssd-or-hdd-choosing-hardware-for-a-company-computer\/\" rel=\"bookmark\"><time class=\"entry-date published updated\" datetime=\"2025-04-16T10:15:52+02:00\">2025-04-16<\/time><\/a><\/span><\/div>\n                                                <div class=\"blog-item\">\n                                                    <ul class=\"post-grid-meta\">\n                                                        <li class=\"blog-author\"><i class=\"icon far fa-user\"><\/i> Kamil Wozniak<\/li>\t\n                                                        <li class=\"item-comment\"><i class=\"far fa-comment\"><\/i><span class=\"comment-number\">Comments<\/span> 0<\/li>\n                                                    <\/ul>\n                                                    <h5 class=\"blog-title\">\n                                                    <a href=\"https:\/\/prosteit.pl\/en\/nvme-ssd-or-hdd-choosing-hardware-for-a-company-computer\/\">NVMe, SSD SATA or HDD SATA? Is it worth paying extra for a business computer?<\/a>\n                                                    <\/h5>\n                                                    <p class=\"blog-des\">  Choosing the right drive for your company&#039;s computer is a decision that affects both work efficiency and the costs of running your business. In 2025\u2026<\/p>\n                                                    <a class=\"blog-btn\" href=\"https:\/\/prosteit.pl\/en\/nvme-ssd-or-hdd-choosing-hardware-for-a-company-computer\/\"> Read more!<\/a>\n                                                <\/div>\n                                            <\/div>\n                                        <\/div>\n                                    <\/div>\n                                <\/div>\n                                                            <div class=\"item col-lg-4\">\n                                    <div class=\"blog-items\">\n                                                                                    <div class=\"blog-image\">\n                                                <img loading=\"lazy\" decoding=\"async\" width=\"1920\" height=\"1279\" src=\"https:\/\/prosteit.pl\/wp-content\/uploads\/2025\/04\/saas-concept-collage-1.jpg\" class=\"img-responsive wp-post-image\" alt=\"Cloud computing in a small company, blue background, employees on it Simple IT - IT specialist Warsaw\" srcset=\"https:\/\/prosteit.pl\/wp-content\/uploads\/2025\/04\/saas-concept-collage-1.jpg 1920w, https:\/\/prosteit.pl\/wp-content\/uploads\/2025\/04\/saas-concept-collage-1-300x200.jpg 300w, https:\/\/prosteit.pl\/wp-content\/uploads\/2025\/04\/saas-concept-collage-1-1024x682.jpg 1024w, https:\/\/prosteit.pl\/wp-content\/uploads\/2025\/04\/saas-concept-collage-1-768x512.jpg 768w, https:\/\/prosteit.pl\/wp-content\/uploads\/2025\/04\/saas-concept-collage-1-1536x1023.jpg 1536w, https:\/\/prosteit.pl\/wp-content\/uploads\/2025\/04\/saas-concept-collage-1-18x12.jpg 18w\" sizes=\"(max-width: 1920px) 100vw, 1920px\" \/>                                            <\/div>\n                                                                                <div class=\"blog-content-wrapper\">\n                                            <div class=\"blog-content\">\n                                                <div class=\"blog-date\"><span class=\"posted-on\"><a href=\"https:\/\/prosteit.pl\/en\/cloud-computing-for-small-businesses-what-is-it\/\" rel=\"bookmark\"><time class=\"entry-date published updated\" datetime=\"2025-04-14T16:53:47+02:00\">2025-04-14<\/time><\/a><\/span><\/div>\n                                                <div class=\"blog-item\">\n                                                    <ul class=\"post-grid-meta\">\n                                                        <li class=\"blog-author\"><i class=\"icon far fa-user\"><\/i> Kamil Wozniak<\/li>\t\n                                                        <li class=\"item-comment\"><i class=\"far fa-comment\"><\/i><span class=\"comment-number\">Comments<\/span> 0<\/li>\n                                                    <\/ul>\n                                                    <h5 class=\"blog-title\">\n                                                    <a href=\"https:\/\/prosteit.pl\/en\/cloud-computing-for-small-businesses-what-is-it\/\">Cloud Computing for Small Businesses: What Is It and Is It Worth It?<\/a>\n                                                    <\/h5>\n                                                    <p class=\"blog-des\">  Cloud computing is becoming an increasingly popular solution among small businesses, providing access to advanced technologies without the need for large investments in\u2026<\/p>\n                                                    <a class=\"blog-btn\" href=\"https:\/\/prosteit.pl\/en\/cloud-computing-for-small-businesses-what-is-it\/\"> Read more!<\/a>\n                                                <\/div>\n                                            <\/div>\n                                        <\/div>\n                                    <\/div>\n                                <\/div>\n                                                            <div class=\"item col-lg-4\">\n                                    <div class=\"blog-items\">\n                                                                                    <div class=\"blog-image\">\n                                                <img loading=\"lazy\" decoding=\"async\" width=\"1344\" height=\"768\" src=\"https:\/\/prosteit.pl\/wp-content\/uploads\/2025\/04\/3af3f4c9-a635-4e36-8470-2438009f432e.png\" class=\"img-responsive wp-post-image\" alt=\"Office worker faces computer failure in the company - problems with display on the monitor. Professional IT support near Warsaw - fast help from ProsteIT specialists.\" srcset=\"https:\/\/prosteit.pl\/wp-content\/uploads\/2025\/04\/3af3f4c9-a635-4e36-8470-2438009f432e.png 1344w, https:\/\/prosteit.pl\/wp-content\/uploads\/2025\/04\/3af3f4c9-a635-4e36-8470-2438009f432e-300x171.png 300w, https:\/\/prosteit.pl\/wp-content\/uploads\/2025\/04\/3af3f4c9-a635-4e36-8470-2438009f432e-1024x585.png 1024w, https:\/\/prosteit.pl\/wp-content\/uploads\/2025\/04\/3af3f4c9-a635-4e36-8470-2438009f432e-768x439.png 768w, https:\/\/prosteit.pl\/wp-content\/uploads\/2025\/04\/3af3f4c9-a635-4e36-8470-2438009f432e-18x10.png 18w\" sizes=\"(max-width: 1344px) 100vw, 1344px\" \/>                                            <\/div>\n                                                                                <div class=\"blog-content-wrapper\">\n                                            <div class=\"blog-content\">\n                                                <div class=\"blog-date\"><span class=\"posted-on\"><a href=\"https:\/\/prosteit.pl\/en\/computer-failure-in-the-company-it-help-for-companies\/\" rel=\"bookmark\"><time class=\"entry-date published updated\" datetime=\"2025-04-11T14:26:10+02:00\">2025-04-11<\/time><\/a><\/span><\/div>\n                                                <div class=\"blog-item\">\n                                                    <ul class=\"post-grid-meta\">\n                                                        <li class=\"blog-author\"><i class=\"icon far fa-user\"><\/i> Kamil Wozniak<\/li>\t\n                                                        <li class=\"item-comment\"><i class=\"far fa-comment\"><\/i><span class=\"comment-number\">Comments<\/span> 0<\/li>\n                                                    <\/ul>\n                                                    <h5 class=\"blog-title\">\n                                                    <a href=\"https:\/\/prosteit.pl\/en\/computer-failure-in-the-company-it-help-for-companies\/\">Computer Failure in the Company? 10 Simple Solutions<\/a>\n                                                    <\/h5>\n                                                    <p class=\"blog-des\">  A computer failure in a company can lead to a complete halt in business operations, significantly affecting employee productivity and generating serious losses\u2026<\/p>\n                                                    <a class=\"blog-btn\" href=\"https:\/\/prosteit.pl\/en\/computer-failure-in-the-company-it-help-for-companies\/\"> Read more!<\/a>\n                                                <\/div>\n                                            <\/div>\n                                        <\/div>\n                                    <\/div>\n                                <\/div>\n                                                            <div class=\"item col-lg-4\">\n                                    <div class=\"blog-items\">\n                                                                                    <div class=\"blog-image\">\n                                                <img loading=\"lazy\" decoding=\"async\" width=\"1024\" height=\"1024\" src=\"https:\/\/prosteit.pl\/wp-content\/uploads\/2025\/04\/ChatGPT-Image-v2.png\" class=\"img-responsive wp-post-image\" alt=\"SOC Cybersecurity \u2013 IT Security Operations Center with a Lock Icon\" srcset=\"https:\/\/prosteit.pl\/wp-content\/uploads\/2025\/04\/ChatGPT-Image-v2.png 1024w, https:\/\/prosteit.pl\/wp-content\/uploads\/2025\/04\/ChatGPT-Image-v2-300x300.png 300w, https:\/\/prosteit.pl\/wp-content\/uploads\/2025\/04\/ChatGPT-Image-v2-150x150.png 150w, https:\/\/prosteit.pl\/wp-content\/uploads\/2025\/04\/ChatGPT-Image-v2-768x768.png 768w, https:\/\/prosteit.pl\/wp-content\/uploads\/2025\/04\/ChatGPT-Image-v2-12x12.png 12w, https:\/\/prosteit.pl\/wp-content\/uploads\/2025\/04\/ChatGPT-Image-v2-700x700.png 700w\" sizes=\"(max-width: 1024px) 100vw, 1024px\" \/>                                            <\/div>\n                                                                                <div class=\"blog-content-wrapper\">\n                                            <div class=\"blog-content\">\n                                                <div class=\"blog-date\"><span class=\"posted-on\"><a href=\"https:\/\/prosteit.pl\/en\/what-is-a-security-operations-center\/\" rel=\"bookmark\"><time class=\"entry-date published updated\" datetime=\"2025-04-04T17:13:29+02:00\">2025-04-04<\/time><\/a><\/span><\/div>\n                                                <div class=\"blog-item\">\n                                                    <ul class=\"post-grid-meta\">\n                                                        <li class=\"blog-author\"><i class=\"icon far fa-user\"><\/i> Kamil Wozniak<\/li>\t\n                                                        <li class=\"item-comment\"><i class=\"far fa-comment\"><\/i><span class=\"comment-number\">Comments<\/span> 0<\/li>\n                                                    <\/ul>\n                                                    <h5 class=\"blog-title\">\n                                                    <a href=\"https:\/\/prosteit.pl\/en\/what-is-a-security-operations-center\/\">What is a security operations center(SOC)?<\/a>\n                                                    <\/h5>\n                                                    <p class=\"blog-des\">  In times when hacker attacks can reach even the smallest companies, the Security Operations Center (SOC) is becoming an increasingly necessary element\u2026<\/p>\n                                                    <a class=\"blog-btn\" href=\"https:\/\/prosteit.pl\/en\/what-is-a-security-operations-center\/\"> Read more!<\/a>\n                                                <\/div>\n                                            <\/div>\n                                        <\/div>\n                                    <\/div>\n                                <\/div>\n                                                            <div class=\"item col-lg-4\">\n                                    <div class=\"blog-items\">\n                                                                                    <div class=\"blog-image\">\n                                                <img loading=\"lazy\" decoding=\"async\" width=\"1920\" height=\"1068\" src=\"https:\/\/prosteit.pl\/wp-content\/uploads\/2025\/04\/message-online-chat-social-text-concept.jpg\" class=\"img-responsive wp-post-image\" alt=\"Email notifications on your office computer screen \u2013 visualization of issues and activities related to your company email\" srcset=\"https:\/\/prosteit.pl\/wp-content\/uploads\/2025\/04\/message-online-chat-social-text-concept.jpg 1920w, https:\/\/prosteit.pl\/wp-content\/uploads\/2025\/04\/message-online-chat-social-text-concept-300x167.jpg 300w, https:\/\/prosteit.pl\/wp-content\/uploads\/2025\/04\/message-online-chat-social-text-concept-1024x570.jpg 1024w, https:\/\/prosteit.pl\/wp-content\/uploads\/2025\/04\/message-online-chat-social-text-concept-768x427.jpg 768w, https:\/\/prosteit.pl\/wp-content\/uploads\/2025\/04\/message-online-chat-social-text-concept-1536x854.jpg 1536w, https:\/\/prosteit.pl\/wp-content\/uploads\/2025\/04\/message-online-chat-social-text-concept-18x10.jpg 18w\" sizes=\"(max-width: 1920px) 100vw, 1920px\" \/>                                            <\/div>\n                                                                                <div class=\"blog-content-wrapper\">\n                                            <div class=\"blog-content\">\n                                                <div class=\"blog-date\"><span class=\"posted-on\"><a href=\"https:\/\/prosteit.pl\/en\/corporate-email-repair-simple-steps-to-business-development\/\" rel=\"bookmark\"><time class=\"entry-date published updated\" datetime=\"2025-04-03T12:51:34+02:00\">2025-04-03<\/time><\/a><\/span><\/div>\n                                                <div class=\"blog-item\">\n                                                    <ul class=\"post-grid-meta\">\n                                                        <li class=\"blog-author\"><i class=\"icon far fa-user\"><\/i> Kamil Wozniak<\/li>\t\n                                                        <li class=\"item-comment\"><i class=\"far fa-comment\"><\/i><span class=\"comment-number\">Comments<\/span> 0<\/li>\n                                                    <\/ul>\n                                                    <h5 class=\"blog-title\">\n                                                    <a href=\"https:\/\/prosteit.pl\/en\/corporate-email-repair-simple-steps-to-business-development\/\">Corporate Email Not Working? 7 Easy Steps to Fix It<\/a>\n                                                    <\/h5>\n                                                    <p class=\"blog-des\">  Company email is down, and the customer is waiting for an important offer? Few things can cause as much stress in a company as a failure\u2026<\/p>\n                                                    <a class=\"blog-btn\" href=\"https:\/\/prosteit.pl\/en\/corporate-email-repair-simple-steps-to-business-development\/\"> Read more!<\/a>\n                                                <\/div>\n                                            <\/div>\n                                        <\/div>\n                                    <\/div>\n                                <\/div>\n                                                            <div class=\"item col-lg-4\">\n                                    <div class=\"blog-items\">\n                                                                                    <div class=\"blog-image\">\n                                                <img loading=\"lazy\" decoding=\"async\" width=\"1920\" height=\"1280\" src=\"https:\/\/prosteit.pl\/wp-content\/uploads\/2025\/04\/computerchip-technology-and-electronics-industry-2025-02-25-04-23-23-utc.jpg\" class=\"img-responsive wp-post-image\" alt=\"\" srcset=\"https:\/\/prosteit.pl\/wp-content\/uploads\/2025\/04\/computerchip-technology-and-electronics-industry-2025-02-25-04-23-23-utc.jpg 1920w, https:\/\/prosteit.pl\/wp-content\/uploads\/2025\/04\/computerchip-technology-and-electronics-industry-2025-02-25-04-23-23-utc-300x200.jpg 300w, https:\/\/prosteit.pl\/wp-content\/uploads\/2025\/04\/computerchip-technology-and-electronics-industry-2025-02-25-04-23-23-utc-1024x683.jpg 1024w, https:\/\/prosteit.pl\/wp-content\/uploads\/2025\/04\/computerchip-technology-and-electronics-industry-2025-02-25-04-23-23-utc-768x512.jpg 768w, https:\/\/prosteit.pl\/wp-content\/uploads\/2025\/04\/computerchip-technology-and-electronics-industry-2025-02-25-04-23-23-utc-1536x1024.jpg 1536w, https:\/\/prosteit.pl\/wp-content\/uploads\/2025\/04\/computerchip-technology-and-electronics-industry-2025-02-25-04-23-23-utc-18x12.jpg 18w\" sizes=\"(max-width: 1920px) 100vw, 1920px\" \/>                                            <\/div>\n                                                                                <div class=\"blog-content-wrapper\">\n                                            <div class=\"blog-content\">\n                                                <div class=\"blog-date\"><span class=\"posted-on\"><a href=\"https:\/\/prosteit.pl\/en\/ddr4-vs-ddr5-what-ram-to-choose\/\" rel=\"bookmark\"><time class=\"entry-date published updated\" datetime=\"2025-04-01T17:42:32+02:00\">2025-04-01<\/time><\/a><\/span><\/div>\n                                                <div class=\"blog-item\">\n                                                    <ul class=\"post-grid-meta\">\n                                                        <li class=\"blog-author\"><i class=\"icon far fa-user\"><\/i> Kamil Wozniak<\/li>\t\n                                                        <li class=\"item-comment\"><i class=\"far fa-comment\"><\/i><span class=\"comment-number\">Comments<\/span> 0<\/li>\n                                                    <\/ul>\n                                                    <h5 class=\"blog-title\">\n                                                    <a href=\"https:\/\/prosteit.pl\/en\/ddr4-vs-ddr5-what-ram-to-choose\/\">DDR4 or DDR5 \u2013 Which RAM to choose?<\/a>\n                                                    <\/h5>\n                                                    <p class=\"blog-des\">  Choosing the right computer equipment for your business is not just a matter of price, but also an investment in efficiency and comfort of work. One\u2026<\/p>\n                                                    <a class=\"blog-btn\" href=\"https:\/\/prosteit.pl\/en\/ddr4-vs-ddr5-what-ram-to-choose\/\"> Read more!<\/a>\n                                                <\/div>\n                                            <\/div>\n                                        <\/div>\n                                    <\/div>\n                                <\/div>\n                                                            <div class=\"item col-lg-4\">\n                                    <div class=\"blog-items\">\n                                                                                    <div class=\"blog-image\">\n                                                <img loading=\"lazy\" decoding=\"async\" width=\"1024\" height=\"768\" src=\"https:\/\/prosteit.pl\/wp-content\/uploads\/2025\/03\/Projekt-bez-nazwy-2.png\" class=\"img-responsive wp-post-image\" alt=\"\" srcset=\"https:\/\/prosteit.pl\/wp-content\/uploads\/2025\/03\/Projekt-bez-nazwy-2.png 1024w, https:\/\/prosteit.pl\/wp-content\/uploads\/2025\/03\/Projekt-bez-nazwy-2-300x225.png 300w, https:\/\/prosteit.pl\/wp-content\/uploads\/2025\/03\/Projekt-bez-nazwy-2-768x576.png 768w, https:\/\/prosteit.pl\/wp-content\/uploads\/2025\/03\/Projekt-bez-nazwy-2-16x12.png 16w, https:\/\/prosteit.pl\/wp-content\/uploads\/2025\/03\/Projekt-bez-nazwy-2-400x300.png 400w\" sizes=\"(max-width: 1024px) 100vw, 1024px\" \/>                                            <\/div>\n                                                                                <div class=\"blog-content-wrapper\">\n                                            <div class=\"blog-content\">\n                                                <div class=\"blog-date\"><span class=\"posted-on\"><a href=\"https:\/\/prosteit.pl\/en\/opnsense-vs-mikrotik-best-router-for-business\/\" rel=\"bookmark\"><time class=\"entry-date published updated\" datetime=\"2025-03-28T16:08:13+01:00\">2025-03-28<\/time><\/a><\/span><\/div>\n                                                <div class=\"blog-item\">\n                                                    <ul class=\"post-grid-meta\">\n                                                        <li class=\"blog-author\"><i class=\"icon far fa-user\"><\/i> Kamil Wozniak<\/li>\t\n                                                        <li class=\"item-comment\"><i class=\"far fa-comment\"><\/i><span class=\"comment-number\">Comments<\/span> 0<\/li>\n                                                    <\/ul>\n                                                    <h5 class=\"blog-title\">\n                                                    <a href=\"https:\/\/prosteit.pl\/en\/opnsense-vs-mikrotik-best-router-for-business\/\">OPNsense vs MikroTik \u2013 which router is better for your business?<\/a>\n                                                    <\/h5>\n                                                    <p class=\"blog-des\">  In today&#039;s digital world, choosing the right router for your small or medium-sized business can be critical to performance, security, and\u2026<\/p>\n                                                    <a class=\"blog-btn\" href=\"https:\/\/prosteit.pl\/en\/opnsense-vs-mikrotik-best-router-for-business\/\"> Read more!<\/a>\n                                                <\/div>\n                                            <\/div>\n                                        <\/div>\n                                    <\/div>\n                                <\/div>\n                                                            <div class=\"item col-lg-4\">\n                                    <div class=\"blog-items\">\n                                                                                    <div class=\"blog-image\">\n                                                <img loading=\"lazy\" decoding=\"async\" width=\"1544\" height=\"1158\" src=\"https:\/\/prosteit.pl\/wp-content\/uploads\/2025\/03\/maxresdefault-1-1.jpg\" class=\"img-responsive wp-post-image\" alt=\"Windows 10 to Windows 11 update, prostyIT will help you install the new software\" srcset=\"https:\/\/prosteit.pl\/wp-content\/uploads\/2025\/03\/maxresdefault-1-1.jpg 1544w, https:\/\/prosteit.pl\/wp-content\/uploads\/2025\/03\/maxresdefault-1-1-300x225.jpg 300w, https:\/\/prosteit.pl\/wp-content\/uploads\/2025\/03\/maxresdefault-1-1-1024x768.jpg 1024w, https:\/\/prosteit.pl\/wp-content\/uploads\/2025\/03\/maxresdefault-1-1-768x576.jpg 768w, https:\/\/prosteit.pl\/wp-content\/uploads\/2025\/03\/maxresdefault-1-1-1536x1152.jpg 1536w, https:\/\/prosteit.pl\/wp-content\/uploads\/2025\/03\/maxresdefault-1-1-16x12.jpg 16w, https:\/\/prosteit.pl\/wp-content\/uploads\/2025\/03\/maxresdefault-1-1-400x300.jpg 400w\" sizes=\"(max-width: 1544px) 100vw, 1544px\" \/>                                            <\/div>\n                                                                                <div class=\"blog-content-wrapper\">\n                                            <div class=\"blog-content\">\n                                                <div class=\"blog-date\"><span class=\"posted-on\"><a href=\"https:\/\/prosteit.pl\/en\/simple-windows-11-installation-on-older-hardware\/\" rel=\"bookmark\"><time class=\"entry-date published updated\" datetime=\"2025-03-25T10:51:23+01:00\">2025-03-25<\/time><\/a><\/span><\/div>\n                                                <div class=\"blog-item\">\n                                                    <ul class=\"post-grid-meta\">\n                                                        <li class=\"blog-author\"><i class=\"icon far fa-user\"><\/i> Kamil Wozniak<\/li>\t\n                                                        <li class=\"item-comment\"><i class=\"far fa-comment\"><\/i><span class=\"comment-number\">Comments<\/span> 0<\/li>\n                                                    <\/ul>\n                                                    <h5 class=\"blog-title\">\n                                                    <a href=\"https:\/\/prosteit.pl\/en\/simple-windows-11-installation-on-older-hardware\/\">Simple Windows 11: Install on older hardware and without an online account<\/a>\n                                                    <\/h5>\n                                                    <p class=\"blog-des\">  In today&#039;s guide, I&#039;ll present two solutions to the most common problems encountered when installing Windows 11: requiring a Microsoft account and strict\u2026<\/p>\n                                                    <a class=\"blog-btn\" href=\"https:\/\/prosteit.pl\/en\/simple-windows-11-installation-on-older-hardware\/\"> Read more!<\/a>\n                                                <\/div>\n                                            <\/div>\n                                        <\/div>\n                                    <\/div>\n                                <\/div>\n                                                            <div class=\"item col-lg-4\">\n                                    <div class=\"blog-items\">\n                                                                                    <div class=\"blog-image\">\n                                                <img loading=\"lazy\" decoding=\"async\" width=\"2000\" height=\"1332\" src=\"https:\/\/prosteit.pl\/wp-content\/uploads\/2025\/03\/person-adding-clothes-cart-closeup-online-shopping-campaign.jpg\" class=\"img-responsive wp-post-image\" alt=\"\" srcset=\"https:\/\/prosteit.pl\/wp-content\/uploads\/2025\/03\/person-adding-clothes-cart-closeup-online-shopping-campaign.jpg 2000w, https:\/\/prosteit.pl\/wp-content\/uploads\/2025\/03\/person-adding-clothes-cart-closeup-online-shopping-campaign-300x200.jpg 300w, https:\/\/prosteit.pl\/wp-content\/uploads\/2025\/03\/person-adding-clothes-cart-closeup-online-shopping-campaign-1024x682.jpg 1024w, https:\/\/prosteit.pl\/wp-content\/uploads\/2025\/03\/person-adding-clothes-cart-closeup-online-shopping-campaign-768x511.jpg 768w, https:\/\/prosteit.pl\/wp-content\/uploads\/2025\/03\/person-adding-clothes-cart-closeup-online-shopping-campaign-1536x1023.jpg 1536w, https:\/\/prosteit.pl\/wp-content\/uploads\/2025\/03\/person-adding-clothes-cart-closeup-online-shopping-campaign-18x12.jpg 18w\" sizes=\"(max-width: 2000px) 100vw, 2000px\" \/>                                            <\/div>\n                                                                                <div class=\"blog-content-wrapper\">\n                                            <div class=\"blog-content\">\n                                                <div class=\"blog-date\"><span class=\"posted-on\"><a href=\"https:\/\/prosteit.pl\/en\/how-to-start-selling-online-a-simple-guide\/\" rel=\"bookmark\"><time class=\"entry-date published updated\" datetime=\"2025-03-21T11:45:50+01:00\">2025-03-21<\/time><\/a><\/span><\/div>\n                                                <div class=\"blog-item\">\n                                                    <ul class=\"post-grid-meta\">\n                                                        <li class=\"blog-author\"><i class=\"icon far fa-user\"><\/i> Kamil Wozniak<\/li>\t\n                                                        <li class=\"item-comment\"><i class=\"far fa-comment\"><\/i><span class=\"comment-number\">Comments<\/span> 0<\/li>\n                                                    <\/ul>\n                                                    <h5 class=\"blog-title\">\n                                                    <a href=\"https:\/\/prosteit.pl\/en\/how-to-start-selling-online-a-simple-guide\/\">How to Start Selling Online? A Practical Guide for Beginners<\/a>\n                                                    <\/h5>\n                                                    <p class=\"blog-des\">  Want to open your own online store but don&#039;t know where to start? Want to learn how to start selling online? In\u2026<\/p>\n                                                    <a class=\"blog-btn\" href=\"https:\/\/prosteit.pl\/en\/how-to-start-selling-online-a-simple-guide\/\"> Read more!<\/a>\n                                                <\/div>\n                                            <\/div>\n                                        <\/div>\n                                    <\/div>\n                                <\/div>\n                                                            <div class=\"item col-lg-4\">\n                                    <div class=\"blog-items\">\n                                                                                    <div class=\"blog-image\">\n                                                <img loading=\"lazy\" decoding=\"async\" width=\"2560\" height=\"1707\" src=\"https:\/\/prosteit.pl\/wp-content\/uploads\/2025\/03\/pexels-altabena-10142683-scaled.jpg\" class=\"img-responsive wp-post-image\" alt=\"microsoft logo in office building\" srcset=\"https:\/\/prosteit.pl\/wp-content\/uploads\/2025\/03\/pexels-altabena-10142683-scaled.jpg 2560w, https:\/\/prosteit.pl\/wp-content\/uploads\/2025\/03\/pexels-altabena-10142683-300x200.jpg 300w, https:\/\/prosteit.pl\/wp-content\/uploads\/2025\/03\/pexels-altabena-10142683-1024x683.jpg 1024w, https:\/\/prosteit.pl\/wp-content\/uploads\/2025\/03\/pexels-altabena-10142683-768x512.jpg 768w, https:\/\/prosteit.pl\/wp-content\/uploads\/2025\/03\/pexels-altabena-10142683-1536x1024.jpg 1536w, https:\/\/prosteit.pl\/wp-content\/uploads\/2025\/03\/pexels-altabena-10142683-2048x1365.jpg 2048w, https:\/\/prosteit.pl\/wp-content\/uploads\/2025\/03\/pexels-altabena-10142683-18x12.jpg 18w\" sizes=\"(max-width: 2560px) 100vw, 2560px\" \/>                                            <\/div>\n                                                                                <div class=\"blog-content-wrapper\">\n                                            <div class=\"blog-content\">\n                                                <div class=\"blog-date\"><span class=\"posted-on\"><a href=\"https:\/\/prosteit.pl\/en\/microsoft365-more-than-word-and-excel-simple-guide\/\" rel=\"bookmark\"><time class=\"entry-date published updated\" datetime=\"2025-03-20T14:13:35+01:00\">2025-03-20<\/time><\/a><\/span><\/div>\n                                                <div class=\"blog-item\">\n                                                    <ul class=\"post-grid-meta\">\n                                                        <li class=\"blog-author\"><i class=\"icon far fa-user\"><\/i> Kamil Wozniak<\/li>\t\n                                                        <li class=\"item-comment\"><i class=\"far fa-comment\"><\/i><span class=\"comment-number\">Comments<\/span> 0<\/li>\n                                                    <\/ul>\n                                                    <h5 class=\"blog-title\">\n                                                    <a href=\"https:\/\/prosteit.pl\/en\/microsoft365-more-than-word-and-excel-simple-guide\/\">Microsoft 365 \u2013 More than Word and Excel! A Guide to Lesser-Known\u2026<\/a>\n                                                    <\/h5>\n                                                    <p class=\"blog-des\">  Microsoft 365 is a comprehensive suite of cloud apps and services that supports productivity in both home and business environments. In addition to\u2026<\/p>\n                                                    <a class=\"blog-btn\" href=\"https:\/\/prosteit.pl\/en\/microsoft365-more-than-word-and-excel-simple-guide\/\"> Read more!<\/a>\n                                                <\/div>\n                                            <\/div>\n                                        <\/div>\n                                    <\/div>\n                                <\/div>\n                                                            <div class=\"item col-lg-4\">\n                                    <div class=\"blog-items\">\n                                                                                    <div class=\"blog-image\">\n                                                <img loading=\"lazy\" decoding=\"async\" width=\"2560\" height=\"1707\" src=\"https:\/\/prosteit.pl\/wp-content\/uploads\/2025\/03\/programmer-using-ai-cognitive-computing-on-laptop-2025-02-20-07-50-34-utc-scaled.jpg\" class=\"img-responsive wp-post-image\" alt=\"Artificial intelligence introduced in the company, a company near Warsaw Prosteit will help introduce new solutions to companies\" srcset=\"https:\/\/prosteit.pl\/wp-content\/uploads\/2025\/03\/programmer-using-ai-cognitive-computing-on-laptop-2025-02-20-07-50-34-utc-scaled.jpg 2560w, https:\/\/prosteit.pl\/wp-content\/uploads\/2025\/03\/programmer-using-ai-cognitive-computing-on-laptop-2025-02-20-07-50-34-utc-300x200.jpg 300w, https:\/\/prosteit.pl\/wp-content\/uploads\/2025\/03\/programmer-using-ai-cognitive-computing-on-laptop-2025-02-20-07-50-34-utc-1024x683.jpg 1024w, https:\/\/prosteit.pl\/wp-content\/uploads\/2025\/03\/programmer-using-ai-cognitive-computing-on-laptop-2025-02-20-07-50-34-utc-768x512.jpg 768w, https:\/\/prosteit.pl\/wp-content\/uploads\/2025\/03\/programmer-using-ai-cognitive-computing-on-laptop-2025-02-20-07-50-34-utc-1536x1024.jpg 1536w, https:\/\/prosteit.pl\/wp-content\/uploads\/2025\/03\/programmer-using-ai-cognitive-computing-on-laptop-2025-02-20-07-50-34-utc-2048x1365.jpg 2048w, https:\/\/prosteit.pl\/wp-content\/uploads\/2025\/03\/programmer-using-ai-cognitive-computing-on-laptop-2025-02-20-07-50-34-utc-18x12.jpg 18w\" sizes=\"(max-width: 2560px) 100vw, 2560px\" \/>                                            <\/div>\n                                                                                <div class=\"blog-content-wrapper\">\n                                            <div class=\"blog-content\">\n                                                <div class=\"blog-date\"><span class=\"posted-on\"><a href=\"https:\/\/prosteit.pl\/en\/artificial-intelligence-in-a-small-company-ai-development\/\" rel=\"bookmark\"><time class=\"entry-date published updated\" datetime=\"2025-03-19T10:41:24+01:00\">2025-03-19<\/time><\/a><\/span><\/div>\n                                                <div class=\"blog-item\">\n                                                    <ul class=\"post-grid-meta\">\n                                                        <li class=\"blog-author\"><i class=\"icon far fa-user\"><\/i> Kamil Wozniak<\/li>\t\n                                                        <li class=\"item-comment\"><i class=\"far fa-comment\"><\/i><span class=\"comment-number\">Comments<\/span> 0<\/li>\n                                                    <\/ul>\n                                                    <h5 class=\"blog-title\">\n                                                    <a href=\"https:\/\/prosteit.pl\/en\/artificial-intelligence-in-a-small-company-ai-development\/\">Artificial Intelligence in Small Business \u2013 How Can AI Work for You?<\/a>\n                                                    <\/h5>\n                                                    <p class=\"blog-des\">  Running your own business is quite a challenge \u2013 especially at the beginning, when every decision, every penny and every hour of work\u2026<\/p>\n                                                    <a class=\"blog-btn\" href=\"https:\/\/prosteit.pl\/en\/artificial-intelligence-in-a-small-company-ai-development\/\"> Read more!<\/a>\n                                                <\/div>\n                                            <\/div>\n                                        <\/div>\n                                    <\/div>\n                                <\/div>\n                                                            <div class=\"item col-lg-4\">\n                                    <div class=\"blog-items\">\n                                                                                    <div class=\"blog-image\">\n                                                <img loading=\"lazy\" decoding=\"async\" width=\"2560\" height=\"1707\" src=\"https:\/\/prosteit.pl\/wp-content\/uploads\/2025\/03\/mobile-phone-app-screen-of-vpn-creation-internet-p-2025-03-11-09-26-59-utc-scaled.jpg\" class=\"img-responsive wp-post-image\" alt=\"what is VPN\" srcset=\"https:\/\/prosteit.pl\/wp-content\/uploads\/2025\/03\/mobile-phone-app-screen-of-vpn-creation-internet-p-2025-03-11-09-26-59-utc-scaled.jpg 2560w, https:\/\/prosteit.pl\/wp-content\/uploads\/2025\/03\/mobile-phone-app-screen-of-vpn-creation-internet-p-2025-03-11-09-26-59-utc-300x200.jpg 300w, https:\/\/prosteit.pl\/wp-content\/uploads\/2025\/03\/mobile-phone-app-screen-of-vpn-creation-internet-p-2025-03-11-09-26-59-utc-1024x683.jpg 1024w, https:\/\/prosteit.pl\/wp-content\/uploads\/2025\/03\/mobile-phone-app-screen-of-vpn-creation-internet-p-2025-03-11-09-26-59-utc-768x512.jpg 768w, https:\/\/prosteit.pl\/wp-content\/uploads\/2025\/03\/mobile-phone-app-screen-of-vpn-creation-internet-p-2025-03-11-09-26-59-utc-1536x1024.jpg 1536w, https:\/\/prosteit.pl\/wp-content\/uploads\/2025\/03\/mobile-phone-app-screen-of-vpn-creation-internet-p-2025-03-11-09-26-59-utc-2048x1365.jpg 2048w, https:\/\/prosteit.pl\/wp-content\/uploads\/2025\/03\/mobile-phone-app-screen-of-vpn-creation-internet-p-2025-03-11-09-26-59-utc-18x12.jpg 18w\" sizes=\"(max-width: 2560px) 100vw, 2560px\" \/>                                            <\/div>\n                                                                                <div class=\"blog-content-wrapper\">\n                                            <div class=\"blog-content\">\n                                                <div class=\"blog-date\"><span class=\"posted-on\"><a href=\"https:\/\/prosteit.pl\/en\/vpn-for-business-simple-explanation\/\" rel=\"bookmark\"><time class=\"entry-date published updated\" datetime=\"2025-03-18T15:38:07+01:00\">2025-03-18<\/time><\/a><\/span><\/div>\n                                                <div class=\"blog-item\">\n                                                    <ul class=\"post-grid-meta\">\n                                                        <li class=\"blog-author\"><i class=\"icon far fa-user\"><\/i> Kamil Wozniak<\/li>\t\n                                                        <li class=\"item-comment\"><i class=\"far fa-comment\"><\/i><span class=\"comment-number\">Comments<\/span> 0<\/li>\n                                                    <\/ul>\n                                                    <h5 class=\"blog-title\">\n                                                    <a href=\"https:\/\/prosteit.pl\/en\/vpn-for-business-simple-explanation\/\">VPN for Business \u2013 Simple Explained!<\/a>\n                                                    <\/h5>\n                                                    <p class=\"blog-des\">  Before we get into the details, it\u2019s worth explaining the basic difference between a commercial VPN (e.g. Surfshark, NordVPN, ExpressVPN) and a corporate VPN.\u2022 VPN for\u2026<\/p>\n                                                    <a class=\"blog-btn\" href=\"https:\/\/prosteit.pl\/en\/vpn-for-business-simple-explanation\/\"> Read more!<\/a>\n                                                <\/div>\n                                            <\/div>\n                                        <\/div>\n                                    <\/div>\n                                <\/div>\n                                                            <div class=\"item col-lg-4\">\n                                    <div class=\"blog-items\">\n                                                                                    <div class=\"blog-image\">\n                                                <img loading=\"lazy\" decoding=\"async\" width=\"2560\" height=\"1707\" src=\"https:\/\/prosteit.pl\/wp-content\/uploads\/2025\/03\/online-phishing-scam-concept-trying-to-steal-you-2025-03-11-18-25-33-utc-scaled.jpg\" class=\"img-responsive wp-post-image\" alt=\"a pamphlet with the words phishing scam\" srcset=\"https:\/\/prosteit.pl\/wp-content\/uploads\/2025\/03\/online-phishing-scam-concept-trying-to-steal-you-2025-03-11-18-25-33-utc-scaled.jpg 2560w, https:\/\/prosteit.pl\/wp-content\/uploads\/2025\/03\/online-phishing-scam-concept-trying-to-steal-you-2025-03-11-18-25-33-utc-300x200.jpg 300w, https:\/\/prosteit.pl\/wp-content\/uploads\/2025\/03\/online-phishing-scam-concept-trying-to-steal-you-2025-03-11-18-25-33-utc-1024x683.jpg 1024w, https:\/\/prosteit.pl\/wp-content\/uploads\/2025\/03\/online-phishing-scam-concept-trying-to-steal-you-2025-03-11-18-25-33-utc-768x512.jpg 768w, https:\/\/prosteit.pl\/wp-content\/uploads\/2025\/03\/online-phishing-scam-concept-trying-to-steal-you-2025-03-11-18-25-33-utc-1536x1024.jpg 1536w, https:\/\/prosteit.pl\/wp-content\/uploads\/2025\/03\/online-phishing-scam-concept-trying-to-steal-you-2025-03-11-18-25-33-utc-2048x1365.jpg 2048w, https:\/\/prosteit.pl\/wp-content\/uploads\/2025\/03\/online-phishing-scam-concept-trying-to-steal-you-2025-03-11-18-25-33-utc-18x12.jpg 18w\" sizes=\"(max-width: 2560px) 100vw, 2560px\" \/>                                            <\/div>\n                                                                                <div class=\"blog-content-wrapper\">\n                                            <div class=\"blog-content\">\n                                                <div class=\"blog-date\"><span class=\"posted-on\"><a href=\"https:\/\/prosteit.pl\/en\/how-to-protect-your-mailbox-from-phishing\/\" rel=\"bookmark\"><time class=\"entry-date published updated\" datetime=\"2025-03-14T12:18:24+01:00\">2025-03-14<\/time><\/a><\/span><\/div>\n                                                <div class=\"blog-item\">\n                                                    <ul class=\"post-grid-meta\">\n                                                        <li class=\"blog-author\"><i class=\"icon far fa-user\"><\/i> Kamil Wozniak<\/li>\t\n                                                        <li class=\"item-comment\"><i class=\"far fa-comment\"><\/i><span class=\"comment-number\">Comments<\/span> 0<\/li>\n                                                    <\/ul>\n                                                    <h5 class=\"blog-title\">\n                                                    <a href=\"https:\/\/prosteit.pl\/en\/how-to-protect-your-mailbox-from-phishing\/\">How to protect your mailbox from phishing?<\/a>\n                                                    <\/h5>\n                                                    <p class=\"blog-des\">  Phishing is one of the most commonly used methods of cyberattacks, the aim of which is to extort confidential user data such as passwords, card numbers\u2026<\/p>\n                                                    <a class=\"blog-btn\" href=\"https:\/\/prosteit.pl\/en\/how-to-protect-your-mailbox-from-phishing\/\"> Read more!<\/a>\n                                                <\/div>\n                                            <\/div>\n                                        <\/div>\n                                    <\/div>\n                                <\/div>\n                                                            <div class=\"item col-lg-4\">\n                                    <div class=\"blog-items\">\n                                                                                    <div class=\"blog-image\">\n                                                <img loading=\"lazy\" decoding=\"async\" width=\"1024\" height=\"1024\" src=\"https:\/\/prosteit.pl\/wp-content\/uploads\/2025\/03\/DALL E-2025-03-13-12.34.22-An-eye-catching-visual-for-an-article-titled-How-to-speed-up-your-company-internet-and-optimize-your-network_.-A-modern-office-environment-with-a-futuristic.webp\" class=\"img-responsive wp-post-image\" alt=\"\" srcset=\"\" sizes=\"(max-width: 1024px) 100vw, 1024px\" data-srcset=\"\" \/>                                            <\/div>\n                                                                                <div class=\"blog-content-wrapper\">\n                                            <div class=\"blog-content\">\n                                                <div class=\"blog-date\"><span class=\"posted-on\"><a href=\"https:\/\/prosteit.pl\/en\/repair-and-optimization-of-the-companys-internet\/\" rel=\"bookmark\"><time class=\"entry-date published updated\" datetime=\"2025-03-13T12:52:35+01:00\">2025-03-13<\/time><\/a><\/span><\/div>\n                                                <div class=\"blog-item\">\n                                                    <ul class=\"post-grid-meta\">\n                                                        <li class=\"blog-author\"><i class=\"icon far fa-user\"><\/i> Kamil Wozniak<\/li>\t\n                                                        <li class=\"item-comment\"><i class=\"far fa-comment\"><\/i><span class=\"comment-number\">Comments<\/span> 0<\/li>\n                                                    <\/ul>\n                                                    <h5 class=\"blog-title\">\n                                                    <a href=\"https:\/\/prosteit.pl\/en\/repair-and-optimization-of-the-companys-internet\/\">How to speed up your company&#039;s internet and optimize your network?<\/a>\n                                                    <\/h5>\n                                                    <p class=\"blog-des\">  Modern businesses rely heavily on fast, stable internet. Downtime, slow speeds, and frequent disruptions can lead to\u2026<\/p>\n                                                    <a class=\"blog-btn\" href=\"https:\/\/prosteit.pl\/en\/repair-and-optimization-of-the-companys-internet\/\"> Read more!<\/a>\n                                                <\/div>\n                                            <\/div>\n                                        <\/div>\n                                    <\/div>\n                                <\/div>\n                                                            <div class=\"item col-lg-4\">\n                                    <div class=\"blog-items\">\n                                                                                    <div class=\"blog-image\">\n                                                <img loading=\"lazy\" decoding=\"async\" width=\"1920\" height=\"2560\" src=\"https:\/\/prosteit.pl\/wp-content\/uploads\/2025\/03\/pexels-fotios-photos-16129705-scaled.jpg\" class=\"img-responsive wp-post-image\" alt=\"\" srcset=\"https:\/\/prosteit.pl\/wp-content\/uploads\/2025\/03\/pexels-fotios-photos-16129705-scaled.jpg 1920w, https:\/\/prosteit.pl\/wp-content\/uploads\/2025\/03\/pexels-fotios-photos-16129705-225x300.jpg 225w, https:\/\/prosteit.pl\/wp-content\/uploads\/2025\/03\/pexels-fotios-photos-16129705-768x1024.jpg 768w, https:\/\/prosteit.pl\/wp-content\/uploads\/2025\/03\/pexels-fotios-photos-16129705-1152x1536.jpg 1152w, https:\/\/prosteit.pl\/wp-content\/uploads\/2025\/03\/pexels-fotios-photos-16129705-1536x2048.jpg 1536w, https:\/\/prosteit.pl\/wp-content\/uploads\/2025\/03\/pexels-fotios-photos-16129705-9x12.jpg 9w\" sizes=\"(max-width: 1920px) 100vw, 1920px\" \/>                                            <\/div>\n                                                                                <div class=\"blog-content-wrapper\">\n                                            <div class=\"blog-content\">\n                                                <div class=\"blog-date\"><span class=\"posted-on\"><a href=\"https:\/\/prosteit.pl\/en\/how-to-speed-up-your-companys-internet-and-optimize-your-network\/\" rel=\"bookmark\"><time class=\"entry-date published updated\" datetime=\"2025-03-13T12:32:59+01:00\">2025-03-13<\/time><\/a><\/span><\/div>\n                                                <div class=\"blog-item\">\n                                                    <ul class=\"post-grid-meta\">\n                                                        <li class=\"blog-author\"><i class=\"icon far fa-user\"><\/i> Kamil Wozniak<\/li>\t\n                                                        <li class=\"item-comment\"><i class=\"far fa-comment\"><\/i><span class=\"comment-number\">Comments<\/span> 0<\/li>\n                                                    <\/ul>\n                                                    <h5 class=\"blog-title\">\n                                                    <a href=\"https:\/\/prosteit.pl\/en\/how-to-speed-up-your-companys-internet-and-optimize-your-network\/\">How does professional IT affect productivity in a company?<\/a>\n                                                    <\/h5>\n                                                    <p class=\"blog-des\">  Today\u2019s businesses increasingly rely on technology to streamline their operations and increase efficiency. Professional IT services play a key role\u2026<\/p>\n                                                    <a class=\"blog-btn\" href=\"https:\/\/prosteit.pl\/en\/how-to-speed-up-your-companys-internet-and-optimize-your-network\/\"> Read more!<\/a>\n                                                <\/div>\n                                            <\/div>\n                                        <\/div>\n                                    <\/div>\n                                <\/div>\n                                                            <div class=\"item col-lg-4\">\n                                    <div class=\"blog-items\">\n                                                                                    <div class=\"blog-image\">\n                                                <img loading=\"lazy\" decoding=\"async\" width=\"1920\" height=\"1280\" src=\"https:\/\/prosteit.pl\/wp-content\/uploads\/2025\/03\/security-265130_1920.jpg\" class=\"img-responsive wp-post-image\" alt=\"\" srcset=\"https:\/\/prosteit.pl\/wp-content\/uploads\/2025\/03\/security-265130_1920.jpg 1920w, https:\/\/prosteit.pl\/wp-content\/uploads\/2025\/03\/security-265130_1920-300x200.jpg 300w, https:\/\/prosteit.pl\/wp-content\/uploads\/2025\/03\/security-265130_1920-1024x683.jpg 1024w, https:\/\/prosteit.pl\/wp-content\/uploads\/2025\/03\/security-265130_1920-768x512.jpg 768w, https:\/\/prosteit.pl\/wp-content\/uploads\/2025\/03\/security-265130_1920-1536x1024.jpg 1536w, https:\/\/prosteit.pl\/wp-content\/uploads\/2025\/03\/security-265130_1920-18x12.jpg 18w\" sizes=\"(max-width: 1920px) 100vw, 1920px\" \/>                                            <\/div>\n                                                                                <div class=\"blog-content-wrapper\">\n                                            <div class=\"blog-content\">\n                                                <div class=\"blog-date\"><span class=\"posted-on\"><a href=\"https:\/\/prosteit.pl\/en\/why-it-is-worth-regularly-updating-systems-in-the-company\/\" rel=\"bookmark\"><time class=\"entry-date published updated\" datetime=\"2025-03-07T15:42:23+01:00\">2025-03-07<\/time><\/a><\/span><\/div>\n                                                <div class=\"blog-item\">\n                                                    <ul class=\"post-grid-meta\">\n                                                        <li class=\"blog-author\"><i class=\"icon far fa-user\"><\/i> Kamil Wozniak<\/li>\t\n                                                        <li class=\"item-comment\"><i class=\"far fa-comment\"><\/i><span class=\"comment-number\">Comments<\/span> 0<\/li>\n                                                    <\/ul>\n                                                    <h5 class=\"blog-title\">\n                                                    <a href=\"https:\/\/prosteit.pl\/en\/why-it-is-worth-regularly-updating-systems-in-the-company\/\">Why is it worth regularly updating your company&#039;s systems?<\/a>\n                                                    <\/h5>\n                                                    <p class=\"blog-des\">  Modern companies increasingly rely on modern IT solutions, which is why regular updates of systems, servers and software are crucial for their\u2026<\/p>\n                                                    <a class=\"blog-btn\" href=\"https:\/\/prosteit.pl\/en\/why-it-is-worth-regularly-updating-systems-in-the-company\/\"> Read more!<\/a>\n                                                <\/div>\n                                            <\/div>\n                                        <\/div>\n                                    <\/div>\n                                <\/div>\n                                                            <div class=\"item col-lg-4\">\n                                    <div class=\"blog-items\">\n                                                                                    <div class=\"blog-image\">\n                                                <img loading=\"lazy\" decoding=\"async\" width=\"1920\" height=\"1080\" src=\"https:\/\/prosteit.pl\/wp-content\/uploads\/2025\/03\/standard-quality-control-concept-mv2.jpg\" class=\"img-responsive wp-post-image\" alt=\"\" srcset=\"https:\/\/prosteit.pl\/wp-content\/uploads\/2025\/03\/standard-quality-control-concept-mv2.jpg 1920w, https:\/\/prosteit.pl\/wp-content\/uploads\/2025\/03\/standard-quality-control-concept-mv2-300x169.jpg 300w, https:\/\/prosteit.pl\/wp-content\/uploads\/2025\/03\/standard-quality-control-concept-mv2-1024x576.jpg 1024w, https:\/\/prosteit.pl\/wp-content\/uploads\/2025\/03\/standard-quality-control-concept-mv2-768x432.jpg 768w, https:\/\/prosteit.pl\/wp-content\/uploads\/2025\/03\/standard-quality-control-concept-mv2-1536x864.jpg 1536w, https:\/\/prosteit.pl\/wp-content\/uploads\/2025\/03\/standard-quality-control-concept-mv2-18x10.jpg 18w\" sizes=\"(max-width: 1920px) 100vw, 1920px\" \/>                                            <\/div>\n                                                                                <div class=\"blog-content-wrapper\">\n                                            <div class=\"blog-content\">\n                                                <div class=\"blog-date\"><span class=\"posted-on\"><a href=\"https:\/\/prosteit.pl\/en\/outsourcing-it-for-the-company-less-costs-more-benefits\/\" rel=\"bookmark\"><time class=\"entry-date published updated\" datetime=\"2025-03-07T12:30:03+01:00\">2025-03-07<\/time><\/a><\/span><\/div>\n                                                <div class=\"blog-item\">\n                                                    <ul class=\"post-grid-meta\">\n                                                        <li class=\"blog-author\"><i class=\"icon far fa-user\"><\/i> Kamil Wozniak<\/li>\t\n                                                        <li class=\"item-comment\"><i class=\"far fa-comment\"><\/i><span class=\"comment-number\">Comments<\/span> 0<\/li>\n                                                    <\/ul>\n                                                    <h5 class=\"blog-title\">\n                                                    <a href=\"https:\/\/prosteit.pl\/en\/outsourcing-it-for-the-company-less-costs-more-benefits\/\">IT Outsourcing for Your Company \u2013 Less Costs, More Benefits!<\/a>\n                                                    <\/h5>\n                                                    <p class=\"blog-des\">  IT outsourcing is an effective solution that provides IT support for companies, reduces IT costs, increases data security and enables\u2026<\/p>\n                                                    <a class=\"blog-btn\" href=\"https:\/\/prosteit.pl\/en\/outsourcing-it-for-the-company-less-costs-more-benefits\/\"> Read more!<\/a>\n                                                <\/div>\n                                            <\/div>\n                                        <\/div>\n                                    <\/div>\n                                <\/div>\n                                                            <div class=\"item col-lg-4\">\n                                    <div class=\"blog-items\">\n                                                                                    <div class=\"blog-image\">\n                                                <img loading=\"lazy\" decoding=\"async\" width=\"928\" height=\"928\" src=\"https:\/\/prosteit.pl\/wp-content\/uploads\/2024\/10\/347871718_1029250335147423_7482327245226719382_n.jpg\" class=\"img-responsive wp-post-image\" alt=\"Mikrotik port forwarding, mikrotik logo on blue computer background\" srcset=\"https:\/\/prosteit.pl\/wp-content\/uploads\/2024\/10\/347871718_1029250335147423_7482327245226719382_n.jpg 928w, https:\/\/prosteit.pl\/wp-content\/uploads\/2024\/10\/347871718_1029250335147423_7482327245226719382_n-300x300.jpg 300w, https:\/\/prosteit.pl\/wp-content\/uploads\/2024\/10\/347871718_1029250335147423_7482327245226719382_n-150x150.jpg 150w, https:\/\/prosteit.pl\/wp-content\/uploads\/2024\/10\/347871718_1029250335147423_7482327245226719382_n-768x768.jpg 768w\" sizes=\"(max-width: 928px) 100vw, 928px\" \/>                                            <\/div>\n                                                                                <div class=\"blog-content-wrapper\">\n                                            <div class=\"blog-content\">\n                                                <div class=\"blog-date\"><span class=\"posted-on\"><a href=\"https:\/\/prosteit.pl\/en\/mikrotik-routeros-port-forwarding-on-router\/\" rel=\"bookmark\"><time class=\"entry-date published updated\" datetime=\"2024-10-22T09:31:48+02:00\">2024-10-22<\/time><\/a><\/span><\/div>\n                                                <div class=\"blog-item\">\n                                                    <ul class=\"post-grid-meta\">\n                                                        <li class=\"blog-author\"><i class=\"icon far fa-user\"><\/i> Marcin Molenda<\/li>\t\n                                                        <li class=\"item-comment\"><i class=\"far fa-comment\"><\/i><span class=\"comment-number\">Comments<\/span> 0<\/li>\n                                                    <\/ul>\n                                                    <h5 class=\"blog-title\">\n                                                    <a href=\"https:\/\/prosteit.pl\/en\/mikrotik-routeros-port-forwarding-on-router\/\">Mikrotik \u2013 RouterOS \u2013 Port Forwarding on the Router<\/a>\n                                                    <\/h5>\n                                                    <p class=\"blog-des\">  Mikrotik devices are a Latvian manufacturer&#039;s product for network and wireless applications. These devices have a very wide range of configuration options. Router\u2026<\/p>\n                                                    <a class=\"blog-btn\" href=\"https:\/\/prosteit.pl\/en\/mikrotik-routeros-port-forwarding-on-router\/\"> Read more!<\/a>\n                                                <\/div>\n                                            <\/div>\n                                        <\/div>\n                                    <\/div>\n                                <\/div>\n                                                            <div class=\"item col-lg-4\">\n                                    <div class=\"blog-items\">\n                                                                                    <div class=\"blog-image\">\n                                                <img loading=\"lazy\" decoding=\"async\" width=\"2560\" height=\"2048\" src=\"https:\/\/prosteit.pl\/wp-content\/uploads\/2023\/12\/koncepcja-przechowywania-danych-w-chmurze-online-cyfrowy-serwer-online-cloudscape-dla-globalnej-sieci-biznesowej-technologia-kopii-zapasowej-bazy-danych-sieci-web-komputera-prywatna-infrastruktura-scaled.jpg\" class=\"img-responsive wp-post-image\" alt=\"\" srcset=\"https:\/\/prosteit.pl\/wp-content\/uploads\/2023\/12\/koncepcja-przechowywania-danych-w-chmurze-online-cyfrowy-serwer-online-cloudscape-dla-globalnej-sieci-biznesowej-technologia-kopii-zapasowej-bazy-danych-sieci-web-komputera-prywatna-infrastruktura-scaled.jpg 2560w, https:\/\/prosteit.pl\/wp-content\/uploads\/2023\/12\/koncepcja-przechowywania-danych-w-chmurze-online-cyfrowy-serwer-online-cloudscape-dla-globalnej-sieci-biznesowej-technologia-kopii-zapasowej-bazy-danych-sieci-web-komputera-prywatna-infrastruktura-300x240.jpg 300w, https:\/\/prosteit.pl\/wp-content\/uploads\/2023\/12\/koncepcja-przechowywania-danych-w-chmurze-online-cyfrowy-serwer-online-cloudscape-dla-globalnej-sieci-biznesowej-technologia-kopii-zapasowej-bazy-danych-sieci-web-komputera-prywatna-infrastruktura-1024x819.jpg 1024w, https:\/\/prosteit.pl\/wp-content\/uploads\/2023\/12\/koncepcja-przechowywania-danych-w-chmurze-online-cyfrowy-serwer-online-cloudscape-dla-globalnej-sieci-biznesowej-technologia-kopii-zapasowej-bazy-danych-sieci-web-komputera-prywatna-infrastruktura-768x615.jpg 768w, https:\/\/prosteit.pl\/wp-content\/uploads\/2023\/12\/koncepcja-przechowywania-danych-w-chmurze-online-cyfrowy-serwer-online-cloudscape-dla-globalnej-sieci-biznesowej-technologia-kopii-zapasowej-bazy-danych-sieci-web-komputera-prywatna-infrastruktura-1536x1229.jpg 1536w, https:\/\/prosteit.pl\/wp-content\/uploads\/2023\/12\/koncepcja-przechowywania-danych-w-chmurze-online-cyfrowy-serwer-online-cloudscape-dla-globalnej-sieci-biznesowej-technologia-kopii-zapasowej-bazy-danych-sieci-web-komputera-prywatna-infrastruktura-2048x1639.jpg 2048w\" sizes=\"(max-width: 2560px) 100vw, 2560px\" \/>                                            <\/div>\n                                                                                <div class=\"blog-content-wrapper\">\n                                            <div class=\"blog-content\">\n                                                <div class=\"blog-date\"><span class=\"posted-on\"><a href=\"https:\/\/prosteit.pl\/en\/backup-and-recovery-solutions\/\" rel=\"bookmark\"><time class=\"entry-date published updated\" datetime=\"2023-12-19T13:38:05+01:00\">2023-12-19<\/time><\/a><\/span><\/div>\n                                                <div class=\"blog-item\">\n                                                    <ul class=\"post-grid-meta\">\n                                                        <li class=\"blog-author\"><i class=\"icon far fa-user\"><\/i> Mateusz Miszczak<\/li>\t\n                                                        <li class=\"item-comment\"><i class=\"far fa-comment\"><\/i><span class=\"comment-number\">Comments<\/span> 0<\/li>\n                                                    <\/ul>\n                                                    <h5 class=\"blog-title\">\n                                                    <a href=\"https:\/\/prosteit.pl\/en\/backup-and-recovery-solutions\/\">The latest solutions in data backup and recovery<\/a>\n                                                    <\/h5>\n                                                    <p class=\"blog-des\">  In today\u2019s dynamic business environment where data plays a critical role, reliable backup strategies are essential to ensure business continuity.\u2026<\/p>\n                                                    <a class=\"blog-btn\" href=\"https:\/\/prosteit.pl\/en\/backup-and-recovery-solutions\/\"> Read more!<\/a>\n                                                <\/div>\n                                            <\/div>\n                                        <\/div>\n                                    <\/div>\n                                <\/div>\n                                                            <div class=\"item col-lg-4\">\n                                    <div class=\"blog-items\">\n                                                                                    <div class=\"blog-image\">\n                                                <img loading=\"lazy\" decoding=\"async\" width=\"770\" height=\"522\" src=\"https:\/\/prosteit.pl\/wp-content\/uploads\/2023\/12\/hyper-v-logo.png\" class=\"img-responsive wp-post-image\" alt=\"\" srcset=\"https:\/\/prosteit.pl\/wp-content\/uploads\/2023\/12\/hyper-v-logo.png 770w, https:\/\/prosteit.pl\/wp-content\/uploads\/2023\/12\/hyper-v-logo-300x203.png 300w, https:\/\/prosteit.pl\/wp-content\/uploads\/2023\/12\/hyper-v-logo-768x521.png 768w\" sizes=\"(max-width: 770px) 100vw, 770px\" \/>                                            <\/div>\n                                                                                <div class=\"blog-content-wrapper\">\n                                            <div class=\"blog-content\">\n                                                <div class=\"blog-date\"><span class=\"posted-on\"><a href=\"https:\/\/prosteit.pl\/en\/hyper-v-modern-virtualization-trends-and-strategies\/\" rel=\"bookmark\"><time class=\"entry-date published updated\" datetime=\"2023-12-15T15:32:43+01:00\">2023-12-15<\/time><\/a><\/span><\/div>\n                                                <div class=\"blog-item\">\n                                                    <ul class=\"post-grid-meta\">\n                                                        <li class=\"blog-author\"><i class=\"icon far fa-user\"><\/i> Mateusz Miszczak<\/li>\t\n                                                        <li class=\"item-comment\"><i class=\"far fa-comment\"><\/i><span class=\"comment-number\">Comments<\/span> 0<\/li>\n                                                    <\/ul>\n                                                    <h5 class=\"blog-title\">\n                                                    <a href=\"https:\/\/prosteit.pl\/en\/hyper-v-modern-virtualization-trends-and-strategies\/\">Hyper-V: Modern Virtualization Trends and Strategies to Effectively Run Your Systems<\/a>\n                                                    <\/h5>\n                                                    <p class=\"blog-des\">  Hyper-VThis is a Microsoft hardware virtualization product that allows you to create and run multiple virtual machines on a single physical machine. Each\u2026<\/p>\n                                                    <a class=\"blog-btn\" href=\"https:\/\/prosteit.pl\/en\/hyper-v-modern-virtualization-trends-and-strategies\/\"> Read more!<\/a>\n                                                <\/div>\n                                            <\/div>\n                                        <\/div>\n                                    <\/div>\n                                <\/div>\n                                                            <div class=\"item col-lg-4\">\n                                    <div class=\"blog-items\">\n                                                                                    <div class=\"blog-image\">\n                                                <img loading=\"lazy\" decoding=\"async\" width=\"2560\" height=\"1440\" src=\"https:\/\/prosteit.pl\/wp-content\/uploads\/2023\/12\/shubham-s-web3-yKzECK-O9-k-unsplash-scaled.jpg\" class=\"img-responsive wp-post-image\" alt=\"\" srcset=\"https:\/\/prosteit.pl\/wp-content\/uploads\/2023\/12\/shubham-s-web3-yKzECK-O9-k-unsplash-scaled.jpg 2560w, https:\/\/prosteit.pl\/wp-content\/uploads\/2023\/12\/shubham-s-web3-yKzECK-O9-k-unsplash-300x169.jpg 300w, https:\/\/prosteit.pl\/wp-content\/uploads\/2023\/12\/shubham-s-web3-yKzECK-O9-k-unsplash-1024x576.jpg 1024w, https:\/\/prosteit.pl\/wp-content\/uploads\/2023\/12\/shubham-s-web3-yKzECK-O9-k-unsplash-768x432.jpg 768w, https:\/\/prosteit.pl\/wp-content\/uploads\/2023\/12\/shubham-s-web3-yKzECK-O9-k-unsplash-1536x864.jpg 1536w, https:\/\/prosteit.pl\/wp-content\/uploads\/2023\/12\/shubham-s-web3-yKzECK-O9-k-unsplash-2048x1152.jpg 2048w\" sizes=\"(max-width: 2560px) 100vw, 2560px\" \/>                                            <\/div>\n                                                                                <div class=\"blog-content-wrapper\">\n                                            <div class=\"blog-content\">\n                                                <div class=\"blog-date\"><span class=\"posted-on\"><a href=\"https:\/\/prosteit.pl\/en\/proxmoxvirtualenvironment-innovative-tool\/\" rel=\"bookmark\"><time class=\"entry-date published updated\" datetime=\"2023-12-15T13:38:48+01:00\">2023-12-15<\/time><\/a><\/span><\/div>\n                                                <div class=\"blog-item\">\n                                                    <ul class=\"post-grid-meta\">\n                                                        <li class=\"blog-author\"><i class=\"icon far fa-user\"><\/i> Mateusz Miszczak<\/li>\t\n                                                        <li class=\"item-comment\"><i class=\"far fa-comment\"><\/i><span class=\"comment-number\">Comments<\/span> 0<\/li>\n                                                    <\/ul>\n                                                    <h5 class=\"blog-title\">\n                                                    <a href=\"https:\/\/prosteit.pl\/en\/proxmoxvirtualenvironment-innovative-tool\/\">Proxmox Virtual Environment: An Innovative Virtualization Tool<\/a>\n                                                    <\/h5>\n                                                    <p class=\"blog-des\">  Proxmox Virtual EnvironmentThis is an advanced open-source virtualization tool that combines hypervisor and container management functions. It is\u2026<\/p>\n                                                    <a class=\"blog-btn\" href=\"https:\/\/prosteit.pl\/en\/proxmoxvirtualenvironment-innovative-tool\/\"> Read more!<\/a>\n                                                <\/div>\n                                            <\/div>\n                                        <\/div>\n                                    <\/div>\n                                <\/div>\n                                                            <div class=\"item col-lg-4\">\n                                    <div class=\"blog-items\">\n                                                                                    <div class=\"blog-image\">\n                                                <img loading=\"lazy\" decoding=\"async\" width=\"400\" height=\"400\" src=\"https:\/\/prosteit.pl\/wp-content\/uploads\/2023\/12\/vm.png\" class=\"img-responsive wp-post-image\" alt=\"\" srcset=\"https:\/\/prosteit.pl\/wp-content\/uploads\/2023\/12\/vm.png 400w, https:\/\/prosteit.pl\/wp-content\/uploads\/2023\/12\/vm-300x300.png 300w, https:\/\/prosteit.pl\/wp-content\/uploads\/2023\/12\/vm-150x150.png 150w\" sizes=\"(max-width: 400px) 100vw, 400px\" \/>                                            <\/div>\n                                                                                <div class=\"blog-content-wrapper\">\n                                            <div class=\"blog-content\">\n                                                <div class=\"blog-date\"><span class=\"posted-on\"><a href=\"https:\/\/prosteit.pl\/en\/vmware-vsphere-esxi-comprehensive-virtualization-platform\/\" rel=\"bookmark\"><time class=\"entry-date published updated\" datetime=\"2023-12-15T12:00:43+01:00\">2023-12-15<\/time><\/a><\/span><\/div>\n                                                <div class=\"blog-item\">\n                                                    <ul class=\"post-grid-meta\">\n                                                        <li class=\"blog-author\"><i class=\"icon far fa-user\"><\/i> Mateusz Miszczak<\/li>\t\n                                                        <li class=\"item-comment\"><i class=\"far fa-comment\"><\/i><span class=\"comment-number\">Comments<\/span> 0<\/li>\n                                                    <\/ul>\n                                                    <h5 class=\"blog-title\">\n                                                    <a href=\"https:\/\/prosteit.pl\/en\/vmware-vsphere-esxi-comprehensive-virtualization-platform\/\">VMware vSphere\/ESXi: Comprehensive Virtualization Platform<\/a>\n                                                    <\/h5>\n                                                    <p class=\"blog-des\">  VMware ESXi: Virtualization operating system for servers.VMware vCenter Server: Manage ESXi hosts and virtual machines.VMware vSphere Client: Access vCenter\u2026<\/p>\n                                                    <a class=\"blog-btn\" href=\"https:\/\/prosteit.pl\/en\/vmware-vsphere-esxi-comprehensive-virtualization-platform\/\"> Read more!<\/a>\n                                                <\/div>\n                                            <\/div>\n                                        <\/div>\n                                    <\/div>\n                                <\/div>\n                                                            <div class=\"item col-lg-4\">\n                                    <div class=\"blog-items\">\n                                                                                    <div class=\"blog-image\">\n                                                <img loading=\"lazy\" decoding=\"async\" width=\"2560\" height=\"1709\" src=\"https:\/\/prosteit.pl\/wp-content\/uploads\/2023\/12\/pexels-panumas-nikhomkhai-1148820-scaled.jpg\" class=\"img-responsive wp-post-image\" alt=\"\" srcset=\"https:\/\/prosteit.pl\/wp-content\/uploads\/2023\/12\/pexels-panumas-nikhomkhai-1148820-scaled.jpg 2560w, https:\/\/prosteit.pl\/wp-content\/uploads\/2023\/12\/pexels-panumas-nikhomkhai-1148820-300x200.jpg 300w, https:\/\/prosteit.pl\/wp-content\/uploads\/2023\/12\/pexels-panumas-nikhomkhai-1148820-1024x684.jpg 1024w, https:\/\/prosteit.pl\/wp-content\/uploads\/2023\/12\/pexels-panumas-nikhomkhai-1148820-768x513.jpg 768w, https:\/\/prosteit.pl\/wp-content\/uploads\/2023\/12\/pexels-panumas-nikhomkhai-1148820-1536x1025.jpg 1536w, https:\/\/prosteit.pl\/wp-content\/uploads\/2023\/12\/pexels-panumas-nikhomkhai-1148820-2048x1367.jpg 2048w\" sizes=\"(max-width: 2560px) 100vw, 2560px\" \/>                                            <\/div>\n                                                                                <div class=\"blog-content-wrapper\">\n                                            <div class=\"blog-content\">\n                                                <div class=\"blog-date\"><span class=\"posted-on\"><a href=\"https:\/\/prosteit.pl\/en\/key-aspects-and-best-practices-in-the-it-industry\/\" rel=\"bookmark\"><time class=\"entry-date published updated\" datetime=\"2023-12-14T00:37:59+01:00\">2023-12-14<\/time><\/a><\/span><\/div>\n                                                <div class=\"blog-item\">\n                                                    <ul class=\"post-grid-meta\">\n                                                        <li class=\"blog-author\"><i class=\"icon far fa-user\"><\/i> Mateusz Miszczak<\/li>\t\n                                                        <li class=\"item-comment\"><i class=\"far fa-comment\"><\/i><span class=\"comment-number\">Comments<\/span> 0<\/li>\n                                                    <\/ul>\n                                                    <h5 class=\"blog-title\">\n                                                    <a href=\"https:\/\/prosteit.pl\/en\/key-aspects-and-best-practices-in-the-it-industry\/\">Virtualization: Key Aspects and Best Practices for Effective IT Resource Management<\/a>\n                                                    <\/h5>\n                                                    <p class=\"blog-des\">  Server virtualization is an advanced process of dividing a physical server into multiple unique and isolated virtual servers using dedicated applications.\u2026<\/p>\n                                                    <a class=\"blog-btn\" href=\"https:\/\/prosteit.pl\/en\/key-aspects-and-best-practices-in-the-it-industry\/\"> Read more!<\/a>\n                                                <\/div>\n                                            <\/div>\n                                        <\/div>\n                                    <\/div>\n                                <\/div>\n                                                            <div class=\"item col-lg-4\">\n                                    <div class=\"blog-items\">\n                                                                                    <div class=\"blog-image\">\n                                                <img loading=\"lazy\" decoding=\"async\" width=\"800\" height=\"1037\" src=\"https:\/\/prosteit.pl\/wp-content\/uploads\/2023\/12\/licencja-cyfrowa-windows-10-dla-naszych-komputerow.jpg\" class=\"img-responsive wp-post-image\" alt=\"\" srcset=\"https:\/\/prosteit.pl\/wp-content\/uploads\/2023\/12\/licencja-cyfrowa-windows-10-dla-naszych-komputerow.jpg 800w, https:\/\/prosteit.pl\/wp-content\/uploads\/2023\/12\/licencja-cyfrowa-windows-10-dla-naszych-komputerow-231x300.jpg 231w, https:\/\/prosteit.pl\/wp-content\/uploads\/2023\/12\/licencja-cyfrowa-windows-10-dla-naszych-komputerow-790x1024.jpg 790w, https:\/\/prosteit.pl\/wp-content\/uploads\/2023\/12\/licencja-cyfrowa-windows-10-dla-naszych-komputerow-768x996.jpg 768w\" sizes=\"(max-width: 800px) 100vw, 800px\" \/>                                            <\/div>\n                                                                                <div class=\"blog-content-wrapper\">\n                                            <div class=\"blog-content\">\n                                                <div class=\"blog-date\"><span class=\"posted-on\"><a href=\"https:\/\/prosteit.pl\/en\/windows-pro-vs-home-analysis-of-differences-and-selection-for-needs\/\" rel=\"bookmark\"><time class=\"entry-date published updated\" datetime=\"2023-01-16T18:19:58+01:00\">2023-01-16<\/time><\/a><\/span><\/div>\n                                                <div class=\"blog-item\">\n                                                    <ul class=\"post-grid-meta\">\n                                                        <li class=\"blog-author\"><i class=\"icon far fa-user\"><\/i> Mateusz Miszczak<\/li>\t\n                                                        <li class=\"item-comment\"><i class=\"far fa-comment\"><\/i><span class=\"comment-number\">Comments<\/span> 0<\/li>\n                                                    <\/ul>\n                                                    <h5 class=\"blog-title\">\n                                                    <a href=\"https:\/\/prosteit.pl\/en\/windows-pro-vs-home-analysis-of-differences-and-selection-for-needs\/\">Windows Pro vs Home: Analyzing the Differences and Choosing the Right Version for Your\u2026<\/a>\n                                                    <\/h5>\n                                                    <p class=\"blog-des\">  Differences between Windows 11 Pro and Windows 11 Home Windows is an operating system that is currently one of the\u2026<\/p>\n                                                    <a class=\"blog-btn\" href=\"https:\/\/prosteit.pl\/en\/windows-pro-vs-home-analysis-of-differences-and-selection-for-needs\/\"> Read more!<\/a>\n                                                <\/div>\n                                            <\/div>\n                                        <\/div>\n                                    <\/div>\n                                <\/div>\n                                                    <\/div>\n                    <\/div>\n                <\/div>\n            <\/div>\n        <\/div>\n    <\/div>\n\t\t\t\t<\/div>\n\t\t\t\t<\/div>\n\t\t\t\t<div class=\"elementor-element elementor-element-0bc129c elementor-widget elementor-widget-button\" data-id=\"0bc129c\" data-element_type=\"widget\" data-e-type=\"widget\" data-settings=\"{&quot;ekit_we_effect_on&quot;:&quot;none&quot;}\" data-widget_type=\"button.default\">\n\t\t\t\t<div class=\"elementor-widget-container\">\n\t\t\t\t\t\t\t\t\t<div class=\"elementor-button-wrapper\">\n\t\t\t\t\t<a class=\"elementor-button elementor-button-link elementor-size-sm\" href=\"https:\/\/prosteit.pl\/en\/articles\/\">\n\t\t\t\t\t\t<span class=\"elementor-button-content-wrapper\">\n\t\t\t\t\t\t\t\t\t<span class=\"elementor-button-text\">News<\/span>\n\t\t\t\t\t<\/span>\n\t\t\t\t\t<\/a>\n\t\t\t\t<\/div>\n\t\t\t\t\t\t\t\t<\/div>\n\t\t\t\t<\/div>\n\t\t\t\t\t<\/div>\n\t\t\t\t<\/div>\n\t\t\t\t<\/div>","protected":false},"excerpt":{"rendered":"<p>The best IT company doesn&#039;t exist... but it does! We are a trusted partner for our clients, offering comprehensive IT services tailored to the unique needs and requirements of their businesses. Contact us. Why IT can&#039;t be simple! We know that technology is key to every company&#039;s success. That&#039;s why our goal is to make IT simple, efficient, and [\u2026]<\/p>","protected":false},"author":4,"featured_media":0,"parent":0,"menu_order":0,"comment_status":"closed","ping_status":"closed","template":"elementor_header_footer","meta":{"footnotes":""},"class_list":["post-11663","page","type-page","status-publish","hentry"],"_links":{"self":[{"href":"https:\/\/prosteit.pl\/en\/wp-json\/wp\/v2\/pages\/11663","targetHints":{"allow":["GET"]}}],"collection":[{"href":"https:\/\/prosteit.pl\/en\/wp-json\/wp\/v2\/pages"}],"about":[{"href":"https:\/\/prosteit.pl\/en\/wp-json\/wp\/v2\/types\/page"}],"author":[{"embeddable":true,"href":"https:\/\/prosteit.pl\/en\/wp-json\/wp\/v2\/users\/4"}],"replies":[{"embeddable":true,"href":"https:\/\/prosteit.pl\/en\/wp-json\/wp\/v2\/comments?post=11663"}],"version-history":[{"count":41,"href":"https:\/\/prosteit.pl\/en\/wp-json\/wp\/v2\/pages\/11663\/revisions"}],"predecessor-version":[{"id":12219,"href":"https:\/\/prosteit.pl\/en\/wp-json\/wp\/v2\/pages\/11663\/revisions\/12219"}],"wp:attachment":[{"href":"https:\/\/prosteit.pl\/en\/wp-json\/wp\/v2\/media?parent=11663"}],"curies":[{"name":"wp","href":"https:\/\/api.w.org\/{rel}","templated":true}]}}